{"version":"1.0","provider_name":"Wojew\u00f3dzki Szpital Specjalistyczny im. \u015aw. Rafa\u0142a w Czerwonej G\u00f3rze","provider_url":"https:\/\/czerwonagora.pl","author_name":"Leszek Broda","author_url":"https:\/\/czerwonagora.pl\/index.php\/author\/l-broda\/","title":"Koordynator \u015acie\u017cki Onkologicznej - Wojew\u00f3dzki Szpital Specjalistyczny im. \u015aw. Rafa\u0142a w Czerwonej G\u00f3rze","type":"rich","width":600,"height":338,"html":"<blockquote class=\"wp-embedded-content\" data-secret=\"1jcBRdBW6D\"><a href=\"https:\/\/czerwonagora.pl\/index.php\/koordynator-sciezki-onkologicznej\/\">Koordynator \u015acie\u017cki Onkologicznej<\/a><\/blockquote><iframe sandbox=\"allow-scripts\" security=\"restricted\" src=\"https:\/\/czerwonagora.pl\/index.php\/koordynator-sciezki-onkologicznej\/embed\/#?secret=1jcBRdBW6D\" width=\"600\" height=\"338\" title=\"&#8222;Koordynator \u015acie\u017cki Onkologicznej&#8221; &#8212; Wojew\u00f3dzki Szpital Specjalistyczny im. \u015aw. Rafa\u0142a w Czerwonej G\u00f3rze\" data-secret=\"1jcBRdBW6D\" frameborder=\"0\" marginwidth=\"0\" marginheight=\"0\" scrolling=\"no\" class=\"wp-embedded-content\"><\/iframe><script type=\"text\/javascript\">\n\/* <![CDATA[ *\/\n\/*! This file is auto-generated *\/\n!function(d,l){\"use strict\";l.querySelector&&d.addEventListener&&\"undefined\"!=typeof URL&&(d.wp=d.wp||{},d.wp.receiveEmbedMessage||(d.wp.receiveEmbedMessage=function(e){var t=e.data;if((t||t.secret||t.message||t.value)&&!\/[^a-zA-Z0-9]\/.test(t.secret)){for(var s,r,n,a=l.querySelectorAll('iframe[data-secret=\"'+t.secret+'\"]'),o=l.querySelectorAll('blockquote[data-secret=\"'+t.secret+'\"]'),c=new RegExp(\"^https?:$\",\"i\"),i=0;i<o.length;i++)o[i].style.display=\"none\";for(i=0;i<a.length;i++)s=a[i],e.source===s.contentWindow&&(s.removeAttribute(\"style\"),\"height\"===t.message?(1e3<(r=parseInt(t.value,10))?r=1e3:~~r<200&&(r=200),s.height=r):\"link\"===t.message&&(r=new URL(s.getAttribute(\"src\")),n=new URL(t.value),c.test(n.protocol))&&n.host===r.host&&l.activeElement===s&&(d.top.location.href=t.value))}},d.addEventListener(\"message\",d.wp.receiveEmbedMessage,!1),l.addEventListener(\"DOMContentLoaded\",function(){for(var e,t,s=l.querySelectorAll(\"iframe.wp-embedded-content\"),r=0;r<s.length;r++)(t=(e=s[r]).getAttribute(\"data-secret\"))||(t=Math.random().toString(36).substring(2,12),e.src+=\"#?secret=\"+t,e.setAttribute(\"data-secret\",t)),e.contentWindow.postMessage({message:\"ready\",secret:t},\"*\")},!1)))}(window,document);\n\/\/# sourceURL=https:\/\/czerwonagora.pl\/wp-includes\/js\/wp-embed.min.js\n\/* ]]> *\/\n<\/script>\n","description":"mgr Anna Cyndrowska G\u0142\u00f3wny Koordynator Procesu Leczenia Pacjenta mgr Milena Drozdek Koordynator Procesu Leczenia Pacjenta mgr Monika Sornat Koordynator Procesu Leczenia Pacjenta Koordynator to osoba koordynuj\u0105ca jakie\u015b dzia\u0142ania, administrator, mened\u017cer, dysponent.\u00a0Koordynator to osoba, kt\u00f3ra czuwa nad procesem zintegrowanej opieki nad pacjentem onkologicznym. Koordynatora mo\u017cna zatem traktowa\u0107 jako swoistego mened\u017cera, kt\u00f3rego dzia\u0142ania zabezpieczaj\u0105 interes zdrowotny powierzonych [&hellip;]","thumbnail_url":"https:\/\/czerwonagora.pl\/wp-content\/uploads\/2021\/06\/woman_adm-ikona.png","thumbnail_width":180,"thumbnail_height":223}