{"version":"1.0","provider_name":"Wojew\u00f3dzki Szpital Specjalistyczny im. \u015aw. Rafa\u0142a w Czerwonej G\u00f3rze","provider_url":"https:\/\/czerwonagora.pl","author_name":"Krzysztof Kasprzyk","author_url":"https:\/\/czerwonagora.pl\/index.php\/author\/maverick\/","title":"Projekty unijne - Wojew\u00f3dzki Szpital Specjalistyczny im. \u015aw. Rafa\u0142a w Czerwonej G\u00f3rze","type":"rich","width":600,"height":338,"html":"<blockquote class=\"wp-embedded-content\" data-secret=\"Ho4WAFjADj\"><a href=\"https:\/\/czerwonagora.pl\/index.php\/projekty-unijne\/\">Projekty unijne<\/a><\/blockquote><iframe sandbox=\"allow-scripts\" security=\"restricted\" src=\"https:\/\/czerwonagora.pl\/index.php\/projekty-unijne\/embed\/#?secret=Ho4WAFjADj\" width=\"600\" height=\"338\" title=\"&#8222;Projekty unijne&#8221; &#8212; Wojew\u00f3dzki Szpital Specjalistyczny im. \u015aw. Rafa\u0142a w Czerwonej G\u00f3rze\" data-secret=\"Ho4WAFjADj\" frameborder=\"0\" marginwidth=\"0\" marginheight=\"0\" scrolling=\"no\" class=\"wp-embedded-content\"><\/iframe><script type=\"text\/javascript\">\n\/* <![CDATA[ *\/\n\/*! This file is auto-generated *\/\n!function(d,l){\"use strict\";l.querySelector&&d.addEventListener&&\"undefined\"!=typeof URL&&(d.wp=d.wp||{},d.wp.receiveEmbedMessage||(d.wp.receiveEmbedMessage=function(e){var t=e.data;if((t||t.secret||t.message||t.value)&&!\/[^a-zA-Z0-9]\/.test(t.secret)){for(var s,r,n,a=l.querySelectorAll('iframe[data-secret=\"'+t.secret+'\"]'),o=l.querySelectorAll('blockquote[data-secret=\"'+t.secret+'\"]'),c=new RegExp(\"^https?:$\",\"i\"),i=0;i<o.length;i++)o[i].style.display=\"none\";for(i=0;i<a.length;i++)s=a[i],e.source===s.contentWindow&&(s.removeAttribute(\"style\"),\"height\"===t.message?(1e3<(r=parseInt(t.value,10))?r=1e3:~~r<200&&(r=200),s.height=r):\"link\"===t.message&&(r=new URL(s.getAttribute(\"src\")),n=new URL(t.value),c.test(n.protocol))&&n.host===r.host&&l.activeElement===s&&(d.top.location.href=t.value))}},d.addEventListener(\"message\",d.wp.receiveEmbedMessage,!1),l.addEventListener(\"DOMContentLoaded\",function(){for(var e,t,s=l.querySelectorAll(\"iframe.wp-embedded-content\"),r=0;r<s.length;r++)(t=(e=s[r]).getAttribute(\"data-secret\"))||(t=Math.random().toString(36).substring(2,12),e.src+=\"#?secret=\"+t,e.setAttribute(\"data-secret\",t)),e.contentWindow.postMessage({message:\"ready\",secret:t},\"*\")},!1)))}(window,document);\n\/\/# sourceURL=https:\/\/czerwonagora.pl\/wp-includes\/js\/wp-embed.min.js\n\/* ]]> *\/\n<\/script>\n","description":"Projekty wsp\u00f3\u0142finansowane ze \u015brodk\u00f3w Unii Europejskiej Ambulatoryjny i Dzienny O\u015brodek Kompleksowej Diagnostyki Raka P\u0142uca Czytaj wi\u0119cej Projekt \u201eInformatyzacja Plac\u00f3wek Medycznych Wojew\u00f3dztwa \u015awi\u0119tokrzyskiego \u2013 II\u201d (InPlaMed-II) Czytaj wi\u0119cej Projekt \u201eTransformacja cyfrowa w WSS w Czerwonej G\u00f3rze poprzez rozw\u00f3j us\u0142ug cyfrowych celem poprawy efektywno\u015bci, dost\u0119pno\u015bci i jako\u015bci udzielanych \u015bwiadcze\u0144 medycznych\u201d Czytaj wi\u0119cej Wsparcie zdrowotne oraz eliminacja zawodowych [&hellip;]","thumbnail_url":"https:\/\/czerwonagora.pl\/wp-content\/uploads\/2021\/06\/Logo-Woj-Swietokrzyskie.png","thumbnail_width":490,"thumbnail_height":626}