{"version":"1.0","provider_name":"Wojew\u00f3dzki Szpital Specjalistyczny im. \u015aw. Rafa\u0142a w Czerwonej G\u00f3rze","provider_url":"https:\/\/czerwonagora.pl","author_name":"Krzysztof Kasprzyk","author_url":"https:\/\/czerwonagora.pl\/index.php\/author\/maverick\/","title":"Rada Spo\u0142eczna - Wojew\u00f3dzki Szpital Specjalistyczny im. \u015aw. Rafa\u0142a w Czerwonej G\u00f3rze","type":"rich","width":600,"height":338,"html":"<blockquote class=\"wp-embedded-content\" data-secret=\"xTco7IHcP2\"><a href=\"https:\/\/czerwonagora.pl\/index.php\/rada-spoleczna\/\">Rada Spo\u0142eczna<\/a><\/blockquote><iframe sandbox=\"allow-scripts\" security=\"restricted\" src=\"https:\/\/czerwonagora.pl\/index.php\/rada-spoleczna\/embed\/#?secret=xTco7IHcP2\" width=\"600\" height=\"338\" title=\"&#8222;Rada Spo\u0142eczna&#8221; &#8212; Wojew\u00f3dzki Szpital Specjalistyczny im. \u015aw. Rafa\u0142a w Czerwonej G\u00f3rze\" data-secret=\"xTco7IHcP2\" frameborder=\"0\" marginwidth=\"0\" marginheight=\"0\" scrolling=\"no\" class=\"wp-embedded-content\"><\/iframe><script type=\"text\/javascript\">\n\/* <![CDATA[ *\/\n\/*! This file is auto-generated *\/\n!function(d,l){\"use strict\";l.querySelector&&d.addEventListener&&\"undefined\"!=typeof URL&&(d.wp=d.wp||{},d.wp.receiveEmbedMessage||(d.wp.receiveEmbedMessage=function(e){var t=e.data;if((t||t.secret||t.message||t.value)&&!\/[^a-zA-Z0-9]\/.test(t.secret)){for(var s,r,n,a=l.querySelectorAll('iframe[data-secret=\"'+t.secret+'\"]'),o=l.querySelectorAll('blockquote[data-secret=\"'+t.secret+'\"]'),c=new RegExp(\"^https?:$\",\"i\"),i=0;i<o.length;i++)o[i].style.display=\"none\";for(i=0;i<a.length;i++)s=a[i],e.source===s.contentWindow&&(s.removeAttribute(\"style\"),\"height\"===t.message?(1e3<(r=parseInt(t.value,10))?r=1e3:~~r<200&&(r=200),s.height=r):\"link\"===t.message&&(r=new URL(s.getAttribute(\"src\")),n=new URL(t.value),c.test(n.protocol))&&n.host===r.host&&l.activeElement===s&&(d.top.location.href=t.value))}},d.addEventListener(\"message\",d.wp.receiveEmbedMessage,!1),l.addEventListener(\"DOMContentLoaded\",function(){for(var e,t,s=l.querySelectorAll(\"iframe.wp-embedded-content\"),r=0;r<s.length;r++)(t=(e=s[r]).getAttribute(\"data-secret\"))||(t=Math.random().toString(36).substring(2,12),e.src+=\"#?secret=\"+t,e.setAttribute(\"data-secret\",t)),e.contentWindow.postMessage({message:\"ready\",secret:t},\"*\")},!1)))}(window,document);\n\/\/# sourceURL=https:\/\/czerwonagora.pl\/wp-includes\/js\/wp-embed.min.js\n\/* ]]> *\/\n<\/script>\n","description":"Sk\u0142ad Rady Spo\u0142ecznej Ma\u0142gorzata Krzywda Przewodnicz\u0105cy Beata Paw\u0142owska Przedstawiciel Wojewody \u015awi\u0119tokrzyskiego Grzegorz Cepil Przedstawiciel Sejmiku Wojew\u00f3dztwa \u015awi\u0119tokrzyskiego \u0141ukasz Jab\u0142o\u0144ski Przedstawiciel Sejmiku Wojew\u00f3dztwa \u015awi\u0119tokrzyskiego Pawe\u0142 Krakowiak Przedstawiciel Sejmiku Wojew\u00f3dztwa \u015awi\u0119tokrzyskiego Przemys\u0142aw Wolak Przedstawiciel Uniwersytetu Jana Kochanowskiego w Kielcach Uchwa\u0142a Uzasadnienie Regulamin Rady Spo\u0142ecznej Uchwa\u0142a UCHWA\u0141A NR\u00a0406\/24ZARZ\u0104DU WOJEW\u00d3DZTWA \u015aWI\u0118TOKRZYSKIEGOZ DNIA 10 LIPCA 2024 r. w sprawie: zmiany [&hellip;]","thumbnail_url":"https:\/\/czerwonagora.pl\/wp-content\/uploads\/2021\/06\/woman_adm-ikona.png"}