{"id":20765,"date":"2024-01-10T13:37:54","date_gmt":"2024-01-10T12:37:54","guid":{"rendered":"https:\/\/czerwonagora.pl\/?page_id=20765"},"modified":"2024-11-18T11:31:34","modified_gmt":"2024-11-18T10:31:34","slug":"zakup-oraz-montaz-platformy-pionowej-dla-osob-niepelnosprawnych-wraz-z-niezbednymi-pracami-adaptacyjnymi","status":"publish","type":"page","link":"https:\/\/czerwonagora.pl\/index.php\/zakup-oraz-montaz-platformy-pionowej-dla-osob-niepelnosprawnych-wraz-z-niezbednymi-pracami-adaptacyjnymi\/","title":{"rendered":"Zakup oraz monta\u017c platformy pionowej dla os\u00f3b niepe\u0142nosprawnych wraz z niezb\u0119dnymi pracami adaptacyjnymi"},"content":{"rendered":"\t\t<div data-elementor-type=\"wp-page\" data-elementor-id=\"20765\" class=\"elementor elementor-20765\">\n\t\t\t\t\t\t<section class=\"elementor-section elementor-top-section elementor-element elementor-element-364a39a elementor-section-boxed elementor-section-height-default elementor-section-height-default\" data-id=\"364a39a\" data-element_type=\"section\" data-e-type=\"section\">\n\t\t\t\t\t\t<div class=\"elementor-container elementor-column-gap-default\">\n\t\t\t\t\t<div class=\"elementor-column elementor-col-100 elementor-top-column elementor-element elementor-element-0c4dc54\" data-id=\"0c4dc54\" data-element_type=\"column\" data-e-type=\"column\">\n\t\t\t<div class=\"elementor-widget-wrap elementor-element-populated\">\n\t\t\t\t\t\t<div class=\"elementor-element elementor-element-784dc06 elementor-widget elementor-widget-image\" data-id=\"784dc06\" data-element_type=\"widget\" data-e-type=\"widget\" data-widget_type=\"image.default\">\n\t\t\t\t<div class=\"elementor-widget-container\">\n\t\t\t\t\t\t\t\t\t\t\t\t\t\t\t<img fetchpriority=\"high\" decoding=\"async\" width=\"644\" height=\"662\" src=\"https:\/\/czerwonagora.pl\/wp-content\/uploads\/2024\/01\/winda.jpg\" class=\"attachment-large size-large wp-image-20767\" alt=\"\" srcset=\"https:\/\/czerwonagora.pl\/wp-content\/uploads\/2024\/01\/winda.jpg 644w, https:\/\/czerwonagora.pl\/wp-content\/uploads\/2024\/01\/winda-292x300.jpg 292w\" sizes=\"(max-width: 644px) 100vw, 644px\" \/>\t\t\t\t\t\t\t\t\t\t\t\t\t\t\t<\/div>\n\t\t\t\t<\/div>\n\t\t\t\t\t<\/div>\n\t\t<\/div>\n\t\t\t\t\t<\/div>\n\t\t<\/section>\n\t\t\t\t<\/div>\n\t\t","protected":false},"excerpt":{"rendered":"","protected":false},"author":9,"featured_media":0,"parent":0,"menu_order":0,"comment_status":"closed","ping_status":"closed","template":"","meta":{"zakra_page_container_layout":"customizer","zakra_page_sidebar_layout":"customizer","zakra_remove_content_margin":false,"zakra_sidebar":"customizer","zakra_transparent_header":"customizer","zakra_logo":0,"zakra_main_header_style":"default","zakra_menu_item_color":"","zakra_menu_item_hover_color":"","zakra_menu_item_active_color":"","zakra_menu_active_style":"","zakra_page_header":true,"footnotes":""},"class_list":["post-20765","page","type-page","status-publish","hentry"],"yoast_head":"<!-- This site is optimized with the Yoast SEO plugin v27.4 - https:\/\/yoast.com\/product\/yoast-seo-wordpress\/ -->\n<title>Zakup oraz monta\u017c platformy pionowej dla os\u00f3b niepe\u0142nosprawnych wraz z niezb\u0119dnymi pracami adaptacyjnymi - Wojew\u00f3dzki Szpital Specjalistyczny im. \u015aw. Rafa\u0142a w Czerwonej G\u00f3rze<\/title>\n<meta name=\"robots\" content=\"index, follow, max-snippet:-1, max-image-preview:large, max-video-preview:-1\" \/>\n<link rel=\"canonical\" href=\"https:\/\/czerwonagora.pl\/index.php\/zakup-oraz-montaz-platformy-pionowej-dla-osob-niepelnosprawnych-wraz-z-niezbednymi-pracami-adaptacyjnymi\/\" \/>\n<meta property=\"og:locale\" content=\"pl_PL\" \/>\n<meta property=\"og:type\" content=\"article\" \/>\n<meta property=\"og:title\" content=\"Zakup oraz monta\u017c platformy pionowej dla os\u00f3b niepe\u0142nosprawnych wraz z niezb\u0119dnymi pracami adaptacyjnymi - Wojew\u00f3dzki Szpital Specjalistyczny im. \u015aw. Rafa\u0142a w Czerwonej G\u00f3rze\" \/>\n<meta property=\"og:url\" content=\"https:\/\/czerwonagora.pl\/index.php\/zakup-oraz-montaz-platformy-pionowej-dla-osob-niepelnosprawnych-wraz-z-niezbednymi-pracami-adaptacyjnymi\/\" \/>\n<meta property=\"og:site_name\" content=\"Wojew\u00f3dzki Szpital Specjalistyczny im. \u015aw. Rafa\u0142a w Czerwonej G\u00f3rze\" \/>\n<meta property=\"article:publisher\" content=\"https:\/\/www.facebook.com\/SzpitalCzerwonaGora\/\" \/>\n<meta property=\"article:modified_time\" content=\"2024-11-18T10:31:34+00:00\" \/>\n<meta property=\"og:image\" content=\"https:\/\/czerwonagora.pl\/wp-content\/uploads\/2024\/01\/winda.jpg\" \/>\n\t<meta property=\"og:image:width\" content=\"644\" \/>\n\t<meta property=\"og:image:height\" content=\"662\" \/>\n\t<meta property=\"og:image:type\" content=\"image\/jpeg\" \/>\n<meta name=\"twitter:card\" content=\"summary_large_image\" \/>\n<meta name=\"twitter:label1\" content=\"Szacowany czas czytania\" \/>\n\t<meta name=\"twitter:data1\" content=\"1 minuta\" \/>\n<script type=\"application\/ld+json\" class=\"yoast-schema-graph\">{\"@context\":\"https:\\\/\\\/schema.org\",\"@graph\":[{\"@type\":\"WebPage\",\"@id\":\"https:\\\/\\\/czerwonagora.pl\\\/index.php\\\/zakup-oraz-montaz-platformy-pionowej-dla-osob-niepelnosprawnych-wraz-z-niezbednymi-pracami-adaptacyjnymi\\\/\",\"url\":\"https:\\\/\\\/czerwonagora.pl\\\/index.php\\\/zakup-oraz-montaz-platformy-pionowej-dla-osob-niepelnosprawnych-wraz-z-niezbednymi-pracami-adaptacyjnymi\\\/\",\"name\":\"Zakup oraz monta\u017c platformy pionowej dla os\u00f3b niepe\u0142nosprawnych wraz z niezb\u0119dnymi pracami adaptacyjnymi - Wojew\u00f3dzki Szpital Specjalistyczny im. \u015aw. Rafa\u0142a w Czerwonej G\u00f3rze\",\"isPartOf\":{\"@id\":\"https:\\\/\\\/czerwonagora.pl\\\/#website\"},\"primaryImageOfPage\":{\"@id\":\"https:\\\/\\\/czerwonagora.pl\\\/index.php\\\/zakup-oraz-montaz-platformy-pionowej-dla-osob-niepelnosprawnych-wraz-z-niezbednymi-pracami-adaptacyjnymi\\\/#primaryimage\"},\"image\":{\"@id\":\"https:\\\/\\\/czerwonagora.pl\\\/index.php\\\/zakup-oraz-montaz-platformy-pionowej-dla-osob-niepelnosprawnych-wraz-z-niezbednymi-pracami-adaptacyjnymi\\\/#primaryimage\"},\"thumbnailUrl\":\"https:\\\/\\\/czerwonagora.pl\\\/wp-content\\\/uploads\\\/2024\\\/01\\\/winda.jpg\",\"datePublished\":\"2024-01-10T12:37:54+00:00\",\"dateModified\":\"2024-11-18T10:31:34+00:00\",\"breadcrumb\":{\"@id\":\"https:\\\/\\\/czerwonagora.pl\\\/index.php\\\/zakup-oraz-montaz-platformy-pionowej-dla-osob-niepelnosprawnych-wraz-z-niezbednymi-pracami-adaptacyjnymi\\\/#breadcrumb\"},\"inLanguage\":\"pl-PL\",\"potentialAction\":[{\"@type\":\"ReadAction\",\"target\":[\"https:\\\/\\\/czerwonagora.pl\\\/index.php\\\/zakup-oraz-montaz-platformy-pionowej-dla-osob-niepelnosprawnych-wraz-z-niezbednymi-pracami-adaptacyjnymi\\\/\"]}]},{\"@type\":\"ImageObject\",\"inLanguage\":\"pl-PL\",\"@id\":\"https:\\\/\\\/czerwonagora.pl\\\/index.php\\\/zakup-oraz-montaz-platformy-pionowej-dla-osob-niepelnosprawnych-wraz-z-niezbednymi-pracami-adaptacyjnymi\\\/#primaryimage\",\"url\":\"https:\\\/\\\/czerwonagora.pl\\\/wp-content\\\/uploads\\\/2024\\\/01\\\/winda.jpg\",\"contentUrl\":\"https:\\\/\\\/czerwonagora.pl\\\/wp-content\\\/uploads\\\/2024\\\/01\\\/winda.jpg\",\"width\":644,\"height\":662},{\"@type\":\"BreadcrumbList\",\"@id\":\"https:\\\/\\\/czerwonagora.pl\\\/index.php\\\/zakup-oraz-montaz-platformy-pionowej-dla-osob-niepelnosprawnych-wraz-z-niezbednymi-pracami-adaptacyjnymi\\\/#breadcrumb\",\"itemListElement\":[{\"@type\":\"ListItem\",\"position\":1,\"name\":\"Strona g\u0142\u00f3wna\",\"item\":\"https:\\\/\\\/czerwonagora.pl\\\/\"},{\"@type\":\"ListItem\",\"position\":2,\"name\":\"Zakup oraz monta\u017c platformy pionowej dla os\u00f3b niepe\u0142nosprawnych wraz z niezb\u0119dnymi pracami adaptacyjnymi\"}]},{\"@type\":\"WebSite\",\"@id\":\"https:\\\/\\\/czerwonagora.pl\\\/#website\",\"url\":\"https:\\\/\\\/czerwonagora.pl\\\/\",\"name\":\"Wojew\u00f3dzki Szpital Specjalistyczny im. \u015aw. Rafa\u0142a w Czerwonej G\u00f3rze\",\"description\":\"Wojew\u00f3dzki Szpital Specjalistyczny im. \u015aw. Rafa\u0142a w Czerwonej G\u00f3rze\",\"publisher\":{\"@id\":\"https:\\\/\\\/czerwonagora.pl\\\/#organization\"},\"potentialAction\":[{\"@type\":\"SearchAction\",\"target\":{\"@type\":\"EntryPoint\",\"urlTemplate\":\"https:\\\/\\\/czerwonagora.pl\\\/?s={search_term_string}\"},\"query-input\":{\"@type\":\"PropertyValueSpecification\",\"valueRequired\":true,\"valueName\":\"search_term_string\"}}],\"inLanguage\":\"pl-PL\"},{\"@type\":\"Organization\",\"@id\":\"https:\\\/\\\/czerwonagora.pl\\\/#organization\",\"name\":\"Wojew\u00f3dzki Szpital Specjalistyczny im. \u015aw. Rafa\u0142a w Czerwonej G\u00f3rze\",\"url\":\"https:\\\/\\\/czerwonagora.pl\\\/\",\"logo\":{\"@type\":\"ImageObject\",\"inLanguage\":\"pl-PL\",\"@id\":\"https:\\\/\\\/czerwonagora.pl\\\/#\\\/schema\\\/logo\\\/image\\\/\",\"url\":\"https:\\\/\\\/czerwonagora.pl\\\/wp-content\\\/uploads\\\/2021\\\/06\\\/Logo-WSS-DUZE-transparentne.png\",\"contentUrl\":\"https:\\\/\\\/czerwonagora.pl\\\/wp-content\\\/uploads\\\/2021\\\/06\\\/Logo-WSS-DUZE-transparentne.png\",\"width\":4210,\"height\":2975,\"caption\":\"Wojew\u00f3dzki Szpital Specjalistyczny im. \u015aw. Rafa\u0142a w Czerwonej G\u00f3rze\"},\"image\":{\"@id\":\"https:\\\/\\\/czerwonagora.pl\\\/#\\\/schema\\\/logo\\\/image\\\/\"},\"sameAs\":[\"https:\\\/\\\/www.facebook.com\\\/SzpitalCzerwonaGora\\\/\"]}]}<\/script>\n<!-- \/ Yoast SEO plugin. -->","yoast_head_json":{"title":"Zakup oraz monta\u017c platformy pionowej dla os\u00f3b niepe\u0142nosprawnych wraz z niezb\u0119dnymi pracami adaptacyjnymi - Wojew\u00f3dzki Szpital Specjalistyczny im. \u015aw. Rafa\u0142a w Czerwonej G\u00f3rze","robots":{"index":"index","follow":"follow","max-snippet":"max-snippet:-1","max-image-preview":"max-image-preview:large","max-video-preview":"max-video-preview:-1"},"canonical":"https:\/\/czerwonagora.pl\/index.php\/zakup-oraz-montaz-platformy-pionowej-dla-osob-niepelnosprawnych-wraz-z-niezbednymi-pracami-adaptacyjnymi\/","og_locale":"pl_PL","og_type":"article","og_title":"Zakup oraz monta\u017c platformy pionowej dla os\u00f3b niepe\u0142nosprawnych wraz z niezb\u0119dnymi pracami adaptacyjnymi - Wojew\u00f3dzki Szpital Specjalistyczny im. \u015aw. Rafa\u0142a w Czerwonej G\u00f3rze","og_url":"https:\/\/czerwonagora.pl\/index.php\/zakup-oraz-montaz-platformy-pionowej-dla-osob-niepelnosprawnych-wraz-z-niezbednymi-pracami-adaptacyjnymi\/","og_site_name":"Wojew\u00f3dzki Szpital Specjalistyczny im. \u015aw. Rafa\u0142a w Czerwonej G\u00f3rze","article_publisher":"https:\/\/www.facebook.com\/SzpitalCzerwonaGora\/","article_modified_time":"2024-11-18T10:31:34+00:00","og_image":[{"width":644,"height":662,"url":"https:\/\/czerwonagora.pl\/wp-content\/uploads\/2024\/01\/winda.jpg","type":"image\/jpeg"}],"twitter_card":"summary_large_image","twitter_misc":{"Szacowany czas czytania":"1 minuta"},"schema":{"@context":"https:\/\/schema.org","@graph":[{"@type":"WebPage","@id":"https:\/\/czerwonagora.pl\/index.php\/zakup-oraz-montaz-platformy-pionowej-dla-osob-niepelnosprawnych-wraz-z-niezbednymi-pracami-adaptacyjnymi\/","url":"https:\/\/czerwonagora.pl\/index.php\/zakup-oraz-montaz-platformy-pionowej-dla-osob-niepelnosprawnych-wraz-z-niezbednymi-pracami-adaptacyjnymi\/","name":"Zakup oraz monta\u017c platformy pionowej dla os\u00f3b niepe\u0142nosprawnych wraz z niezb\u0119dnymi pracami adaptacyjnymi - Wojew\u00f3dzki Szpital Specjalistyczny im. \u015aw. Rafa\u0142a w Czerwonej G\u00f3rze","isPartOf":{"@id":"https:\/\/czerwonagora.pl\/#website"},"primaryImageOfPage":{"@id":"https:\/\/czerwonagora.pl\/index.php\/zakup-oraz-montaz-platformy-pionowej-dla-osob-niepelnosprawnych-wraz-z-niezbednymi-pracami-adaptacyjnymi\/#primaryimage"},"image":{"@id":"https:\/\/czerwonagora.pl\/index.php\/zakup-oraz-montaz-platformy-pionowej-dla-osob-niepelnosprawnych-wraz-z-niezbednymi-pracami-adaptacyjnymi\/#primaryimage"},"thumbnailUrl":"https:\/\/czerwonagora.pl\/wp-content\/uploads\/2024\/01\/winda.jpg","datePublished":"2024-01-10T12:37:54+00:00","dateModified":"2024-11-18T10:31:34+00:00","breadcrumb":{"@id":"https:\/\/czerwonagora.pl\/index.php\/zakup-oraz-montaz-platformy-pionowej-dla-osob-niepelnosprawnych-wraz-z-niezbednymi-pracami-adaptacyjnymi\/#breadcrumb"},"inLanguage":"pl-PL","potentialAction":[{"@type":"ReadAction","target":["https:\/\/czerwonagora.pl\/index.php\/zakup-oraz-montaz-platformy-pionowej-dla-osob-niepelnosprawnych-wraz-z-niezbednymi-pracami-adaptacyjnymi\/"]}]},{"@type":"ImageObject","inLanguage":"pl-PL","@id":"https:\/\/czerwonagora.pl\/index.php\/zakup-oraz-montaz-platformy-pionowej-dla-osob-niepelnosprawnych-wraz-z-niezbednymi-pracami-adaptacyjnymi\/#primaryimage","url":"https:\/\/czerwonagora.pl\/wp-content\/uploads\/2024\/01\/winda.jpg","contentUrl":"https:\/\/czerwonagora.pl\/wp-content\/uploads\/2024\/01\/winda.jpg","width":644,"height":662},{"@type":"BreadcrumbList","@id":"https:\/\/czerwonagora.pl\/index.php\/zakup-oraz-montaz-platformy-pionowej-dla-osob-niepelnosprawnych-wraz-z-niezbednymi-pracami-adaptacyjnymi\/#breadcrumb","itemListElement":[{"@type":"ListItem","position":1,"name":"Strona g\u0142\u00f3wna","item":"https:\/\/czerwonagora.pl\/"},{"@type":"ListItem","position":2,"name":"Zakup oraz monta\u017c platformy pionowej dla os\u00f3b niepe\u0142nosprawnych wraz z niezb\u0119dnymi pracami adaptacyjnymi"}]},{"@type":"WebSite","@id":"https:\/\/czerwonagora.pl\/#website","url":"https:\/\/czerwonagora.pl\/","name":"Wojew\u00f3dzki Szpital Specjalistyczny im. \u015aw. Rafa\u0142a w Czerwonej G\u00f3rze","description":"Wojew\u00f3dzki Szpital Specjalistyczny im. \u015aw. Rafa\u0142a w Czerwonej G\u00f3rze","publisher":{"@id":"https:\/\/czerwonagora.pl\/#organization"},"potentialAction":[{"@type":"SearchAction","target":{"@type":"EntryPoint","urlTemplate":"https:\/\/czerwonagora.pl\/?s={search_term_string}"},"query-input":{"@type":"PropertyValueSpecification","valueRequired":true,"valueName":"search_term_string"}}],"inLanguage":"pl-PL"},{"@type":"Organization","@id":"https:\/\/czerwonagora.pl\/#organization","name":"Wojew\u00f3dzki Szpital Specjalistyczny im. \u015aw. Rafa\u0142a w Czerwonej G\u00f3rze","url":"https:\/\/czerwonagora.pl\/","logo":{"@type":"ImageObject","inLanguage":"pl-PL","@id":"https:\/\/czerwonagora.pl\/#\/schema\/logo\/image\/","url":"https:\/\/czerwonagora.pl\/wp-content\/uploads\/2021\/06\/Logo-WSS-DUZE-transparentne.png","contentUrl":"https:\/\/czerwonagora.pl\/wp-content\/uploads\/2021\/06\/Logo-WSS-DUZE-transparentne.png","width":4210,"height":2975,"caption":"Wojew\u00f3dzki Szpital Specjalistyczny im. \u015aw. Rafa\u0142a w Czerwonej G\u00f3rze"},"image":{"@id":"https:\/\/czerwonagora.pl\/#\/schema\/logo\/image\/"},"sameAs":["https:\/\/www.facebook.com\/SzpitalCzerwonaGora\/"]}]}},"publishpress_future_action":{"enabled":false,"date":"2026-05-10 13:27:59","action":"change-status","newStatus":"draft","terms":[],"taxonomy":"","extraData":[]},"publishpress_future_workflow_manual_trigger":{"enabledWorkflows":[]},"_links":{"self":[{"href":"https:\/\/czerwonagora.pl\/index.php\/wp-json\/wp\/v2\/pages\/20765","targetHints":{"allow":["GET"]}}],"collection":[{"href":"https:\/\/czerwonagora.pl\/index.php\/wp-json\/wp\/v2\/pages"}],"about":[{"href":"https:\/\/czerwonagora.pl\/index.php\/wp-json\/wp\/v2\/types\/page"}],"author":[{"embeddable":true,"href":"https:\/\/czerwonagora.pl\/index.php\/wp-json\/wp\/v2\/users\/9"}],"replies":[{"embeddable":true,"href":"https:\/\/czerwonagora.pl\/index.php\/wp-json\/wp\/v2\/comments?post=20765"}],"version-history":[{"count":10,"href":"https:\/\/czerwonagora.pl\/index.php\/wp-json\/wp\/v2\/pages\/20765\/revisions"}],"predecessor-version":[{"id":25289,"href":"https:\/\/czerwonagora.pl\/index.php\/wp-json\/wp\/v2\/pages\/20765\/revisions\/25289"}],"wp:attachment":[{"href":"https:\/\/czerwonagora.pl\/index.php\/wp-json\/wp\/v2\/media?parent=20765"}],"curies":[{"name":"wp","href":"https:\/\/api.w.org\/{rel}","templated":true}]}}