{"id":25290,"date":"2024-11-18T11:32:55","date_gmt":"2024-11-18T10:32:55","guid":{"rendered":"https:\/\/czerwonagora.pl\/?page_id=25290"},"modified":"2024-11-18T11:34:54","modified_gmt":"2024-11-18T10:34:54","slug":"zakup-i-montaz-instalacji-fotowoltaicznej-w-wojewodzkim-szpitalu-specjalistycznym-im-sw-rafala-w-czerwonej-gorze","status":"publish","type":"page","link":"https:\/\/czerwonagora.pl\/index.php\/zakup-i-montaz-instalacji-fotowoltaicznej-w-wojewodzkim-szpitalu-specjalistycznym-im-sw-rafala-w-czerwonej-gorze\/","title":{"rendered":"Zakup i monta\u017c instalacji fotowoltaicznej w Wojew\u00f3dzkim Szpitalu Specjalistycznym im. \u015aw. Rafa\u0142a w Czerwonej G\u00f3rze"},"content":{"rendered":"\t\t<div data-elementor-type=\"wp-page\" data-elementor-id=\"25290\" class=\"elementor elementor-25290\">\n\t\t\t\t\t\t<section class=\"elementor-section elementor-top-section elementor-element elementor-element-0b6eebe elementor-section-boxed elementor-section-height-default elementor-section-height-default\" data-id=\"0b6eebe\" data-element_type=\"section\" data-e-type=\"section\">\n\t\t\t\t\t\t<div class=\"elementor-container elementor-column-gap-default\">\n\t\t\t\t\t<div class=\"elementor-column elementor-col-100 elementor-top-column elementor-element elementor-element-8a9c1e4\" data-id=\"8a9c1e4\" data-element_type=\"column\" data-e-type=\"column\">\n\t\t\t<div class=\"elementor-widget-wrap elementor-element-populated\">\n\t\t\t\t\t\t<div class=\"elementor-element elementor-element-bcdbbc5 elementor-widget elementor-widget-image\" data-id=\"bcdbbc5\" data-element_type=\"widget\" data-e-type=\"widget\" data-widget_type=\"image.default\">\n\t\t\t\t<div class=\"elementor-widget-container\">\n\t\t\t\t\t\t\t\t\t\t\t\t\t\t\t<img fetchpriority=\"high\" decoding=\"async\" width=\"786\" height=\"947\" src=\"https:\/\/czerwonagora.pl\/wp-content\/uploads\/2024\/11\/Strona.png\" class=\"attachment-large size-large wp-image-25283\" alt=\"Panele fotowoltaiczne\" srcset=\"https:\/\/czerwonagora.pl\/wp-content\/uploads\/2024\/11\/Strona.png 786w, https:\/\/czerwonagora.pl\/wp-content\/uploads\/2024\/11\/Strona-249x300.png 249w, https:\/\/czerwonagora.pl\/wp-content\/uploads\/2024\/11\/Strona-768x925.png 768w\" sizes=\"(max-width: 786px) 100vw, 786px\" \/>\t\t\t\t\t\t\t\t\t\t\t\t\t\t\t<\/div>\n\t\t\t\t<\/div>\n\t\t\t\t\t<\/div>\n\t\t<\/div>\n\t\t\t\t\t<\/div>\n\t\t<\/section>\n\t\t\t\t<\/div>\n\t\t","protected":false},"excerpt":{"rendered":"","protected":false},"author":12,"featured_media":0,"parent":0,"menu_order":0,"comment_status":"closed","ping_status":"closed","template":"","meta":{"zakra_page_container_layout":"customizer","zakra_page_sidebar_layout":"customizer","zakra_remove_content_margin":false,"zakra_sidebar":"customizer","zakra_transparent_header":"customizer","zakra_logo":0,"zakra_main_header_style":"default","zakra_menu_item_color":"","zakra_menu_item_hover_color":"","zakra_menu_item_active_color":"","zakra_menu_active_style":"","zakra_page_header":true,"footnotes":""},"class_list":["post-25290","page","type-page","status-publish","hentry"],"yoast_head":"<!-- This site is optimized with the Yoast SEO plugin v27.4 - https:\/\/yoast.com\/product\/yoast-seo-wordpress\/ -->\n<title>Zakup i monta\u017c instalacji fotowoltaicznej w Wojew\u00f3dzkim Szpitalu Specjalistycznym im. \u015aw. Rafa\u0142a w Czerwonej G\u00f3rze - Wojew\u00f3dzki Szpital Specjalistyczny im. \u015aw. Rafa\u0142a w Czerwonej G\u00f3rze<\/title>\n<meta name=\"robots\" content=\"index, follow, max-snippet:-1, max-image-preview:large, max-video-preview:-1\" \/>\n<link rel=\"canonical\" href=\"https:\/\/czerwonagora.pl\/index.php\/zakup-i-montaz-instalacji-fotowoltaicznej-w-wojewodzkim-szpitalu-specjalistycznym-im-sw-rafala-w-czerwonej-gorze\/\" \/>\n<meta property=\"og:locale\" content=\"pl_PL\" \/>\n<meta property=\"og:type\" content=\"article\" \/>\n<meta property=\"og:title\" content=\"Zakup i monta\u017c instalacji fotowoltaicznej w Wojew\u00f3dzkim Szpitalu Specjalistycznym im. \u015aw. Rafa\u0142a w Czerwonej G\u00f3rze - Wojew\u00f3dzki Szpital Specjalistyczny im. \u015aw. Rafa\u0142a w Czerwonej G\u00f3rze\" \/>\n<meta property=\"og:url\" content=\"https:\/\/czerwonagora.pl\/index.php\/zakup-i-montaz-instalacji-fotowoltaicznej-w-wojewodzkim-szpitalu-specjalistycznym-im-sw-rafala-w-czerwonej-gorze\/\" \/>\n<meta property=\"og:site_name\" content=\"Wojew\u00f3dzki Szpital Specjalistyczny im. \u015aw. Rafa\u0142a w Czerwonej G\u00f3rze\" \/>\n<meta property=\"article:publisher\" content=\"https:\/\/www.facebook.com\/SzpitalCzerwonaGora\/\" \/>\n<meta property=\"article:modified_time\" content=\"2024-11-18T10:34:54+00:00\" \/>\n<meta property=\"og:image\" content=\"https:\/\/czerwonagora.pl\/wp-content\/uploads\/2024\/11\/Strona.png\" \/>\n\t<meta property=\"og:image:width\" content=\"786\" \/>\n\t<meta property=\"og:image:height\" content=\"947\" \/>\n\t<meta property=\"og:image:type\" content=\"image\/png\" \/>\n<meta name=\"twitter:card\" content=\"summary_large_image\" \/>\n<meta name=\"twitter:label1\" content=\"Szacowany czas czytania\" \/>\n\t<meta name=\"twitter:data1\" content=\"1 minuta\" \/>\n<script type=\"application\/ld+json\" class=\"yoast-schema-graph\">{\"@context\":\"https:\\\/\\\/schema.org\",\"@graph\":[{\"@type\":\"WebPage\",\"@id\":\"https:\\\/\\\/czerwonagora.pl\\\/index.php\\\/zakup-i-montaz-instalacji-fotowoltaicznej-w-wojewodzkim-szpitalu-specjalistycznym-im-sw-rafala-w-czerwonej-gorze\\\/\",\"url\":\"https:\\\/\\\/czerwonagora.pl\\\/index.php\\\/zakup-i-montaz-instalacji-fotowoltaicznej-w-wojewodzkim-szpitalu-specjalistycznym-im-sw-rafala-w-czerwonej-gorze\\\/\",\"name\":\"Zakup i monta\u017c instalacji fotowoltaicznej w Wojew\u00f3dzkim Szpitalu Specjalistycznym im. \u015aw. Rafa\u0142a w Czerwonej G\u00f3rze - Wojew\u00f3dzki Szpital Specjalistyczny im. \u015aw. Rafa\u0142a w Czerwonej G\u00f3rze\",\"isPartOf\":{\"@id\":\"https:\\\/\\\/czerwonagora.pl\\\/#website\"},\"primaryImageOfPage\":{\"@id\":\"https:\\\/\\\/czerwonagora.pl\\\/index.php\\\/zakup-i-montaz-instalacji-fotowoltaicznej-w-wojewodzkim-szpitalu-specjalistycznym-im-sw-rafala-w-czerwonej-gorze\\\/#primaryimage\"},\"image\":{\"@id\":\"https:\\\/\\\/czerwonagora.pl\\\/index.php\\\/zakup-i-montaz-instalacji-fotowoltaicznej-w-wojewodzkim-szpitalu-specjalistycznym-im-sw-rafala-w-czerwonej-gorze\\\/#primaryimage\"},\"thumbnailUrl\":\"https:\\\/\\\/czerwonagora.pl\\\/wp-content\\\/uploads\\\/2024\\\/11\\\/Strona.png\",\"datePublished\":\"2024-11-18T10:32:55+00:00\",\"dateModified\":\"2024-11-18T10:34:54+00:00\",\"breadcrumb\":{\"@id\":\"https:\\\/\\\/czerwonagora.pl\\\/index.php\\\/zakup-i-montaz-instalacji-fotowoltaicznej-w-wojewodzkim-szpitalu-specjalistycznym-im-sw-rafala-w-czerwonej-gorze\\\/#breadcrumb\"},\"inLanguage\":\"pl-PL\",\"potentialAction\":[{\"@type\":\"ReadAction\",\"target\":[\"https:\\\/\\\/czerwonagora.pl\\\/index.php\\\/zakup-i-montaz-instalacji-fotowoltaicznej-w-wojewodzkim-szpitalu-specjalistycznym-im-sw-rafala-w-czerwonej-gorze\\\/\"]}]},{\"@type\":\"ImageObject\",\"inLanguage\":\"pl-PL\",\"@id\":\"https:\\\/\\\/czerwonagora.pl\\\/index.php\\\/zakup-i-montaz-instalacji-fotowoltaicznej-w-wojewodzkim-szpitalu-specjalistycznym-im-sw-rafala-w-czerwonej-gorze\\\/#primaryimage\",\"url\":\"https:\\\/\\\/czerwonagora.pl\\\/wp-content\\\/uploads\\\/2024\\\/11\\\/Strona.png\",\"contentUrl\":\"https:\\\/\\\/czerwonagora.pl\\\/wp-content\\\/uploads\\\/2024\\\/11\\\/Strona.png\",\"width\":786,\"height\":947,\"caption\":\"Panele fotowoltaiczne\"},{\"@type\":\"BreadcrumbList\",\"@id\":\"https:\\\/\\\/czerwonagora.pl\\\/index.php\\\/zakup-i-montaz-instalacji-fotowoltaicznej-w-wojewodzkim-szpitalu-specjalistycznym-im-sw-rafala-w-czerwonej-gorze\\\/#breadcrumb\",\"itemListElement\":[{\"@type\":\"ListItem\",\"position\":1,\"name\":\"Strona g\u0142\u00f3wna\",\"item\":\"https:\\\/\\\/czerwonagora.pl\\\/\"},{\"@type\":\"ListItem\",\"position\":2,\"name\":\"Zakup i monta\u017c instalacji fotowoltaicznej w Wojew\u00f3dzkim Szpitalu Specjalistycznym im. \u015aw. Rafa\u0142a w Czerwonej G\u00f3rze\"}]},{\"@type\":\"WebSite\",\"@id\":\"https:\\\/\\\/czerwonagora.pl\\\/#website\",\"url\":\"https:\\\/\\\/czerwonagora.pl\\\/\",\"name\":\"Wojew\u00f3dzki Szpital Specjalistyczny im. \u015aw. Rafa\u0142a w Czerwonej G\u00f3rze\",\"description\":\"Wojew\u00f3dzki Szpital Specjalistyczny im. \u015aw. Rafa\u0142a w Czerwonej G\u00f3rze\",\"publisher\":{\"@id\":\"https:\\\/\\\/czerwonagora.pl\\\/#organization\"},\"potentialAction\":[{\"@type\":\"SearchAction\",\"target\":{\"@type\":\"EntryPoint\",\"urlTemplate\":\"https:\\\/\\\/czerwonagora.pl\\\/?s={search_term_string}\"},\"query-input\":{\"@type\":\"PropertyValueSpecification\",\"valueRequired\":true,\"valueName\":\"search_term_string\"}}],\"inLanguage\":\"pl-PL\"},{\"@type\":\"Organization\",\"@id\":\"https:\\\/\\\/czerwonagora.pl\\\/#organization\",\"name\":\"Wojew\u00f3dzki Szpital Specjalistyczny im. \u015aw. Rafa\u0142a w Czerwonej G\u00f3rze\",\"url\":\"https:\\\/\\\/czerwonagora.pl\\\/\",\"logo\":{\"@type\":\"ImageObject\",\"inLanguage\":\"pl-PL\",\"@id\":\"https:\\\/\\\/czerwonagora.pl\\\/#\\\/schema\\\/logo\\\/image\\\/\",\"url\":\"https:\\\/\\\/czerwonagora.pl\\\/wp-content\\\/uploads\\\/2021\\\/06\\\/Logo-WSS-DUZE-transparentne.png\",\"contentUrl\":\"https:\\\/\\\/czerwonagora.pl\\\/wp-content\\\/uploads\\\/2021\\\/06\\\/Logo-WSS-DUZE-transparentne.png\",\"width\":4210,\"height\":2975,\"caption\":\"Wojew\u00f3dzki Szpital Specjalistyczny im. \u015aw. Rafa\u0142a w Czerwonej G\u00f3rze\"},\"image\":{\"@id\":\"https:\\\/\\\/czerwonagora.pl\\\/#\\\/schema\\\/logo\\\/image\\\/\"},\"sameAs\":[\"https:\\\/\\\/www.facebook.com\\\/SzpitalCzerwonaGora\\\/\"]}]}<\/script>\n<!-- \/ Yoast SEO plugin. -->","yoast_head_json":{"title":"Zakup i monta\u017c instalacji fotowoltaicznej w Wojew\u00f3dzkim Szpitalu Specjalistycznym im. \u015aw. Rafa\u0142a w Czerwonej G\u00f3rze - Wojew\u00f3dzki Szpital Specjalistyczny im. \u015aw. Rafa\u0142a w Czerwonej G\u00f3rze","robots":{"index":"index","follow":"follow","max-snippet":"max-snippet:-1","max-image-preview":"max-image-preview:large","max-video-preview":"max-video-preview:-1"},"canonical":"https:\/\/czerwonagora.pl\/index.php\/zakup-i-montaz-instalacji-fotowoltaicznej-w-wojewodzkim-szpitalu-specjalistycznym-im-sw-rafala-w-czerwonej-gorze\/","og_locale":"pl_PL","og_type":"article","og_title":"Zakup i monta\u017c instalacji fotowoltaicznej w Wojew\u00f3dzkim Szpitalu Specjalistycznym im. \u015aw. Rafa\u0142a w Czerwonej G\u00f3rze - Wojew\u00f3dzki Szpital Specjalistyczny im. \u015aw. Rafa\u0142a w Czerwonej G\u00f3rze","og_url":"https:\/\/czerwonagora.pl\/index.php\/zakup-i-montaz-instalacji-fotowoltaicznej-w-wojewodzkim-szpitalu-specjalistycznym-im-sw-rafala-w-czerwonej-gorze\/","og_site_name":"Wojew\u00f3dzki Szpital Specjalistyczny im. \u015aw. Rafa\u0142a w Czerwonej G\u00f3rze","article_publisher":"https:\/\/www.facebook.com\/SzpitalCzerwonaGora\/","article_modified_time":"2024-11-18T10:34:54+00:00","og_image":[{"width":786,"height":947,"url":"https:\/\/czerwonagora.pl\/wp-content\/uploads\/2024\/11\/Strona.png","type":"image\/png"}],"twitter_card":"summary_large_image","twitter_misc":{"Szacowany czas czytania":"1 minuta"},"schema":{"@context":"https:\/\/schema.org","@graph":[{"@type":"WebPage","@id":"https:\/\/czerwonagora.pl\/index.php\/zakup-i-montaz-instalacji-fotowoltaicznej-w-wojewodzkim-szpitalu-specjalistycznym-im-sw-rafala-w-czerwonej-gorze\/","url":"https:\/\/czerwonagora.pl\/index.php\/zakup-i-montaz-instalacji-fotowoltaicznej-w-wojewodzkim-szpitalu-specjalistycznym-im-sw-rafala-w-czerwonej-gorze\/","name":"Zakup i monta\u017c instalacji fotowoltaicznej w Wojew\u00f3dzkim Szpitalu Specjalistycznym im. \u015aw. Rafa\u0142a w Czerwonej G\u00f3rze - Wojew\u00f3dzki Szpital Specjalistyczny im. \u015aw. Rafa\u0142a w Czerwonej G\u00f3rze","isPartOf":{"@id":"https:\/\/czerwonagora.pl\/#website"},"primaryImageOfPage":{"@id":"https:\/\/czerwonagora.pl\/index.php\/zakup-i-montaz-instalacji-fotowoltaicznej-w-wojewodzkim-szpitalu-specjalistycznym-im-sw-rafala-w-czerwonej-gorze\/#primaryimage"},"image":{"@id":"https:\/\/czerwonagora.pl\/index.php\/zakup-i-montaz-instalacji-fotowoltaicznej-w-wojewodzkim-szpitalu-specjalistycznym-im-sw-rafala-w-czerwonej-gorze\/#primaryimage"},"thumbnailUrl":"https:\/\/czerwonagora.pl\/wp-content\/uploads\/2024\/11\/Strona.png","datePublished":"2024-11-18T10:32:55+00:00","dateModified":"2024-11-18T10:34:54+00:00","breadcrumb":{"@id":"https:\/\/czerwonagora.pl\/index.php\/zakup-i-montaz-instalacji-fotowoltaicznej-w-wojewodzkim-szpitalu-specjalistycznym-im-sw-rafala-w-czerwonej-gorze\/#breadcrumb"},"inLanguage":"pl-PL","potentialAction":[{"@type":"ReadAction","target":["https:\/\/czerwonagora.pl\/index.php\/zakup-i-montaz-instalacji-fotowoltaicznej-w-wojewodzkim-szpitalu-specjalistycznym-im-sw-rafala-w-czerwonej-gorze\/"]}]},{"@type":"ImageObject","inLanguage":"pl-PL","@id":"https:\/\/czerwonagora.pl\/index.php\/zakup-i-montaz-instalacji-fotowoltaicznej-w-wojewodzkim-szpitalu-specjalistycznym-im-sw-rafala-w-czerwonej-gorze\/#primaryimage","url":"https:\/\/czerwonagora.pl\/wp-content\/uploads\/2024\/11\/Strona.png","contentUrl":"https:\/\/czerwonagora.pl\/wp-content\/uploads\/2024\/11\/Strona.png","width":786,"height":947,"caption":"Panele fotowoltaiczne"},{"@type":"BreadcrumbList","@id":"https:\/\/czerwonagora.pl\/index.php\/zakup-i-montaz-instalacji-fotowoltaicznej-w-wojewodzkim-szpitalu-specjalistycznym-im-sw-rafala-w-czerwonej-gorze\/#breadcrumb","itemListElement":[{"@type":"ListItem","position":1,"name":"Strona g\u0142\u00f3wna","item":"https:\/\/czerwonagora.pl\/"},{"@type":"ListItem","position":2,"name":"Zakup i monta\u017c instalacji fotowoltaicznej w Wojew\u00f3dzkim Szpitalu Specjalistycznym im. \u015aw. Rafa\u0142a w Czerwonej G\u00f3rze"}]},{"@type":"WebSite","@id":"https:\/\/czerwonagora.pl\/#website","url":"https:\/\/czerwonagora.pl\/","name":"Wojew\u00f3dzki Szpital Specjalistyczny im. \u015aw. Rafa\u0142a w Czerwonej G\u00f3rze","description":"Wojew\u00f3dzki Szpital Specjalistyczny im. \u015aw. Rafa\u0142a w Czerwonej G\u00f3rze","publisher":{"@id":"https:\/\/czerwonagora.pl\/#organization"},"potentialAction":[{"@type":"SearchAction","target":{"@type":"EntryPoint","urlTemplate":"https:\/\/czerwonagora.pl\/?s={search_term_string}"},"query-input":{"@type":"PropertyValueSpecification","valueRequired":true,"valueName":"search_term_string"}}],"inLanguage":"pl-PL"},{"@type":"Organization","@id":"https:\/\/czerwonagora.pl\/#organization","name":"Wojew\u00f3dzki Szpital Specjalistyczny im. \u015aw. Rafa\u0142a w Czerwonej G\u00f3rze","url":"https:\/\/czerwonagora.pl\/","logo":{"@type":"ImageObject","inLanguage":"pl-PL","@id":"https:\/\/czerwonagora.pl\/#\/schema\/logo\/image\/","url":"https:\/\/czerwonagora.pl\/wp-content\/uploads\/2021\/06\/Logo-WSS-DUZE-transparentne.png","contentUrl":"https:\/\/czerwonagora.pl\/wp-content\/uploads\/2021\/06\/Logo-WSS-DUZE-transparentne.png","width":4210,"height":2975,"caption":"Wojew\u00f3dzki Szpital Specjalistyczny im. \u015aw. Rafa\u0142a w Czerwonej G\u00f3rze"},"image":{"@id":"https:\/\/czerwonagora.pl\/#\/schema\/logo\/image\/"},"sameAs":["https:\/\/www.facebook.com\/SzpitalCzerwonaGora\/"]}]}},"publishpress_future_action":{"enabled":false,"date":"2026-05-10 13:30:18","action":"change-status","newStatus":"draft","terms":[],"taxonomy":"","extraData":[]},"publishpress_future_workflow_manual_trigger":{"enabledWorkflows":[]},"_links":{"self":[{"href":"https:\/\/czerwonagora.pl\/index.php\/wp-json\/wp\/v2\/pages\/25290","targetHints":{"allow":["GET"]}}],"collection":[{"href":"https:\/\/czerwonagora.pl\/index.php\/wp-json\/wp\/v2\/pages"}],"about":[{"href":"https:\/\/czerwonagora.pl\/index.php\/wp-json\/wp\/v2\/types\/page"}],"author":[{"embeddable":true,"href":"https:\/\/czerwonagora.pl\/index.php\/wp-json\/wp\/v2\/users\/12"}],"replies":[{"embeddable":true,"href":"https:\/\/czerwonagora.pl\/index.php\/wp-json\/wp\/v2\/comments?post=25290"}],"version-history":[{"count":4,"href":"https:\/\/czerwonagora.pl\/index.php\/wp-json\/wp\/v2\/pages\/25290\/revisions"}],"predecessor-version":[{"id":25297,"href":"https:\/\/czerwonagora.pl\/index.php\/wp-json\/wp\/v2\/pages\/25290\/revisions\/25297"}],"wp:attachment":[{"href":"https:\/\/czerwonagora.pl\/index.php\/wp-json\/wp\/v2\/media?parent=25290"}],"curies":[{"name":"wp","href":"https:\/\/api.w.org\/{rel}","templated":true}]}}