{"id":4344,"date":"2021-06-08T09:29:17","date_gmt":"2021-06-08T07:29:17","guid":{"rendered":"https:\/\/czerwonagora.pl\/?page_id=4344"},"modified":"2025-03-17T14:12:19","modified_gmt":"2025-03-17T13:12:19","slug":"oddzial-ii-chorob-pluc-i-gruzlicy","status":"publish","type":"page","link":"https:\/\/czerwonagora.pl\/index.php\/oddzial-ii-chorob-pluc-i-gruzlicy\/","title":{"rendered":"Oddzia\u0142 II Chor\u00f3b P\u0142uc i Gru\u017alicy"},"content":{"rendered":"\t\t<div data-elementor-type=\"wp-page\" data-elementor-id=\"4344\" class=\"elementor elementor-4344\">\n\t\t\t\t\t\t<section class=\"elementor-section elementor-top-section elementor-element elementor-element-7f4c6d12 elementor-section-stretched elementor-section-boxed elementor-section-height-default elementor-section-height-default elementor-invisible\" data-id=\"7f4c6d12\" data-element_type=\"section\" data-e-type=\"section\" data-settings=\"{&quot;stretch_section&quot;:&quot;section-stretched&quot;,&quot;animation&quot;:&quot;fadeIn&quot;,&quot;animation_delay&quot;:200}\">\n\t\t\t\t\t\t\t<div class=\"elementor-background-overlay\"><\/div>\n\t\t\t\t\t\t\t<div class=\"elementor-container elementor-column-gap-no\">\n\t\t\t\t\t<div class=\"elementor-column elementor-col-25 elementor-top-column elementor-element elementor-element-34f920ef\" data-id=\"34f920ef\" data-element_type=\"column\" data-e-type=\"column\">\n\t\t\t<div class=\"elementor-widget-wrap elementor-element-populated\">\n\t\t\t\t\t\t<div class=\"elementor-element elementor-element-589bb605 elementor-position-top elementor-invisible elementor-widget elementor-widget-image-box\" data-id=\"589bb605\" data-element_type=\"widget\" data-e-type=\"widget\" data-settings=\"{&quot;_animation&quot;:&quot;fadeIn&quot;}\" data-widget_type=\"image-box.default\">\n\t\t\t\t<div class=\"elementor-widget-container\">\n\t\t\t\t\t<div class=\"elementor-image-box-wrapper\"><figure class=\"elementor-image-box-img\"><img decoding=\"async\" width=\"180\" height=\"223\" src=\"https:\/\/czerwonagora.pl\/wp-content\/uploads\/2021\/06\/Kierownik.png\" class=\"attachment-full size-full wp-image-5104\" alt=\"Kierowniczka oddzia\u0142u ubrana w bia\u0142\u0105 odzie\u017c ochronn\u0105\" \/><\/figure><div class=\"elementor-image-box-content\"><h1 class=\"elementor-image-box-title\"><strong>Miros\u0142awa Pa\u017adzierz<\/strong><\/h1><p class=\"elementor-image-box-description\">Kierownik Oddzia\u0142u<\/p><\/div><\/div>\t\t\t\t<\/div>\n\t\t\t\t<\/div>\n\t\t\t\t<div class=\"elementor-element elementor-element-1d44488e elementor-widget-divider--view-line elementor-widget elementor-widget-divider\" data-id=\"1d44488e\" data-element_type=\"widget\" data-e-type=\"widget\" data-widget_type=\"divider.default\">\n\t\t\t\t<div class=\"elementor-widget-container\">\n\t\t\t\t\t\t\t<div class=\"elementor-divider\">\n\t\t\t<span class=\"elementor-divider-separator\">\n\t\t\t\t\t\t<\/span>\n\t\t<\/div>\n\t\t\t\t\t\t<\/div>\n\t\t\t\t<\/div>\n\t\t\t\t\t<\/div>\n\t\t<\/div>\n\t\t\t\t<div class=\"elementor-column elementor-col-25 elementor-top-column elementor-element elementor-element-7a7af199\" data-id=\"7a7af199\" data-element_type=\"column\" data-e-type=\"column\">\n\t\t\t<div class=\"elementor-widget-wrap elementor-element-populated\">\n\t\t\t\t\t\t<div class=\"elementor-element elementor-element-4935abcb elementor-position-top elementor-invisible elementor-widget elementor-widget-image-box\" data-id=\"4935abcb\" data-element_type=\"widget\" data-e-type=\"widget\" data-settings=\"{&quot;_animation&quot;:&quot;fadeIn&quot;}\" data-widget_type=\"image-box.default\">\n\t\t\t\t<div class=\"elementor-widget-container\">\n\t\t\t\t\t<div class=\"elementor-image-box-wrapper\"><figure class=\"elementor-image-box-img\"><img decoding=\"async\" width=\"180\" height=\"223\" src=\"https:\/\/czerwonagora.pl\/wp-content\/uploads\/2021\/06\/Kierownik-ikona_kobieta.png\" class=\"attachment-full size-full wp-image-3706\" alt=\"ikona sylwetka kobiety lekarza w tle koloru niebieskiego\" \/><\/figure><div class=\"elementor-image-box-content\"><h1 class=\"elementor-image-box-title\"><strong>Mariola Myszkowska - Rachuda\u0142a<\/strong><\/h1><p class=\"elementor-image-box-description\">Z-ca Kierownika<\/p><\/div><\/div>\t\t\t\t<\/div>\n\t\t\t\t<\/div>\n\t\t\t\t<div class=\"elementor-element elementor-element-164e2b83 elementor-widget-divider--view-line elementor-widget elementor-widget-divider\" data-id=\"164e2b83\" data-element_type=\"widget\" data-e-type=\"widget\" data-widget_type=\"divider.default\">\n\t\t\t\t<div class=\"elementor-widget-container\">\n\t\t\t\t\t\t\t<div class=\"elementor-divider\">\n\t\t\t<span class=\"elementor-divider-separator\">\n\t\t\t\t\t\t<\/span>\n\t\t<\/div>\n\t\t\t\t\t\t<\/div>\n\t\t\t\t<\/div>\n\t\t\t\t\t<\/div>\n\t\t<\/div>\n\t\t\t\t<div class=\"elementor-column elementor-col-25 elementor-top-column elementor-element elementor-element-349d275e\" data-id=\"349d275e\" data-element_type=\"column\" data-e-type=\"column\">\n\t\t\t<div class=\"elementor-widget-wrap elementor-element-populated\">\n\t\t\t\t\t\t<div class=\"elementor-element elementor-element-2d717ab7 elementor-position-top elementor-invisible elementor-widget elementor-widget-image-box\" data-id=\"2d717ab7\" data-element_type=\"widget\" data-e-type=\"widget\" data-settings=\"{&quot;_animation&quot;:&quot;fadeIn&quot;}\" data-widget_type=\"image-box.default\">\n\t\t\t\t<div class=\"elementor-widget-container\">\n\t\t\t\t\t<div class=\"elementor-image-box-wrapper\"><figure class=\"elementor-image-box-img\"><img decoding=\"async\" width=\"180\" height=\"223\" src=\"https:\/\/czerwonagora.pl\/wp-content\/uploads\/2021\/06\/Koordynujaca-ikona.png\" class=\"attachment-full size-full wp-image-3714\" alt=\"ikona sylwetka piel\u0119gniarki ze strzykawk\u0105 na zielonym tle\" \/><\/figure><div class=\"elementor-image-box-content\"><h1 class=\"elementor-image-box-title\"><strong>Anna Sawicka<\/strong><\/h1><p class=\"elementor-image-box-description\">Piel. Koordynuj\u0105ca<\/p><\/div><\/div>\t\t\t\t<\/div>\n\t\t\t\t<\/div>\n\t\t\t\t<div class=\"elementor-element elementor-element-78b9b3f5 elementor-widget-divider--view-line elementor-widget elementor-widget-divider\" data-id=\"78b9b3f5\" data-element_type=\"widget\" data-e-type=\"widget\" data-widget_type=\"divider.default\">\n\t\t\t\t<div class=\"elementor-widget-container\">\n\t\t\t\t\t\t\t<div class=\"elementor-divider\">\n\t\t\t<span class=\"elementor-divider-separator\">\n\t\t\t\t\t\t<\/span>\n\t\t<\/div>\n\t\t\t\t\t\t<\/div>\n\t\t\t\t<\/div>\n\t\t\t\t\t<\/div>\n\t\t<\/div>\n\t\t\t\t<div class=\"elementor-column elementor-col-25 elementor-top-column elementor-element elementor-element-2dc9f2cf\" data-id=\"2dc9f2cf\" data-element_type=\"column\" data-e-type=\"column\">\n\t\t\t<div class=\"elementor-widget-wrap elementor-element-populated\">\n\t\t\t\t\t\t<div class=\"elementor-element elementor-element-7c4d1eae elementor-position-top elementor-invisible elementor-widget elementor-widget-image-box\" data-id=\"7c4d1eae\" data-element_type=\"widget\" data-e-type=\"widget\" data-settings=\"{&quot;_animation&quot;:&quot;fadeIn&quot;}\" data-widget_type=\"image-box.default\">\n\t\t\t\t<div class=\"elementor-widget-container\">\n\t\t\t\t\t<div class=\"elementor-image-box-wrapper\"><figure class=\"elementor-image-box-img\"><img decoding=\"async\" width=\"180\" height=\"223\" src=\"https:\/\/czerwonagora.pl\/wp-content\/uploads\/2021\/06\/Koordynujaca-ikona.png\" class=\"attachment-full size-full wp-image-3714\" alt=\"ikona sylwetka piel\u0119gniarki ze strzykawk\u0105 na zielonym tle\" \/><\/figure><div class=\"elementor-image-box-content\"><h1 class=\"elementor-image-box-title\"><strong>Weronika Klonowska<\/strong><\/h1><p class=\"elementor-image-box-description\">Z-ca Piel. Koordynuj\u0105cej<\/p><\/div><\/div>\t\t\t\t<\/div>\n\t\t\t\t<\/div>\n\t\t\t\t<div class=\"elementor-element elementor-element-5c805581 elementor-widget-divider--view-line elementor-widget elementor-widget-divider\" data-id=\"5c805581\" data-element_type=\"widget\" data-e-type=\"widget\" data-widget_type=\"divider.default\">\n\t\t\t\t<div class=\"elementor-widget-container\">\n\t\t\t\t\t\t\t<div class=\"elementor-divider\">\n\t\t\t<span class=\"elementor-divider-separator\">\n\t\t\t\t\t\t<\/span>\n\t\t<\/div>\n\t\t\t\t\t\t<\/div>\n\t\t\t\t<\/div>\n\t\t\t\t\t<\/div>\n\t\t<\/div>\n\t\t\t\t\t<\/div>\n\t\t<\/section>\n\t\t\t\t<section class=\"elementor-section elementor-top-section elementor-element elementor-element-7be61793 elementor-section-stretched elementor-section-boxed elementor-section-height-default elementor-section-height-default\" data-id=\"7be61793\" data-element_type=\"section\" data-e-type=\"section\" data-settings=\"{&quot;stretch_section&quot;:&quot;section-stretched&quot;}\">\n\t\t\t\t\t\t<div class=\"elementor-container elementor-column-gap-default\">\n\t\t\t\t\t<div class=\"elementor-column elementor-col-66 elementor-top-column elementor-element elementor-element-61986290\" data-id=\"61986290\" data-element_type=\"column\" data-e-type=\"column\">\n\t\t\t<div class=\"elementor-widget-wrap elementor-element-populated\">\n\t\t\t\t\t\t<div class=\"elementor-element elementor-element-185d165e elementor-widget__width-initial elementor-widget elementor-widget-text-editor\" data-id=\"185d165e\" data-element_type=\"widget\" data-e-type=\"widget\" data-widget_type=\"text-editor.default\">\n\t\t\t\t<div class=\"elementor-widget-container\">\n\t\t\t\t\t\t\t\t\t<div id=\"sppb-addon-1501759724180\" class=\"clearfix\"><div class=\"sppb-addon sppb-addon-text-block sppb-text-left \"><h4 class=\"sppb-addon-content\">Od 2022 r Oddzia\u0142 II Chor\u00f3b P\u0142uc i Gru\u017alicy mie\u015bci si\u0119 w nowo powsta\u0142ym budynku \u015awi\u0119tokrzyskiego Centrum Chor\u00f3b P\u0142uc.<\/h4><div>Oddzia\u0142 posiada &#8211; 65-\u0142\u00f3\u017ckow\u0105 baz\u0119, 50 \u0142\u00f3\u017cek pulmonologicznych na III pi\u0119trze &#8211; przeznaczonych do leczenia i diagnostyki pacjent\u00f3w ze schorzeniami p\u0142uc i oskrzeli. 15 \u0142\u00f3\u017cek na II pi\u0119trze &#8211; to cz\u0119\u015b\u0107 zaka\u017ana Oddzia\u0142u.<\/div><div>\u00a0<\/div><h4><strong>Oddzia\u0142 zajmuje si\u0119 diagnostyk\u0105 i leczeniem wszystkich chor\u00f3b uk\u0142adu oddechowego:<\/strong><\/h4><div class=\"sppb-addon-content\"><div><ul><li>choroby infekcyjno-bakteryjne i wirusowe;<\/li><li>przewlek\u0142a obturacyjna choroba p\u0142uc;<\/li><li>diagnostyka zaburze\u0144 oddychania w czasie snu (polisomnografia);<\/li><li>nowotwory uk\u0142adu oddechowego;<\/li><li>astma oskrzelowa;<\/li><li>sarkoidoza;<\/li><li>gru\u017alica;<\/li><li>zatorowo\u015b\u0107 p\u0142ucna;<\/li><li>pylice;<\/li><li>choroby \u015br\u00f3dmi\u0105\u017cszowe p\u0142uc;<\/li><li>choroby przepony i \u015br\u00f3dpiersia;<\/li><li>refluks krtaniowo-gard\u0142owy;<\/li><li>inne choroby wewn\u0119trzne, wsp\u00f3\u0142istniej\u0105ce z chorobami uk\u0142adu oddechowego.<\/li><\/ul><\/div><div><strong>W Oddziale prowadzone s\u0105 r\u00f3wnie\u017c:<\/strong><br \/>1.Programy lekowe:<\/div><div>-leczenie idiopatycznego w\u0142\u00f3knienia p\u0142uc<br \/>-post\u0119puj\u0105cego w\u0142\u00f3knienia p\u0142uc B135<br \/>2.Leczenie niewydolno\u015bci oddechowej przy pomocy nieinwazyjnego wspomagania wentylacji<br \/>3.Kwalifikacja do Domowego Leczenia Tlenem oraz leczenia przy pomocy NWW w warunkach domowych<br \/>4. Specjalistyczna diagnostyka endoskopowa:<\/div><div>-bronchofiberoskopia z u\u017cyciem sondy radialnej<\/div><div>-kriobiopsja<\/div><div>-EBUS-TBNA<\/div><div>\u00a0<\/div><div><p>Oddzia\u0142 posiada wyspecjalizowan\u0105 kadr\u0119 lekarsk\u0105 i piel\u0119gniarsk\u0105. Prowadzimy diagnostyk\u0119 i leczenie chor\u00f3b uk\u0142adu oddechowego na wysokim poziomie, w oparciu o aktualne standardy. W oddziale panuje mi\u0142a i przyjemna atmosfera. Pacjenci maj\u0105 mo\u017cliwo\u015b\u0107 uzyskania niezb\u0119dnych informacji dotycz\u0105cych prowadzonych bada\u0144 i leczenia, otoczeni s\u0105 trosk\u0105 i opiek\u0105<\/p><p>Dzi\u0119ki wsp\u00f3\u0142pracy z Oddzia\u0142em Chirurgii Klatki Piersiowej\u00a0 w tutejszym Szpitalu istnieje mo\u017cliwo\u015b\u0107 bezpo\u015bredniego kierowania do diagnostyki inwazyjnej i leczenia operacyjnego.<\/p><\/div><\/div><\/div><\/div>\t\t\t\t\t\t\t\t<\/div>\n\t\t\t\t<\/div>\n\t\t\t\t\t<\/div>\n\t\t<\/div>\n\t\t\t\t<div class=\"elementor-column elementor-col-33 elementor-top-column elementor-element elementor-element-41b08cf0\" data-id=\"41b08cf0\" data-element_type=\"column\" data-e-type=\"column\" data-settings=\"{&quot;background_background&quot;:&quot;classic&quot;}\">\n\t\t\t<div class=\"elementor-widget-wrap elementor-element-populated\">\n\t\t\t\t\t\t<div class=\"elementor-element elementor-element-18c34584 elementor-view-default elementor-widget elementor-widget-icon\" data-id=\"18c34584\" data-element_type=\"widget\" data-e-type=\"widget\" data-widget_type=\"icon.default\">\n\t\t\t\t<div class=\"elementor-widget-container\">\n\t\t\t\t\t\t\t<div class=\"elementor-icon-wrapper\">\n\t\t\t<div class=\"elementor-icon\">\n\t\t\t<i aria-hidden=\"true\" class=\"fas fa-phone-square\"><\/i>\t\t\t<\/div>\n\t\t<\/div>\n\t\t\t\t\t\t<\/div>\n\t\t\t\t<\/div>\n\t\t\t\t<div class=\"elementor-element elementor-element-52f84dde elementor-widget elementor-widget-text-editor\" data-id=\"52f84dde\" data-element_type=\"widget\" data-e-type=\"widget\" data-widget_type=\"text-editor.default\">\n\t\t\t\t<div class=\"elementor-widget-container\">\n\t\t\t\t\t\t\t\t\t<div class=\"sppb-addon-text\"><p><strong>Lokalizacja Budynek A2, III pi\u0119tro<br \/><\/strong><\/p><p><strong>Numery bezpo\u015brednie<\/strong><\/p><p><strong>Szpital: \u00a0<\/strong>+48 (41) 34 655 45 do 48<br \/><strong>Gabinet lekarski<\/strong> &#8211; 607 802 850<\/p><p><strong>Numery wewn\u0119trzne:<\/strong><\/p><p>Kierownik Oddzia\u0142u &#8211;\u00a0<strong>183<br \/><\/strong>Lekarze Oddzia\u0142u &#8211;\u00a0<strong>162<br \/><\/strong>Piel. Koordynuj\u0105ca &#8211;\u00a0<strong>214<br \/><\/strong>Dy\u017curka piel\u0119gniarek I &#8211;\u00a0<strong>155<br \/><\/strong>Dy\u017curka piel\u0119gniarek II\u00a0 &#8211;\u00a0<strong>255<br \/><\/strong>Sekretariat &#8211;\u00a0<strong>221<\/strong><\/p><\/div>\t\t\t\t\t\t\t\t<\/div>\n\t\t\t\t<\/div>\n\t\t\t\t\t<\/div>\n\t\t<\/div>\n\t\t\t\t\t<\/div>\n\t\t<\/section>\n\t\t\t\t<section class=\"elementor-section elementor-top-section elementor-element elementor-element-69c07534 elementor-section-content-middle elementor-section-stretched elementor-section-boxed elementor-section-height-default elementor-section-height-default\" data-id=\"69c07534\" data-element_type=\"section\" data-e-type=\"section\" data-settings=\"{&quot;stretch_section&quot;:&quot;section-stretched&quot;,&quot;background_background&quot;:&quot;classic&quot;}\">\n\t\t\t\t\t\t<div class=\"elementor-container elementor-column-gap-default\">\n\t\t\t\t\t<div class=\"elementor-column elementor-col-50 elementor-top-column elementor-element elementor-element-5396af3f\" data-id=\"5396af3f\" data-element_type=\"column\" data-e-type=\"column\">\n\t\t\t<div class=\"elementor-widget-wrap elementor-element-populated\">\n\t\t\t\t\t\t<div class=\"elementor-element elementor-element-3ff1bc46 elementor-position-inline-start elementor-view-stacked elementor-shape-circle elementor-mobile-position-block-start elementor-widget elementor-widget-icon-box\" data-id=\"3ff1bc46\" data-element_type=\"widget\" data-e-type=\"widget\" data-widget_type=\"icon-box.default\">\n\t\t\t\t<div class=\"elementor-widget-container\">\n\t\t\t\t\t\t\t<div class=\"elementor-icon-box-wrapper\">\n\n\t\t\t\t\t\t<div class=\"elementor-icon-box-icon\">\n\t\t\t\t<span  class=\"elementor-icon elementor-animation-grow\">\n\t\t\t\t<i aria-hidden=\"true\" class=\"fas fa-file-medical-alt\"><\/i>\t\t\t\t<\/span>\n\t\t\t<\/div>\n\t\t\t\n\t\t\t\t\t\t<div class=\"elementor-icon-box-content\">\n\n\t\t\t\t\t\t\t\t\t<h3 class=\"elementor-icon-box-title\">\n\t\t\t\t\t\t<span  >\n\t\t\t\t\t\t\tSzpital posiada Poradni\u0119 Pulmonologiczn\u0105\t\t\t\t\t\t<\/span>\n\t\t\t\t\t<\/h3>\n\t\t\t\t\n\t\t\t\t\n\t\t\t<\/div>\n\t\t\t\n\t\t<\/div>\n\t\t\t\t\t\t<\/div>\n\t\t\t\t<\/div>\n\t\t\t\t<div class=\"elementor-element elementor-element-5db0c8f6 elementor-align-start elementor-icon-list--layout-traditional elementor-list-item-link-full_width elementor-widget elementor-widget-icon-list\" data-id=\"5db0c8f6\" data-element_type=\"widget\" data-e-type=\"widget\" data-widget_type=\"icon-list.default\">\n\t\t\t\t<div class=\"elementor-widget-container\">\n\t\t\t\t\t\t\t<ul class=\"elementor-icon-list-items\">\n\t\t\t\t\t\t\t<li class=\"elementor-icon-list-item\">\n\t\t\t\t\t\t\t\t\t\t<span class=\"elementor-icon-list-text\">W poradnia pulmonologicznej \u015bwiadczymy us\u0142ugi doradcze, diagnostyczne i terapeutyczne dla pacjent\u00f3w z chorobami, kt\u00f3re maj\u0105 wp\u0142yw na p\u0142uca i oddychanie.<\/span>\n\t\t\t\t\t\t\t\t\t<\/li>\n\t\t\t\t\t\t<\/ul>\n\t\t\t\t\t\t<\/div>\n\t\t\t\t<\/div>\n\t\t\t\t<div class=\"elementor-element elementor-element-327c5db elementor-align-center elementor-widget elementor-widget-button\" data-id=\"327c5db\" data-element_type=\"widget\" data-e-type=\"widget\" data-widget_type=\"button.default\">\n\t\t\t\t<div class=\"elementor-widget-container\">\n\t\t\t\t\t\t\t\t\t<div class=\"elementor-button-wrapper\">\n\t\t\t\t\t<a class=\"elementor-button elementor-button-link elementor-size-sm elementor-animation-grow\" href=\"https:\/\/czerwonagora.pl\/index.php\/poradnia-pulmonologiczna\/\">\n\t\t\t\t\t\t<span class=\"elementor-button-content-wrapper\">\n\t\t\t\t\t\t\t\t\t<span class=\"elementor-button-text\">Czytaj wi\u0119cej<\/span>\n\t\t\t\t\t<\/span>\n\t\t\t\t\t<\/a>\n\t\t\t\t<\/div>\n\t\t\t\t\t\t\t\t<\/div>\n\t\t\t\t<\/div>\n\t\t\t\t\t<\/div>\n\t\t<\/div>\n\t\t\t\t<div class=\"elementor-column elementor-col-50 elementor-top-column elementor-element elementor-element-6ddf319e\" data-id=\"6ddf319e\" data-element_type=\"column\" data-e-type=\"column\">\n\t\t\t<div class=\"elementor-widget-wrap elementor-element-populated\">\n\t\t\t\t\t\t<div class=\"elementor-element elementor-element-3006a9b3 elementor-widget elementor-widget-image\" data-id=\"3006a9b3\" data-element_type=\"widget\" data-e-type=\"widget\" data-widget_type=\"image.default\">\n\t\t\t\t<div class=\"elementor-widget-container\">\n\t\t\t\t\t\t\t\t\t\t\t\t\t\t\t<img loading=\"lazy\" decoding=\"async\" width=\"1200\" height=\"600\" src=\"https:\/\/czerwonagora.pl\/wp-content\/uploads\/2021\/06\/pracownia-snu-01.jpg\" class=\"attachment-full size-full wp-image-3966\" alt=\"St\u00f3\u0142 wystawowy na imprezie prezentuj\u0105cy produkty medyczne, w tym maski oddechowe i broszury, z lud\u017ami rozmazanymi w tle.\" srcset=\"https:\/\/czerwonagora.pl\/wp-content\/uploads\/2021\/06\/pracownia-snu-01.jpg 1200w, https:\/\/czerwonagora.pl\/wp-content\/uploads\/2021\/06\/pracownia-snu-01-300x150.jpg 300w, https:\/\/czerwonagora.pl\/wp-content\/uploads\/2021\/06\/pracownia-snu-01-1024x512.jpg 1024w, https:\/\/czerwonagora.pl\/wp-content\/uploads\/2021\/06\/pracownia-snu-01-768x384.jpg 768w\" sizes=\"(max-width: 1200px) 100vw, 1200px\" \/>\t\t\t\t\t\t\t\t\t\t\t\t\t\t\t<\/div>\n\t\t\t\t<\/div>\n\t\t\t\t\t<\/div>\n\t\t<\/div>\n\t\t\t\t\t<\/div>\n\t\t<\/section>\n\t\t\t\t<\/div>\n\t\t","protected":false},"excerpt":{"rendered":"<p>Miros\u0142awa Pa\u017adzierz Kierownik Oddzia\u0142u Mariola Myszkowska &#8211; Rachuda\u0142a Z-ca Kierownika Anna Sawicka Piel. Koordynuj\u0105ca Weronika Klonowska Z-ca Piel. Koordynuj\u0105cej Od 2022 r Oddzia\u0142 II Chor\u00f3b P\u0142uc i Gru\u017alicy mie\u015bci si\u0119 w nowo powsta\u0142ym budynku \u015awi\u0119tokrzyskiego Centrum Chor\u00f3b P\u0142uc. Oddzia\u0142 posiada &#8211; 65-\u0142\u00f3\u017ckow\u0105 baz\u0119, 50 \u0142\u00f3\u017cek pulmonologicznych na III pi\u0119trze &#8211; przeznaczonych do leczenia i diagnostyki [&hellip;]<\/p>\n","protected":false},"author":1,"featured_media":0,"parent":0,"menu_order":0,"comment_status":"closed","ping_status":"closed","template":"","meta":{"zakra_page_container_layout":"customizer","zakra_page_sidebar_layout":"customizer","zakra_remove_content_margin":false,"zakra_sidebar":"customizer","zakra_transparent_header":"customizer","zakra_logo":0,"zakra_main_header_style":"default","zakra_menu_item_color":"","zakra_menu_item_hover_color":"","zakra_menu_item_active_color":"","zakra_menu_active_style":"","zakra_page_header":true,"footnotes":""},"class_list":["post-4344","page","type-page","status-publish","hentry"],"yoast_head":"<!-- This site is optimized with the Yoast SEO plugin v27.4 - https:\/\/yoast.com\/product\/yoast-seo-wordpress\/ -->\n<title>Oddzia\u0142 II Chor\u00f3b P\u0142uc i Gru\u017alicy - Wojew\u00f3dzki Szpital Specjalistyczny im. \u015aw. Rafa\u0142a w Czerwonej G\u00f3rze<\/title>\n<meta name=\"robots\" content=\"index, follow, max-snippet:-1, max-image-preview:large, max-video-preview:-1\" \/>\n<link rel=\"canonical\" href=\"https:\/\/czerwonagora.pl\/index.php\/oddzial-ii-chorob-pluc-i-gruzlicy\/\" \/>\n<meta property=\"og:locale\" content=\"pl_PL\" \/>\n<meta property=\"og:type\" content=\"article\" \/>\n<meta property=\"og:title\" content=\"Oddzia\u0142 II Chor\u00f3b P\u0142uc i Gru\u017alicy - Wojew\u00f3dzki Szpital Specjalistyczny im. \u015aw. Rafa\u0142a w Czerwonej G\u00f3rze\" \/>\n<meta property=\"og:description\" content=\"Miros\u0142awa Pa\u017adzierz Kierownik Oddzia\u0142u Mariola Myszkowska &#8211; Rachuda\u0142a Z-ca Kierownika Anna Sawicka Piel. Koordynuj\u0105ca Weronika Klonowska Z-ca Piel. Koordynuj\u0105cej Od 2022 r Oddzia\u0142 II Chor\u00f3b P\u0142uc i Gru\u017alicy mie\u015bci si\u0119 w nowo powsta\u0142ym budynku \u015awi\u0119tokrzyskiego Centrum Chor\u00f3b P\u0142uc. Oddzia\u0142 posiada &#8211; 65-\u0142\u00f3\u017ckow\u0105 baz\u0119, 50 \u0142\u00f3\u017cek pulmonologicznych na III pi\u0119trze &#8211; przeznaczonych do leczenia i diagnostyki [&hellip;]\" \/>\n<meta property=\"og:url\" content=\"https:\/\/czerwonagora.pl\/index.php\/oddzial-ii-chorob-pluc-i-gruzlicy\/\" \/>\n<meta property=\"og:site_name\" content=\"Wojew\u00f3dzki Szpital Specjalistyczny im. \u015aw. Rafa\u0142a w Czerwonej G\u00f3rze\" \/>\n<meta property=\"article:publisher\" content=\"https:\/\/www.facebook.com\/SzpitalCzerwonaGora\/\" \/>\n<meta property=\"article:modified_time\" content=\"2025-03-17T13:12:19+00:00\" \/>\n<meta property=\"og:image\" content=\"https:\/\/czerwonagora.pl\/wp-content\/uploads\/2021\/06\/Kierownik.png\" \/>\n\t<meta property=\"og:image:width\" content=\"180\" \/>\n\t<meta property=\"og:image:height\" content=\"223\" \/>\n\t<meta property=\"og:image:type\" content=\"image\/png\" \/>\n<meta name=\"twitter:card\" content=\"summary_large_image\" \/>\n<meta name=\"twitter:label1\" content=\"Szacowany czas czytania\" \/>\n\t<meta name=\"twitter:data1\" content=\"3 minuty\" \/>\n<script type=\"application\/ld+json\" class=\"yoast-schema-graph\">{\"@context\":\"https:\\\/\\\/schema.org\",\"@graph\":[{\"@type\":\"WebPage\",\"@id\":\"https:\\\/\\\/czerwonagora.pl\\\/index.php\\\/oddzial-ii-chorob-pluc-i-gruzlicy\\\/\",\"url\":\"https:\\\/\\\/czerwonagora.pl\\\/index.php\\\/oddzial-ii-chorob-pluc-i-gruzlicy\\\/\",\"name\":\"Oddzia\u0142 II Chor\u00f3b P\u0142uc i Gru\u017alicy - Wojew\u00f3dzki Szpital Specjalistyczny im. \u015aw. Rafa\u0142a w Czerwonej G\u00f3rze\",\"isPartOf\":{\"@id\":\"https:\\\/\\\/czerwonagora.pl\\\/#website\"},\"primaryImageOfPage\":{\"@id\":\"https:\\\/\\\/czerwonagora.pl\\\/index.php\\\/oddzial-ii-chorob-pluc-i-gruzlicy\\\/#primaryimage\"},\"image\":{\"@id\":\"https:\\\/\\\/czerwonagora.pl\\\/index.php\\\/oddzial-ii-chorob-pluc-i-gruzlicy\\\/#primaryimage\"},\"thumbnailUrl\":\"https:\\\/\\\/czerwonagora.pl\\\/wp-content\\\/uploads\\\/2021\\\/06\\\/Kierownik.png\",\"datePublished\":\"2021-06-08T07:29:17+00:00\",\"dateModified\":\"2025-03-17T13:12:19+00:00\",\"breadcrumb\":{\"@id\":\"https:\\\/\\\/czerwonagora.pl\\\/index.php\\\/oddzial-ii-chorob-pluc-i-gruzlicy\\\/#breadcrumb\"},\"inLanguage\":\"pl-PL\",\"potentialAction\":[{\"@type\":\"ReadAction\",\"target\":[\"https:\\\/\\\/czerwonagora.pl\\\/index.php\\\/oddzial-ii-chorob-pluc-i-gruzlicy\\\/\"]}]},{\"@type\":\"ImageObject\",\"inLanguage\":\"pl-PL\",\"@id\":\"https:\\\/\\\/czerwonagora.pl\\\/index.php\\\/oddzial-ii-chorob-pluc-i-gruzlicy\\\/#primaryimage\",\"url\":\"https:\\\/\\\/czerwonagora.pl\\\/wp-content\\\/uploads\\\/2021\\\/06\\\/Kierownik.png\",\"contentUrl\":\"https:\\\/\\\/czerwonagora.pl\\\/wp-content\\\/uploads\\\/2021\\\/06\\\/Kierownik.png\",\"width\":180,\"height\":223,\"caption\":\"Kierowniczka oddzia\u0142u ubrana w bia\u0142\u0105 odzie\u017c ochronn\u0105\"},{\"@type\":\"BreadcrumbList\",\"@id\":\"https:\\\/\\\/czerwonagora.pl\\\/index.php\\\/oddzial-ii-chorob-pluc-i-gruzlicy\\\/#breadcrumb\",\"itemListElement\":[{\"@type\":\"ListItem\",\"position\":1,\"name\":\"Strona g\u0142\u00f3wna\",\"item\":\"https:\\\/\\\/czerwonagora.pl\\\/\"},{\"@type\":\"ListItem\",\"position\":2,\"name\":\"Oddzia\u0142 II Chor\u00f3b P\u0142uc i Gru\u017alicy\"}]},{\"@type\":\"WebSite\",\"@id\":\"https:\\\/\\\/czerwonagora.pl\\\/#website\",\"url\":\"https:\\\/\\\/czerwonagora.pl\\\/\",\"name\":\"Wojew\u00f3dzki Szpital Specjalistyczny im. \u015aw. Rafa\u0142a w Czerwonej G\u00f3rze\",\"description\":\"Wojew\u00f3dzki Szpital Specjalistyczny im. \u015aw. Rafa\u0142a w Czerwonej G\u00f3rze\",\"publisher\":{\"@id\":\"https:\\\/\\\/czerwonagora.pl\\\/#organization\"},\"potentialAction\":[{\"@type\":\"SearchAction\",\"target\":{\"@type\":\"EntryPoint\",\"urlTemplate\":\"https:\\\/\\\/czerwonagora.pl\\\/?s={search_term_string}\"},\"query-input\":{\"@type\":\"PropertyValueSpecification\",\"valueRequired\":true,\"valueName\":\"search_term_string\"}}],\"inLanguage\":\"pl-PL\"},{\"@type\":\"Organization\",\"@id\":\"https:\\\/\\\/czerwonagora.pl\\\/#organization\",\"name\":\"Wojew\u00f3dzki Szpital Specjalistyczny im. \u015aw. Rafa\u0142a w Czerwonej G\u00f3rze\",\"url\":\"https:\\\/\\\/czerwonagora.pl\\\/\",\"logo\":{\"@type\":\"ImageObject\",\"inLanguage\":\"pl-PL\",\"@id\":\"https:\\\/\\\/czerwonagora.pl\\\/#\\\/schema\\\/logo\\\/image\\\/\",\"url\":\"https:\\\/\\\/czerwonagora.pl\\\/wp-content\\\/uploads\\\/2021\\\/06\\\/Logo-WSS-DUZE-transparentne.png\",\"contentUrl\":\"https:\\\/\\\/czerwonagora.pl\\\/wp-content\\\/uploads\\\/2021\\\/06\\\/Logo-WSS-DUZE-transparentne.png\",\"width\":4210,\"height\":2975,\"caption\":\"Wojew\u00f3dzki Szpital Specjalistyczny im. \u015aw. Rafa\u0142a w Czerwonej G\u00f3rze\"},\"image\":{\"@id\":\"https:\\\/\\\/czerwonagora.pl\\\/#\\\/schema\\\/logo\\\/image\\\/\"},\"sameAs\":[\"https:\\\/\\\/www.facebook.com\\\/SzpitalCzerwonaGora\\\/\"]}]}<\/script>\n<!-- \/ Yoast SEO plugin. -->","yoast_head_json":{"title":"Oddzia\u0142 II Chor\u00f3b P\u0142uc i Gru\u017alicy - Wojew\u00f3dzki Szpital Specjalistyczny im. \u015aw. Rafa\u0142a w Czerwonej G\u00f3rze","robots":{"index":"index","follow":"follow","max-snippet":"max-snippet:-1","max-image-preview":"max-image-preview:large","max-video-preview":"max-video-preview:-1"},"canonical":"https:\/\/czerwonagora.pl\/index.php\/oddzial-ii-chorob-pluc-i-gruzlicy\/","og_locale":"pl_PL","og_type":"article","og_title":"Oddzia\u0142 II Chor\u00f3b P\u0142uc i Gru\u017alicy - Wojew\u00f3dzki Szpital Specjalistyczny im. \u015aw. Rafa\u0142a w Czerwonej G\u00f3rze","og_description":"Miros\u0142awa Pa\u017adzierz Kierownik Oddzia\u0142u Mariola Myszkowska &#8211; Rachuda\u0142a Z-ca Kierownika Anna Sawicka Piel. Koordynuj\u0105ca Weronika Klonowska Z-ca Piel. Koordynuj\u0105cej Od 2022 r Oddzia\u0142 II Chor\u00f3b P\u0142uc i Gru\u017alicy mie\u015bci si\u0119 w nowo powsta\u0142ym budynku \u015awi\u0119tokrzyskiego Centrum Chor\u00f3b P\u0142uc. Oddzia\u0142 posiada &#8211; 65-\u0142\u00f3\u017ckow\u0105 baz\u0119, 50 \u0142\u00f3\u017cek pulmonologicznych na III pi\u0119trze &#8211; przeznaczonych do leczenia i diagnostyki [&hellip;]","og_url":"https:\/\/czerwonagora.pl\/index.php\/oddzial-ii-chorob-pluc-i-gruzlicy\/","og_site_name":"Wojew\u00f3dzki Szpital Specjalistyczny im. \u015aw. Rafa\u0142a w Czerwonej G\u00f3rze","article_publisher":"https:\/\/www.facebook.com\/SzpitalCzerwonaGora\/","article_modified_time":"2025-03-17T13:12:19+00:00","og_image":[{"width":180,"height":223,"url":"https:\/\/czerwonagora.pl\/wp-content\/uploads\/2021\/06\/Kierownik.png","type":"image\/png"}],"twitter_card":"summary_large_image","twitter_misc":{"Szacowany czas czytania":"3 minuty"},"schema":{"@context":"https:\/\/schema.org","@graph":[{"@type":"WebPage","@id":"https:\/\/czerwonagora.pl\/index.php\/oddzial-ii-chorob-pluc-i-gruzlicy\/","url":"https:\/\/czerwonagora.pl\/index.php\/oddzial-ii-chorob-pluc-i-gruzlicy\/","name":"Oddzia\u0142 II Chor\u00f3b P\u0142uc i Gru\u017alicy - Wojew\u00f3dzki Szpital Specjalistyczny im. \u015aw. Rafa\u0142a w Czerwonej G\u00f3rze","isPartOf":{"@id":"https:\/\/czerwonagora.pl\/#website"},"primaryImageOfPage":{"@id":"https:\/\/czerwonagora.pl\/index.php\/oddzial-ii-chorob-pluc-i-gruzlicy\/#primaryimage"},"image":{"@id":"https:\/\/czerwonagora.pl\/index.php\/oddzial-ii-chorob-pluc-i-gruzlicy\/#primaryimage"},"thumbnailUrl":"https:\/\/czerwonagora.pl\/wp-content\/uploads\/2021\/06\/Kierownik.png","datePublished":"2021-06-08T07:29:17+00:00","dateModified":"2025-03-17T13:12:19+00:00","breadcrumb":{"@id":"https:\/\/czerwonagora.pl\/index.php\/oddzial-ii-chorob-pluc-i-gruzlicy\/#breadcrumb"},"inLanguage":"pl-PL","potentialAction":[{"@type":"ReadAction","target":["https:\/\/czerwonagora.pl\/index.php\/oddzial-ii-chorob-pluc-i-gruzlicy\/"]}]},{"@type":"ImageObject","inLanguage":"pl-PL","@id":"https:\/\/czerwonagora.pl\/index.php\/oddzial-ii-chorob-pluc-i-gruzlicy\/#primaryimage","url":"https:\/\/czerwonagora.pl\/wp-content\/uploads\/2021\/06\/Kierownik.png","contentUrl":"https:\/\/czerwonagora.pl\/wp-content\/uploads\/2021\/06\/Kierownik.png","width":180,"height":223,"caption":"Kierowniczka oddzia\u0142u ubrana w bia\u0142\u0105 odzie\u017c ochronn\u0105"},{"@type":"BreadcrumbList","@id":"https:\/\/czerwonagora.pl\/index.php\/oddzial-ii-chorob-pluc-i-gruzlicy\/#breadcrumb","itemListElement":[{"@type":"ListItem","position":1,"name":"Strona g\u0142\u00f3wna","item":"https:\/\/czerwonagora.pl\/"},{"@type":"ListItem","position":2,"name":"Oddzia\u0142 II Chor\u00f3b P\u0142uc i Gru\u017alicy"}]},{"@type":"WebSite","@id":"https:\/\/czerwonagora.pl\/#website","url":"https:\/\/czerwonagora.pl\/","name":"Wojew\u00f3dzki Szpital Specjalistyczny im. \u015aw. Rafa\u0142a w Czerwonej G\u00f3rze","description":"Wojew\u00f3dzki Szpital Specjalistyczny im. \u015aw. Rafa\u0142a w Czerwonej G\u00f3rze","publisher":{"@id":"https:\/\/czerwonagora.pl\/#organization"},"potentialAction":[{"@type":"SearchAction","target":{"@type":"EntryPoint","urlTemplate":"https:\/\/czerwonagora.pl\/?s={search_term_string}"},"query-input":{"@type":"PropertyValueSpecification","valueRequired":true,"valueName":"search_term_string"}}],"inLanguage":"pl-PL"},{"@type":"Organization","@id":"https:\/\/czerwonagora.pl\/#organization","name":"Wojew\u00f3dzki Szpital Specjalistyczny im. \u015aw. Rafa\u0142a w Czerwonej G\u00f3rze","url":"https:\/\/czerwonagora.pl\/","logo":{"@type":"ImageObject","inLanguage":"pl-PL","@id":"https:\/\/czerwonagora.pl\/#\/schema\/logo\/image\/","url":"https:\/\/czerwonagora.pl\/wp-content\/uploads\/2021\/06\/Logo-WSS-DUZE-transparentne.png","contentUrl":"https:\/\/czerwonagora.pl\/wp-content\/uploads\/2021\/06\/Logo-WSS-DUZE-transparentne.png","width":4210,"height":2975,"caption":"Wojew\u00f3dzki Szpital Specjalistyczny im. \u015aw. Rafa\u0142a w Czerwonej G\u00f3rze"},"image":{"@id":"https:\/\/czerwonagora.pl\/#\/schema\/logo\/image\/"},"sameAs":["https:\/\/www.facebook.com\/SzpitalCzerwonaGora\/"]}]}},"publishpress_future_action":{"enabled":false,"date":"2026-05-05 13:55:25","action":"change-status","newStatus":"draft","terms":[],"taxonomy":"","extraData":[]},"publishpress_future_workflow_manual_trigger":{"enabledWorkflows":[]},"_links":{"self":[{"href":"https:\/\/czerwonagora.pl\/index.php\/wp-json\/wp\/v2\/pages\/4344","targetHints":{"allow":["GET"]}}],"collection":[{"href":"https:\/\/czerwonagora.pl\/index.php\/wp-json\/wp\/v2\/pages"}],"about":[{"href":"https:\/\/czerwonagora.pl\/index.php\/wp-json\/wp\/v2\/types\/page"}],"author":[{"embeddable":true,"href":"https:\/\/czerwonagora.pl\/index.php\/wp-json\/wp\/v2\/users\/1"}],"replies":[{"embeddable":true,"href":"https:\/\/czerwonagora.pl\/index.php\/wp-json\/wp\/v2\/comments?post=4344"}],"version-history":[{"count":109,"href":"https:\/\/czerwonagora.pl\/index.php\/wp-json\/wp\/v2\/pages\/4344\/revisions"}],"predecessor-version":[{"id":26685,"href":"https:\/\/czerwonagora.pl\/index.php\/wp-json\/wp\/v2\/pages\/4344\/revisions\/26685"}],"wp:attachment":[{"href":"https:\/\/czerwonagora.pl\/index.php\/wp-json\/wp\/v2\/media?parent=4344"}],"curies":[{"name":"wp","href":"https:\/\/api.w.org\/{rel}","templated":true}]}}