{"id":4731,"date":"2021-06-23T12:44:49","date_gmt":"2021-06-23T10:44:49","guid":{"rendered":"https:\/\/czerwonagora.pl\/?page_id=4731"},"modified":"2025-03-28T07:48:48","modified_gmt":"2025-03-28T06:48:48","slug":"oddzial-viii-chirurgii-klatki-piersiowej","status":"publish","type":"page","link":"https:\/\/czerwonagora.pl\/index.php\/oddzial-viii-chirurgii-klatki-piersiowej\/","title":{"rendered":"Oddzia\u0142 VIII Chirurgii Klatki Piersiowej"},"content":{"rendered":"\t\t<div data-elementor-type=\"wp-page\" data-elementor-id=\"4731\" class=\"elementor elementor-4731\">\n\t\t\t\t\t\t<section class=\"elementor-section elementor-top-section elementor-element elementor-element-53d9351 elementor-section-stretched elementor-section-boxed elementor-section-height-default elementor-section-height-default elementor-invisible\" data-id=\"53d9351\" data-element_type=\"section\" data-e-type=\"section\" data-settings=\"{&quot;stretch_section&quot;:&quot;section-stretched&quot;,&quot;animation&quot;:&quot;fadeIn&quot;,&quot;animation_delay&quot;:200}\">\n\t\t\t\t\t\t\t<div class=\"elementor-background-overlay\"><\/div>\n\t\t\t\t\t\t\t<div class=\"elementor-container elementor-column-gap-no\">\n\t\t\t\t\t<div class=\"elementor-column elementor-col-25 elementor-top-column elementor-element elementor-element-1df49c83\" data-id=\"1df49c83\" data-element_type=\"column\" data-e-type=\"column\">\n\t\t\t<div class=\"elementor-widget-wrap elementor-element-populated\">\n\t\t\t\t\t\t<div class=\"elementor-element elementor-element-490a575a elementor-position-top elementor-invisible elementor-widget elementor-widget-image-box\" data-id=\"490a575a\" data-element_type=\"widget\" data-e-type=\"widget\" data-settings=\"{&quot;_animation&quot;:&quot;fadeIn&quot;}\" data-widget_type=\"image-box.default\">\n\t\t\t\t<div class=\"elementor-widget-container\">\n\t\t\t\t\t<div class=\"elementor-image-box-wrapper\"><figure class=\"elementor-image-box-img\"><img decoding=\"async\" width=\"180\" height=\"223\" src=\"https:\/\/czerwonagora.pl\/wp-content\/uploads\/2021\/06\/Kierownik-4.png\" class=\"attachment-full size-full wp-image-5175\" alt=\"kierownik oddzia\u0142u ubrany w bia\u0142\u0105 odzie\u017c ochronn\u0105 medyczn\u0105 oraz okulary\" \/><\/figure><div class=\"elementor-image-box-content\"><h1 class=\"elementor-image-box-title\"><strong>Grzegorz Garbas<\/strong><\/h1><p class=\"elementor-image-box-description\">Kierownik Oddzia\u0142u<\/p><\/div><\/div>\t\t\t\t<\/div>\n\t\t\t\t<\/div>\n\t\t\t\t<div class=\"elementor-element elementor-element-3d0980b3 elementor-widget-divider--view-line elementor-widget elementor-widget-divider\" data-id=\"3d0980b3\" data-element_type=\"widget\" data-e-type=\"widget\" data-widget_type=\"divider.default\">\n\t\t\t\t<div class=\"elementor-widget-container\">\n\t\t\t\t\t\t\t<div class=\"elementor-divider\">\n\t\t\t<span class=\"elementor-divider-separator\">\n\t\t\t\t\t\t<\/span>\n\t\t<\/div>\n\t\t\t\t\t\t<\/div>\n\t\t\t\t<\/div>\n\t\t\t\t\t<\/div>\n\t\t<\/div>\n\t\t\t\t<div class=\"elementor-column elementor-col-25 elementor-top-column elementor-element elementor-element-6016c1b6\" data-id=\"6016c1b6\" data-element_type=\"column\" data-e-type=\"column\">\n\t\t\t<div class=\"elementor-widget-wrap elementor-element-populated\">\n\t\t\t\t\t\t<div class=\"elementor-element elementor-element-58ba7107 elementor-position-top elementor-invisible elementor-widget elementor-widget-image-box\" data-id=\"58ba7107\" data-element_type=\"widget\" data-e-type=\"widget\" data-settings=\"{&quot;_animation&quot;:&quot;fadeIn&quot;}\" data-widget_type=\"image-box.default\">\n\t\t\t\t<div class=\"elementor-widget-container\">\n\t\t\t\t\t<div class=\"elementor-image-box-wrapper\"><figure class=\"elementor-image-box-img\"><img decoding=\"async\" width=\"180\" height=\"223\" src=\"https:\/\/czerwonagora.pl\/wp-content\/uploads\/2021\/06\/VIII.png\" class=\"attachment-full size-full wp-image-5176\" alt=\"kierownik oddzia\u0142u ubrany w szar\u0105 odzie\u017c ochronna ze stytoskopem usmiecha si\u0119\" \/><\/figure><div class=\"elementor-image-box-content\"><h1 class=\"elementor-image-box-title\"><strong>Leszek Herjan<\/strong><\/h1><p class=\"elementor-image-box-description\">Z-ca Kierownika<\/p><\/div><\/div>\t\t\t\t<\/div>\n\t\t\t\t<\/div>\n\t\t\t\t<div class=\"elementor-element elementor-element-5e070724 elementor-widget-divider--view-line elementor-widget elementor-widget-divider\" data-id=\"5e070724\" data-element_type=\"widget\" data-e-type=\"widget\" data-widget_type=\"divider.default\">\n\t\t\t\t<div class=\"elementor-widget-container\">\n\t\t\t\t\t\t\t<div class=\"elementor-divider\">\n\t\t\t<span class=\"elementor-divider-separator\">\n\t\t\t\t\t\t<\/span>\n\t\t<\/div>\n\t\t\t\t\t\t<\/div>\n\t\t\t\t<\/div>\n\t\t\t\t\t<\/div>\n\t\t<\/div>\n\t\t\t\t<div class=\"elementor-column elementor-col-25 elementor-top-column elementor-element elementor-element-e8e9519\" data-id=\"e8e9519\" data-element_type=\"column\" data-e-type=\"column\">\n\t\t\t<div class=\"elementor-widget-wrap elementor-element-populated\">\n\t\t\t\t\t\t<div class=\"elementor-element elementor-element-3b2360f4 elementor-position-top elementor-invisible elementor-widget elementor-widget-image-box\" data-id=\"3b2360f4\" data-element_type=\"widget\" data-e-type=\"widget\" data-settings=\"{&quot;_animation&quot;:&quot;fadeIn&quot;}\" data-widget_type=\"image-box.default\">\n\t\t\t\t<div class=\"elementor-widget-container\">\n\t\t\t\t\t<div class=\"elementor-image-box-wrapper\"><figure class=\"elementor-image-box-img\"><img decoding=\"async\" width=\"180\" height=\"223\" src=\"https:\/\/czerwonagora.pl\/wp-content\/uploads\/2021\/06\/Kierownik-ikona_kobieta.png\" class=\"attachment-full size-full wp-image-3706\" alt=\"ikona sylwetka kobiety lekarza w tle koloru niebieskiego\" \/><\/figure><div class=\"elementor-image-box-content\"><h1 class=\"elementor-image-box-title\">Jowita Janczyk<\/h1><p class=\"elementor-image-box-description\">Piel. Koordynuj\u0105ca<\/p><\/div><\/div>\t\t\t\t<\/div>\n\t\t\t\t<\/div>\n\t\t\t\t<div class=\"elementor-element elementor-element-5340be6a elementor-widget-divider--view-line elementor-widget elementor-widget-divider\" data-id=\"5340be6a\" data-element_type=\"widget\" data-e-type=\"widget\" data-widget_type=\"divider.default\">\n\t\t\t\t<div class=\"elementor-widget-container\">\n\t\t\t\t\t\t\t<div class=\"elementor-divider\">\n\t\t\t<span class=\"elementor-divider-separator\">\n\t\t\t\t\t\t<\/span>\n\t\t<\/div>\n\t\t\t\t\t\t<\/div>\n\t\t\t\t<\/div>\n\t\t\t\t\t<\/div>\n\t\t<\/div>\n\t\t\t\t<div class=\"elementor-column elementor-col-25 elementor-top-column elementor-element elementor-element-559cb902\" data-id=\"559cb902\" data-element_type=\"column\" data-e-type=\"column\">\n\t\t\t<div class=\"elementor-widget-wrap elementor-element-populated\">\n\t\t\t\t\t\t<div class=\"elementor-element elementor-element-4bf601b2 elementor-position-top elementor-invisible elementor-widget elementor-widget-image-box\" data-id=\"4bf601b2\" data-element_type=\"widget\" data-e-type=\"widget\" data-settings=\"{&quot;_animation&quot;:&quot;fadeIn&quot;}\" data-widget_type=\"image-box.default\">\n\t\t\t\t<div class=\"elementor-widget-container\">\n\t\t\t\t\t<div class=\"elementor-image-box-wrapper\"><figure class=\"elementor-image-box-img\"><img decoding=\"async\" width=\"180\" height=\"223\" src=\"https:\/\/czerwonagora.pl\/wp-content\/uploads\/2021\/06\/Kierownik-ikona_kobieta.png\" class=\"attachment-full size-full wp-image-3706\" alt=\"ikona sylwetka kobiety lekarza w tle koloru niebieskiego\" \/><\/figure><div class=\"elementor-image-box-content\"><h1 class=\"elementor-image-box-title\"><strong>A<\/strong>gnieszka Chechelska<\/h1><p class=\"elementor-image-box-description\">Z-ca Piel. Koordynuj\u0105cej<\/p><\/div><\/div>\t\t\t\t<\/div>\n\t\t\t\t<\/div>\n\t\t\t\t<div class=\"elementor-element elementor-element-64aac5a7 elementor-widget-divider--view-line elementor-widget elementor-widget-divider\" data-id=\"64aac5a7\" data-element_type=\"widget\" data-e-type=\"widget\" data-widget_type=\"divider.default\">\n\t\t\t\t<div class=\"elementor-widget-container\">\n\t\t\t\t\t\t\t<div class=\"elementor-divider\">\n\t\t\t<span class=\"elementor-divider-separator\">\n\t\t\t\t\t\t<\/span>\n\t\t<\/div>\n\t\t\t\t\t\t<\/div>\n\t\t\t\t<\/div>\n\t\t\t\t\t<\/div>\n\t\t<\/div>\n\t\t\t\t\t<\/div>\n\t\t<\/section>\n\t\t\t\t<section class=\"elementor-section elementor-top-section elementor-element elementor-element-483f085 elementor-section-stretched elementor-section-boxed elementor-section-height-default elementor-section-height-default\" data-id=\"483f085\" data-element_type=\"section\" data-e-type=\"section\" data-settings=\"{&quot;stretch_section&quot;:&quot;section-stretched&quot;}\">\n\t\t\t\t\t\t<div class=\"elementor-container elementor-column-gap-default\">\n\t\t\t\t\t<div class=\"elementor-column elementor-col-66 elementor-top-column elementor-element elementor-element-ff6e1be\" data-id=\"ff6e1be\" data-element_type=\"column\" data-e-type=\"column\">\n\t\t\t<div class=\"elementor-widget-wrap elementor-element-populated\">\n\t\t\t\t\t\t<div class=\"elementor-element elementor-element-60ea081c elementor-widget elementor-widget-text-editor\" data-id=\"60ea081c\" data-element_type=\"widget\" data-e-type=\"widget\" data-widget_type=\"text-editor.default\">\n\t\t\t\t<div class=\"elementor-widget-container\">\n\t\t\t\t\t\t\t\t\t<p>Oddzia\u0142 powsta\u0142 i funkcjonuje od 1989 r. Obecnie jest jednym z dw\u00f3ch takich oddzia\u0142\u00f3w funkcjonuj\u0105cych na terenie wojew\u00f3dztwa \u015bwi\u0119tokrzyskiego.<\/p>\n<h4><strong>Profil \u015bwiadczonych us\u0142ug obejmuje:<\/strong><\/h4>\n<ul>\n<li>pe\u0142en zakres diagnostyki inwazyjnej chor\u00f3b uk\u0142adu oddechowego i g\u00f3rnego odcinka przewodu pokarmowego;<\/li>\n<li>leczenie chirurgiczne chor\u00f3b w obr\u0119bie klatki piersiowej a w szczeg\u00f3lno\u015bci:\n<ul>\n<li>chor\u00f3b onkologicznych uk\u0142adu oddechowego oraz<\/li>\n<li>g\u00f3rnego odcinka przewodu pokarmowego;<\/li>\n<\/ul>\n<\/li>\n<li>chirurgiczne leczenie rozedmy i odmy;<\/li>\n<li>zabiegi ma\u0142oinwazyjne w technice video;<\/li>\n<li>endoskopowe leczenie zw\u0119\u017ce\u0144 tchawicy<\/li>\n<li>leczenie terapi\u0105 podci\u015bnieniow\u0105 ran klatki piersiowej<br><\/li>\n<li>chirurgia tarczycy i guz\u00f3w \u015br\u00f3dpiersia;<\/li>\n<li>leczenie ci\u0119\u017ckich uraz\u00f3w wielonarz\u0105dowych;<\/li>\n<li>leczenie powik\u0142a\u0144 ropnych chor\u00f3b klatki piersiowej.<\/li>\n<\/ul>\n<p><strong>Odzia\u0142 dysponuje&nbsp;<\/strong>47 \u0142\u00f3\u017ckami w tym:<\/p>\n<ul>\n<li>2 Salami Intensywnego Nadzoru medycznego z pe\u0142nym monitorowaniem chorych&nbsp;<\/li>\n<li>w\u0142asn\u0105 sal\u0105 operacyjn\u0105 dost\u0119pn\u0105 24h\/dob\u0119,<\/li>\n<\/ul>\n<p><strong>Pracowni\u0105 endoskopow\u0105<\/strong>, w kt\u00f3rej wykonywany jest pe\u0142en zakres zabieg\u00f3w diagnostycznych <br>i terapeutycznych.<br>Na oddziale jest zatrudnionych 7 lekarzy w tym 4 specjalist\u00f3w chirurgii klatki piersiowej.<\/p><p>Stale zwi\u0119kszamy ilo\u015b\u0107 wykonywanych resekcji anatomicznych w przebiegu nowotwor\u00f3w z\u0142o\u015bliwych w technice VATS i RATS<br><\/p>\n<p><strong>Oddzia\u0142 posiada nowoczesny sprz\u0119t diagnostyczno-leczniczy.<\/strong> W diagnostyce i leczeniu chorych wykonywane s\u0105 <strong>zabiegi w obrazowej technice ma\u0142oinwazyjnej<\/strong>, szczeg\u00f3lnie w technice&nbsp; UNIPORTAL <br>tj. z wykonaniem jednego niewielkiego ci\u0119cia klatki piersiowej. Przy wykonywaniu naszych zabieg\u00f3w cz\u0119sto wykorzystujemy nowoczesny laser operacyjny. Stale zwi\u0119kszamy ilo\u015b\u0107 wykonywanych resekcji anatomicznych w przebiegu nowotwor\u00f3w z\u0142o\u015bliwych&nbsp; w technice VATS.<\/p>\n<p>Na oddziale stosujemy przy leczeniu chorych <strong>system podci\u015bnieniowego leczenia schorze\u0144 ropnych klatki piersiowej<\/strong>. W ostatnim czasie wprowadzono na oddziale nowoczesny <strong>system elektronicznego drena\u017cu jamy op\u0142ucnej<\/strong> po zabiegach operacyjnych firmy MEDELA.<\/p>\n<p>Lekarze oddzia\u0142u przyjmuj\u0105 pacjent\u00f3w w <strong>Poradni Chirurgii Klatki Piersiowej<\/strong>.&nbsp;<\/p>\t\t\t\t\t\t\t\t<\/div>\n\t\t\t\t<\/div>\n\t\t\t\t\t<\/div>\n\t\t<\/div>\n\t\t\t\t<div class=\"elementor-column elementor-col-33 elementor-top-column elementor-element elementor-element-647ffe53\" data-id=\"647ffe53\" data-element_type=\"column\" data-e-type=\"column\" data-settings=\"{&quot;background_background&quot;:&quot;classic&quot;}\">\n\t\t\t<div class=\"elementor-widget-wrap elementor-element-populated\">\n\t\t\t\t\t\t<div class=\"elementor-element elementor-element-40a9447 elementor-view-default elementor-widget elementor-widget-icon\" data-id=\"40a9447\" data-element_type=\"widget\" data-e-type=\"widget\" data-widget_type=\"icon.default\">\n\t\t\t\t<div class=\"elementor-widget-container\">\n\t\t\t\t\t\t\t<div class=\"elementor-icon-wrapper\">\n\t\t\t<div class=\"elementor-icon\">\n\t\t\t<i aria-hidden=\"true\" class=\"fas fa-phone-square\"><\/i>\t\t\t<\/div>\n\t\t<\/div>\n\t\t\t\t\t\t<\/div>\n\t\t\t\t<\/div>\n\t\t\t\t<div class=\"elementor-element elementor-element-4867baf8 elementor-widget elementor-widget-text-editor\" data-id=\"4867baf8\" data-element_type=\"widget\" data-e-type=\"widget\" data-widget_type=\"text-editor.default\">\n\t\t\t\t<div class=\"elementor-widget-container\">\n\t\t\t\t\t\t\t\t\t<p><strong>Lokalizacja Budynek A1, II pi\u0119tro<\/strong><\/p><p><strong>Numery bezpo\u015brednie:<\/strong><br \/><strong>Szpital: <\/strong>+48 (41) 34 655 45 do 48<\/p><p><strong>Numery wewn\u0119trzne:<\/strong><\/p><p>Kierownik Oddzia\u0142u &#8211; wew. <strong>135<br \/><\/strong>Lekarze Oddzia\u0142u &#8211; wew. <strong>135<br \/><\/strong>Piel. Koordynuj\u0105ca &#8211; wew. <strong>216<br \/><\/strong>Dy\u017curka piel\u0119gniarek &#8211; wew. <strong>130<br \/><\/strong>Sekretariat &#8211; wew. <strong>215<\/strong>;\u00a0 tel. kom. <strong>607 801 778<br \/><\/strong>Gabinet lekarski &#8211; tel. kom. <strong>607 801 778<\/strong> <strong>&#8211; <\/strong>od godziny<strong> 14:35<\/strong><\/p>\t\t\t\t\t\t\t\t<\/div>\n\t\t\t\t<\/div>\n\t\t\t\t\t<\/div>\n\t\t<\/div>\n\t\t\t\t\t<\/div>\n\t\t<\/section>\n\t\t\t\t<section class=\"elementor-section elementor-top-section elementor-element elementor-element-7965685b elementor-section-content-middle elementor-section-stretched elementor-section-boxed elementor-section-height-default elementor-section-height-default\" data-id=\"7965685b\" data-element_type=\"section\" data-e-type=\"section\" data-settings=\"{&quot;stretch_section&quot;:&quot;section-stretched&quot;,&quot;background_background&quot;:&quot;classic&quot;}\">\n\t\t\t\t\t\t<div class=\"elementor-container elementor-column-gap-default\">\n\t\t\t\t\t<div class=\"elementor-column elementor-col-50 elementor-top-column elementor-element elementor-element-2cefb0c7\" data-id=\"2cefb0c7\" data-element_type=\"column\" data-e-type=\"column\">\n\t\t\t<div class=\"elementor-widget-wrap elementor-element-populated\">\n\t\t\t\t\t\t<div class=\"elementor-element elementor-element-526a455a elementor-position-inline-start elementor-view-stacked elementor-shape-circle elementor-mobile-position-block-start elementor-widget elementor-widget-icon-box\" data-id=\"526a455a\" data-element_type=\"widget\" data-e-type=\"widget\" data-widget_type=\"icon-box.default\">\n\t\t\t\t<div class=\"elementor-widget-container\">\n\t\t\t\t\t\t\t<div class=\"elementor-icon-box-wrapper\">\n\n\t\t\t\t\t\t<div class=\"elementor-icon-box-icon\">\n\t\t\t\t<span  class=\"elementor-icon elementor-animation-grow\">\n\t\t\t\t<i aria-hidden=\"true\" class=\"fas fa-file-medical-alt\"><\/i>\t\t\t\t<\/span>\n\t\t\t<\/div>\n\t\t\t\n\t\t\t\t\t\t<div class=\"elementor-icon-box-content\">\n\n\t\t\t\t\t\t\t\t\t<h3 class=\"elementor-icon-box-title\">\n\t\t\t\t\t\t<span  >\n\t\t\t\t\t\t\tPacj\u0119ci przyjmowani s\u0105 przez specjalistyczn\u0105 Poradni\u0119 Chirurgii Klatki Piersiowej\t\t\t\t\t\t<\/span>\n\t\t\t\t\t<\/h3>\n\t\t\t\t\n\t\t\t\t\n\t\t\t<\/div>\n\t\t\t\n\t\t<\/div>\n\t\t\t\t\t\t<\/div>\n\t\t\t\t<\/div>\n\t\t\t\t<div class=\"elementor-element elementor-element-12a23d32 elementor-align-start elementor-icon-list--layout-traditional elementor-list-item-link-full_width elementor-widget elementor-widget-icon-list\" data-id=\"12a23d32\" data-element_type=\"widget\" data-e-type=\"widget\" data-widget_type=\"icon-list.default\">\n\t\t\t\t<div class=\"elementor-widget-container\">\n\t\t\t\t\t\t\t<ul class=\"elementor-icon-list-items\">\n\t\t\t\t\t\t\t<li class=\"elementor-icon-list-item\">\n\t\t\t\t\t\t\t\t\t\t<span class=\"elementor-icon-list-text\">Poradnia Chirurgii Klatki Piersiowej zapewnia kompleksow\u0105 pomoc medyczn\u0105 pacjentom, u kt\u00f3rych stwierdzono raka p\u0142uc. Co wi\u0119cej, zapewniamy wsparcie z zakresu profilaktyki chor\u00f3b p\u0142uc, w tym nowotwor\u00f3w.<\/span>\n\t\t\t\t\t\t\t\t\t<\/li>\n\t\t\t\t\t\t<\/ul>\n\t\t\t\t\t\t<\/div>\n\t\t\t\t<\/div>\n\t\t\t\t<div class=\"elementor-element elementor-element-6a02968f elementor-align-center elementor-widget elementor-widget-button\" data-id=\"6a02968f\" data-element_type=\"widget\" data-e-type=\"widget\" data-widget_type=\"button.default\">\n\t\t\t\t<div class=\"elementor-widget-container\">\n\t\t\t\t\t\t\t\t\t<div class=\"elementor-button-wrapper\">\n\t\t\t\t\t<a class=\"elementor-button elementor-button-link elementor-size-sm elementor-animation-grow\" href=\"https:\/\/czerwonagora.pl\/?page_id=4686\">\n\t\t\t\t\t\t<span class=\"elementor-button-content-wrapper\">\n\t\t\t\t\t\t\t\t\t<span class=\"elementor-button-text\">Czytaj wi\u0119cej<\/span>\n\t\t\t\t\t<\/span>\n\t\t\t\t\t<\/a>\n\t\t\t\t<\/div>\n\t\t\t\t\t\t\t\t<\/div>\n\t\t\t\t<\/div>\n\t\t\t\t\t<\/div>\n\t\t<\/div>\n\t\t\t\t<div class=\"elementor-column elementor-col-50 elementor-top-column elementor-element elementor-element-40b10860\" data-id=\"40b10860\" data-element_type=\"column\" data-e-type=\"column\">\n\t\t\t<div class=\"elementor-widget-wrap elementor-element-populated\">\n\t\t\t\t\t\t<div class=\"elementor-element elementor-element-70be5956 elementor-widget elementor-widget-image\" data-id=\"70be5956\" data-element_type=\"widget\" data-e-type=\"widget\" data-widget_type=\"image.default\">\n\t\t\t\t<div class=\"elementor-widget-container\">\n\t\t\t\t\t\t\t\t\t\t\t\t\t\t\t<img loading=\"lazy\" decoding=\"async\" width=\"512\" height=\"339\" src=\"https:\/\/czerwonagora.pl\/wp-content\/uploads\/2021\/06\/klatki.jpg\" class=\"attachment-full size-full wp-image-7186\" alt=\"rtg klatki piersiowej\" srcset=\"https:\/\/czerwonagora.pl\/wp-content\/uploads\/2021\/06\/klatki.jpg 512w, https:\/\/czerwonagora.pl\/wp-content\/uploads\/2021\/06\/klatki-300x199.jpg 300w\" sizes=\"(max-width: 512px) 100vw, 512px\" \/>\t\t\t\t\t\t\t\t\t\t\t\t\t\t\t<\/div>\n\t\t\t\t<\/div>\n\t\t\t\t\t<\/div>\n\t\t<\/div>\n\t\t\t\t\t<\/div>\n\t\t<\/section>\n\t\t\t\t<section class=\"elementor-section elementor-top-section elementor-element elementor-element-7edac468 elementor-section-stretched elementor-section-boxed elementor-section-height-default elementor-section-height-default\" data-id=\"7edac468\" data-element_type=\"section\" data-e-type=\"section\" data-settings=\"{&quot;stretch_section&quot;:&quot;section-stretched&quot;,&quot;background_background&quot;:&quot;classic&quot;}\">\n\t\t\t\t\t\t<div class=\"elementor-container elementor-column-gap-default\">\n\t\t\t\t\t<div class=\"elementor-column elementor-col-100 elementor-top-column elementor-element elementor-element-c7321ab\" data-id=\"c7321ab\" data-element_type=\"column\" data-e-type=\"column\">\n\t\t\t<div class=\"elementor-widget-wrap elementor-element-populated\">\n\t\t\t\t\t\t<div class=\"elementor-element elementor-element-3ba14e4 gallery-spacing-custom elementor-invisible elementor-widget elementor-widget-image-gallery\" data-id=\"3ba14e4\" data-element_type=\"widget\" data-e-type=\"widget\" data-settings=\"{&quot;_animation&quot;:&quot;fadeIn&quot;,&quot;_animation_delay&quot;:200}\" data-widget_type=\"image-gallery.default\">\n\t\t\t\t<div class=\"elementor-widget-container\">\n\t\t\t\t\t\t\t<div class=\"elementor-image-gallery\">\n\t\t\t<div id='gallery-1' class='gallery galleryid-4731 gallery-columns-4 gallery-size-medium'><figure class='gallery-item'>\n\t\t\t<div class='gallery-icon landscape'>\n\t\t\t\t<a data-elementor-open-lightbox=\"yes\" data-elementor-lightbox-slideshow=\"3ba14e4\" data-e-action-hash=\"#elementor-action%3Aaction%3Dlightbox%26settings%3DeyJpZCI6NTE4MSwidXJsIjoiaHR0cHM6XC9cL2N6ZXJ3b25hZ29yYS5wbFwvd3AtY29udGVudFwvdXBsb2Fkc1wvMjAyMVwvMDZcL2ltZy0wNjYyLmpwZyIsInNsaWRlc2hvdyI6IjNiYTE0ZTQifQ%3D%3D\" href='https:\/\/czerwonagora.pl\/wp-content\/uploads\/2021\/06\/img-0662.jpg'><img loading=\"lazy\" decoding=\"async\" width=\"300\" height=\"218\" src=\"https:\/\/czerwonagora.pl\/wp-content\/uploads\/2021\/06\/img-0662-300x218.jpg\" class=\"attachment-medium size-medium\" alt=\"Sala chorych. W oknie pomara\u0144czowe rolety. Piel\u0119gniarka wprowadza dane pacjent\u00f3w do komputera.\" srcset=\"https:\/\/czerwonagora.pl\/wp-content\/uploads\/2021\/06\/img-0662-300x218.jpg 300w, https:\/\/czerwonagora.pl\/wp-content\/uploads\/2021\/06\/img-0662-1024x743.jpg 1024w, https:\/\/czerwonagora.pl\/wp-content\/uploads\/2021\/06\/img-0662-768x557.jpg 768w, https:\/\/czerwonagora.pl\/wp-content\/uploads\/2021\/06\/img-0662.jpg 1200w\" sizes=\"(max-width: 300px) 100vw, 300px\" \/><\/a>\n\t\t\t<\/div><\/figure><figure class='gallery-item'>\n\t\t\t<div class='gallery-icon portrait'>\n\t\t\t\t<a data-elementor-open-lightbox=\"yes\" data-elementor-lightbox-slideshow=\"3ba14e4\" data-e-action-hash=\"#elementor-action%3Aaction%3Dlightbox%26settings%3DeyJpZCI6NTE4MiwidXJsIjoiaHR0cHM6XC9cL2N6ZXJ3b25hZ29yYS5wbFwvd3AtY29udGVudFwvdXBsb2Fkc1wvMjAyMVwvMDZcL2ltZy0wNjYzLmpwZyIsInNsaWRlc2hvdyI6IjNiYTE0ZTQifQ%3D%3D\" href='https:\/\/czerwonagora.pl\/wp-content\/uploads\/2021\/06\/img-0663.jpg'><img loading=\"lazy\" decoding=\"async\" width=\"200\" height=\"300\" src=\"https:\/\/czerwonagora.pl\/wp-content\/uploads\/2021\/06\/img-0663-200x300.jpg\" class=\"attachment-medium size-medium\" alt=\"korytarz oddzia\u0142u koloru \u017c\u00f3\u0142to zielonego na sianie znajduje sie ga\u015bnica koloru czerwonego idzie osoba ubrana w odzie\u017c ochronn\u0105 medyczna koloru bia\u0142ego oboak znajduje si\u0119 w\u00f3\u017cek inwalidzki koloru niebieskiego\" srcset=\"https:\/\/czerwonagora.pl\/wp-content\/uploads\/2021\/06\/img-0663-200x300.jpg 200w, https:\/\/czerwonagora.pl\/wp-content\/uploads\/2021\/06\/img-0663-683x1024.jpg 683w, https:\/\/czerwonagora.pl\/wp-content\/uploads\/2021\/06\/img-0663-768x1152.jpg 768w, https:\/\/czerwonagora.pl\/wp-content\/uploads\/2021\/06\/img-0663-1024x1536.jpg 1024w, https:\/\/czerwonagora.pl\/wp-content\/uploads\/2021\/06\/img-0663.jpg 1200w\" sizes=\"(max-width: 200px) 100vw, 200px\" \/><\/a>\n\t\t\t<\/div><\/figure><figure class='gallery-item'>\n\t\t\t<div class='gallery-icon portrait'>\n\t\t\t\t<a data-elementor-open-lightbox=\"yes\" data-elementor-lightbox-slideshow=\"3ba14e4\" data-e-action-hash=\"#elementor-action%3Aaction%3Dlightbox%26settings%3DeyJpZCI6NTE4MywidXJsIjoiaHR0cHM6XC9cL2N6ZXJ3b25hZ29yYS5wbFwvd3AtY29udGVudFwvdXBsb2Fkc1wvMjAyMVwvMDZcL2ltZy0wNjc1LmpwZyIsInNsaWRlc2hvdyI6IjNiYTE0ZTQifQ%3D%3D\" href='https:\/\/czerwonagora.pl\/wp-content\/uploads\/2021\/06\/img-0675.jpg'><img loading=\"lazy\" decoding=\"async\" width=\"200\" height=\"300\" src=\"https:\/\/czerwonagora.pl\/wp-content\/uploads\/2021\/06\/img-0675-200x300.jpg\" class=\"attachment-medium size-medium\" alt=\"korytatarz oddzia\u0142u szpitala koloru z\u00f3\u0142to zielonego i bia\u0142ym drzwiami idzie osoba ubrana w odzie\u017c bia\u0142\u0105 ochronn\u0105\" srcset=\"https:\/\/czerwonagora.pl\/wp-content\/uploads\/2021\/06\/img-0675-200x300.jpg 200w, https:\/\/czerwonagora.pl\/wp-content\/uploads\/2021\/06\/img-0675-683x1024.jpg 683w, https:\/\/czerwonagora.pl\/wp-content\/uploads\/2021\/06\/img-0675-768x1152.jpg 768w, https:\/\/czerwonagora.pl\/wp-content\/uploads\/2021\/06\/img-0675-1024x1536.jpg 1024w, https:\/\/czerwonagora.pl\/wp-content\/uploads\/2021\/06\/img-0675.jpg 1200w\" sizes=\"(max-width: 200px) 100vw, 200px\" \/><\/a>\n\t\t\t<\/div><\/figure><figure class='gallery-item'>\n\t\t\t<div class='gallery-icon portrait'>\n\t\t\t\t<a data-elementor-open-lightbox=\"yes\" data-elementor-lightbox-slideshow=\"3ba14e4\" data-e-action-hash=\"#elementor-action%3Aaction%3Dlightbox%26settings%3DeyJpZCI6NTE4NCwidXJsIjoiaHR0cHM6XC9cL2N6ZXJ3b25hZ29yYS5wbFwvd3AtY29udGVudFwvdXBsb2Fkc1wvMjAyMVwvMDZcL2ltZy0wNjg5LmpwZyIsInNsaWRlc2hvdyI6IjNiYTE0ZTQifQ%3D%3D\" href='https:\/\/czerwonagora.pl\/wp-content\/uploads\/2021\/06\/img-0689.jpg'><img loading=\"lazy\" decoding=\"async\" width=\"200\" height=\"300\" src=\"https:\/\/czerwonagora.pl\/wp-content\/uploads\/2021\/06\/img-0689-200x300.jpg\" class=\"attachment-medium size-medium\" alt=\"w pokoju koloru \u017c\u00f3\u0142tego na fotelach obrotowych koloru czarnego siedz\u0105 dwie osoby ubrane w odzie\u017c ochronna medyczn\u0105 koloru bia\u0142ego przy biurkach koloru br\u0105zowego wype\u0142niaj\u0105 dokumentacje medyczn\u0105 oraz spogl\u0105daja na monitor komputerowy koloru czarnego\" srcset=\"https:\/\/czerwonagora.pl\/wp-content\/uploads\/2021\/06\/img-0689-200x300.jpg 200w, https:\/\/czerwonagora.pl\/wp-content\/uploads\/2021\/06\/img-0689-683x1024.jpg 683w, https:\/\/czerwonagora.pl\/wp-content\/uploads\/2021\/06\/img-0689-768x1152.jpg 768w, https:\/\/czerwonagora.pl\/wp-content\/uploads\/2021\/06\/img-0689-1024x1536.jpg 1024w, https:\/\/czerwonagora.pl\/wp-content\/uploads\/2021\/06\/img-0689.jpg 1200w\" sizes=\"(max-width: 200px) 100vw, 200px\" \/><\/a>\n\t\t\t<\/div><\/figure><figure class='gallery-item'>\n\t\t\t<div class='gallery-icon portrait'>\n\t\t\t\t<a data-elementor-open-lightbox=\"yes\" data-elementor-lightbox-slideshow=\"3ba14e4\" data-e-action-hash=\"#elementor-action%3Aaction%3Dlightbox%26settings%3DeyJpZCI6NTE4NSwidXJsIjoiaHR0cHM6XC9cL2N6ZXJ3b25hZ29yYS5wbFwvd3AtY29udGVudFwvdXBsb2Fkc1wvMjAyMVwvMDZcL2ltZy0wNjkwLmpwZyIsInNsaWRlc2hvdyI6IjNiYTE0ZTQifQ%3D%3D\" href='https:\/\/czerwonagora.pl\/wp-content\/uploads\/2021\/06\/img-0690.jpg'><img loading=\"lazy\" decoding=\"async\" width=\"200\" height=\"300\" src=\"https:\/\/czerwonagora.pl\/wp-content\/uploads\/2021\/06\/img-0690-200x300.jpg\" class=\"attachment-medium size-medium\" alt=\"\u0142azienka koloru bia\u0142ego w kt\u00f3rej znajduj\u0119 si\u0119 umywalka z bateri\u0105 koloru bia\u0142ego wraz z podajnikiem papieru w kolorze srebnym z prysznicem z bia\u0142ym parawanem oraz kompakt WC koloru bia\u0142ego\" srcset=\"https:\/\/czerwonagora.pl\/wp-content\/uploads\/2021\/06\/img-0690-200x300.jpg 200w, https:\/\/czerwonagora.pl\/wp-content\/uploads\/2021\/06\/img-0690-683x1024.jpg 683w, https:\/\/czerwonagora.pl\/wp-content\/uploads\/2021\/06\/img-0690-768x1152.jpg 768w, https:\/\/czerwonagora.pl\/wp-content\/uploads\/2021\/06\/img-0690-1024x1536.jpg 1024w, https:\/\/czerwonagora.pl\/wp-content\/uploads\/2021\/06\/img-0690.jpg 1200w\" sizes=\"(max-width: 200px) 100vw, 200px\" \/><\/a>\n\t\t\t<\/div><\/figure><figure class='gallery-item'>\n\t\t\t<div class='gallery-icon portrait'>\n\t\t\t\t<a data-elementor-open-lightbox=\"yes\" data-elementor-lightbox-slideshow=\"3ba14e4\" data-e-action-hash=\"#elementor-action%3Aaction%3Dlightbox%26settings%3DeyJpZCI6NTE4NiwidXJsIjoiaHR0cHM6XC9cL2N6ZXJ3b25hZ29yYS5wbFwvd3AtY29udGVudFwvdXBsb2Fkc1wvMjAyMVwvMDZcL2ltZy0wNjkyLmpwZyIsInNsaWRlc2hvdyI6IjNiYTE0ZTQifQ%3D%3D\" href='https:\/\/czerwonagora.pl\/wp-content\/uploads\/2021\/06\/img-0692.jpg'><img loading=\"lazy\" decoding=\"async\" width=\"200\" height=\"300\" src=\"https:\/\/czerwonagora.pl\/wp-content\/uploads\/2021\/06\/img-0692-200x300.jpg\" class=\"attachment-medium size-medium\" alt=\"\u0142azienka koloru bia\u0142ego w kt\u00f3rej znajduj\u0119 si\u0119 umywalka z bateri\u0105 koloru bia\u0142ego wraz z podajnikiem myd\u0142a i papieru w kolorze srebnym z prysznicem z bia\u0142ym parawanem\" srcset=\"https:\/\/czerwonagora.pl\/wp-content\/uploads\/2021\/06\/img-0692-200x300.jpg 200w, https:\/\/czerwonagora.pl\/wp-content\/uploads\/2021\/06\/img-0692-683x1024.jpg 683w, https:\/\/czerwonagora.pl\/wp-content\/uploads\/2021\/06\/img-0692-768x1152.jpg 768w, https:\/\/czerwonagora.pl\/wp-content\/uploads\/2021\/06\/img-0692-1024x1536.jpg 1024w, https:\/\/czerwonagora.pl\/wp-content\/uploads\/2021\/06\/img-0692.jpg 1200w\" sizes=\"(max-width: 200px) 100vw, 200px\" \/><\/a>\n\t\t\t<\/div><\/figure>\n\t\t<\/div>\n\t\t<\/div>\n\t\t\t\t\t\t<\/div>\n\t\t\t\t<\/div>\n\t\t\t\t\t<\/div>\n\t\t<\/div>\n\t\t\t\t\t<\/div>\n\t\t<\/section>\n\t\t\t\t<\/div>\n\t\t","protected":false},"excerpt":{"rendered":"<p>Grzegorz Garbas Kierownik Oddzia\u0142u Leszek Herjan Z-ca Kierownika Jowita Janczyk Piel. Koordynuj\u0105ca Agnieszka Chechelska Z-ca Piel. Koordynuj\u0105cej Oddzia\u0142 powsta\u0142 i funkcjonuje od 1989 r. Obecnie jest jednym z dw\u00f3ch takich oddzia\u0142\u00f3w funkcjonuj\u0105cych na terenie wojew\u00f3dztwa \u015bwi\u0119tokrzyskiego. Profil \u015bwiadczonych us\u0142ug obejmuje: pe\u0142en zakres diagnostyki inwazyjnej chor\u00f3b uk\u0142adu oddechowego i g\u00f3rnego odcinka przewodu pokarmowego; leczenie chirurgiczne chor\u00f3b [&hellip;]<\/p>\n","protected":false},"author":4,"featured_media":0,"parent":0,"menu_order":0,"comment_status":"closed","ping_status":"closed","template":"","meta":{"zakra_page_container_layout":"customizer","zakra_page_sidebar_layout":"customizer","zakra_remove_content_margin":false,"zakra_sidebar":"customizer","zakra_transparent_header":"customizer","zakra_logo":0,"zakra_main_header_style":"default","zakra_menu_item_color":"","zakra_menu_item_hover_color":"","zakra_menu_item_active_color":"","zakra_menu_active_style":"","zakra_page_header":true,"footnotes":""},"class_list":["post-4731","page","type-page","status-publish","hentry"],"yoast_head":"<!-- This site is optimized with the Yoast SEO plugin v27.4 - https:\/\/yoast.com\/product\/yoast-seo-wordpress\/ -->\n<title>Oddzia\u0142 VIII Chirurgii Klatki Piersiowej - Wojew\u00f3dzki Szpital Specjalistyczny im. \u015aw. Rafa\u0142a w Czerwonej G\u00f3rze<\/title>\n<meta name=\"robots\" content=\"index, follow, max-snippet:-1, max-image-preview:large, max-video-preview:-1\" \/>\n<link rel=\"canonical\" href=\"https:\/\/czerwonagora.pl\/index.php\/oddzial-viii-chirurgii-klatki-piersiowej\/\" \/>\n<meta property=\"og:locale\" content=\"pl_PL\" \/>\n<meta property=\"og:type\" content=\"article\" \/>\n<meta property=\"og:title\" content=\"Oddzia\u0142 VIII Chirurgii Klatki Piersiowej - Wojew\u00f3dzki Szpital Specjalistyczny im. \u015aw. Rafa\u0142a w Czerwonej G\u00f3rze\" \/>\n<meta property=\"og:description\" content=\"Grzegorz Garbas Kierownik Oddzia\u0142u Leszek Herjan Z-ca Kierownika Jowita Janczyk Piel. Koordynuj\u0105ca Agnieszka Chechelska Z-ca Piel. Koordynuj\u0105cej Oddzia\u0142 powsta\u0142 i funkcjonuje od 1989 r. Obecnie jest jednym z dw\u00f3ch takich oddzia\u0142\u00f3w funkcjonuj\u0105cych na terenie wojew\u00f3dztwa \u015bwi\u0119tokrzyskiego. Profil \u015bwiadczonych us\u0142ug obejmuje: pe\u0142en zakres diagnostyki inwazyjnej chor\u00f3b uk\u0142adu oddechowego i g\u00f3rnego odcinka przewodu pokarmowego; leczenie chirurgiczne chor\u00f3b [&hellip;]\" \/>\n<meta property=\"og:url\" content=\"https:\/\/czerwonagora.pl\/index.php\/oddzial-viii-chirurgii-klatki-piersiowej\/\" \/>\n<meta property=\"og:site_name\" content=\"Wojew\u00f3dzki Szpital Specjalistyczny im. \u015aw. Rafa\u0142a w Czerwonej G\u00f3rze\" \/>\n<meta property=\"article:publisher\" content=\"https:\/\/www.facebook.com\/SzpitalCzerwonaGora\/\" \/>\n<meta property=\"article:modified_time\" content=\"2025-03-28T06:48:48+00:00\" \/>\n<meta property=\"og:image\" content=\"https:\/\/czerwonagora.pl\/wp-content\/uploads\/2021\/06\/Kierownik-4.png\" \/>\n\t<meta property=\"og:image:width\" content=\"180\" \/>\n\t<meta property=\"og:image:height\" content=\"223\" \/>\n\t<meta property=\"og:image:type\" content=\"image\/png\" \/>\n<meta name=\"twitter:card\" content=\"summary_large_image\" \/>\n<meta name=\"twitter:label1\" content=\"Szacowany czas czytania\" \/>\n\t<meta name=\"twitter:data1\" content=\"5 minut\" \/>\n<script type=\"application\/ld+json\" class=\"yoast-schema-graph\">{\"@context\":\"https:\\\/\\\/schema.org\",\"@graph\":[{\"@type\":\"WebPage\",\"@id\":\"https:\\\/\\\/czerwonagora.pl\\\/index.php\\\/oddzial-viii-chirurgii-klatki-piersiowej\\\/\",\"url\":\"https:\\\/\\\/czerwonagora.pl\\\/index.php\\\/oddzial-viii-chirurgii-klatki-piersiowej\\\/\",\"name\":\"Oddzia\u0142 VIII Chirurgii Klatki Piersiowej - Wojew\u00f3dzki Szpital Specjalistyczny im. \u015aw. Rafa\u0142a w Czerwonej G\u00f3rze\",\"isPartOf\":{\"@id\":\"https:\\\/\\\/czerwonagora.pl\\\/#website\"},\"primaryImageOfPage\":{\"@id\":\"https:\\\/\\\/czerwonagora.pl\\\/index.php\\\/oddzial-viii-chirurgii-klatki-piersiowej\\\/#primaryimage\"},\"image\":{\"@id\":\"https:\\\/\\\/czerwonagora.pl\\\/index.php\\\/oddzial-viii-chirurgii-klatki-piersiowej\\\/#primaryimage\"},\"thumbnailUrl\":\"https:\\\/\\\/czerwonagora.pl\\\/wp-content\\\/uploads\\\/2021\\\/06\\\/Kierownik-4.png\",\"datePublished\":\"2021-06-23T10:44:49+00:00\",\"dateModified\":\"2025-03-28T06:48:48+00:00\",\"breadcrumb\":{\"@id\":\"https:\\\/\\\/czerwonagora.pl\\\/index.php\\\/oddzial-viii-chirurgii-klatki-piersiowej\\\/#breadcrumb\"},\"inLanguage\":\"pl-PL\",\"potentialAction\":[{\"@type\":\"ReadAction\",\"target\":[\"https:\\\/\\\/czerwonagora.pl\\\/index.php\\\/oddzial-viii-chirurgii-klatki-piersiowej\\\/\"]}]},{\"@type\":\"ImageObject\",\"inLanguage\":\"pl-PL\",\"@id\":\"https:\\\/\\\/czerwonagora.pl\\\/index.php\\\/oddzial-viii-chirurgii-klatki-piersiowej\\\/#primaryimage\",\"url\":\"https:\\\/\\\/czerwonagora.pl\\\/wp-content\\\/uploads\\\/2021\\\/06\\\/Kierownik-4.png\",\"contentUrl\":\"https:\\\/\\\/czerwonagora.pl\\\/wp-content\\\/uploads\\\/2021\\\/06\\\/Kierownik-4.png\",\"width\":180,\"height\":223,\"caption\":\"kierownik oddzia\u0142u ubrany w bia\u0142\u0105 odzie\u017c ochronn\u0105 medyczn\u0105 oraz okulary\"},{\"@type\":\"BreadcrumbList\",\"@id\":\"https:\\\/\\\/czerwonagora.pl\\\/index.php\\\/oddzial-viii-chirurgii-klatki-piersiowej\\\/#breadcrumb\",\"itemListElement\":[{\"@type\":\"ListItem\",\"position\":1,\"name\":\"Strona g\u0142\u00f3wna\",\"item\":\"https:\\\/\\\/czerwonagora.pl\\\/\"},{\"@type\":\"ListItem\",\"position\":2,\"name\":\"Oddzia\u0142 VIII Chirurgii Klatki Piersiowej\"}]},{\"@type\":\"WebSite\",\"@id\":\"https:\\\/\\\/czerwonagora.pl\\\/#website\",\"url\":\"https:\\\/\\\/czerwonagora.pl\\\/\",\"name\":\"Wojew\u00f3dzki Szpital Specjalistyczny im. \u015aw. Rafa\u0142a w Czerwonej G\u00f3rze\",\"description\":\"Wojew\u00f3dzki Szpital Specjalistyczny im. \u015aw. Rafa\u0142a w Czerwonej G\u00f3rze\",\"publisher\":{\"@id\":\"https:\\\/\\\/czerwonagora.pl\\\/#organization\"},\"potentialAction\":[{\"@type\":\"SearchAction\",\"target\":{\"@type\":\"EntryPoint\",\"urlTemplate\":\"https:\\\/\\\/czerwonagora.pl\\\/?s={search_term_string}\"},\"query-input\":{\"@type\":\"PropertyValueSpecification\",\"valueRequired\":true,\"valueName\":\"search_term_string\"}}],\"inLanguage\":\"pl-PL\"},{\"@type\":\"Organization\",\"@id\":\"https:\\\/\\\/czerwonagora.pl\\\/#organization\",\"name\":\"Wojew\u00f3dzki Szpital Specjalistyczny im. \u015aw. Rafa\u0142a w Czerwonej G\u00f3rze\",\"url\":\"https:\\\/\\\/czerwonagora.pl\\\/\",\"logo\":{\"@type\":\"ImageObject\",\"inLanguage\":\"pl-PL\",\"@id\":\"https:\\\/\\\/czerwonagora.pl\\\/#\\\/schema\\\/logo\\\/image\\\/\",\"url\":\"https:\\\/\\\/czerwonagora.pl\\\/wp-content\\\/uploads\\\/2021\\\/06\\\/Logo-WSS-DUZE-transparentne.png\",\"contentUrl\":\"https:\\\/\\\/czerwonagora.pl\\\/wp-content\\\/uploads\\\/2021\\\/06\\\/Logo-WSS-DUZE-transparentne.png\",\"width\":4210,\"height\":2975,\"caption\":\"Wojew\u00f3dzki Szpital Specjalistyczny im. \u015aw. Rafa\u0142a w Czerwonej G\u00f3rze\"},\"image\":{\"@id\":\"https:\\\/\\\/czerwonagora.pl\\\/#\\\/schema\\\/logo\\\/image\\\/\"},\"sameAs\":[\"https:\\\/\\\/www.facebook.com\\\/SzpitalCzerwonaGora\\\/\"]}]}<\/script>\n<!-- \/ Yoast SEO plugin. -->","yoast_head_json":{"title":"Oddzia\u0142 VIII Chirurgii Klatki Piersiowej - Wojew\u00f3dzki Szpital Specjalistyczny im. \u015aw. Rafa\u0142a w Czerwonej G\u00f3rze","robots":{"index":"index","follow":"follow","max-snippet":"max-snippet:-1","max-image-preview":"max-image-preview:large","max-video-preview":"max-video-preview:-1"},"canonical":"https:\/\/czerwonagora.pl\/index.php\/oddzial-viii-chirurgii-klatki-piersiowej\/","og_locale":"pl_PL","og_type":"article","og_title":"Oddzia\u0142 VIII Chirurgii Klatki Piersiowej - Wojew\u00f3dzki Szpital Specjalistyczny im. \u015aw. Rafa\u0142a w Czerwonej G\u00f3rze","og_description":"Grzegorz Garbas Kierownik Oddzia\u0142u Leszek Herjan Z-ca Kierownika Jowita Janczyk Piel. Koordynuj\u0105ca Agnieszka Chechelska Z-ca Piel. Koordynuj\u0105cej Oddzia\u0142 powsta\u0142 i funkcjonuje od 1989 r. Obecnie jest jednym z dw\u00f3ch takich oddzia\u0142\u00f3w funkcjonuj\u0105cych na terenie wojew\u00f3dztwa \u015bwi\u0119tokrzyskiego. Profil \u015bwiadczonych us\u0142ug obejmuje: pe\u0142en zakres diagnostyki inwazyjnej chor\u00f3b uk\u0142adu oddechowego i g\u00f3rnego odcinka przewodu pokarmowego; leczenie chirurgiczne chor\u00f3b [&hellip;]","og_url":"https:\/\/czerwonagora.pl\/index.php\/oddzial-viii-chirurgii-klatki-piersiowej\/","og_site_name":"Wojew\u00f3dzki Szpital Specjalistyczny im. \u015aw. Rafa\u0142a w Czerwonej G\u00f3rze","article_publisher":"https:\/\/www.facebook.com\/SzpitalCzerwonaGora\/","article_modified_time":"2025-03-28T06:48:48+00:00","og_image":[{"width":180,"height":223,"url":"https:\/\/czerwonagora.pl\/wp-content\/uploads\/2021\/06\/Kierownik-4.png","type":"image\/png"}],"twitter_card":"summary_large_image","twitter_misc":{"Szacowany czas czytania":"5 minut"},"schema":{"@context":"https:\/\/schema.org","@graph":[{"@type":"WebPage","@id":"https:\/\/czerwonagora.pl\/index.php\/oddzial-viii-chirurgii-klatki-piersiowej\/","url":"https:\/\/czerwonagora.pl\/index.php\/oddzial-viii-chirurgii-klatki-piersiowej\/","name":"Oddzia\u0142 VIII Chirurgii Klatki Piersiowej - Wojew\u00f3dzki Szpital Specjalistyczny im. \u015aw. Rafa\u0142a w Czerwonej G\u00f3rze","isPartOf":{"@id":"https:\/\/czerwonagora.pl\/#website"},"primaryImageOfPage":{"@id":"https:\/\/czerwonagora.pl\/index.php\/oddzial-viii-chirurgii-klatki-piersiowej\/#primaryimage"},"image":{"@id":"https:\/\/czerwonagora.pl\/index.php\/oddzial-viii-chirurgii-klatki-piersiowej\/#primaryimage"},"thumbnailUrl":"https:\/\/czerwonagora.pl\/wp-content\/uploads\/2021\/06\/Kierownik-4.png","datePublished":"2021-06-23T10:44:49+00:00","dateModified":"2025-03-28T06:48:48+00:00","breadcrumb":{"@id":"https:\/\/czerwonagora.pl\/index.php\/oddzial-viii-chirurgii-klatki-piersiowej\/#breadcrumb"},"inLanguage":"pl-PL","potentialAction":[{"@type":"ReadAction","target":["https:\/\/czerwonagora.pl\/index.php\/oddzial-viii-chirurgii-klatki-piersiowej\/"]}]},{"@type":"ImageObject","inLanguage":"pl-PL","@id":"https:\/\/czerwonagora.pl\/index.php\/oddzial-viii-chirurgii-klatki-piersiowej\/#primaryimage","url":"https:\/\/czerwonagora.pl\/wp-content\/uploads\/2021\/06\/Kierownik-4.png","contentUrl":"https:\/\/czerwonagora.pl\/wp-content\/uploads\/2021\/06\/Kierownik-4.png","width":180,"height":223,"caption":"kierownik oddzia\u0142u ubrany w bia\u0142\u0105 odzie\u017c ochronn\u0105 medyczn\u0105 oraz okulary"},{"@type":"BreadcrumbList","@id":"https:\/\/czerwonagora.pl\/index.php\/oddzial-viii-chirurgii-klatki-piersiowej\/#breadcrumb","itemListElement":[{"@type":"ListItem","position":1,"name":"Strona g\u0142\u00f3wna","item":"https:\/\/czerwonagora.pl\/"},{"@type":"ListItem","position":2,"name":"Oddzia\u0142 VIII Chirurgii Klatki Piersiowej"}]},{"@type":"WebSite","@id":"https:\/\/czerwonagora.pl\/#website","url":"https:\/\/czerwonagora.pl\/","name":"Wojew\u00f3dzki Szpital Specjalistyczny im. \u015aw. Rafa\u0142a w Czerwonej G\u00f3rze","description":"Wojew\u00f3dzki Szpital Specjalistyczny im. \u015aw. Rafa\u0142a w Czerwonej G\u00f3rze","publisher":{"@id":"https:\/\/czerwonagora.pl\/#organization"},"potentialAction":[{"@type":"SearchAction","target":{"@type":"EntryPoint","urlTemplate":"https:\/\/czerwonagora.pl\/?s={search_term_string}"},"query-input":{"@type":"PropertyValueSpecification","valueRequired":true,"valueName":"search_term_string"}}],"inLanguage":"pl-PL"},{"@type":"Organization","@id":"https:\/\/czerwonagora.pl\/#organization","name":"Wojew\u00f3dzki Szpital Specjalistyczny im. \u015aw. Rafa\u0142a w Czerwonej G\u00f3rze","url":"https:\/\/czerwonagora.pl\/","logo":{"@type":"ImageObject","inLanguage":"pl-PL","@id":"https:\/\/czerwonagora.pl\/#\/schema\/logo\/image\/","url":"https:\/\/czerwonagora.pl\/wp-content\/uploads\/2021\/06\/Logo-WSS-DUZE-transparentne.png","contentUrl":"https:\/\/czerwonagora.pl\/wp-content\/uploads\/2021\/06\/Logo-WSS-DUZE-transparentne.png","width":4210,"height":2975,"caption":"Wojew\u00f3dzki Szpital Specjalistyczny im. \u015aw. Rafa\u0142a w Czerwonej G\u00f3rze"},"image":{"@id":"https:\/\/czerwonagora.pl\/#\/schema\/logo\/image\/"},"sameAs":["https:\/\/www.facebook.com\/SzpitalCzerwonaGora\/"]}]}},"publishpress_future_action":{"enabled":false,"date":"2026-05-05 00:38:35","action":"change-status","newStatus":"draft","terms":[],"taxonomy":"","extraData":[]},"publishpress_future_workflow_manual_trigger":{"enabledWorkflows":[]},"_links":{"self":[{"href":"https:\/\/czerwonagora.pl\/index.php\/wp-json\/wp\/v2\/pages\/4731","targetHints":{"allow":["GET"]}}],"collection":[{"href":"https:\/\/czerwonagora.pl\/index.php\/wp-json\/wp\/v2\/pages"}],"about":[{"href":"https:\/\/czerwonagora.pl\/index.php\/wp-json\/wp\/v2\/types\/page"}],"author":[{"embeddable":true,"href":"https:\/\/czerwonagora.pl\/index.php\/wp-json\/wp\/v2\/users\/4"}],"replies":[{"embeddable":true,"href":"https:\/\/czerwonagora.pl\/index.php\/wp-json\/wp\/v2\/comments?post=4731"}],"version-history":[{"count":68,"href":"https:\/\/czerwonagora.pl\/index.php\/wp-json\/wp\/v2\/pages\/4731\/revisions"}],"predecessor-version":[{"id":26990,"href":"https:\/\/czerwonagora.pl\/index.php\/wp-json\/wp\/v2\/pages\/4731\/revisions\/26990"}],"wp:attachment":[{"href":"https:\/\/czerwonagora.pl\/index.php\/wp-json\/wp\/v2\/media?parent=4731"}],"curies":[{"name":"wp","href":"https:\/\/api.w.org\/{rel}","templated":true}]}}