{"id":5248,"date":"2021-06-24T10:29:25","date_gmt":"2021-06-24T08:29:25","guid":{"rendered":"https:\/\/czerwonagora.pl\/?page_id=5248"},"modified":"2021-07-08T13:10:47","modified_gmt":"2021-07-08T11:10:47","slug":"poradnia-chorob-pluc-i-gruzlicy-dla-dzieci","status":"publish","type":"page","link":"https:\/\/czerwonagora.pl\/index.php\/poradnia-chorob-pluc-i-gruzlicy-dla-dzieci\/","title":{"rendered":"Poradnia Chor\u00f3b P\u0142uc i  Gru\u017alicy Dla Dzieci"},"content":{"rendered":"\t\t<div data-elementor-type=\"wp-page\" data-elementor-id=\"5248\" class=\"elementor elementor-5248\">\n\t\t\t\t\t\t<section class=\"elementor-section elementor-top-section elementor-element elementor-element-759fc4e elementor-section-stretched elementor-section-boxed elementor-section-height-default elementor-section-height-default\" data-id=\"759fc4e\" data-element_type=\"section\" data-e-type=\"section\" data-settings=\"{&quot;stretch_section&quot;:&quot;section-stretched&quot;}\">\n\t\t\t\t\t\t<div class=\"elementor-container elementor-column-gap-default\">\n\t\t\t\t\t<div class=\"elementor-column elementor-col-66 elementor-top-column elementor-element elementor-element-4eeb5713\" data-id=\"4eeb5713\" data-element_type=\"column\" data-e-type=\"column\">\n\t\t\t<div class=\"elementor-widget-wrap elementor-element-populated\">\n\t\t\t\t\t\t<div class=\"elementor-element elementor-element-79dc314 elementor-position-inline-start elementor-view-default elementor-mobile-position-block-start elementor-widget elementor-widget-icon-box\" data-id=\"79dc314\" data-element_type=\"widget\" data-e-type=\"widget\" data-widget_type=\"icon-box.default\">\n\t\t\t\t<div class=\"elementor-widget-container\">\n\t\t\t\t\t\t\t<div class=\"elementor-icon-box-wrapper\">\n\n\t\t\t\t\t\t<div class=\"elementor-icon-box-icon\">\n\t\t\t\t<span  class=\"elementor-icon\">\n\t\t\t\t<svg xmlns=\"http:\/\/www.w3.org\/2000\/svg\" id=\"f7a7fb4f-281c-42ae-8428-432582ea47cb\" data-name=\"Layer 1\" width=\"38.9622\" height=\"56.0984\" viewBox=\"0 0 38.9622 56.0984\"><path d=\"M31.2146,31.5151a7.7707,7.7707,0,0,0-1.55,15.3806l.5069.1036v.6879a7.3384,7.3384,0,1,1-14.6768,0v-17.47l.5636-.0629A14.4985,14.4985,0,0,0,28.9049,15.7534V5.4449A4.4061,4.4061,0,0,0,24.51,1.0379H20.1146v2.091H24.51a2.3155,2.3155,0,0,1,2.31,2.316V15.7534a12.3671,12.3671,0,1,1-24.7341,0V5.4449a2.3154,2.3154,0,0,1,2.31-2.316H8.79V1.0379H4.3951A4.406,4.406,0,0,0,0,5.4449V15.7534A14.4983,14.4983,0,0,0,12.8461,30.1546l.5636.0629v17.47a9.4238,9.4238,0,1,0,18.8476,0v-.6879l.507-.1036a7.7707,7.7707,0,0,0-1.55-15.3806Zm0,13.4458a5.6774,5.6774,0,1,1,5.6622-5.6773A5.6762,5.6762,0,0,1,31.2146,44.9609Z\" transform=\"translate(0 -1.0379)\" style=\"fill-rule:evenodd\"><\/path><rect x=\"30\" y=\"36.9621\" width=\"2\" height=\"2\"><\/rect><\/svg>\t\t\t\t<\/span>\n\t\t\t<\/div>\n\t\t\t\n\t\t\t\t\t\t<div class=\"elementor-icon-box-content\">\n\n\t\t\t\t\t\t\t\t\t<h3 class=\"elementor-icon-box-title\">\n\t\t\t\t\t\t<span  >\n\t\t\t\t\t\t\tPoradnia Chor\u00f3b P\u0142uc i Gru\u017alicy Dla Dzieci\t\t\t\t\t\t<\/span>\n\t\t\t\t\t<\/h3>\n\t\t\t\t\n\t\t\t\t\t\t\t\t\t<p class=\"elementor-icon-box-description\">\n\t\t\t\t\t\tPoradnia Gru\u017alicy i Chor\u00f3b P\u0142uc \u015bwiadczy us\u0142ugi specjalistyczne w zakresie chor\u00f3b p\u0142uc i gru\u017alicy dzieciom i m\u0142odzie\u017cy ubezpieczonym w Narodowym Funduszu Zdrowia, na podstawie skierowania wystawionego przez lekarza podstawowej opieki zdrowotnej lub innych poradni specjalistycznych.\t\t\t\t\t<\/p>\n\t\t\t\t\n\t\t\t<\/div>\n\t\t\t\n\t\t<\/div>\n\t\t\t\t\t\t<\/div>\n\t\t\t\t<\/div>\n\t\t\t\t<div class=\"elementor-element elementor-element-24e21fcb elementor-widget elementor-widget-text-editor\" data-id=\"24e21fcb\" data-element_type=\"widget\" data-e-type=\"widget\" data-widget_type=\"text-editor.default\">\n\t\t\t\t<div class=\"elementor-widget-container\">\n\t\t\t\t\t\t\t\t\t<h4><span style=\"color: #ff0000;\"><strong>Wojew\u00f3dzki Szpital Specjalistyczny im. \u015aw. Rafa\u0142a w Czerwonej G\u00f3rze informuje o czasowym zawieszeniu pracy Poradni Chor\u00f3b P\u0142uc i Gru\u017alicy dla Dzieci.<\/strong><\/span><\/h4><h4><strong>Spos\u00f3b rejestracji<\/strong><\/h4><p>Kontynuacja leczenia szpitalnego oraz nowi pacjenci przyjmowani ze skierowaniem. <br \/>Pacjenci z potwierdzon\u0105 gru\u017alic\u0105 przyjmowani s\u0105 bez skierowania.<\/p><p>Dzieci z kontaktu z chorym na gru\u017alic\u0119 &#8211; wymagane skierowanie.<\/p><h4><strong>Zalecane badania na pierwsz\u0105 wizyt\u0119:<\/strong><\/h4><ul><li>morfologia z rozmazem<\/li><li>CRP<\/li><li>\u017celazo<\/li><li>dokumenty leczenia\/karty informacyjne z wynikami bada\u0144<\/li><li>ksi\u0105\u017ceczka zdrowia dziecka ze szczepieniami<\/li><\/ul>\t\t\t\t\t\t\t\t<\/div>\n\t\t\t\t<\/div>\n\t\t\t\t\t<\/div>\n\t\t<\/div>\n\t\t\t\t<div class=\"elementor-column elementor-col-33 elementor-top-column elementor-element elementor-element-13f9441d\" data-id=\"13f9441d\" data-element_type=\"column\" data-e-type=\"column\" data-settings=\"{&quot;background_background&quot;:&quot;classic&quot;}\">\n\t\t\t<div class=\"elementor-widget-wrap elementor-element-populated\">\n\t\t\t\t\t\t<div class=\"elementor-element elementor-element-3c05cfa4 elementor-view-default elementor-widget elementor-widget-icon\" data-id=\"3c05cfa4\" data-element_type=\"widget\" data-e-type=\"widget\" data-widget_type=\"icon.default\">\n\t\t\t\t<div class=\"elementor-widget-container\">\n\t\t\t\t\t\t\t<div class=\"elementor-icon-wrapper\">\n\t\t\t<div class=\"elementor-icon\">\n\t\t\t<i aria-hidden=\"true\" class=\"fas fa-phone-square\"><\/i>\t\t\t<\/div>\n\t\t<\/div>\n\t\t\t\t\t\t<\/div>\n\t\t\t\t<\/div>\n\t\t\t\t<div class=\"elementor-element elementor-element-6e25f753 elementor-widget elementor-widget-text-editor\" data-id=\"6e25f753\" data-element_type=\"widget\" data-e-type=\"widget\" data-widget_type=\"text-editor.default\">\n\t\t\t\t<div class=\"elementor-widget-container\">\n\t\t\t\t\t\t\t\t\t<p><strong>Lokalizacja Wojew\u00f3dzka Przychodnia Specjalistyczna ul. Jagiello\u0144ska 72 Kielce<br \/><\/strong><\/p><div><p><b>Numery bezpo\u015brednie:<br \/><\/b><\/p><p><strong>Rejestracja telefoniczna<\/strong> &#8211; <strong>+48 (41) 345 18 03<\/strong><\/p><p><strong>Rejestracja osobista i telefoniczna pacjent\u00f3w:<br \/><\/strong> <br \/><strong>Poniedzia\u0142ek<\/strong> i <strong>pi\u0105tek<\/strong> od godz 7<sup>15<\/sup> do godz. 14<sup>35<br \/><\/sup><strong>Wtorki<\/strong> i <strong>\u015brody<\/strong> od godz. 7<sup>15<\/sup> do godz. 18<sup>00<br \/><\/sup><strong>Czwartek<\/strong> od godz. 7<sup>15<\/sup> do godz. 15<sup>00<br \/><\/sup>Rejestracja Elektroniczna 7 dni w tygodniu 24h\/dob\u0119<\/p><p><b>\u00a0<\/b><\/p><\/div>\t\t\t\t\t\t\t\t<\/div>\n\t\t\t\t<\/div>\n\t\t\t\t\t<\/div>\n\t\t<\/div>\n\t\t\t\t\t<\/div>\n\t\t<\/section>\n\t\t\t\t<section class=\"elementor-section elementor-top-section elementor-element elementor-element-4396a1b5 elementor-section-content-middle elementor-section-stretched elementor-section-boxed elementor-section-height-default elementor-section-height-default\" data-id=\"4396a1b5\" data-element_type=\"section\" data-e-type=\"section\" data-settings=\"{&quot;stretch_section&quot;:&quot;section-stretched&quot;,&quot;background_background&quot;:&quot;classic&quot;}\">\n\t\t\t\t\t\t<div class=\"elementor-container elementor-column-gap-default\">\n\t\t\t\t\t<div class=\"elementor-column elementor-col-50 elementor-top-column elementor-element elementor-element-56a49949\" data-id=\"56a49949\" data-element_type=\"column\" data-e-type=\"column\">\n\t\t\t<div class=\"elementor-widget-wrap elementor-element-populated\">\n\t\t\t\t\t\t<div class=\"elementor-element elementor-element-1d9f6280 elementor-position-inline-start elementor-view-stacked elementor-shape-circle elementor-mobile-position-block-start elementor-widget elementor-widget-icon-box\" data-id=\"1d9f6280\" data-element_type=\"widget\" data-e-type=\"widget\" data-widget_type=\"icon-box.default\">\n\t\t\t\t<div class=\"elementor-widget-container\">\n\t\t\t\t\t\t\t<div class=\"elementor-icon-box-wrapper\">\n\n\t\t\t\t\t\t<div class=\"elementor-icon-box-icon\">\n\t\t\t\t<span  class=\"elementor-icon elementor-animation-grow\">\n\t\t\t\t<i aria-hidden=\"true\" class=\"far fa-address-card\"><\/i>\t\t\t\t<\/span>\n\t\t\t<\/div>\n\t\t\t\n\t\t\t\t\t\t<div class=\"elementor-icon-box-content\">\n\n\t\t\t\t\t\t\t\t\t<h3 class=\"elementor-icon-box-title\">\n\t\t\t\t\t\t<span  >\n\t\t\t\t\t\t\tRejestracja on-line\t\t\t\t\t\t<\/span>\n\t\t\t\t\t<\/h3>\n\t\t\t\t\n\t\t\t\t\n\t\t\t<\/div>\n\t\t\t\n\t\t<\/div>\n\t\t\t\t\t\t<\/div>\n\t\t\t\t<\/div>\n\t\t\t\t<div class=\"elementor-element elementor-element-3fe81b3f elementor-align-start elementor-icon-list--layout-traditional elementor-list-item-link-full_width elementor-widget elementor-widget-icon-list\" data-id=\"3fe81b3f\" data-element_type=\"widget\" data-e-type=\"widget\" data-widget_type=\"icon-list.default\">\n\t\t\t\t<div class=\"elementor-widget-container\">\n\t\t\t\t\t\t\t<ul class=\"elementor-icon-list-items\">\n\t\t\t\t\t\t\t<li class=\"elementor-icon-list-item\">\n\t\t\t\t\t\t\t\t\t\t<span class=\"elementor-icon-list-text\">Wychodz\u0105c naprzeciw Pa\u0144stwa oczekiwaniom, stworzyli\u015bmy mo\u017cliwo\u015b\u0107 rezerwacji terminu wizyty do poradni specjalistycznych drog\u0105 elektroniczn\u0105. <\/span>\n\t\t\t\t\t\t\t\t\t<\/li>\n\t\t\t\t\t\t<\/ul>\n\t\t\t\t\t\t<\/div>\n\t\t\t\t<\/div>\n\t\t\t\t<div class=\"elementor-element elementor-element-18720e78 elementor-align-center elementor-widget elementor-widget-button\" data-id=\"18720e78\" data-element_type=\"widget\" data-e-type=\"widget\" data-widget_type=\"button.default\">\n\t\t\t\t<div class=\"elementor-widget-container\">\n\t\t\t\t\t\t\t\t\t<div class=\"elementor-button-wrapper\">\n\t\t\t\t\t<a class=\"elementor-button elementor-button-link elementor-size-sm elementor-animation-grow\" href=\"https:\/\/erejestracja.czerwonagora.pl\/mpi\/app\/#\/login\">\n\t\t\t\t\t\t<span class=\"elementor-button-content-wrapper\">\n\t\t\t\t\t\t\t\t\t<span class=\"elementor-button-text\">Zarejestruj si\u0119 <\/span>\n\t\t\t\t\t<\/span>\n\t\t\t\t\t<\/a>\n\t\t\t\t<\/div>\n\t\t\t\t\t\t\t\t<\/div>\n\t\t\t\t<\/div>\n\t\t\t\t\t<\/div>\n\t\t<\/div>\n\t\t\t\t<div class=\"elementor-column elementor-col-50 elementor-top-column elementor-element elementor-element-74e45cc9\" data-id=\"74e45cc9\" data-element_type=\"column\" data-e-type=\"column\">\n\t\t\t<div class=\"elementor-widget-wrap elementor-element-populated\">\n\t\t\t\t\t\t<div class=\"elementor-element elementor-element-703edcfa elementor-widget elementor-widget-image\" data-id=\"703edcfa\" data-element_type=\"widget\" data-e-type=\"widget\" data-widget_type=\"image.default\">\n\t\t\t\t<div class=\"elementor-widget-container\">\n\t\t\t\t\t\t\t\t\t\t\t\t\t\t\t<img fetchpriority=\"high\" decoding=\"async\" width=\"519\" height=\"200\" src=\"https:\/\/czerwonagora.pl\/wp-content\/uploads\/2021\/06\/logo-eRejestracja.png\" class=\"attachment-full size-full wp-image-3942\" alt=\"ikona w kszta\u0142cie krzy\u017ca koloru niebieskiego z napisem rejestracja On-Line\" srcset=\"https:\/\/czerwonagora.pl\/wp-content\/uploads\/2021\/06\/logo-eRejestracja.png 519w, https:\/\/czerwonagora.pl\/wp-content\/uploads\/2021\/06\/logo-eRejestracja-300x116.png 300w\" sizes=\"(max-width: 519px) 100vw, 519px\" \/>\t\t\t\t\t\t\t\t\t\t\t\t\t\t\t<\/div>\n\t\t\t\t<\/div>\n\t\t\t\t\t<\/div>\n\t\t<\/div>\n\t\t\t\t\t<\/div>\n\t\t<\/section>\n\t\t\t\t<\/div>\n\t\t","protected":false},"excerpt":{"rendered":"<p>Poradnia Chor\u00f3b P\u0142uc i Gru\u017alicy Dla Dzieci Poradnia Gru\u017alicy i Chor\u00f3b P\u0142uc \u015bwiadczy us\u0142ugi specjalistyczne w zakresie chor\u00f3b p\u0142uc i gru\u017alicy dzieciom i m\u0142odzie\u017cy ubezpieczonym w Narodowym Funduszu Zdrowia, na podstawie skierowania wystawionego przez lekarza podstawowej opieki zdrowotnej lub innych poradni specjalistycznych. Wojew\u00f3dzki Szpital Specjalistyczny im. \u015aw. Rafa\u0142a w Czerwonej G\u00f3rze informuje o czasowym zawieszeniu [&hellip;]<\/p>\n","protected":false},"author":3,"featured_media":0,"parent":0,"menu_order":0,"comment_status":"closed","ping_status":"closed","template":"","meta":{"zakra_page_container_layout":"customizer","zakra_page_sidebar_layout":"customizer","zakra_remove_content_margin":false,"zakra_sidebar":"customizer","zakra_transparent_header":"customizer","zakra_logo":0,"zakra_main_header_style":"default","zakra_menu_item_color":"","zakra_menu_item_hover_color":"","zakra_menu_item_active_color":"","zakra_menu_active_style":"","zakra_page_header":true,"footnotes":""},"class_list":["post-5248","page","type-page","status-publish","hentry"],"yoast_head":"<!-- This site is optimized with the Yoast SEO plugin v27.4 - https:\/\/yoast.com\/product\/yoast-seo-wordpress\/ -->\n<title>Poradnia Chor\u00f3b P\u0142uc i Gru\u017alicy Dla Dzieci - Wojew\u00f3dzki Szpital Specjalistyczny im. \u015aw. Rafa\u0142a w Czerwonej G\u00f3rze<\/title>\n<meta name=\"robots\" content=\"index, follow, max-snippet:-1, max-image-preview:large, max-video-preview:-1\" \/>\n<link rel=\"canonical\" href=\"https:\/\/czerwonagora.pl\/index.php\/poradnia-chorob-pluc-i-gruzlicy-dla-dzieci\/\" \/>\n<meta property=\"og:locale\" content=\"pl_PL\" \/>\n<meta property=\"og:type\" content=\"article\" \/>\n<meta property=\"og:title\" content=\"Poradnia Chor\u00f3b P\u0142uc i Gru\u017alicy Dla Dzieci - Wojew\u00f3dzki Szpital Specjalistyczny im. \u015aw. Rafa\u0142a w Czerwonej G\u00f3rze\" \/>\n<meta property=\"og:description\" content=\"Poradnia Chor\u00f3b P\u0142uc i Gru\u017alicy Dla Dzieci Poradnia Gru\u017alicy i Chor\u00f3b P\u0142uc \u015bwiadczy us\u0142ugi specjalistyczne w zakresie chor\u00f3b p\u0142uc i gru\u017alicy dzieciom i m\u0142odzie\u017cy ubezpieczonym w Narodowym Funduszu Zdrowia, na podstawie skierowania wystawionego przez lekarza podstawowej opieki zdrowotnej lub innych poradni specjalistycznych. Wojew\u00f3dzki Szpital Specjalistyczny im. \u015aw. Rafa\u0142a w Czerwonej G\u00f3rze informuje o czasowym zawieszeniu [&hellip;]\" \/>\n<meta property=\"og:url\" content=\"https:\/\/czerwonagora.pl\/index.php\/poradnia-chorob-pluc-i-gruzlicy-dla-dzieci\/\" \/>\n<meta property=\"og:site_name\" content=\"Wojew\u00f3dzki Szpital Specjalistyczny im. \u015aw. Rafa\u0142a w Czerwonej G\u00f3rze\" \/>\n<meta property=\"article:publisher\" content=\"https:\/\/www.facebook.com\/SzpitalCzerwonaGora\/\" \/>\n<meta property=\"article:modified_time\" content=\"2021-07-08T11:10:47+00:00\" \/>\n<meta property=\"og:image\" content=\"https:\/\/czerwonagora.pl\/wp-content\/uploads\/2021\/06\/logo-eRejestracja.png\" \/>\n<meta name=\"twitter:card\" content=\"summary_large_image\" \/>\n<meta name=\"twitter:label1\" content=\"Szacowany czas czytania\" \/>\n\t<meta name=\"twitter:data1\" content=\"1 minuta\" \/>\n<script type=\"application\/ld+json\" class=\"yoast-schema-graph\">{\"@context\":\"https:\\\/\\\/schema.org\",\"@graph\":[{\"@type\":\"WebPage\",\"@id\":\"https:\\\/\\\/czerwonagora.pl\\\/index.php\\\/poradnia-chorob-pluc-i-gruzlicy-dla-dzieci\\\/\",\"url\":\"https:\\\/\\\/czerwonagora.pl\\\/index.php\\\/poradnia-chorob-pluc-i-gruzlicy-dla-dzieci\\\/\",\"name\":\"Poradnia Chor\u00f3b P\u0142uc i Gru\u017alicy Dla Dzieci - Wojew\u00f3dzki Szpital Specjalistyczny im. \u015aw. Rafa\u0142a w Czerwonej G\u00f3rze\",\"isPartOf\":{\"@id\":\"https:\\\/\\\/czerwonagora.pl\\\/#website\"},\"primaryImageOfPage\":{\"@id\":\"https:\\\/\\\/czerwonagora.pl\\\/index.php\\\/poradnia-chorob-pluc-i-gruzlicy-dla-dzieci\\\/#primaryimage\"},\"image\":{\"@id\":\"https:\\\/\\\/czerwonagora.pl\\\/index.php\\\/poradnia-chorob-pluc-i-gruzlicy-dla-dzieci\\\/#primaryimage\"},\"thumbnailUrl\":\"https:\\\/\\\/czerwonagora.pl\\\/wp-content\\\/uploads\\\/2021\\\/06\\\/logo-eRejestracja.png\",\"datePublished\":\"2021-06-24T08:29:25+00:00\",\"dateModified\":\"2021-07-08T11:10:47+00:00\",\"breadcrumb\":{\"@id\":\"https:\\\/\\\/czerwonagora.pl\\\/index.php\\\/poradnia-chorob-pluc-i-gruzlicy-dla-dzieci\\\/#breadcrumb\"},\"inLanguage\":\"pl-PL\",\"potentialAction\":[{\"@type\":\"ReadAction\",\"target\":[\"https:\\\/\\\/czerwonagora.pl\\\/index.php\\\/poradnia-chorob-pluc-i-gruzlicy-dla-dzieci\\\/\"]}]},{\"@type\":\"ImageObject\",\"inLanguage\":\"pl-PL\",\"@id\":\"https:\\\/\\\/czerwonagora.pl\\\/index.php\\\/poradnia-chorob-pluc-i-gruzlicy-dla-dzieci\\\/#primaryimage\",\"url\":\"https:\\\/\\\/czerwonagora.pl\\\/wp-content\\\/uploads\\\/2021\\\/06\\\/logo-eRejestracja.png\",\"contentUrl\":\"https:\\\/\\\/czerwonagora.pl\\\/wp-content\\\/uploads\\\/2021\\\/06\\\/logo-eRejestracja.png\",\"width\":519,\"height\":200,\"caption\":\"ikona w kszta\u0142cie krzy\u017ca koloru niebieskiego z napisem rejestracja On-Line\"},{\"@type\":\"BreadcrumbList\",\"@id\":\"https:\\\/\\\/czerwonagora.pl\\\/index.php\\\/poradnia-chorob-pluc-i-gruzlicy-dla-dzieci\\\/#breadcrumb\",\"itemListElement\":[{\"@type\":\"ListItem\",\"position\":1,\"name\":\"Strona g\u0142\u00f3wna\",\"item\":\"https:\\\/\\\/czerwonagora.pl\\\/\"},{\"@type\":\"ListItem\",\"position\":2,\"name\":\"Poradnia Chor\u00f3b P\u0142uc i Gru\u017alicy Dla Dzieci\"}]},{\"@type\":\"WebSite\",\"@id\":\"https:\\\/\\\/czerwonagora.pl\\\/#website\",\"url\":\"https:\\\/\\\/czerwonagora.pl\\\/\",\"name\":\"Wojew\u00f3dzki Szpital Specjalistyczny im. \u015aw. Rafa\u0142a w Czerwonej G\u00f3rze\",\"description\":\"Wojew\u00f3dzki Szpital Specjalistyczny im. \u015aw. Rafa\u0142a w Czerwonej G\u00f3rze\",\"publisher\":{\"@id\":\"https:\\\/\\\/czerwonagora.pl\\\/#organization\"},\"potentialAction\":[{\"@type\":\"SearchAction\",\"target\":{\"@type\":\"EntryPoint\",\"urlTemplate\":\"https:\\\/\\\/czerwonagora.pl\\\/?s={search_term_string}\"},\"query-input\":{\"@type\":\"PropertyValueSpecification\",\"valueRequired\":true,\"valueName\":\"search_term_string\"}}],\"inLanguage\":\"pl-PL\"},{\"@type\":\"Organization\",\"@id\":\"https:\\\/\\\/czerwonagora.pl\\\/#organization\",\"name\":\"Wojew\u00f3dzki Szpital Specjalistyczny im. \u015aw. Rafa\u0142a w Czerwonej G\u00f3rze\",\"url\":\"https:\\\/\\\/czerwonagora.pl\\\/\",\"logo\":{\"@type\":\"ImageObject\",\"inLanguage\":\"pl-PL\",\"@id\":\"https:\\\/\\\/czerwonagora.pl\\\/#\\\/schema\\\/logo\\\/image\\\/\",\"url\":\"https:\\\/\\\/czerwonagora.pl\\\/wp-content\\\/uploads\\\/2021\\\/06\\\/Logo-WSS-DUZE-transparentne.png\",\"contentUrl\":\"https:\\\/\\\/czerwonagora.pl\\\/wp-content\\\/uploads\\\/2021\\\/06\\\/Logo-WSS-DUZE-transparentne.png\",\"width\":4210,\"height\":2975,\"caption\":\"Wojew\u00f3dzki Szpital Specjalistyczny im. \u015aw. Rafa\u0142a w Czerwonej G\u00f3rze\"},\"image\":{\"@id\":\"https:\\\/\\\/czerwonagora.pl\\\/#\\\/schema\\\/logo\\\/image\\\/\"},\"sameAs\":[\"https:\\\/\\\/www.facebook.com\\\/SzpitalCzerwonaGora\\\/\"]}]}<\/script>\n<!-- \/ Yoast SEO plugin. -->","yoast_head_json":{"title":"Poradnia Chor\u00f3b P\u0142uc i Gru\u017alicy Dla Dzieci - Wojew\u00f3dzki Szpital Specjalistyczny im. \u015aw. Rafa\u0142a w Czerwonej G\u00f3rze","robots":{"index":"index","follow":"follow","max-snippet":"max-snippet:-1","max-image-preview":"max-image-preview:large","max-video-preview":"max-video-preview:-1"},"canonical":"https:\/\/czerwonagora.pl\/index.php\/poradnia-chorob-pluc-i-gruzlicy-dla-dzieci\/","og_locale":"pl_PL","og_type":"article","og_title":"Poradnia Chor\u00f3b P\u0142uc i Gru\u017alicy Dla Dzieci - Wojew\u00f3dzki Szpital Specjalistyczny im. \u015aw. Rafa\u0142a w Czerwonej G\u00f3rze","og_description":"Poradnia Chor\u00f3b P\u0142uc i Gru\u017alicy Dla Dzieci Poradnia Gru\u017alicy i Chor\u00f3b P\u0142uc \u015bwiadczy us\u0142ugi specjalistyczne w zakresie chor\u00f3b p\u0142uc i gru\u017alicy dzieciom i m\u0142odzie\u017cy ubezpieczonym w Narodowym Funduszu Zdrowia, na podstawie skierowania wystawionego przez lekarza podstawowej opieki zdrowotnej lub innych poradni specjalistycznych. Wojew\u00f3dzki Szpital Specjalistyczny im. \u015aw. Rafa\u0142a w Czerwonej G\u00f3rze informuje o czasowym zawieszeniu [&hellip;]","og_url":"https:\/\/czerwonagora.pl\/index.php\/poradnia-chorob-pluc-i-gruzlicy-dla-dzieci\/","og_site_name":"Wojew\u00f3dzki Szpital Specjalistyczny im. \u015aw. Rafa\u0142a w Czerwonej G\u00f3rze","article_publisher":"https:\/\/www.facebook.com\/SzpitalCzerwonaGora\/","article_modified_time":"2021-07-08T11:10:47+00:00","og_image":[{"url":"https:\/\/czerwonagora.pl\/wp-content\/uploads\/2021\/06\/logo-eRejestracja.png","type":"","width":"","height":""}],"twitter_card":"summary_large_image","twitter_misc":{"Szacowany czas czytania":"1 minuta"},"schema":{"@context":"https:\/\/schema.org","@graph":[{"@type":"WebPage","@id":"https:\/\/czerwonagora.pl\/index.php\/poradnia-chorob-pluc-i-gruzlicy-dla-dzieci\/","url":"https:\/\/czerwonagora.pl\/index.php\/poradnia-chorob-pluc-i-gruzlicy-dla-dzieci\/","name":"Poradnia Chor\u00f3b P\u0142uc i Gru\u017alicy Dla Dzieci - Wojew\u00f3dzki Szpital Specjalistyczny im. \u015aw. Rafa\u0142a w Czerwonej G\u00f3rze","isPartOf":{"@id":"https:\/\/czerwonagora.pl\/#website"},"primaryImageOfPage":{"@id":"https:\/\/czerwonagora.pl\/index.php\/poradnia-chorob-pluc-i-gruzlicy-dla-dzieci\/#primaryimage"},"image":{"@id":"https:\/\/czerwonagora.pl\/index.php\/poradnia-chorob-pluc-i-gruzlicy-dla-dzieci\/#primaryimage"},"thumbnailUrl":"https:\/\/czerwonagora.pl\/wp-content\/uploads\/2021\/06\/logo-eRejestracja.png","datePublished":"2021-06-24T08:29:25+00:00","dateModified":"2021-07-08T11:10:47+00:00","breadcrumb":{"@id":"https:\/\/czerwonagora.pl\/index.php\/poradnia-chorob-pluc-i-gruzlicy-dla-dzieci\/#breadcrumb"},"inLanguage":"pl-PL","potentialAction":[{"@type":"ReadAction","target":["https:\/\/czerwonagora.pl\/index.php\/poradnia-chorob-pluc-i-gruzlicy-dla-dzieci\/"]}]},{"@type":"ImageObject","inLanguage":"pl-PL","@id":"https:\/\/czerwonagora.pl\/index.php\/poradnia-chorob-pluc-i-gruzlicy-dla-dzieci\/#primaryimage","url":"https:\/\/czerwonagora.pl\/wp-content\/uploads\/2021\/06\/logo-eRejestracja.png","contentUrl":"https:\/\/czerwonagora.pl\/wp-content\/uploads\/2021\/06\/logo-eRejestracja.png","width":519,"height":200,"caption":"ikona w kszta\u0142cie krzy\u017ca koloru niebieskiego z napisem rejestracja On-Line"},{"@type":"BreadcrumbList","@id":"https:\/\/czerwonagora.pl\/index.php\/poradnia-chorob-pluc-i-gruzlicy-dla-dzieci\/#breadcrumb","itemListElement":[{"@type":"ListItem","position":1,"name":"Strona g\u0142\u00f3wna","item":"https:\/\/czerwonagora.pl\/"},{"@type":"ListItem","position":2,"name":"Poradnia Chor\u00f3b P\u0142uc i Gru\u017alicy Dla Dzieci"}]},{"@type":"WebSite","@id":"https:\/\/czerwonagora.pl\/#website","url":"https:\/\/czerwonagora.pl\/","name":"Wojew\u00f3dzki Szpital Specjalistyczny im. \u015aw. Rafa\u0142a w Czerwonej G\u00f3rze","description":"Wojew\u00f3dzki Szpital Specjalistyczny im. \u015aw. Rafa\u0142a w Czerwonej G\u00f3rze","publisher":{"@id":"https:\/\/czerwonagora.pl\/#organization"},"potentialAction":[{"@type":"SearchAction","target":{"@type":"EntryPoint","urlTemplate":"https:\/\/czerwonagora.pl\/?s={search_term_string}"},"query-input":{"@type":"PropertyValueSpecification","valueRequired":true,"valueName":"search_term_string"}}],"inLanguage":"pl-PL"},{"@type":"Organization","@id":"https:\/\/czerwonagora.pl\/#organization","name":"Wojew\u00f3dzki Szpital Specjalistyczny im. \u015aw. Rafa\u0142a w Czerwonej G\u00f3rze","url":"https:\/\/czerwonagora.pl\/","logo":{"@type":"ImageObject","inLanguage":"pl-PL","@id":"https:\/\/czerwonagora.pl\/#\/schema\/logo\/image\/","url":"https:\/\/czerwonagora.pl\/wp-content\/uploads\/2021\/06\/Logo-WSS-DUZE-transparentne.png","contentUrl":"https:\/\/czerwonagora.pl\/wp-content\/uploads\/2021\/06\/Logo-WSS-DUZE-transparentne.png","width":4210,"height":2975,"caption":"Wojew\u00f3dzki Szpital Specjalistyczny im. \u015aw. Rafa\u0142a w Czerwonej G\u00f3rze"},"image":{"@id":"https:\/\/czerwonagora.pl\/#\/schema\/logo\/image\/"},"sameAs":["https:\/\/www.facebook.com\/SzpitalCzerwonaGora\/"]}]}},"publishpress_future_action":{"enabled":false,"date":"2026-05-07 06:15:04","action":"change-status","newStatus":"draft","terms":[],"taxonomy":"","extraData":[]},"publishpress_future_workflow_manual_trigger":{"enabledWorkflows":[]},"_links":{"self":[{"href":"https:\/\/czerwonagora.pl\/index.php\/wp-json\/wp\/v2\/pages\/5248","targetHints":{"allow":["GET"]}}],"collection":[{"href":"https:\/\/czerwonagora.pl\/index.php\/wp-json\/wp\/v2\/pages"}],"about":[{"href":"https:\/\/czerwonagora.pl\/index.php\/wp-json\/wp\/v2\/types\/page"}],"author":[{"embeddable":true,"href":"https:\/\/czerwonagora.pl\/index.php\/wp-json\/wp\/v2\/users\/3"}],"replies":[{"embeddable":true,"href":"https:\/\/czerwonagora.pl\/index.php\/wp-json\/wp\/v2\/comments?post=5248"}],"version-history":[{"count":37,"href":"https:\/\/czerwonagora.pl\/index.php\/wp-json\/wp\/v2\/pages\/5248\/revisions"}],"predecessor-version":[{"id":10964,"href":"https:\/\/czerwonagora.pl\/index.php\/wp-json\/wp\/v2\/pages\/5248\/revisions\/10964"}],"wp:attachment":[{"href":"https:\/\/czerwonagora.pl\/index.php\/wp-json\/wp\/v2\/media?parent=5248"}],"curies":[{"name":"wp","href":"https:\/\/api.w.org\/{rel}","templated":true}]}}