{"id":6103,"date":"2021-06-25T13:54:05","date_gmt":"2021-06-25T11:54:05","guid":{"rendered":"https:\/\/czerwonagora.pl\/?page_id=6103"},"modified":"2026-02-25T07:37:11","modified_gmt":"2026-02-25T06:37:11","slug":"dzial-dokumentacji-i-rozliczen-z-nfz","status":"publish","type":"page","link":"https:\/\/czerwonagora.pl\/index.php\/dzial-dokumentacji-i-rozliczen-z-nfz\/","title":{"rendered":"Dzia\u0142 Dokumentacji i Rozlicze\u0144 z NFZ"},"content":{"rendered":"\t\t<div data-elementor-type=\"wp-page\" data-elementor-id=\"6103\" class=\"elementor elementor-6103\">\n\t\t\t\t\t\t<section class=\"elementor-section elementor-top-section elementor-element elementor-element-d7940e5 elementor-section-stretched elementor-section-boxed elementor-section-height-default elementor-section-height-default elementor-invisible\" data-id=\"d7940e5\" data-element_type=\"section\" data-e-type=\"section\" data-settings=\"{&quot;stretch_section&quot;:&quot;section-stretched&quot;,&quot;animation&quot;:&quot;fadeIn&quot;,&quot;animation_delay&quot;:200}\">\n\t\t\t\t\t\t\t<div class=\"elementor-background-overlay\"><\/div>\n\t\t\t\t\t\t\t<div class=\"elementor-container elementor-column-gap-no\">\n\t\t\t\t\t<div class=\"elementor-column elementor-col-33 elementor-top-column elementor-element elementor-element-59dffb82\" data-id=\"59dffb82\" data-element_type=\"column\" data-e-type=\"column\">\n\t\t\t<div class=\"elementor-widget-wrap\">\n\t\t\t\t\t\t\t<\/div>\n\t\t<\/div>\n\t\t\t\t<div class=\"elementor-column elementor-col-33 elementor-top-column elementor-element elementor-element-0c1a03a\" data-id=\"0c1a03a\" data-element_type=\"column\" data-e-type=\"column\">\n\t\t\t<div class=\"elementor-widget-wrap elementor-element-populated\">\n\t\t\t\t\t\t<div class=\"elementor-element elementor-element-4e458e8e elementor-widget__width-initial elementor-position-top elementor-invisible elementor-widget elementor-widget-image-box\" data-id=\"4e458e8e\" data-element_type=\"widget\" data-e-type=\"widget\" data-settings=\"{&quot;_animation&quot;:&quot;fadeIn&quot;}\" data-widget_type=\"image-box.default\">\n\t\t\t\t<div class=\"elementor-widget-container\">\n\t\t\t\t\t<div class=\"elementor-image-box-wrapper\"><figure class=\"elementor-image-box-img\"><img decoding=\"async\" width=\"180\" height=\"223\" src=\"https:\/\/czerwonagora.pl\/wp-content\/uploads\/2021\/06\/men_adm-ikona.png\" class=\"attachment-medium size-medium wp-image-7902\" alt=\"t\u0142o koloru zielonego z sylwetk\u0105 m\u0119\u017cczyzny ubranego w ubranie wizytowe koloru czarnego\" \/><\/figure><div class=\"elementor-image-box-content\"><h1 class=\"elementor-image-box-title\">in\u017c. Rafa\u0142 Bator<\/h1><p class=\"elementor-image-box-description\">Kierownik<\/p><\/div><\/div>\t\t\t\t<\/div>\n\t\t\t\t<\/div>\n\t\t\t\t\t<\/div>\n\t\t<\/div>\n\t\t\t\t<div class=\"elementor-column elementor-col-33 elementor-top-column elementor-element elementor-element-ddec8ef\" data-id=\"ddec8ef\" data-element_type=\"column\" data-e-type=\"column\">\n\t\t\t<div class=\"elementor-widget-wrap\">\n\t\t\t\t\t\t\t<\/div>\n\t\t<\/div>\n\t\t\t\t\t<\/div>\n\t\t<\/section>\n\t\t\t\t<section class=\"elementor-section elementor-top-section elementor-element elementor-element-6b8437dd elementor-section-stretched elementor-section-boxed elementor-section-height-default elementor-section-height-default\" data-id=\"6b8437dd\" data-element_type=\"section\" data-e-type=\"section\" data-settings=\"{&quot;stretch_section&quot;:&quot;section-stretched&quot;}\">\n\t\t\t\t\t\t<div class=\"elementor-container elementor-column-gap-default\">\n\t\t\t\t\t<div class=\"elementor-column elementor-col-66 elementor-top-column elementor-element elementor-element-135534cb\" data-id=\"135534cb\" data-element_type=\"column\" data-e-type=\"column\">\n\t\t\t<div class=\"elementor-widget-wrap elementor-element-populated\">\n\t\t\t\t\t\t<div class=\"elementor-element elementor-element-556f35e9 elementor-widget elementor-widget-text-editor\" data-id=\"556f35e9\" data-element_type=\"widget\" data-e-type=\"widget\" data-widget_type=\"text-editor.default\">\n\t\t\t\t<div class=\"elementor-widget-container\">\n\t\t\t\t\t\t\t\t\t<div class=\"sppb-col-md-8\"><div id=\"column-id-1505723204100\" class=\"sppb-column\"><div class=\"sppb-column-addons\"><div id=\"sppb-addon-1505723204104\" class=\"clearfix\"><div class=\"sppb-addon sppb-addon-text-block sppb-text-left \"><div class=\"sppb-addon-content\"><h4><strong>Profil kom\u00f3rki<br \/><\/strong><\/h4><h5><strong>Do zada\u0144 Dzia\u0142u Dokumentacji i Rozlicze\u0144 z NFZ nale\u017cy:<\/strong><\/h5><ul><li>Przygotowywanie ofert\u00a0 umo\u017cliwiaj\u0105cych zawarcie um\u00f3w o udzielanie \u015bwiadcze\u0144 opieki zdrowotnej <br \/>z Narodowym Funduszem Zdrowia;<\/li><li>Nadzorowanie realizacji um\u00f3w zawartych z NFZ. Sporz\u0105dzanie wniosk\u00f3w do p\u0142atnika dot. zmian <br \/>w planach rzeczowo-finansowych wp\u0142ywaj\u0105cych na bie\u017c\u0105cy poziom finansowania;<\/li><li>Analiza \u015bwiadcze\u0144 zdrowotnych wykonywanych w ramach realizowanego kontraktu z NFZ <br \/>z podzia\u0142em na rodzaje i zakresy. Bie\u017c\u0105ca analiza wykonania kontraktu (monitorowanie bie\u017c\u0105cej realizacji limit\u00f3w miesi\u0119cznych w odniesieniu do zawartych um\u00f3w oraz ocena mo\u017cliwo\u015bci realizacji zakontraktowanych\u00a0 limit\u00f3w finansowych);<\/li><li>Analiza prawid\u0142owo\u015bci realizacji obowi\u0105zk\u00f3w wynikaj\u0105cych z postanowie\u0144 zawartych <br \/>w umowach i obowi\u0105zuj\u0105cych przepisach;<\/li><li>Kontrola poprawno\u015bci przekazywanych do NFZ\u00a0 danych, pod wzgl\u0119dem ich zgodno\u015bci <br \/>z wymogami NFZ obowi\u0105zuj\u0105cymi dla poszczeg\u00f3lnych rodzaj\u00f3w \u015bwiadcze\u0144;<\/li><li>Obs\u0142uga Systemu Zarz\u0105dzania Obiegiem Informacji NFZ;<\/li><li>Zbieranie i opracowywanie danych niezb\u0119dnych do sporz\u0105dzania i przekazywania sprawozdawczo\u015bci oraz rachunk\u00f3w do NFZ;<\/li><li>Przygotowywanie sprawozdawczo\u015bci i\u00a0 przesy\u0142anie rachunk\u00f3w do NFZ\u00a0 za wykonane us\u0142ugi medyczne w poszczeg\u00f3lnych rodzajach \u015bwiadcze\u0144 w wymaganych terminach;<\/li><li>Fakturowanie nale\u017cno\u015bci za okres sprawozdawczy i\u00a0 wystawianie korekt wygenerowanych z systemu p\u0142atnika wynikaj\u0105cych z wstecznej weryfikacji za ca\u0142y okres realizacji umowy. Wystawianie faktur za wykonane us\u0142ugi medyczne w terminach wynikaj\u0105cych z um\u00f3w;<\/li><li>Wymiana danych z NFZ dotycz\u0105cych wykonanych us\u0142ug w formacie wymaganym przez p\u0142atnika;<\/li><li>Sporz\u0105dzanie zestawie\u0144 statystyczno-sprawozdawczych, przygotowywanie analiz dotycz\u0105cych rozliczania \u015bwiadcze\u0144 oraz wykonania\u00a0 \u015bwiadcze\u0144 wg klasyfikacji JGP w poszczeg\u00f3lnych rodzajach \u015bwiadcze\u0144;<\/li><li>\u015acis\u0142a wsp\u00f3\u0142praca z kom\u00f3rkami organizacyjnymi Szpitala w celu prawid\u0142owego przekazywania informacji niezb\u0119dnych do rozlicze\u0144 \u015bwiadcze\u0144 zdrowotnych;<\/li><li>Nadz\u00f3r nad prawid\u0142owym rozliczaniem zrealizowanych \u015bwiadcze\u0144 \u2013 dokonywanie szczeg\u00f3\u0142owej weryfikacji udzielonych \u015bwiadcze\u0144 pod k\u0105tem poprawno\u015bci kodowania wg JGP oraz zakwestionowanych i niezap\u0142aconych przez NFZ \u015bwiadcze\u0144;<\/li><li>Wsp\u00f3\u0142praca z NFZ i \u015bwiadczeniodawcami\u00a0 w zakresie\u00a0 wyja\u015bniania przyczyn powsta\u0142ych koincydencji us\u0142ug;<\/li><li>Wystawianie kart diagnostyki i leczenia onkologicznego, organizacja, planowania termin\u00f3w konsyli\u00f3w, nadz\u00f3r nad prawid\u0142owym przebiegiem planu leczenia pacjenta opracowanym przez WZT, bie\u017c\u0105ca weryfikacja i korekty b\u0142\u0119d\u00f3w dotycz\u0105cych rozlicze\u0144 w ramach pakietu onkologicznego;<\/li><li>Zapewnienie przep\u0142ywu informacji na wszystkich etapach terapii, tak aby leczenie by\u0142o dostosowane do indywidualnych potrzeb pacjenta, zapewnienie wsp\u00f3\u0142pracy mi\u0119dzy podmiotami w ramach kompleksowej opieki nad pacjentem, nadz\u00f3r nad dokumentacj\u0105 zwi\u0105zan\u0105\u00a0\u00a0 z kart\u0105 diagnostyki <br \/>i leczenia pacjenta.<\/li><li>Sprawowanie nadzoru nad terminowym przekazywaniem danych dotycz\u0105cych pacjent\u00f3w oczekuj\u0105cych na leczenie do Oddzia\u0142u \u015awi\u0119tokrzyskiego Narodowego Funduszu Zdrowia;<\/li><\/ul><\/div><\/div><\/div><\/div><\/div><\/div>\t\t\t\t\t\t\t\t<\/div>\n\t\t\t\t<\/div>\n\t\t\t\t\t<\/div>\n\t\t<\/div>\n\t\t\t\t<div class=\"elementor-column elementor-col-33 elementor-top-column elementor-element elementor-element-44c3ca2b\" data-id=\"44c3ca2b\" data-element_type=\"column\" data-e-type=\"column\" data-settings=\"{&quot;background_background&quot;:&quot;classic&quot;}\">\n\t\t\t<div class=\"elementor-widget-wrap elementor-element-populated\">\n\t\t\t\t\t\t<div class=\"elementor-element elementor-element-273c97c2 elementor-view-default elementor-widget elementor-widget-icon\" data-id=\"273c97c2\" data-element_type=\"widget\" data-e-type=\"widget\" data-widget_type=\"icon.default\">\n\t\t\t\t<div class=\"elementor-widget-container\">\n\t\t\t\t\t\t\t<div class=\"elementor-icon-wrapper\">\n\t\t\t<div class=\"elementor-icon\">\n\t\t\t<i aria-hidden=\"true\" class=\"fas fa-phone-square\"><\/i>\t\t\t<\/div>\n\t\t<\/div>\n\t\t\t\t\t\t<\/div>\n\t\t\t\t<\/div>\n\t\t\t\t<div class=\"elementor-element elementor-element-9653cb9 elementor-widget elementor-widget-text-editor\" data-id=\"9653cb9\" data-element_type=\"widget\" data-e-type=\"widget\" data-widget_type=\"text-editor.default\">\n\t\t\t\t<div class=\"elementor-widget-container\">\n\t\t\t\t\t\t\t\t\t<p><strong>Lokalizacja Budynek D, II pi\u0119tro<\/strong><\/p><p><strong>Numery bezpo\u015brednie:<\/strong><\/p><p><strong>Szpital:<\/strong>+48 (41) 34 655 45 do 48<\/p><p><b>Numery wewn\u0119trzne:<br \/><\/b><span style=\"font-style: inherit; font-weight: inherit; color: var( --e-global-color-text ); letter-spacing: 0px; background-color: var( --e-global-color-de8f7a7 );\">Kierownik &#8211; <\/span><span style=\"font-style: inherit; color: var( --e-global-color-text ); letter-spacing: 0px; background-color: var( --e-global-color-de8f7a7 );\"><b>310<br \/><\/b><\/span><span style=\"font-style: inherit; font-weight: inherit; color: var( --e-global-color-text ); letter-spacing: 0px; background-color: var( --e-global-color-de8f7a7 );\">Biuro &#8211; <\/span><span style=\"font-style: inherit; color: var( --e-global-color-text ); letter-spacing: 0px; background-color: var( --e-global-color-de8f7a7 );\"><b>160<br \/><\/b><\/span><span style=\"font-style: inherit; font-weight: inherit; color: var( --e-global-color-text ); letter-spacing: 0px; background-color: var( --e-global-color-de8f7a7 );\">Koordynator \u015acie\u017cki Onkologicznej &#8211;<\/span><strong style=\"font-style: inherit; color: var( --e-global-color-text ); letter-spacing: 0px; background-color: var( --e-global-color-de8f7a7 );\"> 195<\/strong><\/p><p><strong>\u00a0<\/strong><\/p>\t\t\t\t\t\t\t\t<\/div>\n\t\t\t\t<\/div>\n\t\t\t\t\t<\/div>\n\t\t<\/div>\n\t\t\t\t\t<\/div>\n\t\t<\/section>\n\t\t\t\t<\/div>\n\t\t","protected":false},"excerpt":{"rendered":"<p>in\u017c. Rafa\u0142 Bator Kierownik Profil kom\u00f3rki Do zada\u0144 Dzia\u0142u Dokumentacji i Rozlicze\u0144 z NFZ nale\u017cy: Przygotowywanie ofert\u00a0 umo\u017cliwiaj\u0105cych zawarcie um\u00f3w o udzielanie \u015bwiadcze\u0144 opieki zdrowotnej z Narodowym Funduszem Zdrowia; Nadzorowanie realizacji um\u00f3w zawartych z NFZ. Sporz\u0105dzanie wniosk\u00f3w do p\u0142atnika dot. zmian w planach rzeczowo-finansowych wp\u0142ywaj\u0105cych na bie\u017c\u0105cy poziom finansowania; Analiza \u015bwiadcze\u0144 zdrowotnych wykonywanych w ramach [&hellip;]<\/p>\n","protected":false},"author":4,"featured_media":0,"parent":0,"menu_order":0,"comment_status":"closed","ping_status":"closed","template":"","meta":{"zakra_page_container_layout":"customizer","zakra_page_sidebar_layout":"customizer","zakra_remove_content_margin":false,"zakra_sidebar":"customizer","zakra_transparent_header":"customizer","zakra_logo":0,"zakra_main_header_style":"default","zakra_menu_item_color":"","zakra_menu_item_hover_color":"","zakra_menu_item_active_color":"","zakra_menu_active_style":"","zakra_page_header":true,"footnotes":""},"class_list":["post-6103","page","type-page","status-publish","hentry"],"yoast_head":"<!-- This site is optimized with the Yoast SEO plugin v27.4 - https:\/\/yoast.com\/product\/yoast-seo-wordpress\/ -->\n<title>Dzia\u0142 Dokumentacji i Rozlicze\u0144 z NFZ - Wojew\u00f3dzki Szpital Specjalistyczny im. \u015aw. Rafa\u0142a w Czerwonej G\u00f3rze<\/title>\n<meta name=\"robots\" content=\"index, follow, max-snippet:-1, max-image-preview:large, max-video-preview:-1\" \/>\n<link rel=\"canonical\" href=\"https:\/\/czerwonagora.pl\/index.php\/dzial-dokumentacji-i-rozliczen-z-nfz\/\" \/>\n<meta property=\"og:locale\" content=\"pl_PL\" \/>\n<meta property=\"og:type\" content=\"article\" \/>\n<meta property=\"og:title\" content=\"Dzia\u0142 Dokumentacji i Rozlicze\u0144 z NFZ - Wojew\u00f3dzki Szpital Specjalistyczny im. \u015aw. Rafa\u0142a w Czerwonej G\u00f3rze\" \/>\n<meta property=\"og:description\" content=\"in\u017c. Rafa\u0142 Bator Kierownik Profil kom\u00f3rki Do zada\u0144 Dzia\u0142u Dokumentacji i Rozlicze\u0144 z NFZ nale\u017cy: Przygotowywanie ofert\u00a0 umo\u017cliwiaj\u0105cych zawarcie um\u00f3w o udzielanie \u015bwiadcze\u0144 opieki zdrowotnej z Narodowym Funduszem Zdrowia; Nadzorowanie realizacji um\u00f3w zawartych z NFZ. Sporz\u0105dzanie wniosk\u00f3w do p\u0142atnika dot. zmian w planach rzeczowo-finansowych wp\u0142ywaj\u0105cych na bie\u017c\u0105cy poziom finansowania; Analiza \u015bwiadcze\u0144 zdrowotnych wykonywanych w ramach [&hellip;]\" \/>\n<meta property=\"og:url\" content=\"https:\/\/czerwonagora.pl\/index.php\/dzial-dokumentacji-i-rozliczen-z-nfz\/\" \/>\n<meta property=\"og:site_name\" content=\"Wojew\u00f3dzki Szpital Specjalistyczny im. \u015aw. Rafa\u0142a w Czerwonej G\u00f3rze\" \/>\n<meta property=\"article:publisher\" content=\"https:\/\/www.facebook.com\/SzpitalCzerwonaGora\/\" \/>\n<meta property=\"article:modified_time\" content=\"2026-02-25T06:37:11+00:00\" \/>\n<meta property=\"og:image\" content=\"https:\/\/czerwonagora.pl\/wp-content\/uploads\/2021\/06\/men_adm-ikona.png\" \/>\n<meta name=\"twitter:card\" content=\"summary_large_image\" \/>\n<meta name=\"twitter:label1\" content=\"Szacowany czas czytania\" \/>\n\t<meta name=\"twitter:data1\" content=\"3 minuty\" \/>\n<script type=\"application\/ld+json\" class=\"yoast-schema-graph\">{\"@context\":\"https:\\\/\\\/schema.org\",\"@graph\":[{\"@type\":\"WebPage\",\"@id\":\"https:\\\/\\\/czerwonagora.pl\\\/index.php\\\/dzial-dokumentacji-i-rozliczen-z-nfz\\\/\",\"url\":\"https:\\\/\\\/czerwonagora.pl\\\/index.php\\\/dzial-dokumentacji-i-rozliczen-z-nfz\\\/\",\"name\":\"Dzia\u0142 Dokumentacji i Rozlicze\u0144 z NFZ - Wojew\u00f3dzki Szpital Specjalistyczny im. \u015aw. Rafa\u0142a w Czerwonej G\u00f3rze\",\"isPartOf\":{\"@id\":\"https:\\\/\\\/czerwonagora.pl\\\/#website\"},\"primaryImageOfPage\":{\"@id\":\"https:\\\/\\\/czerwonagora.pl\\\/index.php\\\/dzial-dokumentacji-i-rozliczen-z-nfz\\\/#primaryimage\"},\"image\":{\"@id\":\"https:\\\/\\\/czerwonagora.pl\\\/index.php\\\/dzial-dokumentacji-i-rozliczen-z-nfz\\\/#primaryimage\"},\"thumbnailUrl\":\"https:\\\/\\\/czerwonagora.pl\\\/wp-content\\\/uploads\\\/2021\\\/06\\\/men_adm-ikona.png\",\"datePublished\":\"2021-06-25T11:54:05+00:00\",\"dateModified\":\"2026-02-25T06:37:11+00:00\",\"breadcrumb\":{\"@id\":\"https:\\\/\\\/czerwonagora.pl\\\/index.php\\\/dzial-dokumentacji-i-rozliczen-z-nfz\\\/#breadcrumb\"},\"inLanguage\":\"pl-PL\",\"potentialAction\":[{\"@type\":\"ReadAction\",\"target\":[\"https:\\\/\\\/czerwonagora.pl\\\/index.php\\\/dzial-dokumentacji-i-rozliczen-z-nfz\\\/\"]}]},{\"@type\":\"ImageObject\",\"inLanguage\":\"pl-PL\",\"@id\":\"https:\\\/\\\/czerwonagora.pl\\\/index.php\\\/dzial-dokumentacji-i-rozliczen-z-nfz\\\/#primaryimage\",\"url\":\"https:\\\/\\\/czerwonagora.pl\\\/wp-content\\\/uploads\\\/2021\\\/06\\\/men_adm-ikona.png\",\"contentUrl\":\"https:\\\/\\\/czerwonagora.pl\\\/wp-content\\\/uploads\\\/2021\\\/06\\\/men_adm-ikona.png\",\"width\":180,\"height\":223,\"caption\":\"t\u0142o koloru zielonego z sylwetk\u0105 m\u0119\u017cczyzny ubranego w ubranie wizytowe koloru czarnego\"},{\"@type\":\"BreadcrumbList\",\"@id\":\"https:\\\/\\\/czerwonagora.pl\\\/index.php\\\/dzial-dokumentacji-i-rozliczen-z-nfz\\\/#breadcrumb\",\"itemListElement\":[{\"@type\":\"ListItem\",\"position\":1,\"name\":\"Strona g\u0142\u00f3wna\",\"item\":\"https:\\\/\\\/czerwonagora.pl\\\/\"},{\"@type\":\"ListItem\",\"position\":2,\"name\":\"Dzia\u0142 Dokumentacji i Rozlicze\u0144 z NFZ\"}]},{\"@type\":\"WebSite\",\"@id\":\"https:\\\/\\\/czerwonagora.pl\\\/#website\",\"url\":\"https:\\\/\\\/czerwonagora.pl\\\/\",\"name\":\"Wojew\u00f3dzki Szpital Specjalistyczny im. \u015aw. Rafa\u0142a w Czerwonej G\u00f3rze\",\"description\":\"Wojew\u00f3dzki Szpital Specjalistyczny im. \u015aw. Rafa\u0142a w Czerwonej G\u00f3rze\",\"publisher\":{\"@id\":\"https:\\\/\\\/czerwonagora.pl\\\/#organization\"},\"potentialAction\":[{\"@type\":\"SearchAction\",\"target\":{\"@type\":\"EntryPoint\",\"urlTemplate\":\"https:\\\/\\\/czerwonagora.pl\\\/?s={search_term_string}\"},\"query-input\":{\"@type\":\"PropertyValueSpecification\",\"valueRequired\":true,\"valueName\":\"search_term_string\"}}],\"inLanguage\":\"pl-PL\"},{\"@type\":\"Organization\",\"@id\":\"https:\\\/\\\/czerwonagora.pl\\\/#organization\",\"name\":\"Wojew\u00f3dzki Szpital Specjalistyczny im. \u015aw. Rafa\u0142a w Czerwonej G\u00f3rze\",\"url\":\"https:\\\/\\\/czerwonagora.pl\\\/\",\"logo\":{\"@type\":\"ImageObject\",\"inLanguage\":\"pl-PL\",\"@id\":\"https:\\\/\\\/czerwonagora.pl\\\/#\\\/schema\\\/logo\\\/image\\\/\",\"url\":\"https:\\\/\\\/czerwonagora.pl\\\/wp-content\\\/uploads\\\/2021\\\/06\\\/Logo-WSS-DUZE-transparentne.png\",\"contentUrl\":\"https:\\\/\\\/czerwonagora.pl\\\/wp-content\\\/uploads\\\/2021\\\/06\\\/Logo-WSS-DUZE-transparentne.png\",\"width\":4210,\"height\":2975,\"caption\":\"Wojew\u00f3dzki Szpital Specjalistyczny im. \u015aw. Rafa\u0142a w Czerwonej G\u00f3rze\"},\"image\":{\"@id\":\"https:\\\/\\\/czerwonagora.pl\\\/#\\\/schema\\\/logo\\\/image\\\/\"},\"sameAs\":[\"https:\\\/\\\/www.facebook.com\\\/SzpitalCzerwonaGora\\\/\"]}]}<\/script>\n<!-- \/ Yoast SEO plugin. -->","yoast_head_json":{"title":"Dzia\u0142 Dokumentacji i Rozlicze\u0144 z NFZ - Wojew\u00f3dzki Szpital Specjalistyczny im. \u015aw. Rafa\u0142a w Czerwonej G\u00f3rze","robots":{"index":"index","follow":"follow","max-snippet":"max-snippet:-1","max-image-preview":"max-image-preview:large","max-video-preview":"max-video-preview:-1"},"canonical":"https:\/\/czerwonagora.pl\/index.php\/dzial-dokumentacji-i-rozliczen-z-nfz\/","og_locale":"pl_PL","og_type":"article","og_title":"Dzia\u0142 Dokumentacji i Rozlicze\u0144 z NFZ - Wojew\u00f3dzki Szpital Specjalistyczny im. \u015aw. Rafa\u0142a w Czerwonej G\u00f3rze","og_description":"in\u017c. Rafa\u0142 Bator Kierownik Profil kom\u00f3rki Do zada\u0144 Dzia\u0142u Dokumentacji i Rozlicze\u0144 z NFZ nale\u017cy: Przygotowywanie ofert\u00a0 umo\u017cliwiaj\u0105cych zawarcie um\u00f3w o udzielanie \u015bwiadcze\u0144 opieki zdrowotnej z Narodowym Funduszem Zdrowia; Nadzorowanie realizacji um\u00f3w zawartych z NFZ. Sporz\u0105dzanie wniosk\u00f3w do p\u0142atnika dot. zmian w planach rzeczowo-finansowych wp\u0142ywaj\u0105cych na bie\u017c\u0105cy poziom finansowania; Analiza \u015bwiadcze\u0144 zdrowotnych wykonywanych w ramach [&hellip;]","og_url":"https:\/\/czerwonagora.pl\/index.php\/dzial-dokumentacji-i-rozliczen-z-nfz\/","og_site_name":"Wojew\u00f3dzki Szpital Specjalistyczny im. \u015aw. Rafa\u0142a w Czerwonej G\u00f3rze","article_publisher":"https:\/\/www.facebook.com\/SzpitalCzerwonaGora\/","article_modified_time":"2026-02-25T06:37:11+00:00","og_image":[{"url":"https:\/\/czerwonagora.pl\/wp-content\/uploads\/2021\/06\/men_adm-ikona.png","type":"","width":"","height":""}],"twitter_card":"summary_large_image","twitter_misc":{"Szacowany czas czytania":"3 minuty"},"schema":{"@context":"https:\/\/schema.org","@graph":[{"@type":"WebPage","@id":"https:\/\/czerwonagora.pl\/index.php\/dzial-dokumentacji-i-rozliczen-z-nfz\/","url":"https:\/\/czerwonagora.pl\/index.php\/dzial-dokumentacji-i-rozliczen-z-nfz\/","name":"Dzia\u0142 Dokumentacji i Rozlicze\u0144 z NFZ - Wojew\u00f3dzki Szpital Specjalistyczny im. \u015aw. Rafa\u0142a w Czerwonej G\u00f3rze","isPartOf":{"@id":"https:\/\/czerwonagora.pl\/#website"},"primaryImageOfPage":{"@id":"https:\/\/czerwonagora.pl\/index.php\/dzial-dokumentacji-i-rozliczen-z-nfz\/#primaryimage"},"image":{"@id":"https:\/\/czerwonagora.pl\/index.php\/dzial-dokumentacji-i-rozliczen-z-nfz\/#primaryimage"},"thumbnailUrl":"https:\/\/czerwonagora.pl\/wp-content\/uploads\/2021\/06\/men_adm-ikona.png","datePublished":"2021-06-25T11:54:05+00:00","dateModified":"2026-02-25T06:37:11+00:00","breadcrumb":{"@id":"https:\/\/czerwonagora.pl\/index.php\/dzial-dokumentacji-i-rozliczen-z-nfz\/#breadcrumb"},"inLanguage":"pl-PL","potentialAction":[{"@type":"ReadAction","target":["https:\/\/czerwonagora.pl\/index.php\/dzial-dokumentacji-i-rozliczen-z-nfz\/"]}]},{"@type":"ImageObject","inLanguage":"pl-PL","@id":"https:\/\/czerwonagora.pl\/index.php\/dzial-dokumentacji-i-rozliczen-z-nfz\/#primaryimage","url":"https:\/\/czerwonagora.pl\/wp-content\/uploads\/2021\/06\/men_adm-ikona.png","contentUrl":"https:\/\/czerwonagora.pl\/wp-content\/uploads\/2021\/06\/men_adm-ikona.png","width":180,"height":223,"caption":"t\u0142o koloru zielonego z sylwetk\u0105 m\u0119\u017cczyzny ubranego w ubranie wizytowe koloru czarnego"},{"@type":"BreadcrumbList","@id":"https:\/\/czerwonagora.pl\/index.php\/dzial-dokumentacji-i-rozliczen-z-nfz\/#breadcrumb","itemListElement":[{"@type":"ListItem","position":1,"name":"Strona g\u0142\u00f3wna","item":"https:\/\/czerwonagora.pl\/"},{"@type":"ListItem","position":2,"name":"Dzia\u0142 Dokumentacji i Rozlicze\u0144 z NFZ"}]},{"@type":"WebSite","@id":"https:\/\/czerwonagora.pl\/#website","url":"https:\/\/czerwonagora.pl\/","name":"Wojew\u00f3dzki Szpital Specjalistyczny im. \u015aw. Rafa\u0142a w Czerwonej G\u00f3rze","description":"Wojew\u00f3dzki Szpital Specjalistyczny im. \u015aw. Rafa\u0142a w Czerwonej G\u00f3rze","publisher":{"@id":"https:\/\/czerwonagora.pl\/#organization"},"potentialAction":[{"@type":"SearchAction","target":{"@type":"EntryPoint","urlTemplate":"https:\/\/czerwonagora.pl\/?s={search_term_string}"},"query-input":{"@type":"PropertyValueSpecification","valueRequired":true,"valueName":"search_term_string"}}],"inLanguage":"pl-PL"},{"@type":"Organization","@id":"https:\/\/czerwonagora.pl\/#organization","name":"Wojew\u00f3dzki Szpital Specjalistyczny im. \u015aw. Rafa\u0142a w Czerwonej G\u00f3rze","url":"https:\/\/czerwonagora.pl\/","logo":{"@type":"ImageObject","inLanguage":"pl-PL","@id":"https:\/\/czerwonagora.pl\/#\/schema\/logo\/image\/","url":"https:\/\/czerwonagora.pl\/wp-content\/uploads\/2021\/06\/Logo-WSS-DUZE-transparentne.png","contentUrl":"https:\/\/czerwonagora.pl\/wp-content\/uploads\/2021\/06\/Logo-WSS-DUZE-transparentne.png","width":4210,"height":2975,"caption":"Wojew\u00f3dzki Szpital Specjalistyczny im. \u015aw. Rafa\u0142a w Czerwonej G\u00f3rze"},"image":{"@id":"https:\/\/czerwonagora.pl\/#\/schema\/logo\/image\/"},"sameAs":["https:\/\/www.facebook.com\/SzpitalCzerwonaGora\/"]}]}},"publishpress_future_action":{"enabled":false,"date":"2026-05-08 19:26:23","action":"change-status","newStatus":"draft","terms":[],"taxonomy":"","extraData":[]},"publishpress_future_workflow_manual_trigger":{"enabledWorkflows":[]},"_links":{"self":[{"href":"https:\/\/czerwonagora.pl\/index.php\/wp-json\/wp\/v2\/pages\/6103","targetHints":{"allow":["GET"]}}],"collection":[{"href":"https:\/\/czerwonagora.pl\/index.php\/wp-json\/wp\/v2\/pages"}],"about":[{"href":"https:\/\/czerwonagora.pl\/index.php\/wp-json\/wp\/v2\/types\/page"}],"author":[{"embeddable":true,"href":"https:\/\/czerwonagora.pl\/index.php\/wp-json\/wp\/v2\/users\/4"}],"replies":[{"embeddable":true,"href":"https:\/\/czerwonagora.pl\/index.php\/wp-json\/wp\/v2\/comments?post=6103"}],"version-history":[{"count":106,"href":"https:\/\/czerwonagora.pl\/index.php\/wp-json\/wp\/v2\/pages\/6103\/revisions"}],"predecessor-version":[{"id":31248,"href":"https:\/\/czerwonagora.pl\/index.php\/wp-json\/wp\/v2\/pages\/6103\/revisions\/31248"}],"wp:attachment":[{"href":"https:\/\/czerwonagora.pl\/index.php\/wp-json\/wp\/v2\/media?parent=6103"}],"curies":[{"name":"wp","href":"https:\/\/api.w.org\/{rel}","templated":true}]}}