{"id":6155,"date":"2021-06-25T14:20:50","date_gmt":"2021-06-25T12:20:50","guid":{"rendered":"https:\/\/czerwonagora.pl\/?page_id=6155"},"modified":"2025-03-24T08:17:04","modified_gmt":"2025-03-24T07:17:04","slug":"sekcja-ds-osobowych","status":"publish","type":"page","link":"https:\/\/czerwonagora.pl\/index.php\/sekcja-ds-osobowych\/","title":{"rendered":"Dzia\u0142 Kadr"},"content":{"rendered":"\t\t<div data-elementor-type=\"wp-page\" data-elementor-id=\"6155\" class=\"elementor elementor-6155\">\n\t\t\t\t\t\t<section class=\"elementor-section elementor-top-section elementor-element elementor-element-241a24b0 elementor-section-stretched elementor-section-boxed elementor-section-height-default elementor-section-height-default elementor-invisible\" data-id=\"241a24b0\" data-element_type=\"section\" data-e-type=\"section\" data-settings=\"{&quot;stretch_section&quot;:&quot;section-stretched&quot;,&quot;animation&quot;:&quot;fadeIn&quot;,&quot;animation_delay&quot;:200}\">\n\t\t\t\t\t\t\t<div class=\"elementor-background-overlay\"><\/div>\n\t\t\t\t\t\t\t<div class=\"elementor-container elementor-column-gap-no\">\n\t\t\t\t\t<div class=\"elementor-column elementor-col-100 elementor-top-column elementor-element elementor-element-4995071a\" data-id=\"4995071a\" data-element_type=\"column\" data-e-type=\"column\">\n\t\t\t<div class=\"elementor-widget-wrap elementor-element-populated\">\n\t\t\t\t\t\t<div class=\"elementor-element elementor-element-2e780d33 elementor-position-top elementor-invisible elementor-widget elementor-widget-image-box\" data-id=\"2e780d33\" data-element_type=\"widget\" data-e-type=\"widget\" data-settings=\"{&quot;_animation&quot;:&quot;fadeIn&quot;}\" data-widget_type=\"image-box.default\">\n\t\t\t\t<div class=\"elementor-widget-container\">\n\t\t\t\t\t<div class=\"elementor-image-box-wrapper\"><figure class=\"elementor-image-box-img\"><img decoding=\"async\" width=\"180\" height=\"223\" src=\"https:\/\/czerwonagora.pl\/wp-content\/uploads\/2021\/06\/woman_adm-ikona.png\" class=\"attachment-full size-full wp-image-7903\" alt=\"t\u0142o koloru zielone z sylwetk\u0105 kobiety ubran\u0105 w ubranie wizytowe koloru niebieskiego\" \/><\/figure><div class=\"elementor-image-box-content\"><h1 class=\"elementor-image-box-title\">mgr Katarzyna Resztak<\/h1><p class=\"elementor-image-box-description\">Kierownik Dzia\u0142u Kadr<\/p><\/div><\/div>\t\t\t\t<\/div>\n\t\t\t\t<\/div>\n\t\t\t\t<div class=\"elementor-element elementor-element-130533c0 elementor-widget-divider--view-line elementor-widget elementor-widget-divider\" data-id=\"130533c0\" data-element_type=\"widget\" data-e-type=\"widget\" data-widget_type=\"divider.default\">\n\t\t\t\t<div class=\"elementor-widget-container\">\n\t\t\t\t\t\t\t<div class=\"elementor-divider\">\n\t\t\t<span class=\"elementor-divider-separator\">\n\t\t\t\t\t\t<\/span>\n\t\t<\/div>\n\t\t\t\t\t\t<\/div>\n\t\t\t\t<\/div>\n\t\t\t\t\t<\/div>\n\t\t<\/div>\n\t\t\t\t\t<\/div>\n\t\t<\/section>\n\t\t\t\t<section class=\"elementor-section elementor-top-section elementor-element elementor-element-10bf31e4 elementor-section-stretched elementor-section-boxed elementor-section-height-default elementor-section-height-default\" data-id=\"10bf31e4\" data-element_type=\"section\" data-e-type=\"section\" data-settings=\"{&quot;stretch_section&quot;:&quot;section-stretched&quot;}\">\n\t\t\t\t\t\t<div class=\"elementor-container elementor-column-gap-default\">\n\t\t\t\t\t<div class=\"elementor-column elementor-col-66 elementor-top-column elementor-element elementor-element-64d491a1\" data-id=\"64d491a1\" data-element_type=\"column\" data-e-type=\"column\">\n\t\t\t<div class=\"elementor-widget-wrap elementor-element-populated\">\n\t\t\t\t\t\t<div class=\"elementor-element elementor-element-7ea2e742 elementor-widget elementor-widget-text-editor\" data-id=\"7ea2e742\" data-element_type=\"widget\" data-e-type=\"widget\" data-widget_type=\"text-editor.default\">\n\t\t\t\t<div class=\"elementor-widget-container\">\n\t\t\t\t\t\t\t\t\t<div class=\"sppb-col-md-8\">\n<div id=\"column-id-1505722456361\" class=\"sppb-column\">\n<div class=\"sppb-column-addons\">\n<div id=\"sppb-addon-1505722456365\" class=\"clearfix\">\n<div class=\"sppb-addon sppb-addon-text-block sppb-text-left \">\n<div class=\"sppb-addon-content\">\n<h4><strong>Profil kom\u00f3rki<\/strong><\/h4>\n<p>Do zada\u0144 Dzia\u0142u Kadr nale\u017cy:<\/p>\n<ul>\n<li>zak\u0142adanie i prowadzenie akt osobowych pracownik\u00f3w,<\/li>\n<li>sporz\u0105dzanie kompletnej dokumentacji zwi\u0105zanej z nawi\u0105zywaniem i rozwi\u0105zywaniem um\u00f3w o pracy<\/li>\n<li>przygotowywanie projekt\u00f3w um\u00f3w w tym um\u00f3w cywilno \u2013 prawnych,<\/li>\n<li>przygotowywanie, ewidencjonowanie i potwierdzanie zgodno\u015bci odbytych delegacji s\u0142u\u017cbowych,<\/li>\n<li>prowadzenie ewidencji czasu pracy pracownik\u00f3w,<\/li>\n<li>prowadzenie ewidencji absencji pracownik\u00f3w,<\/li>\n<li>opracowywanie projekt\u00f3w wewn\u0119trznych akt\u00f3w normatywnych zwi\u0105zanych z realizowanym przez Sekcj\u0119 procesem zarz\u0105dzania zasobami ludzkimi,<\/li>\n<li>sprawdzanie zgodno\u015bci opracowywanych przez kom\u00f3rki organizacyjne harmonogram\u00f3w pracy <br>z zawartymi umowami i obowi\u0105zuj\u0105cymi przepisami prawnymi.<\/li>\n<li>sprawdzanie pod wzgl\u0119dem zgodno\u015bci z zawartymi umowami rachunk\u00f3w przedstawianych do zap\u0142aty.<\/li>\n<li>organizacja i przeprowadzanie systematycznych ocen pracownik\u00f3w,<\/li>\n<li>opracowywanie projekt\u00f3w regulamin\u00f3w: pracy, wynagradzania oraz zak\u0142adowego funduszu \u015bwiadcze\u0144 socjalnych w oparciu o obowi\u0105zuj\u0105ce w tym zakresie przepisy prawne,<\/li>\n<li>kontrolowanie termin\u00f3w bada\u0144 lekarskich i kierowanie pracownik\u00f3w na badania profilaktyczne,<\/li>\n<li>prowadzenie dziennika korespondencyjnego Sekcji,<\/li>\n<li>przygotowywanie i wydawanie identyfikator\u00f3w pracownikom,<\/li>\n<li>przeprowadzanie okresowych kontroli w zakresie przestrzegania przez pracownik\u00f3w dyscypliny pracy,<\/li>\n<li>opracowywanie, na zlecenie prze\u0142o\u017conych, analiz dotycz\u0105cych zatrudnienia,<\/li>\n<li>prowadzenie spraw zwi\u0105zanych z Zak\u0142adowym Funduszem \u015awiadcze\u0144 Socjalnych,<\/li>\n<li>bie\u017c\u0105ce informowanie kierownik\u00f3w kom\u00f3rek organizacyjnych o zmianach nast\u0119puj\u0105cych w prawie pracy,<\/li>\n<li>prowadzenie statystyki publicznej oraz sprawozdawczo\u015bci wymaganej przez organy zewn\u0119trzne,<\/li>\n<li>prowadzenia spraw zwi\u0105zanych z kszta\u0142ceniem zawodowym pracownik\u00f3w, odbywaniem sta\u017cy specjalizacyjnych i podyplomowych oraz praktyk zawodowych odbywanych na podstawie um\u00f3w,<\/li>\n<li>wsp\u00f3\u0142praca z organami administracji pa\u0144stwowej w zakresie i na zasadach uregulowanych przepisami nadrz\u0119dnymi,<\/li>\n<li>prowadzenie spraw zwi\u0105zanych z reklamowaniem pracownik\u00f3w Szpitala od obowi\u0105zku pe\u0142nienia czynnej s\u0142u\u017cby wojskowej w razie og\u0142oszenia mobilizacji i czasie wojny, wsp\u00f3\u0142praca w tym zakresie <br>z Inspektorem ds. obronnych i obrony cywilnej.<\/li>\n<\/ul>\n<p>W celu skutecznego wykonywania dzia\u0142alno\u015bci statutowej Dzia\u0142 Kadr wsp\u00f3\u0142pracuje z innymi kom\u00f3rkami organizacyjnymi WSS.<\/p>\n<\/div>\n<\/div>\n<\/div>\n<\/div>\n<\/div>\n<\/div>\t\t\t\t\t\t\t\t<\/div>\n\t\t\t\t<\/div>\n\t\t\t\t\t<\/div>\n\t\t<\/div>\n\t\t\t\t<div class=\"elementor-column elementor-col-33 elementor-top-column elementor-element elementor-element-729cb43\" data-id=\"729cb43\" data-element_type=\"column\" data-e-type=\"column\" data-settings=\"{&quot;background_background&quot;:&quot;classic&quot;}\">\n\t\t\t<div class=\"elementor-widget-wrap elementor-element-populated\">\n\t\t\t\t\t\t<div class=\"elementor-element elementor-element-330098a5 elementor-view-default elementor-widget elementor-widget-icon\" data-id=\"330098a5\" data-element_type=\"widget\" data-e-type=\"widget\" data-widget_type=\"icon.default\">\n\t\t\t\t<div class=\"elementor-widget-container\">\n\t\t\t\t\t\t\t<div class=\"elementor-icon-wrapper\">\n\t\t\t<div class=\"elementor-icon\">\n\t\t\t<i aria-hidden=\"true\" class=\"fas fa-phone-square\"><\/i>\t\t\t<\/div>\n\t\t<\/div>\n\t\t\t\t\t\t<\/div>\n\t\t\t\t<\/div>\n\t\t\t\t<div class=\"elementor-element elementor-element-76bfd419 elementor-widget elementor-widget-text-editor\" data-id=\"76bfd419\" data-element_type=\"widget\" data-e-type=\"widget\" data-widget_type=\"text-editor.default\">\n\t\t\t\t<div class=\"elementor-widget-container\">\n\t\t\t\t\t\t\t\t\t<div id=\"sppb-addon-1505722456368\" class=\"clearfix\"><div class=\"sppb-addon sppb-addon-text-block sppb-text-left \"><div class=\"sppb-addon-content\"><p><strong>Lokalizacja Budynek D, IV pi\u0119tro\u00a0<\/strong><\/p><p><strong>Numery bezpo\u015brednie:<\/strong><\/p><p><strong>Szpital: <\/strong>+48 (41) 34 655 45 do 48<\/p><p><strong>Numery wewn\u0119trzne:<\/strong><\/p><p>Kierownik &#8211; <b>230<br \/><\/b><span style=\"font-style: inherit; font-weight: inherit; color: var( --e-global-color-text ); letter-spacing: 0px; background-color: var( --e-global-color-de8f7a7 );\">Dzia\u0142 Kadr &#8211; <\/span><strong style=\"font-style: inherit; color: var( --e-global-color-text ); letter-spacing: 0px; background-color: var( --e-global-color-de8f7a7 );\">123<br \/><\/strong>Nr. kom\u00f3rkowy &#8211;<strong style=\"font-style: inherit; color: var( --e-global-color-text ); letter-spacing: 0px; background-color: var( --e-global-color-de8f7a7 );\"> 607 508 083<br \/><\/strong><\/p><\/div><\/div><\/div>\t\t\t\t\t\t\t\t<\/div>\n\t\t\t\t<\/div>\n\t\t\t\t\t<\/div>\n\t\t<\/div>\n\t\t\t\t\t<\/div>\n\t\t<\/section>\n\t\t\t\t<\/div>\n\t\t","protected":false},"excerpt":{"rendered":"<p>mgr Katarzyna Resztak Kierownik Dzia\u0142u Kadr Profil kom\u00f3rki Do zada\u0144 Dzia\u0142u Kadr nale\u017cy: zak\u0142adanie i prowadzenie akt osobowych pracownik\u00f3w, sporz\u0105dzanie kompletnej dokumentacji zwi\u0105zanej z nawi\u0105zywaniem i rozwi\u0105zywaniem um\u00f3w o pracy przygotowywanie projekt\u00f3w um\u00f3w w tym um\u00f3w cywilno \u2013 prawnych, przygotowywanie, ewidencjonowanie i potwierdzanie zgodno\u015bci odbytych delegacji s\u0142u\u017cbowych, prowadzenie ewidencji czasu pracy pracownik\u00f3w, prowadzenie ewidencji absencji [&hellip;]<\/p>\n","protected":false},"author":4,"featured_media":0,"parent":0,"menu_order":0,"comment_status":"closed","ping_status":"closed","template":"","meta":{"zakra_page_container_layout":"customizer","zakra_page_sidebar_layout":"customizer","zakra_remove_content_margin":false,"zakra_sidebar":"customizer","zakra_transparent_header":"customizer","zakra_logo":0,"zakra_main_header_style":"default","zakra_menu_item_color":"","zakra_menu_item_hover_color":"","zakra_menu_item_active_color":"","zakra_menu_active_style":"","zakra_page_header":true,"footnotes":""},"class_list":["post-6155","page","type-page","status-publish","hentry"],"yoast_head":"<!-- This site is optimized with the Yoast SEO plugin v27.4 - https:\/\/yoast.com\/product\/yoast-seo-wordpress\/ -->\n<title>Dzia\u0142 Kadr - Wojew\u00f3dzki Szpital Specjalistyczny im. \u015aw. Rafa\u0142a w Czerwonej G\u00f3rze<\/title>\n<meta name=\"robots\" content=\"index, follow, max-snippet:-1, max-image-preview:large, max-video-preview:-1\" \/>\n<link rel=\"canonical\" href=\"https:\/\/czerwonagora.pl\/index.php\/sekcja-ds-osobowych\/\" \/>\n<meta property=\"og:locale\" content=\"pl_PL\" \/>\n<meta property=\"og:type\" content=\"article\" \/>\n<meta property=\"og:title\" content=\"Dzia\u0142 Kadr - Wojew\u00f3dzki Szpital Specjalistyczny im. \u015aw. Rafa\u0142a w Czerwonej G\u00f3rze\" \/>\n<meta property=\"og:description\" content=\"mgr Katarzyna Resztak Kierownik Dzia\u0142u Kadr Profil kom\u00f3rki Do zada\u0144 Dzia\u0142u Kadr nale\u017cy: zak\u0142adanie i prowadzenie akt osobowych pracownik\u00f3w, sporz\u0105dzanie kompletnej dokumentacji zwi\u0105zanej z nawi\u0105zywaniem i rozwi\u0105zywaniem um\u00f3w o pracy przygotowywanie projekt\u00f3w um\u00f3w w tym um\u00f3w cywilno \u2013 prawnych, przygotowywanie, ewidencjonowanie i potwierdzanie zgodno\u015bci odbytych delegacji s\u0142u\u017cbowych, prowadzenie ewidencji czasu pracy pracownik\u00f3w, prowadzenie ewidencji absencji [&hellip;]\" \/>\n<meta property=\"og:url\" content=\"https:\/\/czerwonagora.pl\/index.php\/sekcja-ds-osobowych\/\" \/>\n<meta property=\"og:site_name\" content=\"Wojew\u00f3dzki Szpital Specjalistyczny im. \u015aw. Rafa\u0142a w Czerwonej G\u00f3rze\" \/>\n<meta property=\"article:publisher\" content=\"https:\/\/www.facebook.com\/SzpitalCzerwonaGora\/\" \/>\n<meta property=\"article:modified_time\" content=\"2025-03-24T07:17:04+00:00\" \/>\n<meta property=\"og:image\" content=\"https:\/\/czerwonagora.pl\/wp-content\/uploads\/2021\/06\/woman_adm-ikona.png\" \/>\n\t<meta property=\"og:image:width\" content=\"180\" \/>\n\t<meta property=\"og:image:height\" content=\"223\" \/>\n\t<meta property=\"og:image:type\" content=\"image\/png\" \/>\n<meta name=\"twitter:card\" content=\"summary_large_image\" \/>\n<meta name=\"twitter:label1\" content=\"Szacowany czas czytania\" \/>\n\t<meta name=\"twitter:data1\" content=\"2 minuty\" \/>\n<script type=\"application\/ld+json\" class=\"yoast-schema-graph\">{\"@context\":\"https:\\\/\\\/schema.org\",\"@graph\":[{\"@type\":\"WebPage\",\"@id\":\"https:\\\/\\\/czerwonagora.pl\\\/index.php\\\/sekcja-ds-osobowych\\\/\",\"url\":\"https:\\\/\\\/czerwonagora.pl\\\/index.php\\\/sekcja-ds-osobowych\\\/\",\"name\":\"Dzia\u0142 Kadr - Wojew\u00f3dzki Szpital Specjalistyczny im. \u015aw. Rafa\u0142a w Czerwonej G\u00f3rze\",\"isPartOf\":{\"@id\":\"https:\\\/\\\/czerwonagora.pl\\\/#website\"},\"primaryImageOfPage\":{\"@id\":\"https:\\\/\\\/czerwonagora.pl\\\/index.php\\\/sekcja-ds-osobowych\\\/#primaryimage\"},\"image\":{\"@id\":\"https:\\\/\\\/czerwonagora.pl\\\/index.php\\\/sekcja-ds-osobowych\\\/#primaryimage\"},\"thumbnailUrl\":\"https:\\\/\\\/czerwonagora.pl\\\/wp-content\\\/uploads\\\/2021\\\/06\\\/woman_adm-ikona.png\",\"datePublished\":\"2021-06-25T12:20:50+00:00\",\"dateModified\":\"2025-03-24T07:17:04+00:00\",\"breadcrumb\":{\"@id\":\"https:\\\/\\\/czerwonagora.pl\\\/index.php\\\/sekcja-ds-osobowych\\\/#breadcrumb\"},\"inLanguage\":\"pl-PL\",\"potentialAction\":[{\"@type\":\"ReadAction\",\"target\":[\"https:\\\/\\\/czerwonagora.pl\\\/index.php\\\/sekcja-ds-osobowych\\\/\"]}]},{\"@type\":\"ImageObject\",\"inLanguage\":\"pl-PL\",\"@id\":\"https:\\\/\\\/czerwonagora.pl\\\/index.php\\\/sekcja-ds-osobowych\\\/#primaryimage\",\"url\":\"https:\\\/\\\/czerwonagora.pl\\\/wp-content\\\/uploads\\\/2021\\\/06\\\/woman_adm-ikona.png\",\"contentUrl\":\"https:\\\/\\\/czerwonagora.pl\\\/wp-content\\\/uploads\\\/2021\\\/06\\\/woman_adm-ikona.png\",\"width\":180,\"height\":223,\"caption\":\"t\u0142o koloru zielone z sylwetk\u0105 kobiety ubran\u0105 w ubranie wizytowe koloru niebieskiego\"},{\"@type\":\"BreadcrumbList\",\"@id\":\"https:\\\/\\\/czerwonagora.pl\\\/index.php\\\/sekcja-ds-osobowych\\\/#breadcrumb\",\"itemListElement\":[{\"@type\":\"ListItem\",\"position\":1,\"name\":\"Strona g\u0142\u00f3wna\",\"item\":\"https:\\\/\\\/czerwonagora.pl\\\/\"},{\"@type\":\"ListItem\",\"position\":2,\"name\":\"Dzia\u0142 Kadr\"}]},{\"@type\":\"WebSite\",\"@id\":\"https:\\\/\\\/czerwonagora.pl\\\/#website\",\"url\":\"https:\\\/\\\/czerwonagora.pl\\\/\",\"name\":\"Wojew\u00f3dzki Szpital Specjalistyczny im. \u015aw. Rafa\u0142a w Czerwonej G\u00f3rze\",\"description\":\"Wojew\u00f3dzki Szpital Specjalistyczny im. \u015aw. Rafa\u0142a w Czerwonej G\u00f3rze\",\"publisher\":{\"@id\":\"https:\\\/\\\/czerwonagora.pl\\\/#organization\"},\"potentialAction\":[{\"@type\":\"SearchAction\",\"target\":{\"@type\":\"EntryPoint\",\"urlTemplate\":\"https:\\\/\\\/czerwonagora.pl\\\/?s={search_term_string}\"},\"query-input\":{\"@type\":\"PropertyValueSpecification\",\"valueRequired\":true,\"valueName\":\"search_term_string\"}}],\"inLanguage\":\"pl-PL\"},{\"@type\":\"Organization\",\"@id\":\"https:\\\/\\\/czerwonagora.pl\\\/#organization\",\"name\":\"Wojew\u00f3dzki Szpital Specjalistyczny im. \u015aw. Rafa\u0142a w Czerwonej G\u00f3rze\",\"url\":\"https:\\\/\\\/czerwonagora.pl\\\/\",\"logo\":{\"@type\":\"ImageObject\",\"inLanguage\":\"pl-PL\",\"@id\":\"https:\\\/\\\/czerwonagora.pl\\\/#\\\/schema\\\/logo\\\/image\\\/\",\"url\":\"https:\\\/\\\/czerwonagora.pl\\\/wp-content\\\/uploads\\\/2021\\\/06\\\/Logo-WSS-DUZE-transparentne.png\",\"contentUrl\":\"https:\\\/\\\/czerwonagora.pl\\\/wp-content\\\/uploads\\\/2021\\\/06\\\/Logo-WSS-DUZE-transparentne.png\",\"width\":4210,\"height\":2975,\"caption\":\"Wojew\u00f3dzki Szpital Specjalistyczny im. \u015aw. Rafa\u0142a w Czerwonej G\u00f3rze\"},\"image\":{\"@id\":\"https:\\\/\\\/czerwonagora.pl\\\/#\\\/schema\\\/logo\\\/image\\\/\"},\"sameAs\":[\"https:\\\/\\\/www.facebook.com\\\/SzpitalCzerwonaGora\\\/\"]}]}<\/script>\n<!-- \/ Yoast SEO plugin. -->","yoast_head_json":{"title":"Dzia\u0142 Kadr - Wojew\u00f3dzki Szpital Specjalistyczny im. \u015aw. Rafa\u0142a w Czerwonej G\u00f3rze","robots":{"index":"index","follow":"follow","max-snippet":"max-snippet:-1","max-image-preview":"max-image-preview:large","max-video-preview":"max-video-preview:-1"},"canonical":"https:\/\/czerwonagora.pl\/index.php\/sekcja-ds-osobowych\/","og_locale":"pl_PL","og_type":"article","og_title":"Dzia\u0142 Kadr - Wojew\u00f3dzki Szpital Specjalistyczny im. \u015aw. Rafa\u0142a w Czerwonej G\u00f3rze","og_description":"mgr Katarzyna Resztak Kierownik Dzia\u0142u Kadr Profil kom\u00f3rki Do zada\u0144 Dzia\u0142u Kadr nale\u017cy: zak\u0142adanie i prowadzenie akt osobowych pracownik\u00f3w, sporz\u0105dzanie kompletnej dokumentacji zwi\u0105zanej z nawi\u0105zywaniem i rozwi\u0105zywaniem um\u00f3w o pracy przygotowywanie projekt\u00f3w um\u00f3w w tym um\u00f3w cywilno \u2013 prawnych, przygotowywanie, ewidencjonowanie i potwierdzanie zgodno\u015bci odbytych delegacji s\u0142u\u017cbowych, prowadzenie ewidencji czasu pracy pracownik\u00f3w, prowadzenie ewidencji absencji [&hellip;]","og_url":"https:\/\/czerwonagora.pl\/index.php\/sekcja-ds-osobowych\/","og_site_name":"Wojew\u00f3dzki Szpital Specjalistyczny im. \u015aw. Rafa\u0142a w Czerwonej G\u00f3rze","article_publisher":"https:\/\/www.facebook.com\/SzpitalCzerwonaGora\/","article_modified_time":"2025-03-24T07:17:04+00:00","og_image":[{"width":180,"height":223,"url":"https:\/\/czerwonagora.pl\/wp-content\/uploads\/2021\/06\/woman_adm-ikona.png","type":"image\/png"}],"twitter_card":"summary_large_image","twitter_misc":{"Szacowany czas czytania":"2 minuty"},"schema":{"@context":"https:\/\/schema.org","@graph":[{"@type":"WebPage","@id":"https:\/\/czerwonagora.pl\/index.php\/sekcja-ds-osobowych\/","url":"https:\/\/czerwonagora.pl\/index.php\/sekcja-ds-osobowych\/","name":"Dzia\u0142 Kadr - Wojew\u00f3dzki Szpital Specjalistyczny im. \u015aw. Rafa\u0142a w Czerwonej G\u00f3rze","isPartOf":{"@id":"https:\/\/czerwonagora.pl\/#website"},"primaryImageOfPage":{"@id":"https:\/\/czerwonagora.pl\/index.php\/sekcja-ds-osobowych\/#primaryimage"},"image":{"@id":"https:\/\/czerwonagora.pl\/index.php\/sekcja-ds-osobowych\/#primaryimage"},"thumbnailUrl":"https:\/\/czerwonagora.pl\/wp-content\/uploads\/2021\/06\/woman_adm-ikona.png","datePublished":"2021-06-25T12:20:50+00:00","dateModified":"2025-03-24T07:17:04+00:00","breadcrumb":{"@id":"https:\/\/czerwonagora.pl\/index.php\/sekcja-ds-osobowych\/#breadcrumb"},"inLanguage":"pl-PL","potentialAction":[{"@type":"ReadAction","target":["https:\/\/czerwonagora.pl\/index.php\/sekcja-ds-osobowych\/"]}]},{"@type":"ImageObject","inLanguage":"pl-PL","@id":"https:\/\/czerwonagora.pl\/index.php\/sekcja-ds-osobowych\/#primaryimage","url":"https:\/\/czerwonagora.pl\/wp-content\/uploads\/2021\/06\/woman_adm-ikona.png","contentUrl":"https:\/\/czerwonagora.pl\/wp-content\/uploads\/2021\/06\/woman_adm-ikona.png","width":180,"height":223,"caption":"t\u0142o koloru zielone z sylwetk\u0105 kobiety ubran\u0105 w ubranie wizytowe koloru niebieskiego"},{"@type":"BreadcrumbList","@id":"https:\/\/czerwonagora.pl\/index.php\/sekcja-ds-osobowych\/#breadcrumb","itemListElement":[{"@type":"ListItem","position":1,"name":"Strona g\u0142\u00f3wna","item":"https:\/\/czerwonagora.pl\/"},{"@type":"ListItem","position":2,"name":"Dzia\u0142 Kadr"}]},{"@type":"WebSite","@id":"https:\/\/czerwonagora.pl\/#website","url":"https:\/\/czerwonagora.pl\/","name":"Wojew\u00f3dzki Szpital Specjalistyczny im. \u015aw. Rafa\u0142a w Czerwonej G\u00f3rze","description":"Wojew\u00f3dzki Szpital Specjalistyczny im. \u015aw. Rafa\u0142a w Czerwonej G\u00f3rze","publisher":{"@id":"https:\/\/czerwonagora.pl\/#organization"},"potentialAction":[{"@type":"SearchAction","target":{"@type":"EntryPoint","urlTemplate":"https:\/\/czerwonagora.pl\/?s={search_term_string}"},"query-input":{"@type":"PropertyValueSpecification","valueRequired":true,"valueName":"search_term_string"}}],"inLanguage":"pl-PL"},{"@type":"Organization","@id":"https:\/\/czerwonagora.pl\/#organization","name":"Wojew\u00f3dzki Szpital Specjalistyczny im. \u015aw. Rafa\u0142a w Czerwonej G\u00f3rze","url":"https:\/\/czerwonagora.pl\/","logo":{"@type":"ImageObject","inLanguage":"pl-PL","@id":"https:\/\/czerwonagora.pl\/#\/schema\/logo\/image\/","url":"https:\/\/czerwonagora.pl\/wp-content\/uploads\/2021\/06\/Logo-WSS-DUZE-transparentne.png","contentUrl":"https:\/\/czerwonagora.pl\/wp-content\/uploads\/2021\/06\/Logo-WSS-DUZE-transparentne.png","width":4210,"height":2975,"caption":"Wojew\u00f3dzki Szpital Specjalistyczny im. \u015aw. Rafa\u0142a w Czerwonej G\u00f3rze"},"image":{"@id":"https:\/\/czerwonagora.pl\/#\/schema\/logo\/image\/"},"sameAs":["https:\/\/www.facebook.com\/SzpitalCzerwonaGora\/"]}]}},"publishpress_future_action":{"enabled":false,"date":"2026-05-05 09:45:13","action":"change-status","newStatus":"draft","terms":[],"taxonomy":"","extraData":[]},"publishpress_future_workflow_manual_trigger":{"enabledWorkflows":[]},"_links":{"self":[{"href":"https:\/\/czerwonagora.pl\/index.php\/wp-json\/wp\/v2\/pages\/6155","targetHints":{"allow":["GET"]}}],"collection":[{"href":"https:\/\/czerwonagora.pl\/index.php\/wp-json\/wp\/v2\/pages"}],"about":[{"href":"https:\/\/czerwonagora.pl\/index.php\/wp-json\/wp\/v2\/types\/page"}],"author":[{"embeddable":true,"href":"https:\/\/czerwonagora.pl\/index.php\/wp-json\/wp\/v2\/users\/4"}],"replies":[{"embeddable":true,"href":"https:\/\/czerwonagora.pl\/index.php\/wp-json\/wp\/v2\/comments?post=6155"}],"version-history":[{"count":50,"href":"https:\/\/czerwonagora.pl\/index.php\/wp-json\/wp\/v2\/pages\/6155\/revisions"}],"predecessor-version":[{"id":26782,"href":"https:\/\/czerwonagora.pl\/index.php\/wp-json\/wp\/v2\/pages\/6155\/revisions\/26782"}],"wp:attachment":[{"href":"https:\/\/czerwonagora.pl\/index.php\/wp-json\/wp\/v2\/media?parent=6155"}],"curies":[{"name":"wp","href":"https:\/\/api.w.org\/{rel}","templated":true}]}}