{"id":6318,"date":"2021-06-28T08:20:26","date_gmt":"2021-06-28T06:20:26","guid":{"rendered":"https:\/\/czerwonagora.pl\/?page_id=6318"},"modified":"2021-08-10T13:16:56","modified_gmt":"2021-08-10T11:16:56","slug":"pelnomocnik-ds-inwestycji","status":"publish","type":"page","link":"https:\/\/czerwonagora.pl\/index.php\/pelnomocnik-ds-inwestycji\/","title":{"rendered":"Pe\u0142nomocnik ds. Inwestycji"},"content":{"rendered":"\t\t<div data-elementor-type=\"wp-page\" data-elementor-id=\"6318\" class=\"elementor elementor-6318\">\n\t\t\t\t\t\t<section class=\"elementor-section elementor-top-section elementor-element elementor-element-7426cebf elementor-section-stretched elementor-section-boxed elementor-section-height-default elementor-section-height-default elementor-invisible\" data-id=\"7426cebf\" data-element_type=\"section\" data-e-type=\"section\" data-settings=\"{&quot;stretch_section&quot;:&quot;section-stretched&quot;,&quot;animation&quot;:&quot;fadeIn&quot;,&quot;animation_delay&quot;:200}\">\n\t\t\t\t\t\t\t<div class=\"elementor-background-overlay\"><\/div>\n\t\t\t\t\t\t\t<div class=\"elementor-container elementor-column-gap-no\">\n\t\t\t\t\t<div class=\"elementor-column elementor-col-100 elementor-top-column elementor-element elementor-element-4187f1a2\" data-id=\"4187f1a2\" data-element_type=\"column\" data-e-type=\"column\">\n\t\t\t<div class=\"elementor-widget-wrap elementor-element-populated\">\n\t\t\t\t\t\t<div class=\"elementor-element elementor-element-4393b248 elementor-position-top elementor-invisible elementor-widget elementor-widget-image-box\" data-id=\"4393b248\" data-element_type=\"widget\" data-e-type=\"widget\" data-settings=\"{&quot;_animation&quot;:&quot;fadeIn&quot;}\" data-widget_type=\"image-box.default\">\n\t\t\t\t<div class=\"elementor-widget-container\">\n\t\t\t\t\t<div class=\"elementor-image-box-wrapper\"><figure class=\"elementor-image-box-img\"><img decoding=\"async\" width=\"180\" height=\"223\" src=\"https:\/\/czerwonagora.pl\/wp-content\/uploads\/2021\/06\/men_adm-ikona.png\" class=\"attachment-full size-full wp-image-7902\" alt=\"t\u0142o koloru zielonego z sylwetk\u0105 m\u0119\u017cczyzny ubranego w ubranie wizytowe koloru czarnego\" \/><\/figure><div class=\"elementor-image-box-content\"><h1 class=\"elementor-image-box-title\"> mgr in\u017c. Mieczys\u0142aw Ba\u0144burski<\/h1><p class=\"elementor-image-box-description\">Pe\u0142nomocnik ds. Inwestycji:<\/p><\/div><\/div>\t\t\t\t<\/div>\n\t\t\t\t<\/div>\n\t\t\t\t<div class=\"elementor-element elementor-element-403242ff elementor-widget-divider--view-line elementor-widget elementor-widget-divider\" data-id=\"403242ff\" data-element_type=\"widget\" data-e-type=\"widget\" data-widget_type=\"divider.default\">\n\t\t\t\t<div class=\"elementor-widget-container\">\n\t\t\t\t\t\t\t<div class=\"elementor-divider\">\n\t\t\t<span class=\"elementor-divider-separator\">\n\t\t\t\t\t\t<\/span>\n\t\t<\/div>\n\t\t\t\t\t\t<\/div>\n\t\t\t\t<\/div>\n\t\t\t\t\t<\/div>\n\t\t<\/div>\n\t\t\t\t\t<\/div>\n\t\t<\/section>\n\t\t\t\t<section class=\"elementor-section elementor-top-section elementor-element elementor-element-6a5cc419 elementor-section-stretched elementor-section-boxed elementor-section-height-default elementor-section-height-default\" data-id=\"6a5cc419\" data-element_type=\"section\" data-e-type=\"section\" data-settings=\"{&quot;stretch_section&quot;:&quot;section-stretched&quot;}\">\n\t\t\t\t\t\t<div class=\"elementor-container elementor-column-gap-default\">\n\t\t\t\t\t<div class=\"elementor-column elementor-col-66 elementor-top-column elementor-element elementor-element-21edda25\" data-id=\"21edda25\" data-element_type=\"column\" data-e-type=\"column\">\n\t\t\t<div class=\"elementor-widget-wrap elementor-element-populated\">\n\t\t\t\t\t\t<div class=\"elementor-element elementor-element-7c91f1f2 elementor-widget elementor-widget-text-editor\" data-id=\"7c91f1f2\" data-element_type=\"widget\" data-e-type=\"widget\" data-widget_type=\"text-editor.default\">\n\t\t\t\t<div class=\"elementor-widget-container\">\n\t\t\t\t\t\t\t\t\t<div class=\"sppb-col-md-8\"><div id=\"column-id-1508326883531\" class=\"sppb-column \"><div class=\"sppb-column-addons\"><div id=\"sppb-addon-1508326883539\" class=\"clearfix\"><div class=\"sppb-addon sppb-addon-text-block sppb-text-left \"><div class=\"sppb-addon-content\"><h4><strong>Profil kom\u00f3rki <br \/><\/strong><\/h4><ul><li>Dzia\u0142 prowadzi przygotowanie przysz\u0142ych inwestycji do realizacji na terenie WSS im. \u015bw Rafa\u0142a Czerwona G\u00f3ra w Ch\u0119cinach, a tak\u017ce nadz\u00f3r nad bie\u017c\u0105cymi remontami i przebudowami.<\/li><li>Sprawuje kontrol\u0119 inwestycji pod wzgl\u0119dem jako\u015bci wykonywanych rob\u00f3t jak r\u00f3wnie\u017c terminowo\u015bci zako\u0144czenia prac budowlanych zgodnie z podpisanymi przez szpital umowami w tym zakresie.<\/li><li>Prowadzi dokumentacje pozwalaj\u0105c\u0105 uzyskanie przez Szpital wszelkich dokument\u00f3w formalno &#8211; prawnych uwie\u0144czeniem czego jest dopuszczanie do u\u017cytkowania przedmiotowych zakres\u00f3w wykonanych prac.<\/li><li>Utrzymuje na bie\u017c\u0105co niezb\u0119dne zapisy pozwalaj\u0105ce prowadzenie Inwestycji Szpitala.\u00a0<\/li><\/ul><p>Pe\u0142nomocnik ds. Inwestycji:\u00a0 mgr in\u017c. <strong>Mieczys\u0142aw Ba\u0144burski<\/strong><\/p><p><strong>e-mail:<\/strong> m.banburski@czerwonagora.pl<\/p><\/div><\/div><\/div><\/div><\/div><\/div>\t\t\t\t\t\t\t\t<\/div>\n\t\t\t\t<\/div>\n\t\t\t\t\t<\/div>\n\t\t<\/div>\n\t\t\t\t<div class=\"elementor-column elementor-col-33 elementor-top-column elementor-element elementor-element-4b633783\" data-id=\"4b633783\" data-element_type=\"column\" data-e-type=\"column\" data-settings=\"{&quot;background_background&quot;:&quot;classic&quot;}\">\n\t\t\t<div class=\"elementor-widget-wrap elementor-element-populated\">\n\t\t\t\t\t\t<div class=\"elementor-element elementor-element-3fff8ab6 elementor-view-default elementor-widget elementor-widget-icon\" data-id=\"3fff8ab6\" data-element_type=\"widget\" data-e-type=\"widget\" data-widget_type=\"icon.default\">\n\t\t\t\t<div class=\"elementor-widget-container\">\n\t\t\t\t\t\t\t<div class=\"elementor-icon-wrapper\">\n\t\t\t<div class=\"elementor-icon\">\n\t\t\t<i aria-hidden=\"true\" class=\"fas fa-phone-square\"><\/i>\t\t\t<\/div>\n\t\t<\/div>\n\t\t\t\t\t\t<\/div>\n\t\t\t\t<\/div>\n\t\t\t\t<div class=\"elementor-element elementor-element-64edfdf1 elementor-widget elementor-widget-text-editor\" data-id=\"64edfdf1\" data-element_type=\"widget\" data-e-type=\"widget\" data-widget_type=\"text-editor.default\">\n\t\t\t\t<div class=\"elementor-widget-container\">\n\t\t\t\t\t\t\t\t\t<div class=\"sppb-col-md-4\"><div id=\"column-id-1508915151726\" class=\"sppb-column\"><div class=\"sppb-column-addons\"><div id=\"sppb-addon-1508915589775\" class=\"clearfix\"><div class=\"sppb-addon sppb-addon-text-block sppb-text-left \"><div class=\"sppb-addon-content\"><p><strong>Lokalizacja Budynek D, poziom -1, DN<\/strong><\/p><p><strong>Numery bezpo\u015brednie:<\/strong><\/p><p><strong>Szpital:<\/strong>+48 (41) 34 655 45 do 48<\/p><p><strong>Numery wewn\u0119trzne:<\/strong><\/p><p>numer wewn\u0119trzny &#8211; <strong>193<\/strong><\/p><\/div><\/div><\/div><\/div><\/div><\/div>\t\t\t\t\t\t\t\t<\/div>\n\t\t\t\t<\/div>\n\t\t\t\t\t<\/div>\n\t\t<\/div>\n\t\t\t\t\t<\/div>\n\t\t<\/section>\n\t\t\t\t<\/div>\n\t\t","protected":false},"excerpt":{"rendered":"<p>mgr in\u017c. Mieczys\u0142aw Ba\u0144burski Pe\u0142nomocnik ds. Inwestycji: Profil kom\u00f3rki Dzia\u0142 prowadzi przygotowanie przysz\u0142ych inwestycji do realizacji na terenie WSS im. \u015bw Rafa\u0142a Czerwona G\u00f3ra w Ch\u0119cinach, a tak\u017ce nadz\u00f3r nad bie\u017c\u0105cymi remontami i przebudowami. Sprawuje kontrol\u0119 inwestycji pod wzgl\u0119dem jako\u015bci wykonywanych rob\u00f3t jak r\u00f3wnie\u017c terminowo\u015bci zako\u0144czenia prac budowlanych zgodnie z podpisanymi przez szpital umowami w [&hellip;]<\/p>\n","protected":false},"author":4,"featured_media":0,"parent":0,"menu_order":0,"comment_status":"closed","ping_status":"closed","template":"","meta":{"zakra_page_container_layout":"customizer","zakra_page_sidebar_layout":"customizer","zakra_remove_content_margin":false,"zakra_sidebar":"customizer","zakra_transparent_header":"customizer","zakra_logo":0,"zakra_main_header_style":"default","zakra_menu_item_color":"","zakra_menu_item_hover_color":"","zakra_menu_item_active_color":"","zakra_menu_active_style":"","zakra_page_header":true,"footnotes":""},"class_list":["post-6318","page","type-page","status-publish","hentry"],"yoast_head":"<!-- This site is optimized with the Yoast SEO plugin v27.4 - https:\/\/yoast.com\/product\/yoast-seo-wordpress\/ -->\n<title>Pe\u0142nomocnik ds. Inwestycji - Wojew\u00f3dzki Szpital Specjalistyczny im. \u015aw. Rafa\u0142a w Czerwonej G\u00f3rze<\/title>\n<meta name=\"robots\" content=\"index, follow, max-snippet:-1, max-image-preview:large, max-video-preview:-1\" \/>\n<link rel=\"canonical\" href=\"https:\/\/czerwonagora.pl\/index.php\/pelnomocnik-ds-inwestycji\/\" \/>\n<meta property=\"og:locale\" content=\"pl_PL\" \/>\n<meta property=\"og:type\" content=\"article\" \/>\n<meta property=\"og:title\" content=\"Pe\u0142nomocnik ds. Inwestycji - Wojew\u00f3dzki Szpital Specjalistyczny im. \u015aw. Rafa\u0142a w Czerwonej G\u00f3rze\" \/>\n<meta property=\"og:description\" content=\"mgr in\u017c. Mieczys\u0142aw Ba\u0144burski Pe\u0142nomocnik ds. Inwestycji: Profil kom\u00f3rki Dzia\u0142 prowadzi przygotowanie przysz\u0142ych inwestycji do realizacji na terenie WSS im. \u015bw Rafa\u0142a Czerwona G\u00f3ra w Ch\u0119cinach, a tak\u017ce nadz\u00f3r nad bie\u017c\u0105cymi remontami i przebudowami. Sprawuje kontrol\u0119 inwestycji pod wzgl\u0119dem jako\u015bci wykonywanych rob\u00f3t jak r\u00f3wnie\u017c terminowo\u015bci zako\u0144czenia prac budowlanych zgodnie z podpisanymi przez szpital umowami w [&hellip;]\" \/>\n<meta property=\"og:url\" content=\"https:\/\/czerwonagora.pl\/index.php\/pelnomocnik-ds-inwestycji\/\" \/>\n<meta property=\"og:site_name\" content=\"Wojew\u00f3dzki Szpital Specjalistyczny im. \u015aw. Rafa\u0142a w Czerwonej G\u00f3rze\" \/>\n<meta property=\"article:publisher\" content=\"https:\/\/www.facebook.com\/SzpitalCzerwonaGora\/\" \/>\n<meta property=\"article:modified_time\" content=\"2021-08-10T11:16:56+00:00\" \/>\n<meta property=\"og:image\" content=\"https:\/\/czerwonagora.pl\/wp-content\/uploads\/2021\/06\/men_adm-ikona.png\" \/>\n<meta name=\"twitter:card\" content=\"summary_large_image\" \/>\n<meta name=\"twitter:label1\" content=\"Szacowany czas czytania\" \/>\n\t<meta name=\"twitter:data1\" content=\"1 minuta\" \/>\n<script type=\"application\/ld+json\" class=\"yoast-schema-graph\">{\"@context\":\"https:\\\/\\\/schema.org\",\"@graph\":[{\"@type\":\"WebPage\",\"@id\":\"https:\\\/\\\/czerwonagora.pl\\\/index.php\\\/pelnomocnik-ds-inwestycji\\\/\",\"url\":\"https:\\\/\\\/czerwonagora.pl\\\/index.php\\\/pelnomocnik-ds-inwestycji\\\/\",\"name\":\"Pe\u0142nomocnik ds. Inwestycji - Wojew\u00f3dzki Szpital Specjalistyczny im. \u015aw. Rafa\u0142a w Czerwonej G\u00f3rze\",\"isPartOf\":{\"@id\":\"https:\\\/\\\/czerwonagora.pl\\\/#website\"},\"primaryImageOfPage\":{\"@id\":\"https:\\\/\\\/czerwonagora.pl\\\/index.php\\\/pelnomocnik-ds-inwestycji\\\/#primaryimage\"},\"image\":{\"@id\":\"https:\\\/\\\/czerwonagora.pl\\\/index.php\\\/pelnomocnik-ds-inwestycji\\\/#primaryimage\"},\"thumbnailUrl\":\"https:\\\/\\\/czerwonagora.pl\\\/wp-content\\\/uploads\\\/2021\\\/06\\\/men_adm-ikona.png\",\"datePublished\":\"2021-06-28T06:20:26+00:00\",\"dateModified\":\"2021-08-10T11:16:56+00:00\",\"breadcrumb\":{\"@id\":\"https:\\\/\\\/czerwonagora.pl\\\/index.php\\\/pelnomocnik-ds-inwestycji\\\/#breadcrumb\"},\"inLanguage\":\"pl-PL\",\"potentialAction\":[{\"@type\":\"ReadAction\",\"target\":[\"https:\\\/\\\/czerwonagora.pl\\\/index.php\\\/pelnomocnik-ds-inwestycji\\\/\"]}]},{\"@type\":\"ImageObject\",\"inLanguage\":\"pl-PL\",\"@id\":\"https:\\\/\\\/czerwonagora.pl\\\/index.php\\\/pelnomocnik-ds-inwestycji\\\/#primaryimage\",\"url\":\"https:\\\/\\\/czerwonagora.pl\\\/wp-content\\\/uploads\\\/2021\\\/06\\\/men_adm-ikona.png\",\"contentUrl\":\"https:\\\/\\\/czerwonagora.pl\\\/wp-content\\\/uploads\\\/2021\\\/06\\\/men_adm-ikona.png\",\"width\":180,\"height\":223,\"caption\":\"t\u0142o koloru zielonego z sylwetk\u0105 m\u0119\u017cczyzny ubranego w ubranie wizytowe koloru czarnego\"},{\"@type\":\"BreadcrumbList\",\"@id\":\"https:\\\/\\\/czerwonagora.pl\\\/index.php\\\/pelnomocnik-ds-inwestycji\\\/#breadcrumb\",\"itemListElement\":[{\"@type\":\"ListItem\",\"position\":1,\"name\":\"Strona g\u0142\u00f3wna\",\"item\":\"https:\\\/\\\/czerwonagora.pl\\\/\"},{\"@type\":\"ListItem\",\"position\":2,\"name\":\"Pe\u0142nomocnik ds. Inwestycji\"}]},{\"@type\":\"WebSite\",\"@id\":\"https:\\\/\\\/czerwonagora.pl\\\/#website\",\"url\":\"https:\\\/\\\/czerwonagora.pl\\\/\",\"name\":\"Wojew\u00f3dzki Szpital Specjalistyczny im. \u015aw. Rafa\u0142a w Czerwonej G\u00f3rze\",\"description\":\"Wojew\u00f3dzki Szpital Specjalistyczny im. \u015aw. Rafa\u0142a w Czerwonej G\u00f3rze\",\"publisher\":{\"@id\":\"https:\\\/\\\/czerwonagora.pl\\\/#organization\"},\"potentialAction\":[{\"@type\":\"SearchAction\",\"target\":{\"@type\":\"EntryPoint\",\"urlTemplate\":\"https:\\\/\\\/czerwonagora.pl\\\/?s={search_term_string}\"},\"query-input\":{\"@type\":\"PropertyValueSpecification\",\"valueRequired\":true,\"valueName\":\"search_term_string\"}}],\"inLanguage\":\"pl-PL\"},{\"@type\":\"Organization\",\"@id\":\"https:\\\/\\\/czerwonagora.pl\\\/#organization\",\"name\":\"Wojew\u00f3dzki Szpital Specjalistyczny im. \u015aw. Rafa\u0142a w Czerwonej G\u00f3rze\",\"url\":\"https:\\\/\\\/czerwonagora.pl\\\/\",\"logo\":{\"@type\":\"ImageObject\",\"inLanguage\":\"pl-PL\",\"@id\":\"https:\\\/\\\/czerwonagora.pl\\\/#\\\/schema\\\/logo\\\/image\\\/\",\"url\":\"https:\\\/\\\/czerwonagora.pl\\\/wp-content\\\/uploads\\\/2021\\\/06\\\/Logo-WSS-DUZE-transparentne.png\",\"contentUrl\":\"https:\\\/\\\/czerwonagora.pl\\\/wp-content\\\/uploads\\\/2021\\\/06\\\/Logo-WSS-DUZE-transparentne.png\",\"width\":4210,\"height\":2975,\"caption\":\"Wojew\u00f3dzki Szpital Specjalistyczny im. \u015aw. Rafa\u0142a w Czerwonej G\u00f3rze\"},\"image\":{\"@id\":\"https:\\\/\\\/czerwonagora.pl\\\/#\\\/schema\\\/logo\\\/image\\\/\"},\"sameAs\":[\"https:\\\/\\\/www.facebook.com\\\/SzpitalCzerwonaGora\\\/\"]}]}<\/script>\n<!-- \/ Yoast SEO plugin. -->","yoast_head_json":{"title":"Pe\u0142nomocnik ds. Inwestycji - Wojew\u00f3dzki Szpital Specjalistyczny im. \u015aw. Rafa\u0142a w Czerwonej G\u00f3rze","robots":{"index":"index","follow":"follow","max-snippet":"max-snippet:-1","max-image-preview":"max-image-preview:large","max-video-preview":"max-video-preview:-1"},"canonical":"https:\/\/czerwonagora.pl\/index.php\/pelnomocnik-ds-inwestycji\/","og_locale":"pl_PL","og_type":"article","og_title":"Pe\u0142nomocnik ds. Inwestycji - Wojew\u00f3dzki Szpital Specjalistyczny im. \u015aw. Rafa\u0142a w Czerwonej G\u00f3rze","og_description":"mgr in\u017c. Mieczys\u0142aw Ba\u0144burski Pe\u0142nomocnik ds. Inwestycji: Profil kom\u00f3rki Dzia\u0142 prowadzi przygotowanie przysz\u0142ych inwestycji do realizacji na terenie WSS im. \u015bw Rafa\u0142a Czerwona G\u00f3ra w Ch\u0119cinach, a tak\u017ce nadz\u00f3r nad bie\u017c\u0105cymi remontami i przebudowami. Sprawuje kontrol\u0119 inwestycji pod wzgl\u0119dem jako\u015bci wykonywanych rob\u00f3t jak r\u00f3wnie\u017c terminowo\u015bci zako\u0144czenia prac budowlanych zgodnie z podpisanymi przez szpital umowami w [&hellip;]","og_url":"https:\/\/czerwonagora.pl\/index.php\/pelnomocnik-ds-inwestycji\/","og_site_name":"Wojew\u00f3dzki Szpital Specjalistyczny im. \u015aw. Rafa\u0142a w Czerwonej G\u00f3rze","article_publisher":"https:\/\/www.facebook.com\/SzpitalCzerwonaGora\/","article_modified_time":"2021-08-10T11:16:56+00:00","og_image":[{"url":"https:\/\/czerwonagora.pl\/wp-content\/uploads\/2021\/06\/men_adm-ikona.png","type":"","width":"","height":""}],"twitter_card":"summary_large_image","twitter_misc":{"Szacowany czas czytania":"1 minuta"},"schema":{"@context":"https:\/\/schema.org","@graph":[{"@type":"WebPage","@id":"https:\/\/czerwonagora.pl\/index.php\/pelnomocnik-ds-inwestycji\/","url":"https:\/\/czerwonagora.pl\/index.php\/pelnomocnik-ds-inwestycji\/","name":"Pe\u0142nomocnik ds. Inwestycji - Wojew\u00f3dzki Szpital Specjalistyczny im. \u015aw. Rafa\u0142a w Czerwonej G\u00f3rze","isPartOf":{"@id":"https:\/\/czerwonagora.pl\/#website"},"primaryImageOfPage":{"@id":"https:\/\/czerwonagora.pl\/index.php\/pelnomocnik-ds-inwestycji\/#primaryimage"},"image":{"@id":"https:\/\/czerwonagora.pl\/index.php\/pelnomocnik-ds-inwestycji\/#primaryimage"},"thumbnailUrl":"https:\/\/czerwonagora.pl\/wp-content\/uploads\/2021\/06\/men_adm-ikona.png","datePublished":"2021-06-28T06:20:26+00:00","dateModified":"2021-08-10T11:16:56+00:00","breadcrumb":{"@id":"https:\/\/czerwonagora.pl\/index.php\/pelnomocnik-ds-inwestycji\/#breadcrumb"},"inLanguage":"pl-PL","potentialAction":[{"@type":"ReadAction","target":["https:\/\/czerwonagora.pl\/index.php\/pelnomocnik-ds-inwestycji\/"]}]},{"@type":"ImageObject","inLanguage":"pl-PL","@id":"https:\/\/czerwonagora.pl\/index.php\/pelnomocnik-ds-inwestycji\/#primaryimage","url":"https:\/\/czerwonagora.pl\/wp-content\/uploads\/2021\/06\/men_adm-ikona.png","contentUrl":"https:\/\/czerwonagora.pl\/wp-content\/uploads\/2021\/06\/men_adm-ikona.png","width":180,"height":223,"caption":"t\u0142o koloru zielonego z sylwetk\u0105 m\u0119\u017cczyzny ubranego w ubranie wizytowe koloru czarnego"},{"@type":"BreadcrumbList","@id":"https:\/\/czerwonagora.pl\/index.php\/pelnomocnik-ds-inwestycji\/#breadcrumb","itemListElement":[{"@type":"ListItem","position":1,"name":"Strona g\u0142\u00f3wna","item":"https:\/\/czerwonagora.pl\/"},{"@type":"ListItem","position":2,"name":"Pe\u0142nomocnik ds. Inwestycji"}]},{"@type":"WebSite","@id":"https:\/\/czerwonagora.pl\/#website","url":"https:\/\/czerwonagora.pl\/","name":"Wojew\u00f3dzki Szpital Specjalistyczny im. \u015aw. Rafa\u0142a w Czerwonej G\u00f3rze","description":"Wojew\u00f3dzki Szpital Specjalistyczny im. \u015aw. Rafa\u0142a w Czerwonej G\u00f3rze","publisher":{"@id":"https:\/\/czerwonagora.pl\/#organization"},"potentialAction":[{"@type":"SearchAction","target":{"@type":"EntryPoint","urlTemplate":"https:\/\/czerwonagora.pl\/?s={search_term_string}"},"query-input":{"@type":"PropertyValueSpecification","valueRequired":true,"valueName":"search_term_string"}}],"inLanguage":"pl-PL"},{"@type":"Organization","@id":"https:\/\/czerwonagora.pl\/#organization","name":"Wojew\u00f3dzki Szpital Specjalistyczny im. \u015aw. Rafa\u0142a w Czerwonej G\u00f3rze","url":"https:\/\/czerwonagora.pl\/","logo":{"@type":"ImageObject","inLanguage":"pl-PL","@id":"https:\/\/czerwonagora.pl\/#\/schema\/logo\/image\/","url":"https:\/\/czerwonagora.pl\/wp-content\/uploads\/2021\/06\/Logo-WSS-DUZE-transparentne.png","contentUrl":"https:\/\/czerwonagora.pl\/wp-content\/uploads\/2021\/06\/Logo-WSS-DUZE-transparentne.png","width":4210,"height":2975,"caption":"Wojew\u00f3dzki Szpital Specjalistyczny im. \u015aw. Rafa\u0142a w Czerwonej G\u00f3rze"},"image":{"@id":"https:\/\/czerwonagora.pl\/#\/schema\/logo\/image\/"},"sameAs":["https:\/\/www.facebook.com\/SzpitalCzerwonaGora\/"]}]}},"publishpress_future_action":{"enabled":false,"date":"2026-05-07 05:16:50","action":"change-status","newStatus":"draft","terms":[],"taxonomy":"","extraData":[]},"publishpress_future_workflow_manual_trigger":{"enabledWorkflows":[]},"_links":{"self":[{"href":"https:\/\/czerwonagora.pl\/index.php\/wp-json\/wp\/v2\/pages\/6318","targetHints":{"allow":["GET"]}}],"collection":[{"href":"https:\/\/czerwonagora.pl\/index.php\/wp-json\/wp\/v2\/pages"}],"about":[{"href":"https:\/\/czerwonagora.pl\/index.php\/wp-json\/wp\/v2\/types\/page"}],"author":[{"embeddable":true,"href":"https:\/\/czerwonagora.pl\/index.php\/wp-json\/wp\/v2\/users\/4"}],"replies":[{"embeddable":true,"href":"https:\/\/czerwonagora.pl\/index.php\/wp-json\/wp\/v2\/comments?post=6318"}],"version-history":[{"count":28,"href":"https:\/\/czerwonagora.pl\/index.php\/wp-json\/wp\/v2\/pages\/6318\/revisions"}],"predecessor-version":[{"id":13938,"href":"https:\/\/czerwonagora.pl\/index.php\/wp-json\/wp\/v2\/pages\/6318\/revisions\/13938"}],"wp:attachment":[{"href":"https:\/\/czerwonagora.pl\/index.php\/wp-json\/wp\/v2\/media?parent=6318"}],"curies":[{"name":"wp","href":"https:\/\/api.w.org\/{rel}","templated":true}]}}