{"id":6539,"date":"2021-06-28T13:15:49","date_gmt":"2021-06-28T11:15:49","guid":{"rendered":"https:\/\/czerwonagora.pl\/?page_id=6539"},"modified":"2021-06-28T14:02:21","modified_gmt":"2021-06-28T12:02:21","slug":"pacjent","status":"publish","type":"page","link":"https:\/\/czerwonagora.pl\/index.php\/pacjent\/","title":{"rendered":"Pacjent"},"content":{"rendered":"\t\t<div data-elementor-type=\"wp-page\" data-elementor-id=\"6539\" class=\"elementor elementor-6539\">\n\t\t\t\t\t\t<section class=\"elementor-section elementor-top-section elementor-element elementor-element-d446112 elementor-section-stretched elementor-section-boxed elementor-section-height-default elementor-section-height-default\" data-id=\"d446112\" data-element_type=\"section\" data-e-type=\"section\" data-settings=\"{&quot;stretch_section&quot;:&quot;section-stretched&quot;}\">\n\t\t\t\t\t\t\t<div class=\"elementor-background-overlay\"><\/div>\n\t\t\t\t\t\t\t<div class=\"elementor-container elementor-column-gap-default\">\n\t\t\t\t\t<div class=\"elementor-column elementor-col-100 elementor-top-column elementor-element elementor-element-35779eb\" data-id=\"35779eb\" data-element_type=\"column\" data-e-type=\"column\">\n\t\t\t<div class=\"elementor-widget-wrap elementor-element-populated\">\n\t\t\t\t\t\t<section class=\"elementor-section elementor-inner-section elementor-element elementor-element-f66097c elementor-section-boxed elementor-section-height-default elementor-section-height-default\" data-id=\"f66097c\" data-element_type=\"section\" data-e-type=\"section\">\n\t\t\t\t\t\t<div class=\"elementor-container elementor-column-gap-default\">\n\t\t\t\t\t<div class=\"elementor-column elementor-col-100 elementor-inner-column elementor-element elementor-element-441d4be\" data-id=\"441d4be\" data-element_type=\"column\" data-e-type=\"column\">\n\t\t\t<div class=\"elementor-widget-wrap elementor-element-populated\">\n\t\t\t\t\t\t<div class=\"elementor-element elementor-element-6bdde1e elementor-widget elementor-widget-text-editor\" data-id=\"6bdde1e\" data-element_type=\"widget\" data-e-type=\"widget\" data-widget_type=\"text-editor.default\">\n\t\t\t\t<div class=\"elementor-widget-container\">\n\t\t\t\t\t\t\t\t\t<h4>Wytyczne w sprawie realizacji przez osoby uprawnione prawa do informacji o stanie zdrowia pacjenta na odleg\u0142o\u015b\u0107.<\/h4><p>Niniejsze wytyczne zawieraj\u0105 rekomendowane rozwi\u0105zania, kt\u00f3re pozwol\u0105 na realizacj\u0119 prawa osoby upowa\u017cnionej do informacji o stanie zdrowia pacjenta z uwzgl\u0119dnieniem zasad wynikaj\u0105cych z regulacji ochrony danych osobowych, w podmiotach udzielaj\u0105cych \u015bwiadcze\u0144 zdrowotnych.<\/p>\t\t\t\t\t\t\t\t<\/div>\n\t\t\t\t<\/div>\n\t\t\t\t<div class=\"elementor-element elementor-element-ea26206 elementor-align-center elementor-widget elementor-widget-button\" data-id=\"ea26206\" data-element_type=\"widget\" data-e-type=\"widget\" data-widget_type=\"button.default\">\n\t\t\t\t<div class=\"elementor-widget-container\">\n\t\t\t\t\t\t\t\t\t<div class=\"elementor-button-wrapper\">\n\t\t\t\t\t<a class=\"elementor-button elementor-button-link elementor-size-sm\" href=\"https:\/\/czerwonagora.pl\/wp-content\/uploads\/2021\/06\/wytyczne_rzpp_i_uodo_2.pdf\">\n\t\t\t\t\t\t<span class=\"elementor-button-content-wrapper\">\n\t\t\t\t\t\t<span class=\"elementor-button-icon\">\n\t\t\t\t<i aria-hidden=\"true\" class=\"far fa-file-pdf\"><\/i>\t\t\t<\/span>\n\t\t\t\t\t\t\t\t\t<span class=\"elementor-button-text\">Pobierz plik z wytycznymi<\/span>\n\t\t\t\t\t<\/span>\n\t\t\t\t\t<\/a>\n\t\t\t\t<\/div>\n\t\t\t\t\t\t\t\t<\/div>\n\t\t\t\t<\/div>\n\t\t\t\t\t<\/div>\n\t\t<\/div>\n\t\t\t\t\t<\/div>\n\t\t<\/section>\n\t\t\t\t\t<\/div>\n\t\t<\/div>\n\t\t\t\t\t<\/div>\n\t\t<\/section>\n\t\t\t\t<section class=\"elementor-section elementor-top-section elementor-element elementor-element-10863a2 elementor-section-stretched elementor-section-boxed elementor-section-height-default elementor-section-height-default\" data-id=\"10863a2\" data-element_type=\"section\" data-e-type=\"section\" data-settings=\"{&quot;stretch_section&quot;:&quot;section-stretched&quot;,&quot;background_background&quot;:&quot;classic&quot;}\">\n\t\t\t\t\t\t<div class=\"elementor-container elementor-column-gap-default\">\n\t\t\t\t\t<div class=\"elementor-column elementor-col-100 elementor-top-column elementor-element elementor-element-403d33e\" data-id=\"403d33e\" data-element_type=\"column\" data-e-type=\"column\">\n\t\t\t<div class=\"elementor-widget-wrap elementor-element-populated\">\n\t\t\t\t\t\t<section class=\"elementor-section elementor-inner-section elementor-element elementor-element-1d6fcba elementor-section-boxed elementor-section-height-default elementor-section-height-default\" data-id=\"1d6fcba\" data-element_type=\"section\" data-e-type=\"section\">\n\t\t\t\t\t\t<div class=\"elementor-container elementor-column-gap-default\">\n\t\t\t\t\t<div class=\"elementor-column elementor-col-100 elementor-inner-column elementor-element elementor-element-e280232\" data-id=\"e280232\" data-element_type=\"column\" data-e-type=\"column\">\n\t\t\t<div class=\"elementor-widget-wrap elementor-element-populated\">\n\t\t\t\t\t\t<div class=\"elementor-element elementor-element-015bd38 elementor-widget elementor-widget-text-editor\" data-id=\"015bd38\" data-element_type=\"widget\" data-e-type=\"widget\" data-widget_type=\"text-editor.default\">\n\t\t\t\t<div class=\"elementor-widget-container\">\n\t\t\t\t\t\t\t\t\t<h4>Prawa i obowi\u0105zki pacjenta<\/h4><p>Szanowni Pa\u0144stwo zapraszamy do zapoznania si\u0119 ze szczeg\u00f3\u0142owym opisem praw i obowi\u0105zk\u00f3w Pacjenta. Niniejszy dokument stanowi za\u0142\u0105cznik nr4 do Regulaminu Organizacyjnego w Wojew\u00f3dzkim Szpitalu Specjalistycznym im. \u015aw. Rafa\u0142a w Czerwonej\u00a0 G\u00f3rze. W celu pobrania w\/w dokumentu uprzejmie prosimy klikn\u0105\u0107 w poni\u017cszy link.<\/p>\t\t\t\t\t\t\t\t<\/div>\n\t\t\t\t<\/div>\n\t\t\t\t\t<\/div>\n\t\t<\/div>\n\t\t\t\t\t<\/div>\n\t\t<\/section>\n\t\t\t\t<div class=\"elementor-element elementor-element-8f27f90 elementor-align-center elementor-widget elementor-widget-button\" data-id=\"8f27f90\" data-element_type=\"widget\" data-e-type=\"widget\" data-widget_type=\"button.default\">\n\t\t\t\t<div class=\"elementor-widget-container\">\n\t\t\t\t\t\t\t\t\t<div class=\"elementor-button-wrapper\">\n\t\t\t\t\t<a class=\"elementor-button elementor-button-link elementor-size-sm\" href=\"#\">\n\t\t\t\t\t\t<span class=\"elementor-button-content-wrapper\">\n\t\t\t\t\t\t<span class=\"elementor-button-icon\">\n\t\t\t\t<i aria-hidden=\"true\" class=\"far fa-file-pdf\"><\/i>\t\t\t<\/span>\n\t\t\t\t\t\t\t\t\t<span class=\"elementor-button-text\">Prawa i Obowi\u0105zki Pacjenta <\/span>\n\t\t\t\t\t<\/span>\n\t\t\t\t\t<\/a>\n\t\t\t\t<\/div>\n\t\t\t\t\t\t\t\t<\/div>\n\t\t\t\t<\/div>\n\t\t\t\t\t<\/div>\n\t\t<\/div>\n\t\t\t\t\t<\/div>\n\t\t<\/section>\n\t\t\t\t<section class=\"elementor-section elementor-top-section elementor-element elementor-element-01434e8 elementor-section-stretched elementor-section-boxed elementor-section-height-default elementor-section-height-default\" data-id=\"01434e8\" data-element_type=\"section\" data-e-type=\"section\" data-settings=\"{&quot;stretch_section&quot;:&quot;section-stretched&quot;}\">\n\t\t\t\t\t\t<div class=\"elementor-container elementor-column-gap-default\">\n\t\t\t\t\t<div class=\"elementor-column elementor-col-100 elementor-top-column elementor-element elementor-element-519cf64\" data-id=\"519cf64\" data-element_type=\"column\" data-e-type=\"column\">\n\t\t\t<div class=\"elementor-widget-wrap elementor-element-populated\">\n\t\t\t\t\t\t<div class=\"elementor-element elementor-element-8d7c06d elementor-widget elementor-widget-eael-adv-accordion\" data-id=\"8d7c06d\" data-element_type=\"widget\" data-e-type=\"widget\" data-widget_type=\"eael-adv-accordion.default\">\n\t\t\t\t<div class=\"elementor-widget-container\">\n\t\t\t\t\t            <div class=\"eael-adv-accordion\" id=\"eael-adv-accordion-8d7c06d\" data-scroll-on-click=\"no\" data-scroll-speed=\"300\" data-accordion-id=\"8d7c06d\" data-accordion-type=\"accordion\" data-toogle-speed=\"300\">\n            <div class=\"eael-accordion-list\">\n\t\t\t\t\t<div id=\"dokumentacja-medyczna\" class=\"elementor-tab-title eael-accordion-header\" tabindex=\"0\" data-tab=\"1\" aria-controls=\"elementor-tab-content-1481\"><span class=\"eael-advanced-accordion-icon-closed\"><i aria-hidden=\"true\" class=\"fa-accordion-icon fas fa-plus\"><\/i><\/span><span class=\"eael-advanced-accordion-icon-opened\"><i aria-hidden=\"true\" class=\"fa-accordion-icon fas fa-minus\"><\/i><\/span><span class=\"eael-accordion-tab-title\">Dokumentacja Medyczna<\/span><i aria-hidden=\"true\" class=\"fa-toggle fas fa-angle-right\"><\/i><\/div><div id=\"elementor-tab-content-1481\" class=\"eael-accordion-content clearfix\" data-tab=\"1\" aria-labelledby=\"dokumentacja-medyczna\"><p><strong>Zgodnie z Ustaw\u0105 z dnia 23 marca 2017 r. o zmianie ustawy o prawach pacjenta i Rzecznika Praw Pacjenta oraz niekt\u00f3rych innych ustaw.<br \/><\/strong><br \/><strong>W sprawie rodzaj\u00f3w i zakresu dokumentacji medycznej w zak\u0142adach opieki zdrowotnej oraz sposobu jej przetwarzania.<br \/><br \/><\/strong><\/p><p>Zak\u0142ad Opieki Zdrowotnej ma obowi\u0105zek udost\u0119pni\u0107 dokumentacj\u0119 medyczn\u0105:<\/p><ul><li>pacjentowi lub jego przedstawicielowi ustawowemu;<\/li><li>Osobie upowa\u017cnionej przez pacjenta;<\/li><li>upowa\u017cnionym organom.<\/li><\/ul><p>Dokumentacja medyczna pacjenta jest w\u0142asno\u015bci\u0105 zak\u0142adu opieki zdrowotnej. Po \u015bmierci pacjenta, prawo wgl\u0105du w dokumentacj\u0119 medyczn\u0105 ma osoba upowa\u017cniona przez pacjenta za \u017cycia. Dokumentacja medyczna mo\u017ce by\u0107 udost\u0119pniana tak\u017ce:<\/p><ul><li>innym podmiotom udzielaj\u0105cym \u015bwiadcze\u0144 zdrowotnych, je\u017celi jest ona niezb\u0119dna do zapewnienia ci\u0105g\u0142o\u015bci \u015bwiadcze\u0144 zdrowotnych;<\/li><li>organom w\u0142adzy publicznej, Narodowemu Funduszowi Zdrowia, organom samorz\u0105du zawod\u00f3w medycznych oraz konsultantom krajowym i wojew\u00f3dzkim, w zakresie niezb\u0119dnym do wykonywania przez te przedmioty ich zda\u0144, w szczeg\u00f3lno\u015bci kontroli i nadzoru;<\/li><li>ministrowi w\u0142a\u015bciwemu do spraw zdrowia, s\u0105dom, w tym s\u0105dom dyscyplinarnym, prokuraturom, lekarzom s\u0105dowym i rzecznikom odpowiedzialno\u015bci zawodowej, w zwi\u0105zku z prowadzonym post\u0119powaniem;<\/li><li>uprawnionym na mocy odr\u0119bnych ustaw organom i instytucjom &#8211; je\u017celi badanie, kt\u00f3rego dotyczy dokumentacja, zosta\u0142o przeprowadzone na ich wniosek;<\/li><li>organom rentowym oraz zespo\u0142om do spraw orzekania o niepe\u0142nosprawno\u015bci &#8211; w zwi\u0105zku z prowadzonym przez nie post\u0119powaniem;<\/li><li>podmiotom prowadz\u0105cym rejestry us\u0142ug medycznych &#8211; w zakresie niezb\u0119dnym do prowadzenia rejestr\u00f3w;<\/li><li>zak\u0142adom ubezpiecze\u0144 &#8211; za zgod\u0105 pacjenta;<\/li><li>lekarzowi, piel\u0119gniarce lub po\u0142o\u017cnej, w zwi\u0105zku z prowadzeniem procedury oceniaj\u0105cej podmiot udzielaj\u0105cy \u015bwiadcze\u0144 zdrowotnych na podstawie przepis\u00f3w o akredytacji w ochronie zdrowia &#8211; w zakresie niezb\u0119dnym do jej przeprowadzenia;<\/li><li><p>szkole wy\u017cszej lub jednostce badawczo-rozwojowej do wykorzystania dla cel\u00f3w naukowych &#8211; bez ujawniania nazwiska innych i danych umo\u017cliwiaj\u0105cych identyfikacj\u0119 osoby, kt\u00f3rej dokumentacja dotyczy<\/p><br \/>Dokumentacja medyczna jest udost\u0119pniana na podstawie decyzji kierownika zak\u0142adu lub osoby przez niego upowa\u017cnionej.<\/li><\/ul><p>&lt;h4&gt;Formy udost\u0119pniania:&lt;\/h4&gt;<br \/>&lt;li&gt;do wgl\u0105du w siedzibie podmiotu udzielaj\u0105cego \u015bwiadcze\u0144 zdrowotnych;&lt;\/li&gt;<br \/>&lt;li&gt;poprzez sporz\u0105dzenie jej wyci\u0105g\u00f3w, odpis\u00f3w lub kopii;&lt;\/li&gt;<br \/>&lt;li&gt;poprzez wydanie orygina\u0142u za pokwitowaniem odbioru i z zastrze\u017ceniem zwrotu po wykorzystaniu, je\u017celi uprawniony organ lub podmiot \u017c\u0105da udost\u0119pnienia orygina\u0142\u00f3w tej dokumentacji&lt;\/li&gt;<br \/><br \/>&lt;h4&gt;Zasady odp\u0142atno\u015bci:&lt;\/h4&gt;<br \/>Zgodnie z art. 28.1 ust 2 a pkt 1 Ustawy z dnia 6 listopada 2008r z p\u00f3\u017an. zm. o prawach pacjenta i Rzeczniku Praw Pacjenta, op\u0142aty nie pobiera si\u0119 w przypadku udost\u0119pnienia dokumentacji medycznej pacjentowi, albo jego przedstawicielowi ustawowemu po raz pierwszy w \u017c\u0105danym zakresie i w spos\u00f3b, o kt\u00f3rym mowa w art. 27 1 pkt 2 i 5 oraz ust 3 w\/w ustawy. Ka\u017cda kolejna kopia dokumentacji medycznej jest p\u0142atna, zgodnie z obowi\u0105zuj\u0105cym cennikiem.<br \/><br \/>Za udost\u0119pnienie dokumentacji medycznej w formie wyci\u0105g\u00f3w, odpis\u00f3w lub kopii podmiot udzielaj\u0105cy \u015bwiadcze\u0144 zdrowotnych mo\u017ce pobiera\u0107 op\u0142at\u0119. Podstaw\u0105 wyliczenia kwoty odp\u0142atno\u015bci jest publikowana przez prezesa G\u0142\u00f3wnego Urz\u0119du Statystycznego wysoko\u015b\u0107 przeci\u0119tnego wynagrodzenia w poprzednim kwartale. Maksymalna wysoko\u015b\u0107 op\u0142at za:<br \/>&lt;li&gt;jedn\u0105 stron\u0119 wyci\u0105gu lub odpisu dokumentacji medycznej nie mo\u017ce przekracza\u0107 0,002 przeci\u0119tnego wynagrodzenia w poprzednim kwartale&lt;\/li&gt;<br \/>&lt;li&gt;jedn\u0105 stron\u0119 kopii dokumentacji medycznej &#8211; nie mo\u017ce przekracza\u0107 0,00007 przeci\u0119tnego wynagrodzenia w poprzednim kwartale;&lt;\/li&gt;<br \/>Przeci\u0119tne wynagrodzenie w pierwszym kwartale 2021r. og\u0142oszone komunikatem Prezesa G\u0142\u00f3wnego Urz\u0119du Statystycznego z dnia 12.05.2021 wynosi\u0142o &#8211; 5681,56z\u0142. W zwi\u0105zku z czym aktualne maksymalne op\u0142aty obowi\u0105zuj\u0105ce w WSS wynosz\u0105 kolejno: <br \/><br \/>&lt;h5&gt;Maksymalne op\u0142aty za udost\u0119pnienie dokumentacji medycznej wynosz\u0105:&lt;\/h5&gt;<br \/><br \/>&lt;li&gt;jedna strona wyci\u0105gu lub odpisu dokumentacji medycznej &#8211; 11,36 z\u0142;&lt;\/li&gt;<br \/>&lt;li&gt;jedna strona kopii lub wydruku dokumentacji medycznej &#8211; 0,39 z\u0142;&lt;\/li&gt;<br \/>&lt;li&gt;P\u0142yta CD\/DVD ze zdj\u0119ciem RTG\/TK: 2,27 z\u0142&lt;\/li&gt;<br \/><br \/>Udost\u0119pnienie dokumentacji do wgl\u0105du na miejscu, po uprzednim uzgodnieniu terminu, jest bezp\u0142atne.<br \/><br \/><br \/><\/p><\/div>\n\t\t\t\t\t<\/div><div class=\"eael-accordion-list\">\n\t\t\t\t\t<div id=\"rzecznik-praw-pacjenta\" class=\"elementor-tab-title eael-accordion-header\" tabindex=\"0\" data-tab=\"2\" aria-controls=\"elementor-tab-content-1482\"><span class=\"eael-advanced-accordion-icon-closed\"><i aria-hidden=\"true\" class=\"fa-accordion-icon fas fa-plus\"><\/i><\/span><span class=\"eael-advanced-accordion-icon-opened\"><i aria-hidden=\"true\" class=\"fa-accordion-icon fas fa-minus\"><\/i><\/span><span class=\"eael-accordion-tab-title\">Rzecznik Praw Pacjenta<\/span><i aria-hidden=\"true\" class=\"fa-toggle fas fa-angle-right\"><\/i><\/div><div id=\"elementor-tab-content-1482\" class=\"eael-accordion-content clearfix\" data-tab=\"2\" aria-labelledby=\"rzecznik-praw-pacjenta\"><p>Rzecznik Praw Pacjenta jest centralnym organem administracji rz\u0105dowej w\u0142a\u015bciwym w sprawach ochrony praw pacjent\u00f3w okre\u015blonych w ustawie z dnia 6 listopada 2008 r. o prawach pacjenta i Rzeczniku Praw Pacjenta oraz w przepisach odr\u0119bnych, ustanowionym w celu ochrony praw pacjenta.<br \/><br \/>Nad dzia\u0142alno\u015bci\u0105 Rzecznika nadz\u00f3r sprawuje Prezes Rady Ministr\u00f3w.<br \/><br \/>Rzecznik wykonuje swoje zadania przy pomocy Biura Rzecznika Praw Pacjenta.<br \/>Do zakresu dzia\u0142ania Rzecznika nale\u017cy:<\/p><ol><li>prowadzenie post\u0119powa\u0144 w sprawach praktyk naruszaj\u0105cych zbiorowe prawa pacjent\u00f3w;<\/li><li>prowadzenie post\u0119powa\u0144 w trybie art. 50-53 ustawy z dnia 6 listopada 2008 r. o prawach pacjenta i Rzeczniku Praw Pacjenta;<\/li><li>w sprawach cywilnych wykonywanie zada\u0144 okre\u015blonych w art. 55 ustawy z dnia 6 listopada 2008 r. o prawach pacjenta i Rzeczniku Praw Pacjenta;<\/li><li>Opracowanie i przedk\u0142adanie Radzie Ministr\u00f3w projekt\u00f3w akt\u00f3w prawnych dotycz\u0105cych ochrony praw pacjenta;<\/li><li>wyst\u0119powanie do w\u0142a\u015bciwych organ\u00f3w z wnioskami o podj\u0119cie inicjatywy ustawodawczej, b\u0105d\u017a o wydanie lub zmian\u0119 akt\u00f3w prawnych w zakresie ochrony praw pacjenta;<\/li><li>opracowanie i wydawanie publikacji oraz program\u00f3w edukacyjnych popularyzuj\u0105cych wiedze o ochronie praw pacjenta;<\/li><li>wsp\u00f3\u0142praca z organami w\u0142adzy publicznej w celu zapewnienia pacjentom przestrzegania ich praw, w szczeg\u00f3lno\u015bci z ministrem w\u0142a\u015bciwym do spraw zdrowia.<\/li><li>przestawienie w\u0142a\u015bciwym organom w\u0142adzy publicznej, organizacjom i instytucjom oraz samochodom zawod\u00f3w medycznych ocen i wniosk\u00f3w zamierzaj\u0105cych do zapewnienia skutecznej ochrony praw pacjenta;<\/li><li>wsp\u00f3\u0142praca z organizacjami pozarz\u0105dowymi, spo\u0142ecznymi i zawodowymi, do kt\u00f3rych cel\u00f3w statutowych nale\u017cy ochrona praw pacjenta;<\/li><li>analiza skarg pacjent\u00f3w w celu okre\u015blenia zagro\u017ce\u0144 i obszar\u00f3w w systemie ochrony zdrowia wymagaj\u0105cych naprawy;<\/li><li>wykonywanie innych zada\u0144 okre\u015blonych w przepisach prawa lub zleconych przez Prezesa Rady Ministr\u00f3w.<br \/><br \/>Kontakt z Biurem Rzecznika Praw Pacjenta:<\/li><\/ol><p>Biuro Rzecznika Praw Pacjenta przy Ministrze Zdrowia<br \/>ul. M\u0142ynarska 46; 01-171 Warszawa, www.bpp.gov.pl, email:sekretariat@bpp.gov.pl bezp\u0142atna infolinia Biura: 0-800-190-590 czynna od poniedzia\u0142ku do pi\u0105tku w godz. 9&lt;sup&gt;00&lt;\/sup&gt; &#8211; 21&lt;sup&gt;00&lt;\/sup&gt;<\/p><p>\u00a0<\/p><\/div>\n\t\t\t\t\t<\/div><div class=\"eael-accordion-list\">\n\t\t\t\t\t<div id=\"penomocnik-ds-praw-pacjenta\" class=\"elementor-tab-title eael-accordion-header\" tabindex=\"0\" data-tab=\"3\" aria-controls=\"elementor-tab-content-1483\"><span class=\"eael-advanced-accordion-icon-closed\"><i aria-hidden=\"true\" class=\"fa-accordion-icon fas fa-plus\"><\/i><\/span><span class=\"eael-advanced-accordion-icon-opened\"><i aria-hidden=\"true\" class=\"fa-accordion-icon fas fa-minus\"><\/i><\/span><span class=\"eael-accordion-tab-title\">Pe\u0142nomocnik ds. Praw Pacjenta<\/span><i aria-hidden=\"true\" class=\"fa-toggle fas fa-angle-right\"><\/i><\/div><div id=\"elementor-tab-content-1483\" class=\"eael-accordion-content clearfix\" data-tab=\"3\" aria-labelledby=\"penomocnik-ds-praw-pacjenta\"><p>Wojew\u00f3dzki Szpital Specjalistyczny im. \u015aw. Rafa\u0142a w Czerwonej G\u00f3rze zatrudnia pe\u0142nomocnika ds. Praw Pacjenta.<\/p><p>Do zada\u0144 Pe\u0142nomocnika nale\u017cy:<\/p><ol><li>Czynne monitorowanie przestrzegania praw pacjenta w szpitalu.<\/li><li>Prowadzenie dzia\u0142a\u0144 maj\u0105cych na celu upowszechnienie Praw Pacjenta.<\/li><li>Rozwi\u0105zywanie bie\u017c\u0105cych problem\u00f3w, zg\u0142aszanych przez pacjent\u00f3w oraz ich rodziny.<\/li><li>Przyjmowanie, ewidencjonowanie i analiza skarg, wniosk\u00f3w, pochwa\u0142 zg\u0142aszanych przez pacjent\u00f3w.<\/li><li>Wsp\u00f3\u0142praca z Rad\u0105 Spo\u0142eczn\u0105 Zak\u0142adu w zakresie dotycz\u0105cym:<ul><li>Skarg i wniosk\u00f3w zg\u0142aszanych przez pacjent\u00f3w,<\/li><li>realizacji praw pacjenta,<\/li><li>poziomu satysfakcji pacjenta z us\u0142ug \u015bwiadczonych przez szpital<\/li><\/ul><\/li><\/ol><p><strong>Pe\u0142nomocnik ds. Praw Pacjenta &#8211; Marzanna Be\u0142towska &#8211; Go\u0142uch.<br \/><\/strong>Przyjmuje Pacjent\u00f3w i Osoby zainteresowane we wtorki w godzinach od 14<sup>35<\/sup> do 18<sup>35.<\/sup><\/p><\/div>\n\t\t\t\t\t<\/div><div class=\"eael-accordion-list\">\n\t\t\t\t\t<div id=\"porady-dietetyka\" class=\"elementor-tab-title eael-accordion-header\" tabindex=\"0\" data-tab=\"4\" aria-controls=\"elementor-tab-content-1484\"><span class=\"eael-advanced-accordion-icon-closed\"><i aria-hidden=\"true\" class=\"fa-accordion-icon fas fa-plus\"><\/i><\/span><span class=\"eael-advanced-accordion-icon-opened\"><i aria-hidden=\"true\" class=\"fa-accordion-icon fas fa-minus\"><\/i><\/span><span class=\"eael-accordion-tab-title\">Porady Dietetyka<\/span><i aria-hidden=\"true\" class=\"fa-toggle fas fa-angle-right\"><\/i><\/div><div id=\"elementor-tab-content-1484\" class=\"eael-accordion-content clearfix\" data-tab=\"4\" aria-labelledby=\"porady-dietetyka\"><p>Szanowni Pa\u0144stwo,<br \/>udost\u0119pniamy Pa\u0144stwu przyk\u0142adowe jad\u0142ospisy, kt\u00f3re mog\u0105 by\u0107 wskaz\u00f3wk\u0105 do zdrowego od\u017cywiania.<\/p><p>W celu otrzymania dostosowanej do stanu zdrowia, wieku, zbilansowanej diety zapraszamy do osobistego kontaktu z dietetykiem w Poradni Przyszpitalnej lub w formie konsultacji drog\u0105 e-mailow\u0105 pod adresem: dietetyk@czerwonagora.pl<\/p><p>Dy\u017curuj\u0105cy dietetyk udziela bezp\u0142atnych porad w ka\u017cdy wtorek w Poradni Przyszpitalnej (gabinet nr 8) w godzinach 12<sup>30<\/sup>-14<sup>30<\/sup>, po wcze\u015bniejszym um\u00f3wieniu terminu konsultacji.<\/p><p>Rejestracji na konsultacj\u0119 mo\u017cna dokona\u0107 od poniedzia\u0142ku do pi\u0105tku w godzinach 8<sup>30<\/sup> &#8211; 9<sup>30<\/sup> pod numerem telefonu: 41\/3465545 wew. 154, lub drog\u0105 e-mailow\u0105 pod adresem: dietetyk@czerwonagora.pl<\/p><\/div>\n\t\t\t\t\t<\/div><div class=\"eael-accordion-list\">\n\t\t\t\t\t<div id=\"cennik-bada\" class=\"elementor-tab-title eael-accordion-header\" tabindex=\"0\" data-tab=\"5\" aria-controls=\"elementor-tab-content-1485\"><span class=\"eael-advanced-accordion-icon-closed\"><i aria-hidden=\"true\" class=\"fa-accordion-icon fas fa-plus\"><\/i><\/span><span class=\"eael-advanced-accordion-icon-opened\"><i aria-hidden=\"true\" class=\"fa-accordion-icon fas fa-minus\"><\/i><\/span><span class=\"eael-accordion-tab-title\">Cennik Bada\u0144<\/span><i aria-hidden=\"true\" class=\"fa-toggle fas fa-angle-right\"><\/i><\/div><div id=\"elementor-tab-content-1485\" class=\"eael-accordion-content clearfix\" data-tab=\"5\" aria-labelledby=\"cennik-bada\"><p>Przedstawiamy Pa\u0144stwu aktualny cennik bada\u0144 obowi\u0105zuj\u0105cy w 2021 r.<br \/><a href=\"https:\/\/czerwonagora.pl\/wp-content\/uploads\/2021\/06\/cennik-2021.pdf\">Cennik bada\u0144 z opisem obowi\u0105zuj\u0105cy w 2021 r. w Szpitalu Wojew\u00f3dzkim im. \u015aw. Rafa\u0142a w Czerwonej G\u00f3rze oraz w Wojew\u00f3dzkiej Przychodni Specjalistycznej<\/a><\/p><p><a href=\"https:\/\/czerwonagora.pl\/wp-content\/uploads\/2021\/06\/cennik-2021-nieubezpieczeni.pdf\">Cennik bada\u0144 obowi\u0105zuj\u0105cy w 2021 r. dla pacjent\u00f3w nieubezpieczonych<\/a><\/p><p>\u00a0<\/p><p>\u00a0<\/p><\/div>\n\t\t\t\t\t<\/div><div class=\"eael-accordion-list\">\n\t\t\t\t\t<div id=\"plan-szpitala\" class=\"elementor-tab-title eael-accordion-header\" tabindex=\"0\" data-tab=\"6\" aria-controls=\"elementor-tab-content-1486\"><span class=\"eael-advanced-accordion-icon-closed\"><i aria-hidden=\"true\" class=\"fa-accordion-icon fas fa-plus\"><\/i><\/span><span class=\"eael-advanced-accordion-icon-opened\"><i aria-hidden=\"true\" class=\"fa-accordion-icon fas fa-minus\"><\/i><\/span><span class=\"eael-accordion-tab-title\">Plan Szpitala<\/span><i aria-hidden=\"true\" class=\"fa-toggle fas fa-angle-right\"><\/i><\/div><div id=\"elementor-tab-content-1486\" class=\"eael-accordion-content clearfix\" data-tab=\"6\" aria-labelledby=\"plan-szpitala\"><p>Poni\u017cej przedstawiamy plan budynk\u00f3w wchodz\u0105cych w sk\u0142ad WSS im. \u015aw. Rafa\u0142a w Czerwonej G\u00f3rze.<img fetchpriority=\"high\" decoding=\"async\" class=\"alignnone size-full wp-image-6841\" src=\"https:\/\/czerwonagora.pl\/wp-content\/uploads\/2021\/06\/plan_szpitala-1-scaled.jpg\" alt=\"\" width=\"2560\" height=\"1514\" srcset=\"https:\/\/czerwonagora.pl\/wp-content\/uploads\/2021\/06\/plan_szpitala-1-scaled.jpg 2560w, https:\/\/czerwonagora.pl\/wp-content\/uploads\/2021\/06\/plan_szpitala-1-300x177.jpg 300w, https:\/\/czerwonagora.pl\/wp-content\/uploads\/2021\/06\/plan_szpitala-1-1024x606.jpg 1024w, https:\/\/czerwonagora.pl\/wp-content\/uploads\/2021\/06\/plan_szpitala-1-768x454.jpg 768w, https:\/\/czerwonagora.pl\/wp-content\/uploads\/2021\/06\/plan_szpitala-1-1536x909.jpg 1536w, https:\/\/czerwonagora.pl\/wp-content\/uploads\/2021\/06\/plan_szpitala-1-2048x1212.jpg 2048w\" sizes=\"(max-width: 2560px) 100vw, 2560px\" \/><\/p><\/div>\n\t\t\t\t\t<\/div><div class=\"eael-accordion-list\">\n\t\t\t\t\t<div id=\"instrukcja-bezpieczestwa-poarowego\" class=\"elementor-tab-title eael-accordion-header\" tabindex=\"0\" data-tab=\"7\" aria-controls=\"elementor-tab-content-1487\"><span class=\"eael-advanced-accordion-icon-closed\"><i aria-hidden=\"true\" class=\"fa-accordion-icon fas fa-plus\"><\/i><\/span><span class=\"eael-advanced-accordion-icon-opened\"><i aria-hidden=\"true\" class=\"fa-accordion-icon fas fa-minus\"><\/i><\/span><span class=\"eael-accordion-tab-title\">Instrukcja Bezpiecze\u0144stwa Po\u017carowego<\/span><i aria-hidden=\"true\" class=\"fa-toggle fas fa-angle-right\"><\/i><\/div><div id=\"elementor-tab-content-1487\" class=\"eael-accordion-content clearfix\" data-tab=\"7\" aria-labelledby=\"instrukcja-bezpieczestwa-poarowego\"><p><a href=\"https:\/\/czerwonagora.pl\/wp-content\/uploads\/2021\/06\/instrukcje-p-poz.zip\">INSTRUKCJA BEZPIECZE\u0143STWA PO\u017bAROWEGO &#8211; do pobrania w formacie zip<\/a><\/p><\/div>\n\t\t\t\t\t<\/div><div class=\"eael-accordion-list\">\n\t\t\t\t\t<div id=\"kaplica-szpitalna\" class=\"elementor-tab-title eael-accordion-header\" tabindex=\"0\" data-tab=\"8\" aria-controls=\"elementor-tab-content-1488\"><span class=\"eael-advanced-accordion-icon-closed\"><i aria-hidden=\"true\" class=\"fa-accordion-icon fas fa-plus\"><\/i><\/span><span class=\"eael-advanced-accordion-icon-opened\"><i aria-hidden=\"true\" class=\"fa-accordion-icon fas fa-minus\"><\/i><\/span><span class=\"eael-accordion-tab-title\">Kaplica Szpitalna<\/span><i aria-hidden=\"true\" class=\"fa-toggle fas fa-angle-right\"><\/i><\/div><div id=\"elementor-tab-content-1488\" class=\"eael-accordion-content clearfix\" data-tab=\"8\" aria-labelledby=\"kaplica-szpitalna\"><p>Kontakt z Kapelanem Szpitalnym przez poczt\u0119 elektroniczn\u0105:<br \/>kapelan.szpitalny@onet.pl<br \/>Kontakt telefoniczny z Kapelanem Szpitalnym: (+48) 721-721-833<\/p><h5>Niedziela i \u015awi\u0119ta<\/h5><p>7<sup>00<\/sup> Nabo\u017ce\u0144stwo majowe, czerwcowe, pa\u017adziernikowe<br \/>7<sup>30<\/sup> Msza \u015awi\u0119ta<\/p><h5>Wtorek, \u015aroda, Czwartek<\/h5><p>14<sup>30<\/sup> Droga Krzy\u017cowa (ca\u0142y rok opr\u00f3cz maja, czerwca i pa\u017adziernika) Nabo\u017ce\u0144stwo majowe, czerwcowe i pa\u017adziernikowe, Koronka do Bo\u017cego Mi\u0142osierdzia.<br \/>15<sup>30<\/sup> Msza \u015awi\u0119ta<br \/><br \/><\/p><p><div id='gallery-1' class='gallery galleryid-6539 gallery-columns-2 gallery-size-large'><figure class='gallery-item'>\n\t\t\t<div class='gallery-icon portrait'>\n\t\t\t\t<a href='https:\/\/czerwonagora.pl\/wp-content\/uploads\/2021\/06\/kaplica2.jpg'><img decoding=\"async\" width=\"683\" height=\"1024\" src=\"https:\/\/czerwonagora.pl\/wp-content\/uploads\/2021\/06\/kaplica2-683x1024.jpg\" class=\"attachment-large size-large\" alt=\"kaplica szpitalna. Kapelan w bia\u0142ym ubraniu podczas kazania na mszy swi\u0119tej\" srcset=\"https:\/\/czerwonagora.pl\/wp-content\/uploads\/2021\/06\/kaplica2-683x1024.jpg 683w, https:\/\/czerwonagora.pl\/wp-content\/uploads\/2021\/06\/kaplica2-200x300.jpg 200w, https:\/\/czerwonagora.pl\/wp-content\/uploads\/2021\/06\/kaplica2-768x1152.jpg 768w, https:\/\/czerwonagora.pl\/wp-content\/uploads\/2021\/06\/kaplica2-1024x1536.jpg 1024w, https:\/\/czerwonagora.pl\/wp-content\/uploads\/2021\/06\/kaplica2.jpg 1200w\" sizes=\"(max-width: 683px) 100vw, 683px\" \/><\/a>\n\t\t\t<\/div><\/figure><figure class='gallery-item'>\n\t\t\t<div class='gallery-icon portrait'>\n\t\t\t\t<a href='https:\/\/czerwonagora.pl\/wp-content\/uploads\/2021\/06\/kaplica3.jpg'><img decoding=\"async\" width=\"683\" height=\"1024\" src=\"https:\/\/czerwonagora.pl\/wp-content\/uploads\/2021\/06\/kaplica3-683x1024.jpg\" class=\"attachment-large size-large\" alt=\"czterech ksi\u0119\u017cy ubranych w bia\u0142e ubrania podczas mszy \u015bwi\u0119tej w kaplicy szpitalnej\" srcset=\"https:\/\/czerwonagora.pl\/wp-content\/uploads\/2021\/06\/kaplica3-683x1024.jpg 683w, https:\/\/czerwonagora.pl\/wp-content\/uploads\/2021\/06\/kaplica3-200x300.jpg 200w, https:\/\/czerwonagora.pl\/wp-content\/uploads\/2021\/06\/kaplica3-768x1152.jpg 768w, https:\/\/czerwonagora.pl\/wp-content\/uploads\/2021\/06\/kaplica3-1024x1536.jpg 1024w, https:\/\/czerwonagora.pl\/wp-content\/uploads\/2021\/06\/kaplica3.jpg 1200w\" sizes=\"(max-width: 683px) 100vw, 683px\" \/><\/a>\n\t\t\t<\/div><\/figure><figure class='gallery-item'>\n\t\t\t<div class='gallery-icon landscape'>\n\t\t\t\t<a href='https:\/\/czerwonagora.pl\/wp-content\/uploads\/2021\/06\/kaplica4.jpg'><img loading=\"lazy\" decoding=\"async\" width=\"812\" height=\"409\" src=\"https:\/\/czerwonagora.pl\/wp-content\/uploads\/2021\/06\/kaplica4-1024x516.jpg\" class=\"attachment-large size-large\" alt=\"kaplica szpitalna osoby podczas komunii swi\u0119tej udzielanych przez ksi\u0119\u017cy podczas mszy\" srcset=\"https:\/\/czerwonagora.pl\/wp-content\/uploads\/2021\/06\/kaplica4-1024x516.jpg 1024w, https:\/\/czerwonagora.pl\/wp-content\/uploads\/2021\/06\/kaplica4-300x151.jpg 300w, https:\/\/czerwonagora.pl\/wp-content\/uploads\/2021\/06\/kaplica4-768x387.jpg 768w, https:\/\/czerwonagora.pl\/wp-content\/uploads\/2021\/06\/kaplica4.jpg 1200w\" sizes=\"(max-width: 812px) 100vw, 812px\" \/><\/a>\n\t\t\t<\/div><\/figure><figure class='gallery-item'>\n\t\t\t<div class='gallery-icon landscape'>\n\t\t\t\t<a href='https:\/\/czerwonagora.pl\/wp-content\/uploads\/2021\/06\/kaplica1.jpg'><img loading=\"lazy\" decoding=\"async\" width=\"812\" height=\"455\" src=\"https:\/\/czerwonagora.pl\/wp-content\/uploads\/2021\/06\/kaplica1-1024x574.jpg\" class=\"attachment-large size-large\" alt=\"kaplica szpitala ksi\u0119\u017c\u0105 ubrani w ubrania koloru bia\u0142ego udzielaj\u0105 b\u0142ogos\u0142awie\u0144stwa podczas mszy swi\u0119tej\" srcset=\"https:\/\/czerwonagora.pl\/wp-content\/uploads\/2021\/06\/kaplica1-1024x574.jpg 1024w, https:\/\/czerwonagora.pl\/wp-content\/uploads\/2021\/06\/kaplica1-300x168.jpg 300w, https:\/\/czerwonagora.pl\/wp-content\/uploads\/2021\/06\/kaplica1-768x431.jpg 768w, https:\/\/czerwonagora.pl\/wp-content\/uploads\/2021\/06\/kaplica1.jpg 1200w\" sizes=\"(max-width: 812px) 100vw, 812px\" \/><\/a>\n\t\t\t<\/div><\/figure>\n\t\t<\/div>\n<\/p><\/div>\n\t\t\t\t\t<\/div><\/div>\t\t\t\t<\/div>\n\t\t\t\t<\/div>\n\t\t\t\t\t<\/div>\n\t\t<\/div>\n\t\t\t\t\t<\/div>\n\t\t<\/section>\n\t\t\t\t<\/div>\n\t\t","protected":false},"excerpt":{"rendered":"<p>Wytyczne w sprawie realizacji przez osoby uprawnione prawa do informacji o stanie zdrowia pacjenta na odleg\u0142o\u015b\u0107. Niniejsze wytyczne zawieraj\u0105 rekomendowane rozwi\u0105zania, kt\u00f3re pozwol\u0105 na realizacj\u0119 prawa osoby upowa\u017cnionej do informacji o stanie zdrowia pacjenta z uwzgl\u0119dnieniem zasad wynikaj\u0105cych z regulacji ochrony danych osobowych, w podmiotach udzielaj\u0105cych \u015bwiadcze\u0144 zdrowotnych. Pobierz plik z wytycznymi Prawa i obowi\u0105zki [&hellip;]<\/p>\n","protected":false},"author":3,"featured_media":0,"parent":0,"menu_order":0,"comment_status":"closed","ping_status":"closed","template":"","meta":{"zakra_page_container_layout":"customizer","zakra_page_sidebar_layout":"customizer","zakra_remove_content_margin":false,"zakra_sidebar":"customizer","zakra_transparent_header":"customizer","zakra_logo":0,"zakra_main_header_style":"default","zakra_menu_item_color":"","zakra_menu_item_hover_color":"","zakra_menu_item_active_color":"","zakra_menu_active_style":"","zakra_page_header":true,"footnotes":""},"class_list":["post-6539","page","type-page","status-publish","hentry"],"yoast_head":"<!-- This site is optimized with the Yoast SEO plugin v27.4 - https:\/\/yoast.com\/product\/yoast-seo-wordpress\/ -->\n<title>Pacjent - Wojew\u00f3dzki Szpital Specjalistyczny im. \u015aw. Rafa\u0142a w Czerwonej G\u00f3rze<\/title>\n<meta name=\"robots\" content=\"index, follow, max-snippet:-1, max-image-preview:large, max-video-preview:-1\" \/>\n<link rel=\"canonical\" href=\"https:\/\/czerwonagora.pl\/index.php\/pacjent\/\" \/>\n<meta property=\"og:locale\" content=\"pl_PL\" \/>\n<meta property=\"og:type\" content=\"article\" \/>\n<meta property=\"og:title\" content=\"Pacjent - Wojew\u00f3dzki Szpital Specjalistyczny im. \u015aw. Rafa\u0142a w Czerwonej G\u00f3rze\" \/>\n<meta property=\"og:description\" content=\"Wytyczne w sprawie realizacji przez osoby uprawnione prawa do informacji o stanie zdrowia pacjenta na odleg\u0142o\u015b\u0107. Niniejsze wytyczne zawieraj\u0105 rekomendowane rozwi\u0105zania, kt\u00f3re pozwol\u0105 na realizacj\u0119 prawa osoby upowa\u017cnionej do informacji o stanie zdrowia pacjenta z uwzgl\u0119dnieniem zasad wynikaj\u0105cych z regulacji ochrony danych osobowych, w podmiotach udzielaj\u0105cych \u015bwiadcze\u0144 zdrowotnych. Pobierz plik z wytycznymi Prawa i obowi\u0105zki [&hellip;]\" \/>\n<meta property=\"og:url\" content=\"https:\/\/czerwonagora.pl\/index.php\/pacjent\/\" \/>\n<meta property=\"og:site_name\" content=\"Wojew\u00f3dzki Szpital Specjalistyczny im. \u015aw. Rafa\u0142a w Czerwonej G\u00f3rze\" \/>\n<meta property=\"article:publisher\" content=\"https:\/\/www.facebook.com\/SzpitalCzerwonaGora\/\" \/>\n<meta property=\"article:modified_time\" content=\"2021-06-28T12:02:21+00:00\" \/>\n<meta property=\"og:image\" content=\"https:\/\/czerwonagora.pl\/wp-content\/uploads\/2021\/06\/plan_szpitala-1-scaled.jpg\" \/>\n<meta name=\"twitter:card\" content=\"summary_large_image\" \/>\n<meta name=\"twitter:label1\" content=\"Szacowany czas czytania\" \/>\n\t<meta name=\"twitter:data1\" content=\"8 minut\" \/>\n<script type=\"application\/ld+json\" class=\"yoast-schema-graph\">{\"@context\":\"https:\\\/\\\/schema.org\",\"@graph\":[{\"@type\":\"WebPage\",\"@id\":\"https:\\\/\\\/czerwonagora.pl\\\/index.php\\\/pacjent\\\/\",\"url\":\"https:\\\/\\\/czerwonagora.pl\\\/index.php\\\/pacjent\\\/\",\"name\":\"Pacjent - Wojew\u00f3dzki Szpital Specjalistyczny im. \u015aw. Rafa\u0142a w Czerwonej G\u00f3rze\",\"isPartOf\":{\"@id\":\"https:\\\/\\\/czerwonagora.pl\\\/#website\"},\"primaryImageOfPage\":{\"@id\":\"https:\\\/\\\/czerwonagora.pl\\\/index.php\\\/pacjent\\\/#primaryimage\"},\"image\":{\"@id\":\"https:\\\/\\\/czerwonagora.pl\\\/index.php\\\/pacjent\\\/#primaryimage\"},\"thumbnailUrl\":\"https:\\\/\\\/czerwonagora.pl\\\/wp-content\\\/uploads\\\/2021\\\/06\\\/plan_szpitala-1-scaled.jpg\",\"datePublished\":\"2021-06-28T11:15:49+00:00\",\"dateModified\":\"2021-06-28T12:02:21+00:00\",\"breadcrumb\":{\"@id\":\"https:\\\/\\\/czerwonagora.pl\\\/index.php\\\/pacjent\\\/#breadcrumb\"},\"inLanguage\":\"pl-PL\",\"potentialAction\":[{\"@type\":\"ReadAction\",\"target\":[\"https:\\\/\\\/czerwonagora.pl\\\/index.php\\\/pacjent\\\/\"]}]},{\"@type\":\"ImageObject\",\"inLanguage\":\"pl-PL\",\"@id\":\"https:\\\/\\\/czerwonagora.pl\\\/index.php\\\/pacjent\\\/#primaryimage\",\"url\":\"https:\\\/\\\/czerwonagora.pl\\\/wp-content\\\/uploads\\\/2021\\\/06\\\/plan_szpitala-1-scaled.jpg\",\"contentUrl\":\"https:\\\/\\\/czerwonagora.pl\\\/wp-content\\\/uploads\\\/2021\\\/06\\\/plan_szpitala-1-scaled.jpg\",\"width\":2560,\"height\":1514,\"caption\":\"plan Szpitala w Czerwonej G\u00f3rze\"},{\"@type\":\"BreadcrumbList\",\"@id\":\"https:\\\/\\\/czerwonagora.pl\\\/index.php\\\/pacjent\\\/#breadcrumb\",\"itemListElement\":[{\"@type\":\"ListItem\",\"position\":1,\"name\":\"Strona g\u0142\u00f3wna\",\"item\":\"https:\\\/\\\/czerwonagora.pl\\\/\"},{\"@type\":\"ListItem\",\"position\":2,\"name\":\"Pacjent\"}]},{\"@type\":\"WebSite\",\"@id\":\"https:\\\/\\\/czerwonagora.pl\\\/#website\",\"url\":\"https:\\\/\\\/czerwonagora.pl\\\/\",\"name\":\"Wojew\u00f3dzki Szpital Specjalistyczny im. \u015aw. Rafa\u0142a w Czerwonej G\u00f3rze\",\"description\":\"Wojew\u00f3dzki Szpital Specjalistyczny im. \u015aw. Rafa\u0142a w Czerwonej G\u00f3rze\",\"publisher\":{\"@id\":\"https:\\\/\\\/czerwonagora.pl\\\/#organization\"},\"potentialAction\":[{\"@type\":\"SearchAction\",\"target\":{\"@type\":\"EntryPoint\",\"urlTemplate\":\"https:\\\/\\\/czerwonagora.pl\\\/?s={search_term_string}\"},\"query-input\":{\"@type\":\"PropertyValueSpecification\",\"valueRequired\":true,\"valueName\":\"search_term_string\"}}],\"inLanguage\":\"pl-PL\"},{\"@type\":\"Organization\",\"@id\":\"https:\\\/\\\/czerwonagora.pl\\\/#organization\",\"name\":\"Wojew\u00f3dzki Szpital Specjalistyczny im. \u015aw. Rafa\u0142a w Czerwonej G\u00f3rze\",\"url\":\"https:\\\/\\\/czerwonagora.pl\\\/\",\"logo\":{\"@type\":\"ImageObject\",\"inLanguage\":\"pl-PL\",\"@id\":\"https:\\\/\\\/czerwonagora.pl\\\/#\\\/schema\\\/logo\\\/image\\\/\",\"url\":\"https:\\\/\\\/czerwonagora.pl\\\/wp-content\\\/uploads\\\/2021\\\/06\\\/Logo-WSS-DUZE-transparentne.png\",\"contentUrl\":\"https:\\\/\\\/czerwonagora.pl\\\/wp-content\\\/uploads\\\/2021\\\/06\\\/Logo-WSS-DUZE-transparentne.png\",\"width\":4210,\"height\":2975,\"caption\":\"Wojew\u00f3dzki Szpital Specjalistyczny im. \u015aw. Rafa\u0142a w Czerwonej G\u00f3rze\"},\"image\":{\"@id\":\"https:\\\/\\\/czerwonagora.pl\\\/#\\\/schema\\\/logo\\\/image\\\/\"},\"sameAs\":[\"https:\\\/\\\/www.facebook.com\\\/SzpitalCzerwonaGora\\\/\"]}]}<\/script>\n<!-- \/ Yoast SEO plugin. -->","yoast_head_json":{"title":"Pacjent - Wojew\u00f3dzki Szpital Specjalistyczny im. \u015aw. Rafa\u0142a w Czerwonej G\u00f3rze","robots":{"index":"index","follow":"follow","max-snippet":"max-snippet:-1","max-image-preview":"max-image-preview:large","max-video-preview":"max-video-preview:-1"},"canonical":"https:\/\/czerwonagora.pl\/index.php\/pacjent\/","og_locale":"pl_PL","og_type":"article","og_title":"Pacjent - Wojew\u00f3dzki Szpital Specjalistyczny im. \u015aw. Rafa\u0142a w Czerwonej G\u00f3rze","og_description":"Wytyczne w sprawie realizacji przez osoby uprawnione prawa do informacji o stanie zdrowia pacjenta na odleg\u0142o\u015b\u0107. Niniejsze wytyczne zawieraj\u0105 rekomendowane rozwi\u0105zania, kt\u00f3re pozwol\u0105 na realizacj\u0119 prawa osoby upowa\u017cnionej do informacji o stanie zdrowia pacjenta z uwzgl\u0119dnieniem zasad wynikaj\u0105cych z regulacji ochrony danych osobowych, w podmiotach udzielaj\u0105cych \u015bwiadcze\u0144 zdrowotnych. Pobierz plik z wytycznymi Prawa i obowi\u0105zki [&hellip;]","og_url":"https:\/\/czerwonagora.pl\/index.php\/pacjent\/","og_site_name":"Wojew\u00f3dzki Szpital Specjalistyczny im. \u015aw. Rafa\u0142a w Czerwonej G\u00f3rze","article_publisher":"https:\/\/www.facebook.com\/SzpitalCzerwonaGora\/","article_modified_time":"2021-06-28T12:02:21+00:00","og_image":[{"url":"https:\/\/czerwonagora.pl\/wp-content\/uploads\/2021\/06\/plan_szpitala-1-scaled.jpg","type":"","width":"","height":""}],"twitter_card":"summary_large_image","twitter_misc":{"Szacowany czas czytania":"8 minut"},"schema":{"@context":"https:\/\/schema.org","@graph":[{"@type":"WebPage","@id":"https:\/\/czerwonagora.pl\/index.php\/pacjent\/","url":"https:\/\/czerwonagora.pl\/index.php\/pacjent\/","name":"Pacjent - Wojew\u00f3dzki Szpital Specjalistyczny im. \u015aw. Rafa\u0142a w Czerwonej G\u00f3rze","isPartOf":{"@id":"https:\/\/czerwonagora.pl\/#website"},"primaryImageOfPage":{"@id":"https:\/\/czerwonagora.pl\/index.php\/pacjent\/#primaryimage"},"image":{"@id":"https:\/\/czerwonagora.pl\/index.php\/pacjent\/#primaryimage"},"thumbnailUrl":"https:\/\/czerwonagora.pl\/wp-content\/uploads\/2021\/06\/plan_szpitala-1-scaled.jpg","datePublished":"2021-06-28T11:15:49+00:00","dateModified":"2021-06-28T12:02:21+00:00","breadcrumb":{"@id":"https:\/\/czerwonagora.pl\/index.php\/pacjent\/#breadcrumb"},"inLanguage":"pl-PL","potentialAction":[{"@type":"ReadAction","target":["https:\/\/czerwonagora.pl\/index.php\/pacjent\/"]}]},{"@type":"ImageObject","inLanguage":"pl-PL","@id":"https:\/\/czerwonagora.pl\/index.php\/pacjent\/#primaryimage","url":"https:\/\/czerwonagora.pl\/wp-content\/uploads\/2021\/06\/plan_szpitala-1-scaled.jpg","contentUrl":"https:\/\/czerwonagora.pl\/wp-content\/uploads\/2021\/06\/plan_szpitala-1-scaled.jpg","width":2560,"height":1514,"caption":"plan Szpitala w Czerwonej G\u00f3rze"},{"@type":"BreadcrumbList","@id":"https:\/\/czerwonagora.pl\/index.php\/pacjent\/#breadcrumb","itemListElement":[{"@type":"ListItem","position":1,"name":"Strona g\u0142\u00f3wna","item":"https:\/\/czerwonagora.pl\/"},{"@type":"ListItem","position":2,"name":"Pacjent"}]},{"@type":"WebSite","@id":"https:\/\/czerwonagora.pl\/#website","url":"https:\/\/czerwonagora.pl\/","name":"Wojew\u00f3dzki Szpital Specjalistyczny im. \u015aw. Rafa\u0142a w Czerwonej G\u00f3rze","description":"Wojew\u00f3dzki Szpital Specjalistyczny im. \u015aw. Rafa\u0142a w Czerwonej G\u00f3rze","publisher":{"@id":"https:\/\/czerwonagora.pl\/#organization"},"potentialAction":[{"@type":"SearchAction","target":{"@type":"EntryPoint","urlTemplate":"https:\/\/czerwonagora.pl\/?s={search_term_string}"},"query-input":{"@type":"PropertyValueSpecification","valueRequired":true,"valueName":"search_term_string"}}],"inLanguage":"pl-PL"},{"@type":"Organization","@id":"https:\/\/czerwonagora.pl\/#organization","name":"Wojew\u00f3dzki Szpital Specjalistyczny im. \u015aw. Rafa\u0142a w Czerwonej G\u00f3rze","url":"https:\/\/czerwonagora.pl\/","logo":{"@type":"ImageObject","inLanguage":"pl-PL","@id":"https:\/\/czerwonagora.pl\/#\/schema\/logo\/image\/","url":"https:\/\/czerwonagora.pl\/wp-content\/uploads\/2021\/06\/Logo-WSS-DUZE-transparentne.png","contentUrl":"https:\/\/czerwonagora.pl\/wp-content\/uploads\/2021\/06\/Logo-WSS-DUZE-transparentne.png","width":4210,"height":2975,"caption":"Wojew\u00f3dzki Szpital Specjalistyczny im. \u015aw. Rafa\u0142a w Czerwonej G\u00f3rze"},"image":{"@id":"https:\/\/czerwonagora.pl\/#\/schema\/logo\/image\/"},"sameAs":["https:\/\/www.facebook.com\/SzpitalCzerwonaGora\/"]}]}},"publishpress_future_action":{"enabled":false,"date":"2026-05-08 18:29:14","action":"change-status","newStatus":"draft","terms":[],"taxonomy":"","extraData":[]},"publishpress_future_workflow_manual_trigger":{"enabledWorkflows":[]},"_links":{"self":[{"href":"https:\/\/czerwonagora.pl\/index.php\/wp-json\/wp\/v2\/pages\/6539","targetHints":{"allow":["GET"]}}],"collection":[{"href":"https:\/\/czerwonagora.pl\/index.php\/wp-json\/wp\/v2\/pages"}],"about":[{"href":"https:\/\/czerwonagora.pl\/index.php\/wp-json\/wp\/v2\/types\/page"}],"author":[{"embeddable":true,"href":"https:\/\/czerwonagora.pl\/index.php\/wp-json\/wp\/v2\/users\/3"}],"replies":[{"embeddable":true,"href":"https:\/\/czerwonagora.pl\/index.php\/wp-json\/wp\/v2\/comments?post=6539"}],"version-history":[{"count":5,"href":"https:\/\/czerwonagora.pl\/index.php\/wp-json\/wp\/v2\/pages\/6539\/revisions"}],"predecessor-version":[{"id":9021,"href":"https:\/\/czerwonagora.pl\/index.php\/wp-json\/wp\/v2\/pages\/6539\/revisions\/9021"}],"wp:attachment":[{"href":"https:\/\/czerwonagora.pl\/index.php\/wp-json\/wp\/v2\/media?parent=6539"}],"curies":[{"name":"wp","href":"https:\/\/api.w.org\/{rel}","templated":true}]}}