{"id":8033,"date":"2021-06-30T11:48:27","date_gmt":"2021-06-30T09:48:27","guid":{"rendered":"https:\/\/czerwonagora.pl\/?page_id=8033"},"modified":"2024-08-26T11:29:54","modified_gmt":"2024-08-26T09:29:54","slug":"rada-spoleczna","status":"publish","type":"page","link":"https:\/\/czerwonagora.pl\/index.php\/rada-spoleczna\/","title":{"rendered":"Rada Spo\u0142eczna"},"content":{"rendered":"\t\t<div data-elementor-type=\"wp-page\" data-elementor-id=\"8033\" class=\"elementor elementor-8033\">\n\t\t\t\t\t\t<section class=\"elementor-section elementor-top-section elementor-element elementor-element-6adb7219 elementor-section-stretched elementor-section-boxed elementor-section-height-default elementor-section-height-default\" data-id=\"6adb7219\" data-element_type=\"section\" data-e-type=\"section\" data-settings=\"{&quot;background_background&quot;:&quot;classic&quot;,&quot;stretch_section&quot;:&quot;section-stretched&quot;}\">\n\t\t\t\t\t\t<div class=\"elementor-container elementor-column-gap-default\">\n\t\t\t\t\t<div class=\"elementor-column elementor-col-100 elementor-top-column elementor-element elementor-element-666be47a\" data-id=\"666be47a\" data-element_type=\"column\" data-e-type=\"column\">\n\t\t\t<div class=\"elementor-widget-wrap elementor-element-populated\">\n\t\t\t\t\t\t<div class=\"elementor-element elementor-element-32b51418 elementor-widget elementor-widget-text-editor\" data-id=\"32b51418\" data-element_type=\"widget\" data-e-type=\"widget\" data-widget_type=\"text-editor.default\">\n\t\t\t\t<div class=\"elementor-widget-container\">\n\t\t\t\t\t\t\t\t\t<h6 style=\"text-align: center;\"><strong>Sk\u0142ad Rady Spo\u0142ecznej<\/strong><\/h6>\t\t\t\t\t\t\t\t<\/div>\n\t\t\t\t<\/div>\n\t\t\t\t\t<\/div>\n\t\t<\/div>\n\t\t\t\t\t<\/div>\n\t\t<\/section>\n\t\t\t\t<section class=\"elementor-section elementor-top-section elementor-element elementor-element-325ca052 elementor-section-stretched elementor-section-boxed elementor-section-height-default elementor-section-height-default elementor-invisible\" data-id=\"325ca052\" data-element_type=\"section\" data-e-type=\"section\" data-settings=\"{&quot;stretch_section&quot;:&quot;section-stretched&quot;,&quot;animation&quot;:&quot;fadeIn&quot;,&quot;animation_delay&quot;:200,&quot;background_background&quot;:&quot;classic&quot;}\">\n\t\t\t\t\t\t\t<div class=\"elementor-background-overlay\"><\/div>\n\t\t\t\t\t\t\t<div class=\"elementor-container elementor-column-gap-no\">\n\t\t\t\t\t<div class=\"elementor-column elementor-col-16 elementor-top-column elementor-element elementor-element-639ef23f\" data-id=\"639ef23f\" data-element_type=\"column\" data-e-type=\"column\">\n\t\t\t<div class=\"elementor-widget-wrap elementor-element-populated\">\n\t\t\t\t\t\t<div class=\"elementor-element elementor-element-2388f320 elementor-position-top elementor-invisible elementor-widget elementor-widget-image-box\" data-id=\"2388f320\" data-element_type=\"widget\" data-e-type=\"widget\" data-settings=\"{&quot;_animation&quot;:&quot;fadeIn&quot;}\" data-widget_type=\"image-box.default\">\n\t\t\t\t<div class=\"elementor-widget-container\">\n\t\t\t\t\t<div class=\"elementor-image-box-wrapper\"><figure class=\"elementor-image-box-img\"><img decoding=\"async\" width=\"180\" height=\"223\" src=\"https:\/\/czerwonagora.pl\/wp-content\/uploads\/2021\/06\/woman_adm-ikona.png\" class=\"attachment-full size-full wp-image-7903\" alt=\"t\u0142o koloru zielone z sylwetk\u0105 kobiety ubran\u0105 w ubranie wizytowe koloru niebieskiego\" \/><\/figure><div class=\"elementor-image-box-content\"><h1 class=\"elementor-image-box-title\">Ma\u0142gorzata Krzywda<\/h1><p class=\"elementor-image-box-description\">Przewodnicz\u0105cy\n<\/p><\/div><\/div>\t\t\t\t<\/div>\n\t\t\t\t<\/div>\n\t\t\t\t<div class=\"elementor-element elementor-element-63533ef2 elementor-widget-divider--view-line elementor-widget elementor-widget-divider\" data-id=\"63533ef2\" data-element_type=\"widget\" data-e-type=\"widget\" data-widget_type=\"divider.default\">\n\t\t\t\t<div class=\"elementor-widget-container\">\n\t\t\t\t\t\t\t<div class=\"elementor-divider\">\n\t\t\t<span class=\"elementor-divider-separator\">\n\t\t\t\t\t\t<\/span>\n\t\t<\/div>\n\t\t\t\t\t\t<\/div>\n\t\t\t\t<\/div>\n\t\t\t\t\t<\/div>\n\t\t<\/div>\n\t\t\t\t<div class=\"elementor-column elementor-col-16 elementor-top-column elementor-element elementor-element-6b72577d\" data-id=\"6b72577d\" data-element_type=\"column\" data-e-type=\"column\">\n\t\t\t<div class=\"elementor-widget-wrap elementor-element-populated\">\n\t\t\t\t\t\t<div class=\"elementor-element elementor-element-253d74ef elementor-position-top elementor-invisible elementor-widget elementor-widget-image-box\" data-id=\"253d74ef\" data-element_type=\"widget\" data-e-type=\"widget\" data-settings=\"{&quot;_animation&quot;:&quot;fadeIn&quot;}\" data-widget_type=\"image-box.default\">\n\t\t\t\t<div class=\"elementor-widget-container\">\n\t\t\t\t\t<div class=\"elementor-image-box-wrapper\"><figure class=\"elementor-image-box-img\"><img decoding=\"async\" width=\"180\" height=\"223\" src=\"https:\/\/czerwonagora.pl\/wp-content\/uploads\/2021\/06\/woman_adm-ikona.png\" class=\"attachment-full size-full wp-image-7903\" alt=\"t\u0142o koloru zielone z sylwetk\u0105 kobiety ubran\u0105 w ubranie wizytowe koloru niebieskiego\" \/><\/figure><div class=\"elementor-image-box-content\"><h1 class=\"elementor-image-box-title\">Beata Paw\u0142owska<\/h1><p class=\"elementor-image-box-description\">Przedstawiciel Wojewody \u015awi\u0119tokrzyskiego<\/p><\/div><\/div>\t\t\t\t<\/div>\n\t\t\t\t<\/div>\n\t\t\t\t<div class=\"elementor-element elementor-element-6e1173ad elementor-widget-divider--view-line elementor-widget elementor-widget-divider\" data-id=\"6e1173ad\" data-element_type=\"widget\" data-e-type=\"widget\" data-widget_type=\"divider.default\">\n\t\t\t\t<div class=\"elementor-widget-container\">\n\t\t\t\t\t\t\t<div class=\"elementor-divider\">\n\t\t\t<span class=\"elementor-divider-separator\">\n\t\t\t\t\t\t<\/span>\n\t\t<\/div>\n\t\t\t\t\t\t<\/div>\n\t\t\t\t<\/div>\n\t\t\t\t\t<\/div>\n\t\t<\/div>\n\t\t\t\t<div class=\"elementor-column elementor-col-16 elementor-top-column elementor-element elementor-element-65fc116\" data-id=\"65fc116\" data-element_type=\"column\" data-e-type=\"column\">\n\t\t\t<div class=\"elementor-widget-wrap elementor-element-populated\">\n\t\t\t\t\t\t<div class=\"elementor-element elementor-element-61047972 elementor-position-top elementor-invisible elementor-widget elementor-widget-image-box\" data-id=\"61047972\" data-element_type=\"widget\" data-e-type=\"widget\" data-settings=\"{&quot;_animation&quot;:&quot;fadeIn&quot;}\" data-widget_type=\"image-box.default\">\n\t\t\t\t<div class=\"elementor-widget-container\">\n\t\t\t\t\t<div class=\"elementor-image-box-wrapper\"><figure class=\"elementor-image-box-img\"><img decoding=\"async\" width=\"180\" height=\"223\" src=\"https:\/\/czerwonagora.pl\/wp-content\/uploads\/2021\/06\/men_adm-ikona.png\" class=\"attachment-full size-full wp-image-7902\" alt=\"t\u0142o koloru zielonego z sylwetk\u0105 m\u0119\u017cczyzny ubranego w ubranie wizytowe koloru czarnego\" \/><\/figure><div class=\"elementor-image-box-content\"><h1 class=\"elementor-image-box-title\">Grzegorz Cepil<\/h1><p class=\"elementor-image-box-description\">Przedstawiciel Sejmiku Wojew\u00f3dztwa \u015awi\u0119tokrzyskiego<\/p><\/div><\/div>\t\t\t\t<\/div>\n\t\t\t\t<\/div>\n\t\t\t\t<div class=\"elementor-element elementor-element-3b79a70b elementor-widget-divider--view-line elementor-widget elementor-widget-divider\" data-id=\"3b79a70b\" data-element_type=\"widget\" data-e-type=\"widget\" data-widget_type=\"divider.default\">\n\t\t\t\t<div class=\"elementor-widget-container\">\n\t\t\t\t\t\t\t<div class=\"elementor-divider\">\n\t\t\t<span class=\"elementor-divider-separator\">\n\t\t\t\t\t\t<\/span>\n\t\t<\/div>\n\t\t\t\t\t\t<\/div>\n\t\t\t\t<\/div>\n\t\t\t\t\t<\/div>\n\t\t<\/div>\n\t\t\t\t<div class=\"elementor-column elementor-col-16 elementor-top-column elementor-element elementor-element-1f0b99a4\" data-id=\"1f0b99a4\" data-element_type=\"column\" data-e-type=\"column\">\n\t\t\t<div class=\"elementor-widget-wrap elementor-element-populated\">\n\t\t\t\t\t\t<div class=\"elementor-element elementor-element-760960c4 elementor-position-top elementor-invisible elementor-widget elementor-widget-image-box\" data-id=\"760960c4\" data-element_type=\"widget\" data-e-type=\"widget\" data-settings=\"{&quot;_animation&quot;:&quot;fadeIn&quot;}\" data-widget_type=\"image-box.default\">\n\t\t\t\t<div class=\"elementor-widget-container\">\n\t\t\t\t\t<div class=\"elementor-image-box-wrapper\"><figure class=\"elementor-image-box-img\"><img decoding=\"async\" width=\"180\" height=\"223\" src=\"https:\/\/czerwonagora.pl\/wp-content\/uploads\/2021\/06\/men_adm-ikona.png\" class=\"attachment-full size-full wp-image-7902\" alt=\"t\u0142o koloru zielonego z sylwetk\u0105 m\u0119\u017cczyzny ubranego w ubranie wizytowe koloru czarnego\" \/><\/figure><div class=\"elementor-image-box-content\"><h1 class=\"elementor-image-box-title\">\u0141ukasz Jab\u0142o\u0144ski<\/h1><p class=\"elementor-image-box-description\">Przedstawiciel Sejmiku Wojew\u00f3dztwa \u015awi\u0119tokrzyskiego<\/p><\/div><\/div>\t\t\t\t<\/div>\n\t\t\t\t<\/div>\n\t\t\t\t<div class=\"elementor-element elementor-element-702368a4 elementor-widget-divider--view-line elementor-widget elementor-widget-divider\" data-id=\"702368a4\" data-element_type=\"widget\" data-e-type=\"widget\" data-widget_type=\"divider.default\">\n\t\t\t\t<div class=\"elementor-widget-container\">\n\t\t\t\t\t\t\t<div class=\"elementor-divider\">\n\t\t\t<span class=\"elementor-divider-separator\">\n\t\t\t\t\t\t<\/span>\n\t\t<\/div>\n\t\t\t\t\t\t<\/div>\n\t\t\t\t<\/div>\n\t\t\t\t\t<\/div>\n\t\t<\/div>\n\t\t\t\t<div class=\"elementor-column elementor-col-16 elementor-top-column elementor-element elementor-element-d93da99\" data-id=\"d93da99\" data-element_type=\"column\" data-e-type=\"column\">\n\t\t\t<div class=\"elementor-widget-wrap elementor-element-populated\">\n\t\t\t\t\t\t<div class=\"elementor-element elementor-element-ac6e901 elementor-position-top elementor-invisible elementor-widget elementor-widget-image-box\" data-id=\"ac6e901\" data-element_type=\"widget\" data-e-type=\"widget\" data-settings=\"{&quot;_animation&quot;:&quot;fadeIn&quot;}\" data-widget_type=\"image-box.default\">\n\t\t\t\t<div class=\"elementor-widget-container\">\n\t\t\t\t\t<div class=\"elementor-image-box-wrapper\"><figure class=\"elementor-image-box-img\"><img decoding=\"async\" width=\"180\" height=\"223\" src=\"https:\/\/czerwonagora.pl\/wp-content\/uploads\/2021\/06\/men_adm-ikona.png\" class=\"attachment-full size-full wp-image-7902\" alt=\"t\u0142o koloru zielonego z sylwetk\u0105 m\u0119\u017cczyzny ubranego w ubranie wizytowe koloru czarnego\" \/><\/figure><div class=\"elementor-image-box-content\"><h1 class=\"elementor-image-box-title\">Pawe\u0142 Krakowiak<\/h1><p class=\"elementor-image-box-description\">Przedstawiciel Sejmiku Wojew\u00f3dztwa \u015awi\u0119tokrzyskiego<\/p><\/div><\/div>\t\t\t\t<\/div>\n\t\t\t\t<\/div>\n\t\t\t\t<div class=\"elementor-element elementor-element-3f26189 elementor-widget-divider--view-line elementor-widget elementor-widget-divider\" data-id=\"3f26189\" data-element_type=\"widget\" data-e-type=\"widget\" data-widget_type=\"divider.default\">\n\t\t\t\t<div class=\"elementor-widget-container\">\n\t\t\t\t\t\t\t<div class=\"elementor-divider\">\n\t\t\t<span class=\"elementor-divider-separator\">\n\t\t\t\t\t\t<\/span>\n\t\t<\/div>\n\t\t\t\t\t\t<\/div>\n\t\t\t\t<\/div>\n\t\t\t\t\t<\/div>\n\t\t<\/div>\n\t\t\t\t<div class=\"elementor-column elementor-col-16 elementor-top-column elementor-element elementor-element-8f59848\" data-id=\"8f59848\" data-element_type=\"column\" data-e-type=\"column\">\n\t\t\t<div class=\"elementor-widget-wrap elementor-element-populated\">\n\t\t\t\t\t\t<div class=\"elementor-element elementor-element-01a73a0 elementor-position-top elementor-invisible elementor-widget elementor-widget-image-box\" data-id=\"01a73a0\" data-element_type=\"widget\" data-e-type=\"widget\" data-settings=\"{&quot;_animation&quot;:&quot;fadeIn&quot;}\" data-widget_type=\"image-box.default\">\n\t\t\t\t<div class=\"elementor-widget-container\">\n\t\t\t\t\t<div class=\"elementor-image-box-wrapper\"><figure class=\"elementor-image-box-img\"><img decoding=\"async\" width=\"180\" height=\"223\" src=\"https:\/\/czerwonagora.pl\/wp-content\/uploads\/2021\/06\/men_adm-ikona.png\" class=\"attachment-full size-full wp-image-7902\" alt=\"t\u0142o koloru zielonego z sylwetk\u0105 m\u0119\u017cczyzny ubranego w ubranie wizytowe koloru czarnego\" \/><\/figure><div class=\"elementor-image-box-content\"><h1 class=\"elementor-image-box-title\">Przemys\u0142aw Wolak<\/h1><p class=\"elementor-image-box-description\">Przedstawiciel Uniwersytetu Jana Kochanowskiego w Kielcach<\/p><\/div><\/div>\t\t\t\t<\/div>\n\t\t\t\t<\/div>\n\t\t\t\t<div class=\"elementor-element elementor-element-f3ea26f elementor-widget-divider--view-line elementor-widget elementor-widget-divider\" data-id=\"f3ea26f\" data-element_type=\"widget\" data-e-type=\"widget\" data-widget_type=\"divider.default\">\n\t\t\t\t<div class=\"elementor-widget-container\">\n\t\t\t\t\t\t\t<div class=\"elementor-divider\">\n\t\t\t<span class=\"elementor-divider-separator\">\n\t\t\t\t\t\t<\/span>\n\t\t<\/div>\n\t\t\t\t\t\t<\/div>\n\t\t\t\t<\/div>\n\t\t\t\t\t<\/div>\n\t\t<\/div>\n\t\t\t\t\t<\/div>\n\t\t<\/section>\n\t\t\t\t<section class=\"elementor-section elementor-top-section elementor-element elementor-element-7d3a676 elementor-section-stretched elementor-section-boxed elementor-section-height-default elementor-section-height-default\" data-id=\"7d3a676\" data-element_type=\"section\" data-e-type=\"section\" data-settings=\"{&quot;stretch_section&quot;:&quot;section-stretched&quot;}\">\n\t\t\t\t\t\t<div class=\"elementor-container elementor-column-gap-default\">\n\t\t\t\t\t<div class=\"elementor-column elementor-col-100 elementor-top-column elementor-element elementor-element-2b22ee2\" data-id=\"2b22ee2\" data-element_type=\"column\" data-e-type=\"column\">\n\t\t\t<div class=\"elementor-widget-wrap elementor-element-populated\">\n\t\t\t\t\t\t<div class=\"elementor-element elementor-element-46db162 elementor-tabs-view-horizontal elementor-widget elementor-widget-tabs\" data-id=\"46db162\" data-element_type=\"widget\" data-e-type=\"widget\" data-widget_type=\"tabs.default\">\n\t\t\t\t<div class=\"elementor-widget-container\">\n\t\t\t\t\t\t\t<div class=\"elementor-tabs\">\n\t\t\t<div class=\"elementor-tabs-wrapper\" role=\"tablist\" >\n\t\t\t\t\t\t\t\t\t<div id=\"elementor-tab-title-7421\" class=\"elementor-tab-title elementor-tab-desktop-title\" aria-selected=\"true\" data-tab=\"1\" role=\"tab\" tabindex=\"0\" aria-controls=\"elementor-tab-content-7421\" aria-expanded=\"false\">Uchwa\u0142a<\/div>\n\t\t\t\t\t\t\t\t\t<div id=\"elementor-tab-title-7422\" class=\"elementor-tab-title elementor-tab-desktop-title\" aria-selected=\"false\" data-tab=\"2\" role=\"tab\" tabindex=\"-1\" aria-controls=\"elementor-tab-content-7422\" aria-expanded=\"false\">Uzasadnienie<\/div>\n\t\t\t\t\t\t\t\t\t<div id=\"elementor-tab-title-7423\" class=\"elementor-tab-title elementor-tab-desktop-title\" aria-selected=\"false\" data-tab=\"3\" role=\"tab\" tabindex=\"-1\" aria-controls=\"elementor-tab-content-7423\" aria-expanded=\"false\">Regulamin Rady Spo\u0142ecznej<\/div>\n\t\t\t\t\t\t\t<\/div>\n\t\t\t<div class=\"elementor-tabs-content-wrapper\" role=\"tablist\" aria-orientation=\"vertical\">\n\t\t\t\t\t\t\t\t\t<div class=\"elementor-tab-title elementor-tab-mobile-title\" aria-selected=\"true\" data-tab=\"1\" role=\"tab\" tabindex=\"0\" aria-controls=\"elementor-tab-content-7421\" aria-expanded=\"false\">Uchwa\u0142a<\/div>\n\t\t\t\t\t<div id=\"elementor-tab-content-7421\" class=\"elementor-tab-content elementor-clearfix\" data-tab=\"1\" role=\"tabpanel\" aria-labelledby=\"elementor-tab-title-7421\" tabindex=\"0\" hidden=\"false\"><p><strong>UCHWA\u0141A NR\u00a0406\/24<br \/>ZARZ\u0104DU WOJEW\u00d3DZTWA \u015aWI\u0118TOKRZYSKIEGO<br \/>Z DNIA 10 LIPCA 2024 r.<\/strong><\/p><p>w sprawie: zmiany uchwa\u0142y Nr\u00a06443\/23 Zarz\u0105du Wojew\u00f3dztwa \u015awi\u0119tokrzyskiego z\u00a0dnia 11 stycznia 2023 r. w\u00a0sprawie powo\u0142ania Rady Spo\u0142ecznej Wojew\u00f3dzkiego Szpitala Specjalistycznego im. \u015aw. Rafa\u0142a w\u00a0Czerwonej G\u00f3rze.<\/p><p>Na podstawie: art. 41 ust.1 ustawy z\u00a0dnia 5 czerwca 1998 r. o\u00a0samorz\u0105dzie wojew\u00f3dztwa (Dz. U.2024.566), art. 48 ust.1, ust. 5, ust. 6 pkt 2 lit. b\u00a0ustawy z\u00a0dnia 15 kwietnia 2011r. o\u00a0dzia\u0142alno\u015bci leczniczej (Dz. U. 2024r.799), \u00a7 12 ust. 2 w\u00a0zwi\u0105zku z\u00a0\u00a714 ust. 1 pkt 6 Za\u0142\u0105cznika do\u00a0Uchwa\u0142y Nr\u00a0LIII\/646\/22<\/p><p>Sejmiku\u00a0 Wojew\u00f3dztwa \u015awi\u0119tokrzyskiego z\u00a0dnia 28 listopada 2022r. w\u00a0sprawie nadana statutu Wojw\u00f3dzkiemu Szpitalowi Specjalistycznemu im. \u015aw. Rafa\u0142a w\u00a0czerwonej G\u00f3rze (Dz. Urz. Woj. \u015awi\u0119t.2022r. poz. 4297), uchwala si\u0119, co\u00a0nast\u0119puje:<\/p><p><strong>\u00a7 1<\/strong><br \/>W uchwale Nr\u00a06443\/23 Zarz\u0105du Wojew\u00f3dztwa \u015awi\u0119tokrzyskiego z\u00a0dnia 11 stycznia 2023 r.<br \/>w sprawie powo\u0142ania Rady Spo\u0142ecznej Wojew\u00f3dzkiego Szpitala Specjalistycznego im. \u015aw. Rafa\u0142a<br \/>w Czerwonej G\u00f3rze wprowadza si\u0119 zmian\u0119 w\u00a0\u00a71, kt\u00f3ry otrzymuje nast\u0119puj\u0105ce brzmienie:<br \/>&#8222;\u00a71. Powo\u0142uje si\u0119 Rad\u0119 Spo\u0142eczn\u0105 w\u00a0Wojew\u00f3dzkim Szpitalu Specjalistycznym im. \u015aw. Rafa\u0142a w\u00a0Czerwonej G\u00f3rze, na\u00a0kadencj\u0119 2023-2027, w\u00a0nast\u0119puj\u0105cym sk\u0142adzie:<br \/><br \/>Przewodnicz\u0105cy &#8211; Pani Ma\u0142gorzata Krzywda,<br \/>Cz\u0142onkowie:<br \/>1\/. Przedstawiciel Wojewody \u015awi\u0119tokrzyskiego &#8211; Pani Beata Paw\u0142owska<br \/>2\/. Przedstawiciele Sejmiku Wojew\u00f3dztwa \u015awi\u0119tokrzyskiego:<br \/>a\/. Pan Grzegorz Cepil,<br \/>b\/. Pan \u0141ukasz Jab\u0142o\u0144ski<br \/>c\/. Pan Pawe\u0142 Karbownik<br \/>3\/. Przedstawiciel Uniwersytetu Jana Kochanowskiego w\u00a0Kielcach: Pan dr\u00a0Przemys\u0142aw Wolak&#8221;<\/p><p><strong>\u00a7 2<br \/><\/strong>Wykonanie uchwa\u0142y powierza si\u0119 Marsza\u0142kowi Wojew\u00f3dztwa \u015awi\u0119tokrzyskiego.<br \/><strong><br \/>\u00a7 3<br \/><\/strong>Uchwa\u0142a wchodzi w\u00a0\u017cycie z\u00a0dniem podj\u0119cia.<\/p><p style=\"text-align: center;\"><strong>WICEMARSZA\u0141EK WOJEW\u00d3DZTWA\u00a0<br \/>\u015aWI\u0118TOKRZYSKIEGO <br \/><\/strong><strong>GRZEGORZ SOCHA<\/strong><\/p><\/div>\n\t\t\t\t\t\t\t\t\t<div class=\"elementor-tab-title elementor-tab-mobile-title\" aria-selected=\"false\" data-tab=\"2\" role=\"tab\" tabindex=\"-1\" aria-controls=\"elementor-tab-content-7422\" aria-expanded=\"false\">Uzasadnienie<\/div>\n\t\t\t\t\t<div id=\"elementor-tab-content-7422\" class=\"elementor-tab-content elementor-clearfix\" data-tab=\"2\" role=\"tabpanel\" aria-labelledby=\"elementor-tab-title-7422\" tabindex=\"0\" hidden=\"hidden\"><p><strong>Uzasadnienie do Uchwa\u0142y Nr 406\/24<\/strong><strong><br \/>Zarz\u0105du Wojew\u00f3dztwa \u015awi\u0119tokrzyskiego<br \/>z dnia 10 lipca 2024 roku<\/strong><\/p><p>Zgodnie z art. 48 ust. 1 oraz ust. 5 ustawy o dzia\u0142alno\u015bci leczniczej w podmiocie leczniczym<br \/>nieb\u0119d\u0105cym przedsi\u0119biorc\u0105 dzia\u0142a rada spo\u0142eczna, kt\u00f3r\u0105 powo\u0142uje oraz odwo\u0142uje podmiot<br \/>tworz\u0105cy. W my\u015bl zapis\u00f3w statutu jednostki organem w\u0142a\u015bciwym do powo\u0142ania rady spo\u0142ecznej jest Zarz\u0105d Wojew\u00f3dztwa \u015awi\u0119tokrzyskiego.<\/p><p>Maj\u0105c na uwadze fakt, i\u017c w dniu 24 czerwca 2024 r. Sejmik Wojew\u00f3dztwa \u015awi\u0119tokrzyskiego<br \/>wybra\u0142 nowych przedstawicieli do rady spo\u0142ecznej podmiotu leczniczego, zachodzi<br \/>konieczno\u015b\u0107 dokonania zmiany w sk\u0142adzie osobowym rady.<\/p><\/div>\n\t\t\t\t\t\t\t\t\t<div class=\"elementor-tab-title elementor-tab-mobile-title\" aria-selected=\"false\" data-tab=\"3\" role=\"tab\" tabindex=\"-1\" aria-controls=\"elementor-tab-content-7423\" aria-expanded=\"false\">Regulamin Rady Spo\u0142ecznej<\/div>\n\t\t\t\t\t<div id=\"elementor-tab-content-7423\" class=\"elementor-tab-content elementor-clearfix\" data-tab=\"3\" role=\"tabpanel\" aria-labelledby=\"elementor-tab-title-7423\" tabindex=\"0\" hidden=\"hidden\"><p><b>Regulamin Rady Spo\u0142ecznej<br \/>Wojew\u00f3dzkiego Szpitala Specjalistycznego<br \/>im. \u015aw. Rafa\u0142a w Czerwonej G\u00f3rze<\/b><\/p><p><b>I. POSTANOWIENIA OG\u00d3LNE<br \/><\/b><br \/><b>\u00a7 1<br \/><\/b>Regulamin Rady Spo\u0142ecznej Wojew\u00f3dzkiego Szpitala Specjalistycznego im. \u015aw. Rafa\u0142a w Czerwonej G\u00f3rze okre\u015bla sk\u0142ad Rady Spo\u0142ecznej, spos\u00f3b jej powo\u0142ania, zakres kompetencji oraz spos\u00f3b zwo\u0142ywania posiedze\u0144 Rady Spo\u0142ecznej, tryb pracy i podejmowania uchwa\u0142.<\/p><p><b>\u00a7 2<br \/><\/b>W podmiocie leczniczym nie b\u0119d\u0105cym przedsi\u0119biorc\u0105, Rada Spo\u0142eczna jest organem:<br \/>1. inicjuj\u0105cym i opiniodawczym podmiotu tworz\u0105cego,<br \/>2. doradczym Dyrektora.<\/p><p><b>II. SK\u0141AD I SPOS\u00d3B POWO\u0141YWANIA RADY SPO\u0141ECZNEJ <br \/><\/b><br \/><b>\u00a7 3 <br \/><\/b>Rad\u0119 Spo\u0142eczn\u0105 powo\u0142uje i odwo\u0142uje oraz zwo\u0142uje jej pierwsze posiedzenie podmiot tworz\u0105cy.<\/p><p><b>\u00a7 4<br \/><\/b>1 Rada Spo\u0142eczna sk\u0142ada si\u0119 maksymalnie z 6 os\u00f3b.<br \/>2 W sk\u0142ad Rady Spo\u0142ecznej dzia\u0142aj\u0105cej w podmiocie leczniczym nie b\u0119d\u0105cym przedsi\u0119biorca, dla kt\u00f3rego podmiotem tworz\u0105cym jest Samorz\u0105d Wojew\u00f3dztwa wchodz\u0105:<br \/>2.1 jako przewodnicz\u0105cy &#8211; Marsza\u0142ek Wojew\u00f3dztwa \u015awi\u0119tokrzyskiego lub osoba przez niego wyznaczona,<br \/>2.2 jako cz\u0142onkowie:<br \/>2.2.1 przedstawiciel wojewody,<br \/>2.2.2 przedstawiciele wybrani przez sejmik wojew\u00f3dztwa \u2013 3 osoby.<br \/>2.2.3 przedstawiciel uczelni medycznej <br \/>3 Cz\u0142onkiem Rady Spo\u0142ecznej podmiotu leczniczego nie b\u0119d\u0105cego przedsi\u0119biorca nie mo\u017ce by\u0107 osoba zatrudniona w tym podmiocie.<br \/>4 Kadencja Rady Spo\u0142ecznej up\u0142ywa z dniem powo\u0142ania nowej Rady Spo\u0142ecznej przez podmiot tworz\u0105cy.<br \/>5 Przewodnicz\u0105cemu Rady Spo\u0142ecznej przys\u0142uguje prawo do wnioskowania o odwo\u0142anie cz\u0142onka Rady lub powo\u0142anie nowego cz\u0142onka.<br \/>6 Rada Spo\u0142eczna wybiera spo\u015br\u00f3d swoich cz\u0142onk\u00f3w na wniosek Przewodnicz\u0105cego jego Zast\u0119pc\u0119 oraz Sekretarza Rady.<br \/>7 Zast\u0119pca Przewodnicz\u0105cego oraz Sekretarz Rady mog\u0105 by\u0107 odwo\u0142ani ze swoich funkcji przed up\u0142ywem kadencji.<\/p><p><b>\u00a7 5<br \/><\/b>W posiedzeniu Rady Spo\u0142ecznej uczestniczy Dyrektor oraz przedstawiciele organizacji zwi\u0105zkowych dzia\u0142aj\u0105cych w podmiocie leczniczym.<\/p><p><b>III. ZADANIA RADY SPOE\u0141CZNEJ<br \/><\/b><br \/><b>\u00a7 6<br \/><\/b>Do zada\u0144 Rady Spo\u0142ecznej nale\u017cy w szczeg\u00f3lno\u015bci:<br \/>1 Przedstawianie podmiotowi tworz\u0105cemu wniosk\u00f3w i opinii w sprawach:<br \/>1.1 zbycia aktyw\u00f3w trwa\u0142ych oraz zakupu lub przyj\u0119cia darowizny nowej aparatury<br \/>i sprz\u0119tu medycznego,<br \/>1.2 zwi\u0105zanych z przekszta\u0142ceniem lub likwidacja, rozszerzeniem lub ograniczeniem dzia\u0142alno\u015bci,<br \/>1.3 przyznawania kierownikowi nagr\u00f3d,<br \/>1.4 rozwi\u0105zywania stosunku pracy lub umowy cywilnoprawnej z kierownikiem, <br \/>2 Przedstawianie kierownikowi wniosk\u00f3w i opinii w sprawach:<br \/>2.1 planu finansowego, w tym planu inwestycyjnego,<br \/>2.2 rocznego sprawozdania z planu finansowego, w tym planu inwestycyjnego,<br \/>2.3 kredyt\u00f3w bankowych lub dotacji,<br \/>2.4 podzia\u0142u zysku,<br \/>2.5 zbycia aktyw\u00f3w trwa\u0142ych oraz zakupu lub przyj\u0119cia darowizny nowej aparatury <br \/>i sprz\u0119tu medycznego,<br \/>2.6 regulaminu organizacyjnego.<br \/>3 Dokonywanie okresowych analiz skarg i wniosk\u00f3w wnoszonych przez pacjent\u00f3w, z wy\u0142\u0105czeniem spraw podlegaj\u0105cych nadzorowi medycznemu.<br \/>4 Opiniowanie wniosku w sprawie czasowego zaprzestania dzia\u0142alno\u015bci leczniczej.<br \/>5 Wykonywanie innych zada\u0144 okre\u015blonych w ustawie i statucie.<\/p><p><b>IV. TRYB ZWO\u0141YWANIA POSIEDZE\u0143 I PODEJMOWANIA UCHWA\u0141<br \/><\/b><br \/><b>\u00a7 7<br \/><\/b>Posiedzenie Rady Spo\u0142ecznej zwo\u0142uje jej Przewodnicz\u0105cy lub w razie jego nieobecno\u015bci Zast\u0119pca.<br \/><b>\u00a7 8<br \/><\/b>Posiedzenia Rady Spo\u0142ecznej odbywaj\u0105 si\u0119 co najmniej 4 razy w roku.<\/p><p><b>\u00a7 9<br \/><\/b>Przewodnicz\u0105cy Rady Spo\u0142ecznej zobowi\u0105zany jest zwo\u0142a\u0107 jej posiedzenie na wniosek co najmniej 3 cz\u0142onk\u00f3w Rady, w terminie dw\u00f3ch tygodni od daty z\u0142o\u017cenia wniosku.<\/p><p><b>\u00a7 10<br \/><\/b>Cz\u0142onek Rady Spo\u0142ecznej, kt\u00f3ry nie mo\u017ce wzi\u0105\u0107 udzia\u0142u w posiedzeniu jest zobowi\u0105zany usprawiedliwi\u0107 swoj\u0105 nieobecno\u015b\u0107.<\/p><p><b>\u00a7 11<br \/><\/b>1. O zwo\u0142aniu posiedzenia Rady Spo\u0142ecznej Przewodnicz\u0105cy zawiadamia cz\u0142onk\u00f3w Rady, na co najmniej 7 dni przed planowanym terminem posiedzenia. <br \/>2. Zawiadomienie mo\u017ce by\u0107 przekazane drog\u0105 pocztow\u0105 &#8211; listem poleconym lub za po\u015brednictwem poczty elektronicznej, na wskazane przez cz\u0142onk\u00f3w Rady adresy e-mail.<br \/>3. W przypadkach szczeg\u00f3lnych, kiedy posiedzenie Rady musi si\u0119 odby\u0107 w trybie nieplanowym, Przewodnicz\u0105cy mo\u017ce zarz\u0105dzi\u0107 inny spos\u00f3b i termin zawiadomienia, np. telefonicznie.<br \/><b>\u00a7 12<br \/><\/b>1. Porz\u0105dek posiedzenia Rady Spo\u0142ecznej, projekty uchwa\u0142 oraz inne materia\u0142y obj\u0119te porz\u0105dkiem obrad powinny zosta\u0107 przekazane cz\u0142onkom Rady najp\u00f3\u017aniej na 3 dni przed terminem posiedzenia.<br \/>2. Przyjmuje si\u0119, \u017ce materia\u0142y okre\u015blone w ust. 1 b\u0119d\u0105 przesy\u0142ane drog\u0105 elektroniczn\u0105 na adresy e-mail podane przez cz\u0142onk\u00f3w Rady Spo\u0142ecznej.<br \/><b>\u00a7 13<br \/><\/b>Ka\u017cdy cz\u0142onek Rady Spo\u0142ecznej mo\u017ce zg\u0142osi\u0107 Przewodnicz\u0105cemu umotywowany wniosek <br \/>o zmian\u0119 lub uzupe\u0142nienie porz\u0105dku obrad. Wniosek taki Przewodnicz\u0105cy Rady Spo\u0142ecznej podaje do wiadomo\u015bci cz\u0142onkom na posiedzeniu, przed zatwierdzeniem porz\u0105dku obrad.<br \/><b>\u00a7 14<br \/><\/b>Dla wa\u017cno\u015bci uchwa\u0142 wymagane jest zaproszenie wszystkich jej cz\u0142onk\u00f3w i obecno\u015b\u0107 na posiedzeniu co najmniej po\u0142owy sk\u0142adu Rady Spo\u0142ecznej.<br \/><b>\u00a7 15<br \/><\/b>Uchwa\u0142y Rady Spo\u0142ecznej zapadaj\u0105 wi\u0119kszo\u015bci\u0105 g\u0142os\u00f3w os\u00f3b obecnych na zebraniu. W razie r\u00f3wnej liczby g\u0142os\u00f3w, decyduje g\u0142os Przewodnicz\u0105cego.<br \/><b>\u00a7 16<br \/><\/b>Od uchwa\u0142 Rady Spo\u0142ecznej Dyrektorowi przys\u0142uguje odwo\u0142anie do Zarz\u0105du Wojew\u00f3dztwa \u015awi\u0119tokrzyskiego.<br \/><b>\u00a7 17<br \/><\/b>1 Uchwa\u0142y Rady Spo\u0142ecznej zapadaj\u0105 w g\u0142osowaniu jawnym, jednak na wniosek przynajmniej 1 cz\u0142onka, prowadz\u0105cy posiedzenie zarz\u0105dza g\u0142osowanie tajne.<br \/>2 Uchwa\u0142y podpisuje Przewodnicz\u0105cy Rady Spo\u0142ecznej lub w razie jego nieobecno\u015bci Zast\u0119pca.<br \/>3 Projekty uchwa\u0142 parafuje radca prawny szpitala.<br \/><b>\u00a7 18<br \/><\/b>Z posiedze\u0144 Rady Spo\u0142ecznej sporz\u0105dza si\u0119 protoko\u0142y podpisane przez osob\u0119, kt\u00f3rej powierzono protoko\u0142owanie oraz przez przewodnicz\u0105cego Rady Spo\u0142ecznej.<br \/><b>\u00a7 19<br \/><\/b>1 Protok\u00f3\u0142 powinien zawiera\u0107:<br \/>1.1 dat\u0119 i miejsce posiedzenia oraz numer kolejny protoko\u0142u,<br \/>1.2 list\u0119 os\u00f3b obecnych na posiedzeniu,<br \/>1.3 porz\u0105dek obrad,<br \/>1.4 wyniki obrad i g\u0142osowania oraz teksty podj\u0119tych uchwa\u0142,<br \/>1.5 zaznaczanie zg\u0142oszonych zada\u0144 odr\u0119bnych,<br \/>1.6 streszczenia dyskusji \u2013 stawianych wniosk\u00f3w, zg\u0142oszonych opinii.<br \/>2 Protoko\u0142y podlegaj\u0105 zatwierdzeniu na kolejnym posiedzeniu Rady Spo\u0142ecznej, za\u015b cz\u0142onkowie nieobecni na posiedzeniu, z kt\u00f3rego sporz\u0105dzono protok\u00f3\u0142 przyjmuj\u0105 do wiadomo\u015bci podj\u0119te uchwa\u0142y.<\/p><p><b>\u00a7 20<br \/><\/b>Zatwierdzone protoko\u0142y z posiedze\u0144 Rady Spo\u0142ecznej oraz uchwa\u0142y przechowuje Sekretarz.<br \/>Dokumenty te mog\u0105 by\u0107 udost\u0119pnione osobom trzecim jedynie za zgod\u0105 Przewodnicz\u0105cego Rady Spo\u0142ecznej.<\/p><p><b>V. POSTANOWIENIA KO\u0143COWE<br \/><\/b><br \/><b>\u00a7 21<br \/><\/b>Cz\u0142onkowie Rady Spo\u0142ecznej wykonuj\u0105 swoje zadania osobi\u015bcie.<\/p><p><b>\u00a7 22<br \/><\/b>Obs\u0142ug\u0119 administracyjn\u0105 Rady Spo\u0142ecznej zapewnia Dyrektor Wojew\u00f3dzkiego Szpitala Specjalistycznego im. \u015bw. Rafa\u0142a w Czerwonej G\u00f3rze.<\/p><p><b>\u00a7 23<br \/><\/b>Rada Spo\u0142eczna korzysta z pomieszcze\u0144 biurowych, urz\u0105dze\u0144 i materia\u0142\u00f3w Wojew\u00f3dzkiego Szpitala Specjalistycznego im. \u015aw. Rafa\u0142a w Czerwonej G\u00f3rze.<\/p><p><b>\u00a7 24<br \/><\/b>Koszty dzia\u0142alno\u015bci Rady Spo\u0142ecznej pokrywa Wojew\u00f3dzki Szpital Specjalistyczny <br \/>im. \u015aw. Rafa\u0142a w Czerwonej G\u00f3rze.<\/p><p><b>\u00a7 25<br \/><\/b>1 Cz\u0142onkowi Rady Spo\u0142ecznej przys\u0142uguje zwolnienie z wykonywania obowi\u0105zk\u00f3w w ramach stosunku pracy na czas uczestniczenia w posiedzeniach Rady Spo\u0142ecznej.<br \/>2 Za udzia\u0142 w posiedzeniach Rady Spo\u0142ecznej jej cz\u0142onkowi przys\u0142uguje od podmiotu tworz\u0105cego rekompensata w wysoko\u015bci utraconych zarobk\u00f3w, je\u017celi z powodu uczestnictwa w posiedzeniu rady pracodawca udzieli\u0142 cz\u0142onkowi na ten czas zwolnienia <br \/>z wykonywania obowi\u0105zk\u00f3w pracowniczych bez zachowania prawa do wynagrodzenia.<\/p><p><b>Przewodnicz\u0105cy Rady Spo\u0142ecznej<\/b><\/p><\/div>\n\t\t\t\t\t\t\t<\/div>\n\t\t<\/div>\n\t\t\t\t\t\t<\/div>\n\t\t\t\t<\/div>\n\t\t\t\t\t<\/div>\n\t\t<\/div>\n\t\t\t\t\t<\/div>\n\t\t<\/section>\n\t\t\t\t<\/div>\n\t\t","protected":false},"excerpt":{"rendered":"<p>Sk\u0142ad Rady Spo\u0142ecznej Ma\u0142gorzata Krzywda Przewodnicz\u0105cy Beata Paw\u0142owska Przedstawiciel Wojewody \u015awi\u0119tokrzyskiego Grzegorz Cepil Przedstawiciel Sejmiku Wojew\u00f3dztwa \u015awi\u0119tokrzyskiego \u0141ukasz Jab\u0142o\u0144ski Przedstawiciel Sejmiku Wojew\u00f3dztwa \u015awi\u0119tokrzyskiego Pawe\u0142 Krakowiak Przedstawiciel Sejmiku Wojew\u00f3dztwa \u015awi\u0119tokrzyskiego Przemys\u0142aw Wolak Przedstawiciel Uniwersytetu Jana Kochanowskiego w Kielcach Uchwa\u0142a Uzasadnienie Regulamin Rady Spo\u0142ecznej Uchwa\u0142a UCHWA\u0141A NR\u00a0406\/24ZARZ\u0104DU WOJEW\u00d3DZTWA \u015aWI\u0118TOKRZYSKIEGOZ DNIA 10 LIPCA 2024 r. w sprawie: zmiany [&hellip;]<\/p>\n","protected":false},"author":1,"featured_media":0,"parent":0,"menu_order":0,"comment_status":"closed","ping_status":"closed","template":"","meta":{"zakra_page_container_layout":"customizer","zakra_page_sidebar_layout":"customizer","zakra_remove_content_margin":false,"zakra_sidebar":"customizer","zakra_transparent_header":"customizer","zakra_logo":0,"zakra_main_header_style":"default","zakra_menu_item_color":"","zakra_menu_item_hover_color":"","zakra_menu_item_active_color":"","zakra_menu_active_style":"","zakra_page_header":true,"footnotes":""},"class_list":["post-8033","page","type-page","status-publish","hentry"],"yoast_head":"<!-- This site is optimized with the Yoast SEO plugin v27.4 - https:\/\/yoast.com\/product\/yoast-seo-wordpress\/ -->\n<title>Rada Spo\u0142eczna - Wojew\u00f3dzki Szpital Specjalistyczny im. \u015aw. Rafa\u0142a w Czerwonej G\u00f3rze<\/title>\n<meta name=\"robots\" content=\"index, follow, max-snippet:-1, max-image-preview:large, max-video-preview:-1\" \/>\n<link rel=\"canonical\" href=\"https:\/\/czerwonagora.pl\/index.php\/rada-spoleczna\/\" \/>\n<meta property=\"og:locale\" content=\"pl_PL\" \/>\n<meta property=\"og:type\" content=\"article\" \/>\n<meta property=\"og:title\" content=\"Rada Spo\u0142eczna - Wojew\u00f3dzki Szpital Specjalistyczny im. \u015aw. Rafa\u0142a w Czerwonej G\u00f3rze\" \/>\n<meta property=\"og:description\" content=\"Sk\u0142ad Rady Spo\u0142ecznej Ma\u0142gorzata Krzywda Przewodnicz\u0105cy Beata Paw\u0142owska Przedstawiciel Wojewody \u015awi\u0119tokrzyskiego Grzegorz Cepil Przedstawiciel Sejmiku Wojew\u00f3dztwa \u015awi\u0119tokrzyskiego \u0141ukasz Jab\u0142o\u0144ski Przedstawiciel Sejmiku Wojew\u00f3dztwa \u015awi\u0119tokrzyskiego Pawe\u0142 Krakowiak Przedstawiciel Sejmiku Wojew\u00f3dztwa \u015awi\u0119tokrzyskiego Przemys\u0142aw Wolak Przedstawiciel Uniwersytetu Jana Kochanowskiego w Kielcach Uchwa\u0142a Uzasadnienie Regulamin Rady Spo\u0142ecznej Uchwa\u0142a UCHWA\u0141A NR\u00a0406\/24ZARZ\u0104DU WOJEW\u00d3DZTWA \u015aWI\u0118TOKRZYSKIEGOZ DNIA 10 LIPCA 2024 r. w sprawie: zmiany [&hellip;]\" \/>\n<meta property=\"og:url\" content=\"https:\/\/czerwonagora.pl\/index.php\/rada-spoleczna\/\" \/>\n<meta property=\"og:site_name\" content=\"Wojew\u00f3dzki Szpital Specjalistyczny im. \u015aw. Rafa\u0142a w Czerwonej G\u00f3rze\" \/>\n<meta property=\"article:publisher\" content=\"https:\/\/www.facebook.com\/SzpitalCzerwonaGora\/\" \/>\n<meta property=\"article:modified_time\" content=\"2024-08-26T09:29:54+00:00\" \/>\n<meta property=\"og:image\" content=\"https:\/\/czerwonagora.pl\/wp-content\/uploads\/2021\/06\/woman_adm-ikona.png\" \/>\n<meta name=\"twitter:card\" content=\"summary_large_image\" \/>\n<meta name=\"twitter:label1\" content=\"Szacowany czas czytania\" \/>\n\t<meta name=\"twitter:data1\" content=\"10 minut\" \/>\n<script type=\"application\/ld+json\" class=\"yoast-schema-graph\">{\"@context\":\"https:\\\/\\\/schema.org\",\"@graph\":[{\"@type\":\"WebPage\",\"@id\":\"https:\\\/\\\/czerwonagora.pl\\\/index.php\\\/rada-spoleczna\\\/\",\"url\":\"https:\\\/\\\/czerwonagora.pl\\\/index.php\\\/rada-spoleczna\\\/\",\"name\":\"Rada Spo\u0142eczna - Wojew\u00f3dzki Szpital Specjalistyczny im. \u015aw. Rafa\u0142a w Czerwonej G\u00f3rze\",\"isPartOf\":{\"@id\":\"https:\\\/\\\/czerwonagora.pl\\\/#website\"},\"primaryImageOfPage\":{\"@id\":\"https:\\\/\\\/czerwonagora.pl\\\/index.php\\\/rada-spoleczna\\\/#primaryimage\"},\"image\":{\"@id\":\"https:\\\/\\\/czerwonagora.pl\\\/index.php\\\/rada-spoleczna\\\/#primaryimage\"},\"thumbnailUrl\":\"https:\\\/\\\/czerwonagora.pl\\\/wp-content\\\/uploads\\\/2021\\\/06\\\/woman_adm-ikona.png\",\"datePublished\":\"2021-06-30T09:48:27+00:00\",\"dateModified\":\"2024-08-26T09:29:54+00:00\",\"breadcrumb\":{\"@id\":\"https:\\\/\\\/czerwonagora.pl\\\/index.php\\\/rada-spoleczna\\\/#breadcrumb\"},\"inLanguage\":\"pl-PL\",\"potentialAction\":[{\"@type\":\"ReadAction\",\"target\":[\"https:\\\/\\\/czerwonagora.pl\\\/index.php\\\/rada-spoleczna\\\/\"]}]},{\"@type\":\"ImageObject\",\"inLanguage\":\"pl-PL\",\"@id\":\"https:\\\/\\\/czerwonagora.pl\\\/index.php\\\/rada-spoleczna\\\/#primaryimage\",\"url\":\"https:\\\/\\\/czerwonagora.pl\\\/wp-content\\\/uploads\\\/2021\\\/06\\\/woman_adm-ikona.png\",\"contentUrl\":\"https:\\\/\\\/czerwonagora.pl\\\/wp-content\\\/uploads\\\/2021\\\/06\\\/woman_adm-ikona.png\",\"width\":180,\"height\":223,\"caption\":\"t\u0142o koloru zielone z sylwetk\u0105 kobiety ubran\u0105 w ubranie wizytowe koloru niebieskiego\"},{\"@type\":\"BreadcrumbList\",\"@id\":\"https:\\\/\\\/czerwonagora.pl\\\/index.php\\\/rada-spoleczna\\\/#breadcrumb\",\"itemListElement\":[{\"@type\":\"ListItem\",\"position\":1,\"name\":\"Strona g\u0142\u00f3wna\",\"item\":\"https:\\\/\\\/czerwonagora.pl\\\/\"},{\"@type\":\"ListItem\",\"position\":2,\"name\":\"Rada Spo\u0142eczna\"}]},{\"@type\":\"WebSite\",\"@id\":\"https:\\\/\\\/czerwonagora.pl\\\/#website\",\"url\":\"https:\\\/\\\/czerwonagora.pl\\\/\",\"name\":\"Wojew\u00f3dzki Szpital Specjalistyczny im. \u015aw. Rafa\u0142a w Czerwonej G\u00f3rze\",\"description\":\"Wojew\u00f3dzki Szpital Specjalistyczny im. \u015aw. Rafa\u0142a w Czerwonej G\u00f3rze\",\"publisher\":{\"@id\":\"https:\\\/\\\/czerwonagora.pl\\\/#organization\"},\"potentialAction\":[{\"@type\":\"SearchAction\",\"target\":{\"@type\":\"EntryPoint\",\"urlTemplate\":\"https:\\\/\\\/czerwonagora.pl\\\/?s={search_term_string}\"},\"query-input\":{\"@type\":\"PropertyValueSpecification\",\"valueRequired\":true,\"valueName\":\"search_term_string\"}}],\"inLanguage\":\"pl-PL\"},{\"@type\":\"Organization\",\"@id\":\"https:\\\/\\\/czerwonagora.pl\\\/#organization\",\"name\":\"Wojew\u00f3dzki Szpital Specjalistyczny im. \u015aw. Rafa\u0142a w Czerwonej G\u00f3rze\",\"url\":\"https:\\\/\\\/czerwonagora.pl\\\/\",\"logo\":{\"@type\":\"ImageObject\",\"inLanguage\":\"pl-PL\",\"@id\":\"https:\\\/\\\/czerwonagora.pl\\\/#\\\/schema\\\/logo\\\/image\\\/\",\"url\":\"https:\\\/\\\/czerwonagora.pl\\\/wp-content\\\/uploads\\\/2021\\\/06\\\/Logo-WSS-DUZE-transparentne.png\",\"contentUrl\":\"https:\\\/\\\/czerwonagora.pl\\\/wp-content\\\/uploads\\\/2021\\\/06\\\/Logo-WSS-DUZE-transparentne.png\",\"width\":4210,\"height\":2975,\"caption\":\"Wojew\u00f3dzki Szpital Specjalistyczny im. \u015aw. Rafa\u0142a w Czerwonej G\u00f3rze\"},\"image\":{\"@id\":\"https:\\\/\\\/czerwonagora.pl\\\/#\\\/schema\\\/logo\\\/image\\\/\"},\"sameAs\":[\"https:\\\/\\\/www.facebook.com\\\/SzpitalCzerwonaGora\\\/\"]}]}<\/script>\n<!-- \/ Yoast SEO plugin. -->","yoast_head_json":{"title":"Rada Spo\u0142eczna - Wojew\u00f3dzki Szpital Specjalistyczny im. \u015aw. Rafa\u0142a w Czerwonej G\u00f3rze","robots":{"index":"index","follow":"follow","max-snippet":"max-snippet:-1","max-image-preview":"max-image-preview:large","max-video-preview":"max-video-preview:-1"},"canonical":"https:\/\/czerwonagora.pl\/index.php\/rada-spoleczna\/","og_locale":"pl_PL","og_type":"article","og_title":"Rada Spo\u0142eczna - Wojew\u00f3dzki Szpital Specjalistyczny im. \u015aw. Rafa\u0142a w Czerwonej G\u00f3rze","og_description":"Sk\u0142ad Rady Spo\u0142ecznej Ma\u0142gorzata Krzywda Przewodnicz\u0105cy Beata Paw\u0142owska Przedstawiciel Wojewody \u015awi\u0119tokrzyskiego Grzegorz Cepil Przedstawiciel Sejmiku Wojew\u00f3dztwa \u015awi\u0119tokrzyskiego \u0141ukasz Jab\u0142o\u0144ski Przedstawiciel Sejmiku Wojew\u00f3dztwa \u015awi\u0119tokrzyskiego Pawe\u0142 Krakowiak Przedstawiciel Sejmiku Wojew\u00f3dztwa \u015awi\u0119tokrzyskiego Przemys\u0142aw Wolak Przedstawiciel Uniwersytetu Jana Kochanowskiego w Kielcach Uchwa\u0142a Uzasadnienie Regulamin Rady Spo\u0142ecznej Uchwa\u0142a UCHWA\u0141A NR\u00a0406\/24ZARZ\u0104DU WOJEW\u00d3DZTWA \u015aWI\u0118TOKRZYSKIEGOZ DNIA 10 LIPCA 2024 r. w sprawie: zmiany [&hellip;]","og_url":"https:\/\/czerwonagora.pl\/index.php\/rada-spoleczna\/","og_site_name":"Wojew\u00f3dzki Szpital Specjalistyczny im. \u015aw. Rafa\u0142a w Czerwonej G\u00f3rze","article_publisher":"https:\/\/www.facebook.com\/SzpitalCzerwonaGora\/","article_modified_time":"2024-08-26T09:29:54+00:00","og_image":[{"url":"https:\/\/czerwonagora.pl\/wp-content\/uploads\/2021\/06\/woman_adm-ikona.png","type":"","width":"","height":""}],"twitter_card":"summary_large_image","twitter_misc":{"Szacowany czas czytania":"10 minut"},"schema":{"@context":"https:\/\/schema.org","@graph":[{"@type":"WebPage","@id":"https:\/\/czerwonagora.pl\/index.php\/rada-spoleczna\/","url":"https:\/\/czerwonagora.pl\/index.php\/rada-spoleczna\/","name":"Rada Spo\u0142eczna - Wojew\u00f3dzki Szpital Specjalistyczny im. \u015aw. Rafa\u0142a w Czerwonej G\u00f3rze","isPartOf":{"@id":"https:\/\/czerwonagora.pl\/#website"},"primaryImageOfPage":{"@id":"https:\/\/czerwonagora.pl\/index.php\/rada-spoleczna\/#primaryimage"},"image":{"@id":"https:\/\/czerwonagora.pl\/index.php\/rada-spoleczna\/#primaryimage"},"thumbnailUrl":"https:\/\/czerwonagora.pl\/wp-content\/uploads\/2021\/06\/woman_adm-ikona.png","datePublished":"2021-06-30T09:48:27+00:00","dateModified":"2024-08-26T09:29:54+00:00","breadcrumb":{"@id":"https:\/\/czerwonagora.pl\/index.php\/rada-spoleczna\/#breadcrumb"},"inLanguage":"pl-PL","potentialAction":[{"@type":"ReadAction","target":["https:\/\/czerwonagora.pl\/index.php\/rada-spoleczna\/"]}]},{"@type":"ImageObject","inLanguage":"pl-PL","@id":"https:\/\/czerwonagora.pl\/index.php\/rada-spoleczna\/#primaryimage","url":"https:\/\/czerwonagora.pl\/wp-content\/uploads\/2021\/06\/woman_adm-ikona.png","contentUrl":"https:\/\/czerwonagora.pl\/wp-content\/uploads\/2021\/06\/woman_adm-ikona.png","width":180,"height":223,"caption":"t\u0142o koloru zielone z sylwetk\u0105 kobiety ubran\u0105 w ubranie wizytowe koloru niebieskiego"},{"@type":"BreadcrumbList","@id":"https:\/\/czerwonagora.pl\/index.php\/rada-spoleczna\/#breadcrumb","itemListElement":[{"@type":"ListItem","position":1,"name":"Strona g\u0142\u00f3wna","item":"https:\/\/czerwonagora.pl\/"},{"@type":"ListItem","position":2,"name":"Rada Spo\u0142eczna"}]},{"@type":"WebSite","@id":"https:\/\/czerwonagora.pl\/#website","url":"https:\/\/czerwonagora.pl\/","name":"Wojew\u00f3dzki Szpital Specjalistyczny im. \u015aw. Rafa\u0142a w Czerwonej G\u00f3rze","description":"Wojew\u00f3dzki Szpital Specjalistyczny im. \u015aw. Rafa\u0142a w Czerwonej G\u00f3rze","publisher":{"@id":"https:\/\/czerwonagora.pl\/#organization"},"potentialAction":[{"@type":"SearchAction","target":{"@type":"EntryPoint","urlTemplate":"https:\/\/czerwonagora.pl\/?s={search_term_string}"},"query-input":{"@type":"PropertyValueSpecification","valueRequired":true,"valueName":"search_term_string"}}],"inLanguage":"pl-PL"},{"@type":"Organization","@id":"https:\/\/czerwonagora.pl\/#organization","name":"Wojew\u00f3dzki Szpital Specjalistyczny im. \u015aw. Rafa\u0142a w Czerwonej G\u00f3rze","url":"https:\/\/czerwonagora.pl\/","logo":{"@type":"ImageObject","inLanguage":"pl-PL","@id":"https:\/\/czerwonagora.pl\/#\/schema\/logo\/image\/","url":"https:\/\/czerwonagora.pl\/wp-content\/uploads\/2021\/06\/Logo-WSS-DUZE-transparentne.png","contentUrl":"https:\/\/czerwonagora.pl\/wp-content\/uploads\/2021\/06\/Logo-WSS-DUZE-transparentne.png","width":4210,"height":2975,"caption":"Wojew\u00f3dzki Szpital Specjalistyczny im. \u015aw. Rafa\u0142a w Czerwonej G\u00f3rze"},"image":{"@id":"https:\/\/czerwonagora.pl\/#\/schema\/logo\/image\/"},"sameAs":["https:\/\/www.facebook.com\/SzpitalCzerwonaGora\/"]}]}},"publishpress_future_action":{"enabled":false,"date":"2026-05-05 08:28:43","action":"change-status","newStatus":"draft","terms":[],"taxonomy":"","extraData":[]},"publishpress_future_workflow_manual_trigger":{"enabledWorkflows":[]},"_links":{"self":[{"href":"https:\/\/czerwonagora.pl\/index.php\/wp-json\/wp\/v2\/pages\/8033","targetHints":{"allow":["GET"]}}],"collection":[{"href":"https:\/\/czerwonagora.pl\/index.php\/wp-json\/wp\/v2\/pages"}],"about":[{"href":"https:\/\/czerwonagora.pl\/index.php\/wp-json\/wp\/v2\/types\/page"}],"author":[{"embeddable":true,"href":"https:\/\/czerwonagora.pl\/index.php\/wp-json\/wp\/v2\/users\/1"}],"replies":[{"embeddable":true,"href":"https:\/\/czerwonagora.pl\/index.php\/wp-json\/wp\/v2\/comments?post=8033"}],"version-history":[{"count":91,"href":"https:\/\/czerwonagora.pl\/index.php\/wp-json\/wp\/v2\/pages\/8033\/revisions"}],"predecessor-version":[{"id":23839,"href":"https:\/\/czerwonagora.pl\/index.php\/wp-json\/wp\/v2\/pages\/8033\/revisions\/23839"}],"wp:attachment":[{"href":"https:\/\/czerwonagora.pl\/index.php\/wp-json\/wp\/v2\/media?parent=8033"}],"curies":[{"name":"wp","href":"https:\/\/api.w.org\/{rel}","templated":true}]}}